{"id":99835,"date":"2024-02-27T16:08:53","date_gmt":"2024-02-27T16:08:53","guid":{"rendered":"https:\/\/turisme.dival.es\/musees-et-monuments\/"},"modified":"2024-02-27T16:09:09","modified_gmt":"2024-02-27T16:09:09","slug":"musees-et-monuments","status":"publish","type":"page","link":"https:\/\/turisme.dival.es\/fr\/musees-et-monuments\/","title":{"rendered":"Mus\u00e9es et monuments"},"content":{"rendered":"<p>[et_pb_section fb_built=&#8221;1&#8243; admin_label=&#8221;cabecera&#8221; _builder_version=&#8221;4.9.7&#8243; custom_margin=&#8221;0px||0px||false|false&#8221; custom_padding=&#8221;0px||0px||false|false&#8221; collapsed=&#8221;on&#8221; global_colors_info=&#8221;{}&#8221;][et_pb_row _builder_version=&#8221;4.9.7&#8243; background_size=&#8221;initial&#8221; background_position=&#8221;top_left&#8221; background_repeat=&#8221;repeat&#8221; width=&#8221;100%&#8221; max_width=&#8221;100%&#8221; custom_margin=&#8221;0px||0px||false|false&#8221; custom_padding=&#8221;0px||0px||false|false&#8221; global_colors_info=&#8221;{}&#8221;][et_pb_column type=&#8221;4_4&#8243; _builder_version=&#8221;3.25&#8243; custom_padding=&#8221;|||&#8221; global_colors_info=&#8221;{}&#8221; custom_padding__hover=&#8221;|||&#8221;][et_pb_slider _builder_version=&#8221;4.14.8&#8243; _module_preset=&#8221;default&#8221; min_height=&#8221;300px&#8221; global_colors_info=&#8221;{}&#8221;][et_pb_slide heading=&#8221;Mus\u00e9es et monuments&#8221; _builder_version=&#8221;4.14.8&#8243; _module_preset=&#8221;default&#8221; background_image=&#8221;https:\/\/turisme.dival.es\/wp-content\/uploads\/2021\/06\/valencia-Oceanografic.jpeg&#8221; background_enable_image=&#8221;on&#8221; global_colors_info=&#8221;{}&#8221; sticky_transition=&#8221;on&#8221;]<\/p>\n<p class=\"p1\">MONUMENTS HISTORIQUES ET MUS\u00c9ES INT\u00c9RESSANTS \u00c0 VISITER<\/p>\n<p>[\/et_pb_slide][\/et_pb_slider][\/et_pb_column][\/et_pb_row][\/et_pb_section][et_pb_section fb_built=&#8221;1&#8243; fullwidth=&#8221;on&#8221; admin_label=&#8221;migas de pan&#8221; _builder_version=&#8221;4.9.7&#8243; _module_preset=&#8221;default&#8221; collapsed=&#8221;on&#8221; global_colors_info=&#8221;{}&#8221;][et_pb_fullwidth_code _builder_version=&#8221;4.9.10&#8243; _module_preset=&#8221;default&#8221; global_colors_info=&#8221;{}&#8221;]    <div class=\"parent-migas\" style=\"background-color:#f2ad00;\"><div class=\"container-migas-plantilla\">\n    <!-- Breadcrumb NavXT 7.3.1 -->\n<span property=\"itemListElement\" typeof=\"ListItem\"><a property=\"item\" typeof=\"WebPage\" title=\"Go to Valencia Turismo.\" href=\"https:\/\/turisme.dival.es\/fr\/\" class=\"home\" aria-current=\"page\"><span property=\"name\">Valencia Turismo<\/span><\/a><meta property=\"position\" content=\"1\"><\/span>    <\/div><\/div>\n    [\/et_pb_fullwidth_code][\/et_pb_section][et_pb_section fb_built=&#8221;1&#8243; admin_label=&#8221;titulo&#8221; _builder_version=&#8221;4.14.8&#8243; _module_preset=&#8221;default&#8221; custom_padding=&#8221;||||true|false&#8221; collapsed=&#8221;on&#8221; global_colors_info=&#8221;{}&#8221;][et_pb_row column_structure=&#8221;1_5,3_5,1_5&#8243; admin_label=&#8221;Mus\u00e9es et monuments&#8221; _builder_version=&#8221;4.9.7&#8243; _module_preset=&#8221;default&#8221; collapsed=&#8221;on&#8221; global_colors_info=&#8221;{}&#8221;][et_pb_column type=&#8221;1_5&#8243; _builder_version=&#8221;4.9.7&#8243; _module_preset=&#8221;default&#8221; global_colors_info=&#8221;{}&#8221;][\/et_pb_column][et_pb_column type=&#8221;3_5&#8243; _builder_version=&#8221;4.9.7&#8243; _module_preset=&#8221;default&#8221; global_colors_info=&#8221;{}&#8221;][et_pb_divider color=&#8221;RGBA(0,0,0,0)&#8221; admin_label=&#8221;Divider&#8221; _builder_version=&#8221;4.9.7&#8243; _module_preset=&#8221;default&#8221; background_color=&#8221;#E09900&#8243; width=&#8221;70px&#8221; module_alignment=&#8221;center&#8221; height=&#8221;6px&#8221; locked=&#8221;off&#8221; global_colors_info=&#8221;{}&#8221;][\/et_pb_divider][et_pb_text admin_label=&#8221;Titulo&#8221; _builder_version=&#8221;4.14.8&#8243; _module_preset=&#8221;default&#8221; text_font_size=&#8221;18px&#8221; header_text_align=&#8221;center&#8221; header_font_size=&#8221;37px&#8221; text_orientation=&#8221;center&#8221; global_colors_info=&#8221;{}&#8221;]<\/p>\n<h1>Mus\u00e9es et monuments<\/h1>\n<p>[\/et_pb_text][et_pb_text _builder_version=&#8221;4.14.8&#8243; _module_preset=&#8221;default&#8221; text_font_size=&#8221;18px&#8221; header_text_align=&#8221;center&#8221; header_font_size=&#8221;37px&#8221; text_orientation=&#8221;center&#8221; global_colors_info=&#8221;{}&#8221;]Depuis le Rinc\u00f3n de Ademuz jusqu&#8217;\u00e0 Gandia et de Sagunto \u00e0 Ontinyent, la province de Val\u00e8ncia regorge de monuments historiques et de mus\u00e9es fort int\u00e9ressants \u00e0 visiter.<\/p>\n<p>Vous trouverez ci-dessous une s\u00e9lection des plus importantes d&#8217;entre elles, r\u00e9gion par r\u00e9gion :<\/p>\n<p>Di seguito, riportiamo comarca a comarca una lista dei principali monumenti e musei:<br \/>\n[\/et_pb_text][\/et_pb_column][et_pb_column type=&#8221;1_5&#8243; _builder_version=&#8221;4.9.7&#8243; _module_preset=&#8221;default&#8221; global_colors_info=&#8221;{}&#8221;][\/et_pb_column][\/et_pb_row][\/et_pb_section][et_pb_section fb_built=&#8221;1&#8243; _builder_version=&#8221;4.14.8&#8243; _module_preset=&#8221;default&#8221; custom_margin=&#8221;-50px||||false|false&#8221; custom_padding=&#8221;||||false|false&#8221; collapsed=&#8221;off&#8221; global_colors_info=&#8221;{}&#8221;][et_pb_row column_structure=&#8221;1_3,1_3,1_3&#8243; use_custom_gutter=&#8221;on&#8221; gutter_width=&#8221;1&#8243; make_equal=&#8221;on&#8221; admin_label=&#8221;trio img valencia\/horta&#8221; _builder_version=&#8221;4.14.8&#8243; _module_preset=&#8221;default&#8221; width=&#8221;100%&#8221; module_alignment=&#8221;center&#8221; collapsed=&#8221;off&#8221; global_colors_info=&#8221;{}&#8221;][et_pb_column type=&#8221;1_3&#8243; _builder_version=&#8221;4.14.8&#8243; _module_preset=&#8221;default&#8221; custom_padding=&#8221;|10px||10px|false|false&#8221; global_colors_info=&#8221;{}&#8221;][et_pb_image src=&#8221;https:\/\/turisme.dival.es\/wp-content\/uploads\/2022\/03\/museo-bellas-artes.jpg&#8221; title_text=&#8221;museo bellas artes&#8221; _builder_version=&#8221;4.14.8&#8243; _module_preset=&#8221;default&#8221; custom_margin=&#8221;||||false|false&#8221; animation_style=&#8221;fade&#8221; animation_speed_curve=&#8221;ease-in&#8221; global_colors_info=&#8221;{}&#8221;][\/et_pb_image][\/et_pb_column][et_pb_column type=&#8221;1_3&#8243; _builder_version=&#8221;4.14.8&#8243; _module_preset=&#8221;default&#8221; custom_padding=&#8221;|10px||10px|false|false&#8221; global_colors_info=&#8221;{}&#8221;][et_pb_image src=&#8221;https:\/\/turisme.dival.es\/wp-content\/uploads\/2022\/03\/oceanografic.jpg&#8221; title_text=&#8221;oceanografic&#8221; _builder_version=&#8221;4.14.8&#8243; _module_preset=&#8221;default&#8221; custom_margin=&#8221;||||false|false&#8221; animation_style=&#8221;fade&#8221; animation_speed_curve=&#8221;ease-in&#8221; global_colors_info=&#8221;{}&#8221;][\/et_pb_image][\/et_pb_column][et_pb_column type=&#8221;1_3&#8243; _builder_version=&#8221;4.14.8&#8243; _module_preset=&#8221;default&#8221; custom_padding=&#8221;|10px||10px|false|false&#8221; global_colors_info=&#8221;{}&#8221;][et_pb_image src=&#8221;https:\/\/turisme.dival.es\/wp-content\/uploads\/2022\/03\/plaza-de-la-virgen.jpg&#8221; title_text=&#8221;plaza de la virgen&#8221; _builder_version=&#8221;4.14.8&#8243; _module_preset=&#8221;default&#8221; custom_margin=&#8221;||||false|false&#8221; animation_style=&#8221;fade&#8221; animation_speed_curve=&#8221;ease-in&#8221; global_colors_info=&#8221;{}&#8221;][\/et_pb_image][\/et_pb_column][\/et_pb_row][et_pb_row admin_label=&#8221;texto valencia \/ horta&#8221; _builder_version=&#8221;4.14.8&#8243; _module_preset=&#8221;default&#8221; width=&#8221;60%&#8221; collapsed=&#8221;on&#8221; global_colors_info=&#8221;{}&#8221;][et_pb_column type=&#8221;4_4&#8243; _builder_version=&#8221;4.14.8&#8243; _module_preset=&#8221;default&#8221; global_colors_info=&#8221;{}&#8221;][et_pb_text admin_label=&#8221;valencia \/ horta&#8221; _builder_version=&#8221;4.14.8&#8243; _module_preset=&#8221;default&#8221; text_font_size=&#8221;18px&#8221; header_text_align=&#8221;center&#8221; header_font_size=&#8221;37px&#8221; text_orientation=&#8221;center&#8221; global_colors_info=&#8221;{}&#8221;]<\/p>\n<h2>Val\u00e8ncia et L\u2019Horta<\/h2>\n<p>[\/et_pb_text][et_pb_divider color=&#8221;RGBA(0,0,0,0)&#8221; admin_label=&#8221;Divider&#8221; _builder_version=&#8221;4.9.7&#8243; _module_preset=&#8221;default&#8221; background_color=&#8221;#E09900&#8243; width=&#8221;70px&#8221; module_alignment=&#8221;center&#8221; height=&#8221;6px&#8221; locked=&#8221;off&#8221; global_colors_info=&#8221;{}&#8221;][\/et_pb_divider][et_pb_text admin_label=&#8221;valencia and horta&#8221; _builder_version=&#8221;4.14.8&#8243; _module_preset=&#8221;default&#8221; text_font_size=&#8221;18px&#8221; header_text_align=&#8221;center&#8221; header_font_size=&#8221;37px&#8221; text_orientation=&#8221;center&#8221; global_colors_info=&#8221;{}&#8221;]Rien que la Cit\u00e9 des arts et des sciences vaut \u00e0 elle seule une visite \u00e0 Val\u00e8ncia. Cet ensemble permet de d\u00e9couvrir le mus\u00e9e des sciences Pr\u00edncipe Felipe, le mus\u00e9e le plus visit\u00e9 de la ville, et l&#8217;Oceanogr\u00e0fic, le plus grand aquarium d&#8217;Europe, qui accueillent tous deux plus d&#8217;un million de visiteurs par an. L&#8217;Hemisf\u00e8ric, l&#8217;un des rares espaces en Espagne \u00e0 projeter des films sous format IMAX, le Palau de les Arts, l&#8217;op\u00e9ra de la ville, le jardin de l&#8217;Umbracle et le b\u00e2timent polyvalent de l&#8217;\u00c1gora compl\u00e8tent cet ensemble architectural qui, en quelques ann\u00e9es, est devenu le symbole et l&#8217;image de la ville.<\/p>\n<p>En ce qui concerne les mus\u00e9es, il convient de mentionner le mus\u00e9e des beaux-arts San Pio V, l&#8217;une des galeries d&#8217;art les plus importantes d&#8217;Espagne avec des \u0153uvres de Vel\u00e1zquez, Goya, El Bosco ou des ma\u00eetres valenciens tels que Sorolla, Ribera ou Juan de Juanes et l&#8217;IVAM, le mus\u00e9e d&#8217;art moderne de la ville avec sa propre collection exceptionnelle et des expositions temporaires tr\u00e8s int\u00e9ressantes.<\/p>\n<p>Le Muvim, le Centre Cultural la Benefic\u00e8ncia (qui comprend le mus\u00e9e de la pr\u00e9histoire de Val\u00e8ncia et le mus\u00e9e d&#8217;ethnologie de Val\u00e8ncia), le mus\u00e9e des Fallas, le centre arch\u00e9ologique de l&#8217;Almoina ou L&#8217;Iber, le plus grand mus\u00e9e de soldats de plomb du monde, sont d&#8217;autres exemples de la diversit\u00e9 de ses mus\u00e9es.<br \/>\n[\/et_pb_text][\/et_pb_column][\/et_pb_row][et_pb_row column_structure=&#8221;1_2,1_2&#8243; use_custom_gutter=&#8221;on&#8221; gutter_width=&#8221;2&#8243; make_equal=&#8221;on&#8221; admin_label=&#8221;duo img valencia\/horta&#8221; _builder_version=&#8221;4.14.8&#8243; _module_preset=&#8221;default&#8221; width=&#8221;100%&#8221; collapsed=&#8221;on&#8221; global_colors_info=&#8221;{}&#8221;][et_pb_column type=&#8221;1_2&#8243; _builder_version=&#8221;4.14.8&#8243; _module_preset=&#8221;default&#8221; global_colors_info=&#8221;{}&#8221;][et_pb_image src=&#8221;https:\/\/turisme.dival.es\/wp-content\/uploads\/2022\/03\/elpuig.jpg&#8221; title_text=&#8221;elpuig&#8221; admin_label=&#8221;Image&#8221; _builder_version=&#8221;4.14.8&#8243; _module_preset=&#8221;default&#8221; animation_style=&#8221;slide&#8221; animation_direction=&#8221;left&#8221; global_colors_info=&#8221;{}&#8221;][\/et_pb_image][\/et_pb_column][et_pb_column type=&#8221;1_2&#8243; _builder_version=&#8221;4.14.8&#8243; _module_preset=&#8221;default&#8221; global_colors_info=&#8221;{}&#8221;][et_pb_image src=&#8221;https:\/\/turisme.dival.es\/wp-content\/uploads\/2022\/03\/mercado-central.jpg&#8221; title_text=&#8221;mercado central&#8221; _builder_version=&#8221;4.14.8&#8243; _module_preset=&#8221;default&#8221; animation_style=&#8221;slide&#8221; animation_direction=&#8221;right&#8221; global_colors_info=&#8221;{}&#8221;][\/et_pb_image][\/et_pb_column][\/et_pb_row][et_pb_row admin_label=&#8221;texto Valencia \/ Horta&#8221; _builder_version=&#8221;4.14.8&#8243; _module_preset=&#8221;default&#8221; width=&#8221;60%&#8221; collapsed=&#8221;on&#8221; global_colors_info=&#8221;{}&#8221;][et_pb_column type=&#8221;4_4&#8243; _builder_version=&#8221;4.14.8&#8243; _module_preset=&#8221;default&#8221; global_colors_info=&#8221;{}&#8221;][et_pb_text admin_label=&#8221;city of Val\u00e8ncia&#8221; _builder_version=&#8221;4.14.8&#8243; _module_preset=&#8221;default&#8221; text_font_size=&#8221;18px&#8221; header_text_align=&#8221;center&#8221; header_font_size=&#8221;37px&#8221; text_orientation=&#8221;center&#8221; global_colors_info=&#8221;{}&#8221;]L&#8217;offre monumentale de la ville n&#8217;est pas en reste : c&#8217;est un v\u00e9ritable plaisir pour le visiteur de se promener dans les rues de la vieille ville qui abrite des b\u00e2timents embl\u00e9matiques tels que La Lonja de la Seda (Halle de la soie), b\u00e2timent typique de l&#8217;architecture gothique civile valencienne et patrimoine mondial de l&#8217;humanit\u00e9, le march\u00e9 central moderniste, avec pr\u00e8s de 400 stands de produits frais, la Cath\u00e9drale de Val\u00e8ncia avec son \u00ab\u00a0Micalet\u00a0\u00bb, nom sous lequel est connu son clocher, ou la Capilla del Santo Grial (Chapelle du Saint-Graal), le palais du Marqu\u00e9s de Dos Aguas, chef-d&#8217;\u0153uvre du baroque et si\u00e8ge du mus\u00e9e national de la c\u00e9ramique et des arts somptuaires, ou les tours Serranos et Quart, anciennes portes de la ville. Les places de l&#8217;H\u00f4tel de Ville, de la Vierge, de la Reine ou l&#8217;originale Plaza Redonda (Place ronde) sont des lieux \u00e0 ne pas manquer pour le visiteur qui pourra saisir l&#8217;occasion de prendre un verre dans les nombreuses terrasses qui les entourent. Les \u00e9difices religieux tels que l&#8217;\u00e9glise de San Nicol\u00e1s de Bari, avec ses impressionnantes fresques r\u00e9cemment restaur\u00e9es, la basilique de la Virgen de los Desamparados, l&#8217;\u00e9glise de San Juan del Hospital, le couvent de Santo Domingo ou l&#8217;\u00e9glise de Santos Juanes sont \u00e9galement des haltes recommand\u00e9es lors de toute visite touristique de la ville.<\/p>\n<p>Toujours \u00e0 Val\u00e8ncia, le monast\u00e8re de San Miguel de los Reyes, qui abrite l&#8217;actuelle biblioth\u00e8que de Val\u00e8ncia, propose des visites guid\u00e9es o\u00f9 sont expos\u00e9s certains des tr\u00e9sors de sa collection. \u00c0 11 km de Valencia, les visiteurs peuvent se rendre au monast\u00e8re de Puig de Santa Maria, une construction du XIIIe si\u00e8cle sur le site de la bataille qui a permis au roi Jaume Ier de conqu\u00e9rir la ville de Val\u00e8ncia.[\/et_pb_text][et_pb_divider color=&#8221;RGBA(0,0,0,0)&#8221; disabled_on=&#8221;on|on|on&#8221; admin_label=&#8221;Divider&#8221; _builder_version=&#8221;4.9.7&#8243; _module_preset=&#8221;default&#8221; background_color=&#8221;#E09900&#8243; width=&#8221;70px&#8221; module_alignment=&#8221;center&#8221; height=&#8221;6px&#8221; disabled=&#8221;on&#8221; locked=&#8221;off&#8221; global_colors_info=&#8221;{}&#8221;][\/et_pb_divider][\/et_pb_column][\/et_pb_row][et_pb_row column_structure=&#8221;1_3,1_3,1_3&#8243; use_custom_gutter=&#8221;on&#8221; gutter_width=&#8221;1&#8243; make_equal=&#8221;on&#8221; admin_label=&#8221;trio imagenes&#8221; _builder_version=&#8221;4.14.8&#8243; _module_preset=&#8221;default&#8221; width=&#8221;100%&#8221; module_alignment=&#8221;center&#8221; collapsed=&#8221;on&#8221; global_colors_info=&#8221;{}&#8221;][et_pb_column type=&#8221;1_3&#8243; _builder_version=&#8221;4.14.8&#8243; _module_preset=&#8221;default&#8221; custom_padding=&#8221;|10px||10px|false|false&#8221; global_colors_info=&#8221;{}&#8221;][et_pb_image src=&#8221;https:\/\/turisme.dival.es\/wp-content\/uploads\/2022\/03\/hermitadelahuerta.jpg&#8221; title_text=&#8221;hermitadelahuerta&#8221; _builder_version=&#8221;4.14.8&#8243; _module_preset=&#8221;default&#8221; custom_margin=&#8221;||||false|false&#8221; animation_style=&#8221;fade&#8221; animation_speed_curve=&#8221;ease-in&#8221; global_colors_info=&#8221;{}&#8221;][\/et_pb_image][\/et_pb_column][et_pb_column type=&#8221;1_3&#8243; _builder_version=&#8221;4.14.8&#8243; _module_preset=&#8221;default&#8221; custom_padding=&#8221;|10px||10px|false|false&#8221; global_colors_info=&#8221;{}&#8221;][et_pb_image src=&#8221;https:\/\/turisme.dival.es\/wp-content\/uploads\/2022\/03\/ermitafortaleza.jpg&#8221; title_text=&#8221;ermitafortaleza&#8221; _builder_version=&#8221;4.14.8&#8243; _module_preset=&#8221;default&#8221; custom_margin=&#8221;||||false|false&#8221; animation_style=&#8221;fade&#8221; animation_speed_curve=&#8221;ease-in&#8221; global_colors_info=&#8221;{}&#8221;][\/et_pb_image][\/et_pb_column][et_pb_column type=&#8221;1_3&#8243; _builder_version=&#8221;4.14.8&#8243; _module_preset=&#8221;default&#8221; custom_padding=&#8221;|10px||10px|false|false&#8221; global_colors_info=&#8221;{}&#8221;][et_pb_image src=&#8221;https:\/\/turisme.dival.es\/wp-content\/uploads\/2022\/03\/castilfalib.jpg&#8221; title_text=&#8221;castilfalib&#8221; _builder_version=&#8221;4.14.8&#8243; _module_preset=&#8221;default&#8221; custom_margin=&#8221;||||false|false&#8221; animation_style=&#8221;fade&#8221; animation_speed_curve=&#8221;ease-in&#8221; global_colors_info=&#8221;{}&#8221;][\/et_pb_image][\/et_pb_column][\/et_pb_row][et_pb_row _builder_version=&#8221;4.14.8&#8243; _module_preset=&#8221;default&#8221; width=&#8221;60%&#8221; collapsed=&#8221;on&#8221; global_colors_info=&#8221;{}&#8221;][et_pb_column type=&#8221;4_4&#8243; _builder_version=&#8221;4.14.8&#8243; _module_preset=&#8221;default&#8221; global_colors_info=&#8221;{}&#8221;][et_pb_text admin_label=&#8221;El Rinc\u00f3n de Ademuz&#8221; _builder_version=&#8221;4.14.8&#8243; _module_preset=&#8221;default&#8221; text_font_size=&#8221;18px&#8221; header_text_align=&#8221;center&#8221; header_font_size=&#8221;37px&#8221; text_orientation=&#8221;center&#8221; custom_margin=&#8221;||||false|false&#8221; custom_padding=&#8221;||||false|false&#8221; global_colors_info=&#8221;{}&#8221;]<\/p>\n<h2 class=\"p1\">El Rinc\u00f3n de Ademuz<\/h2>\n<p>[\/et_pb_text][et_pb_divider color=&#8221;RGBA(0,0,0,0)&#8221; admin_label=&#8221;Divider&#8221; _builder_version=&#8221;4.9.7&#8243; _module_preset=&#8221;default&#8221; background_color=&#8221;#E09900&#8243; width=&#8221;70px&#8221; module_alignment=&#8221;center&#8221; height=&#8221;6px&#8221; locked=&#8221;off&#8221; global_colors_info=&#8221;{}&#8221;][\/et_pb_divider][et_pb_text admin_label=&#8221;El Rinc\u00f3n de Ademuz&#8221; _builder_version=&#8221;4.14.8&#8243; _module_preset=&#8221;default&#8221; text_font_size=&#8221;18px&#8221; header_text_align=&#8221;center&#8221; header_font_size=&#8221;37px&#8221; text_orientation=&#8221;center&#8221; custom_margin=&#8221;||||false|false&#8221; custom_padding=&#8221;||||false|false&#8221; global_colors_info=&#8221;{}&#8221;]Deux b\u00e2timents religieux sont sans doute les monuments les plus embl\u00e9matiques de la r\u00e9gion : l&#8217;Ermitage \u00ab\u00a0Ermita de Nuestra Se\u00f1ora de la Huerta\u00a0\u00bb, le b\u00e2timent le plus ancien d&#8217;Ademuz, datant du XIIIe-XIVe si\u00e8cle, et l&#8217;\u00c9glise-forteresse de Nuestra Se\u00f1ora de los \u00c1ngeles de Castielfabib, situ\u00e9e sur une colline dominant la ville, ce qui lui conf\u00e8re une apparence spectaculaire vue de l&#8217;ext\u00e9rieur.[\/et_pb_text][\/et_pb_column][\/et_pb_row][et_pb_row column_structure=&#8221;1_3,1_3,1_3&#8243; use_custom_gutter=&#8221;on&#8221; gutter_width=&#8221;1&#8243; make_equal=&#8221;on&#8221; admin_label=&#8221;trio imagenes la serrania&#8221; _builder_version=&#8221;4.14.8&#8243; _module_preset=&#8221;default&#8221; width=&#8221;100%&#8221; module_alignment=&#8221;center&#8221; collapsed=&#8221;on&#8221; global_colors_info=&#8221;{}&#8221;][et_pb_column type=&#8221;1_3&#8243; _builder_version=&#8221;4.14.8&#8243; _module_preset=&#8221;default&#8221; custom_padding=&#8221;|10px||10px|false|false&#8221; global_colors_info=&#8221;{}&#8221;][et_pb_image src=&#8221;https:\/\/turisme.dival.es\/wp-content\/uploads\/2022\/03\/museo-arqueologico-alpuente.jpg&#8221; title_text=&#8221;museo arqueologico alpuente&#8221; _builder_version=&#8221;4.14.8&#8243; _module_preset=&#8221;default&#8221; custom_margin=&#8221;||||false|false&#8221; animation_style=&#8221;fade&#8221; animation_speed_curve=&#8221;ease-in&#8221; global_colors_info=&#8221;{}&#8221;][\/et_pb_image][\/et_pb_column][et_pb_column type=&#8221;1_3&#8243; _builder_version=&#8221;4.14.8&#8243; _module_preset=&#8221;default&#8221; custom_padding=&#8221;|10px||10px|false|false&#8221; global_colors_info=&#8221;{}&#8221;][et_pb_image src=&#8221;https:\/\/turisme.dival.es\/wp-content\/uploads\/2022\/03\/museo-etnologioc.jpg&#8221; title_text=&#8221;museo etnologioc&#8221; _builder_version=&#8221;4.14.8&#8243; _module_preset=&#8221;default&#8221; custom_margin=&#8221;||||false|false&#8221; animation_style=&#8221;fade&#8221; animation_speed_curve=&#8221;ease-in&#8221; global_colors_info=&#8221;{}&#8221;][\/et_pb_image][\/et_pb_column][et_pb_column type=&#8221;1_3&#8243; _builder_version=&#8221;4.14.8&#8243; _module_preset=&#8221;default&#8221; custom_padding=&#8221;|10px||10px|false|false&#8221; global_colors_info=&#8221;{}&#8221;][et_pb_image src=&#8221;https:\/\/turisme.dival.es\/wp-content\/uploads\/2022\/03\/almazara.jpg&#8221; title_text=&#8221;almazara&#8221; _builder_version=&#8221;4.14.8&#8243; _module_preset=&#8221;default&#8221; custom_margin=&#8221;||||false|false&#8221; animation_style=&#8221;fade&#8221; animation_speed_curve=&#8221;ease-in&#8221; global_colors_info=&#8221;{}&#8221;][\/et_pb_image][\/et_pb_column][\/et_pb_row][et_pb_row _builder_version=&#8221;4.14.8&#8243; _module_preset=&#8221;default&#8221; width=&#8221;60%&#8221; collapsed=&#8221;on&#8221; global_colors_info=&#8221;{}&#8221;][et_pb_column type=&#8221;4_4&#8243; _builder_version=&#8221;4.14.8&#8243; _module_preset=&#8221;default&#8221; global_colors_info=&#8221;{}&#8221;][et_pb_text admin_label=&#8221;La Serran\u00eda&#8221; _builder_version=&#8221;4.14.8&#8243; _module_preset=&#8221;default&#8221; text_font_size=&#8221;18px&#8221; header_text_align=&#8221;center&#8221; header_font_size=&#8221;37px&#8221; text_orientation=&#8221;center&#8221; custom_margin=&#8221;||||false|false&#8221; custom_padding=&#8221;||||false|false&#8221; global_colors_info=&#8221;{}&#8221;]<\/p>\n<h2>La Serran\u00eda<\/h2>\n<p>[\/et_pb_text][et_pb_divider color=&#8221;RGBA(0,0,0,0)&#8221; admin_label=&#8221;Divider&#8221; _builder_version=&#8221;4.9.7&#8243; _module_preset=&#8221;default&#8221; background_color=&#8221;#E09900&#8243; width=&#8221;70px&#8221; module_alignment=&#8221;center&#8221; height=&#8221;6px&#8221; locked=&#8221;off&#8221; global_colors_info=&#8221;{}&#8221;][\/et_pb_divider][et_pb_text admin_label=&#8221;La Serran\u00eda&#8221; _builder_version=&#8221;4.14.8&#8243; _module_preset=&#8221;default&#8221; text_font_size=&#8221;18px&#8221; header_text_align=&#8221;center&#8221; header_font_size=&#8221;37px&#8221; text_orientation=&#8221;center&#8221; custom_margin=&#8221;||||false|false&#8221; custom_padding=&#8221;||||false|false&#8221; global_colors_info=&#8221;{}&#8221;]Cette r\u00e9gion accueille des mus\u00e9es li\u00e9s \u00e0 la pal\u00e9ontologie, comme le mus\u00e9e pal\u00e9ontologique d&#8217;Alpuente, qui rassemble une int\u00e9ressante collection de fossiles de dinosaures ; et ceux li\u00e9s aux coutumes et traditions locales, notamment le mus\u00e9e ethnologique d&#8217;Alpuente ou le moulin \u00e0 huile \u00ab\u00a0Almazara del Conde de Sot de Chera\u00a0\u00bb, qui illustrent diff\u00e9rents aspects de la vie et du travail des habitants de La Serran\u00eda.[\/et_pb_text][\/et_pb_column][\/et_pb_row][et_pb_row column_structure=&#8221;1_3,1_3,1_3&#8243; use_custom_gutter=&#8221;on&#8221; gutter_width=&#8221;1&#8243; make_equal=&#8221;on&#8221; admin_label=&#8221;El Camp de Turia&#8221; _builder_version=&#8221;4.14.8&#8243; _module_preset=&#8221;default&#8221; width=&#8221;100%&#8221; module_alignment=&#8221;center&#8221; collapsed=&#8221;on&#8221; global_colors_info=&#8221;{}&#8221;][et_pb_column type=&#8221;1_3&#8243; _builder_version=&#8221;4.14.8&#8243; _module_preset=&#8221;default&#8221; custom_padding=&#8221;|10px||10px|false|false&#8221; global_colors_info=&#8221;{}&#8221;][et_pb_image src=&#8221;https:\/\/turisme.dival.es\/wp-content\/uploads\/2022\/03\/iglesia-de-sangre.jpg&#8221; title_text=&#8221;iglesia de sangre&#8221; _builder_version=&#8221;4.14.8&#8243; _module_preset=&#8221;default&#8221; custom_margin=&#8221;||||false|false&#8221; animation_style=&#8221;fade&#8221; animation_speed_curve=&#8221;ease-in&#8221; global_colors_info=&#8221;{}&#8221;][\/et_pb_image][\/et_pb_column][et_pb_column type=&#8221;1_3&#8243; _builder_version=&#8221;4.14.8&#8243; _module_preset=&#8221;default&#8221; custom_padding=&#8221;|10px||10px|false|false&#8221; global_colors_info=&#8221;{}&#8221;][et_pb_image src=&#8221;https:\/\/turisme.dival.es\/wp-content\/uploads\/2022\/03\/termas-romas.jpg&#8221; title_text=&#8221;termas romas&#8221; _builder_version=&#8221;4.14.8&#8243; _module_preset=&#8221;default&#8221; custom_margin=&#8221;||||false|false&#8221; animation_style=&#8221;fade&#8221; animation_speed_curve=&#8221;ease-in&#8221; global_colors_info=&#8221;{}&#8221;][\/et_pb_image][\/et_pb_column][et_pb_column type=&#8221;1_3&#8243; _builder_version=&#8221;4.14.8&#8243; _module_preset=&#8221;default&#8221; custom_padding=&#8221;|10px||10px|false|false&#8221; global_colors_info=&#8221;{}&#8221;][et_pb_image src=&#8221;https:\/\/turisme.dival.es\/wp-content\/uploads\/2022\/03\/ban\u0303osromanos.jpg&#8221; title_text=&#8221;ban\u0303osromanos&#8221; _builder_version=&#8221;4.14.8&#8243; _module_preset=&#8221;default&#8221; custom_margin=&#8221;||||false|false&#8221; animation_style=&#8221;fade&#8221; animation_speed_curve=&#8221;ease-in&#8221; global_colors_info=&#8221;{}&#8221;][\/et_pb_image][\/et_pb_column][\/et_pb_row][et_pb_row admin_label=&#8221;El Camp de Turia&#8221; _builder_version=&#8221;4.14.8&#8243; _module_preset=&#8221;default&#8221; width=&#8221;60%&#8221; collapsed=&#8221;on&#8221; global_colors_info=&#8221;{}&#8221;][et_pb_column type=&#8221;4_4&#8243; _builder_version=&#8221;4.14.8&#8243; _module_preset=&#8221;default&#8221; global_colors_info=&#8221;{}&#8221;][et_pb_text admin_label=&#8221;El Camp de Turia&#8221; _builder_version=&#8221;4.14.8&#8243; _module_preset=&#8221;default&#8221; text_font_size=&#8221;18px&#8221; header_text_align=&#8221;center&#8221; header_font_size=&#8221;37px&#8221; text_orientation=&#8221;center&#8221; custom_margin=&#8221;||||false|false&#8221; custom_padding=&#8221;||||false|false&#8221; global_colors_info=&#8221;{}&#8221;]<\/p>\n<h2>El Camp de Turia<\/h2>\n<p>[\/et_pb_text][et_pb_divider color=&#8221;RGBA(0,0,0,0)&#8221; admin_label=&#8221;Divider&#8221; _builder_version=&#8221;4.9.7&#8243; _module_preset=&#8221;default&#8221; background_color=&#8221;#E09900&#8243; width=&#8221;70px&#8221; module_alignment=&#8221;center&#8221; height=&#8221;6px&#8221; locked=&#8221;off&#8221; global_colors_info=&#8221;{}&#8221;][\/et_pb_divider][et_pb_text admin_label=&#8221;El Camp de Turia&#8221; _builder_version=&#8221;4.14.8&#8243; _module_preset=&#8221;default&#8221; text_font_size=&#8221;18px&#8221; header_text_align=&#8221;center&#8221; header_font_size=&#8221;37px&#8221; text_orientation=&#8221;center&#8221; custom_margin=&#8221;||||false|false&#8221; custom_padding=&#8221;||||false|false&#8221; global_colors_info=&#8221;{}&#8221;]La ville de Ll\u00edria, capitale de la r\u00e9gion, poss\u00e8de un patrimoine historique et culturel d&#8217;une richesse exceptionnelle, \u00e9tant l&#8217;une des principales villes historiques de Val\u00e8ncia, avec un ensemble arch\u00e9ologique et monumental compos\u00e9 notamment de monuments tels que l&#8217;\u00e9glise Iglesia de la Sangre, le monast\u00e8re royal Real Monasterio de San Miguel ou les diff\u00e9rents sites arch\u00e9ologiques ib\u00e9riques que recense la commune, ainsi que les mausol\u00e9es romains et les bains arabes. Llir\u00eda est connue pour sa grande tradition musicale : ses deux compagnies musicales, qui remontent au XIXe si\u00e8cle, et ses formations musicales ont particip\u00e9 et remport\u00e9 de nombreux concours nationaux et internationaux.<\/p>\n<p>D&#8217;autres communes de la r\u00e9gion se distinguent par leur patrimoine : Riba-Roja de T\u00faria, avec son ch\u00e2teau et ses murailles, et le site arch\u00e9ologique de l&#8217;\u00e9poque des Wisigothes du Pla de Nadal, qui abrite un mus\u00e9e, et le ch\u00e2teau de Benisan\u00f3, qui date du XVe si\u00e8cle, l&#8217;un des mieux conserv\u00e9s de la Communaut\u00e9 valencienne.[\/et_pb_text][\/et_pb_column][\/et_pb_row][et_pb_row column_structure=&#8221;1_3,1_3,1_3&#8243; use_custom_gutter=&#8221;on&#8221; gutter_width=&#8221;1&#8243; make_equal=&#8221;on&#8221; admin_label=&#8221;El Camp de Morvedre&#8221; _builder_version=&#8221;4.14.8&#8243; _module_preset=&#8221;default&#8221; width=&#8221;100%&#8221; module_alignment=&#8221;center&#8221; collapsed=&#8221;on&#8221; global_colors_info=&#8221;{}&#8221;][et_pb_column type=&#8221;1_3&#8243; _builder_version=&#8221;4.14.8&#8243; _module_preset=&#8221;default&#8221; custom_padding=&#8221;|10px||10px|false|false&#8221; global_colors_info=&#8221;{}&#8221;][et_pb_image src=&#8221;https:\/\/turisme.dival.es\/wp-content\/uploads\/2022\/03\/teatro-romano.jpg&#8221; title_text=&#8221;teatro romano&#8221; _builder_version=&#8221;4.14.8&#8243; _module_preset=&#8221;default&#8221; custom_margin=&#8221;||||false|false&#8221; animation_style=&#8221;fade&#8221; animation_speed_curve=&#8221;ease-in&#8221; global_colors_info=&#8221;{}&#8221;][\/et_pb_image][\/et_pb_column][et_pb_column type=&#8221;1_3&#8243; _builder_version=&#8221;4.14.8&#8243; _module_preset=&#8221;default&#8221; custom_padding=&#8221;|10px||10px|false|false&#8221; global_colors_info=&#8221;{}&#8221;][et_pb_image src=&#8221;https:\/\/turisme.dival.es\/wp-content\/uploads\/2022\/03\/castillodesagunto.jpg&#8221; title_text=&#8221;castillodesagunto&#8221; _builder_version=&#8221;4.14.8&#8243; _module_preset=&#8221;default&#8221; custom_margin=&#8221;||||false|false&#8221; animation_style=&#8221;fade&#8221; animation_speed_curve=&#8221;ease-in&#8221; global_colors_info=&#8221;{}&#8221;][\/et_pb_image][\/et_pb_column][et_pb_column type=&#8221;1_3&#8243; _builder_version=&#8221;4.14.8&#8243; _module_preset=&#8221;default&#8221; custom_padding=&#8221;|10px||10px|false|false&#8221; global_colors_info=&#8221;{}&#8221;][et_pb_image src=&#8221;https:\/\/turisme.dival.es\/wp-content\/uploads\/2022\/03\/torrestorres.jpg&#8221; title_text=&#8221;torrestorres&#8221; _builder_version=&#8221;4.14.8&#8243; _module_preset=&#8221;default&#8221; custom_margin=&#8221;||||false|false&#8221; animation_style=&#8221;fade&#8221; animation_speed_curve=&#8221;ease-in&#8221; global_colors_info=&#8221;{}&#8221;][\/et_pb_image][\/et_pb_column][\/et_pb_row][et_pb_row admin_label=&#8221;El Camp de Morvedre&#8221; _builder_version=&#8221;4.14.8&#8243; _module_preset=&#8221;default&#8221; width=&#8221;60%&#8221; collapsed=&#8221;on&#8221; global_colors_info=&#8221;{}&#8221;][et_pb_column type=&#8221;4_4&#8243; _builder_version=&#8221;4.14.8&#8243; _module_preset=&#8221;default&#8221; global_colors_info=&#8221;{}&#8221;][et_pb_text admin_label=&#8221;El Camp de Morvedre&#8221; _builder_version=&#8221;4.14.8&#8243; _module_preset=&#8221;default&#8221; text_font_size=&#8221;18px&#8221; header_text_align=&#8221;center&#8221; header_font_size=&#8221;37px&#8221; text_orientation=&#8221;center&#8221; custom_margin=&#8221;||||false|false&#8221; custom_padding=&#8221;||||false|false&#8221; global_colors_info=&#8221;{}&#8221;]<\/p>\n<h2 class=\"p1\">El Camp de Morvedre<\/h2>\n<p>[\/et_pb_text][et_pb_divider color=&#8221;RGBA(0,0,0,0)&#8221; admin_label=&#8221;Divider&#8221; _builder_version=&#8221;4.9.7&#8243; _module_preset=&#8221;default&#8221; background_color=&#8221;#E09900&#8243; width=&#8221;70px&#8221; module_alignment=&#8221;center&#8221; height=&#8221;6px&#8221; locked=&#8221;off&#8221; global_colors_info=&#8221;{}&#8221;][\/et_pb_divider][et_pb_text admin_label=&#8221;El Camp de Morvedre&#8221; _builder_version=&#8221;4.14.8&#8243; _module_preset=&#8221;default&#8221; text_font_size=&#8221;18px&#8221; header_text_align=&#8221;center&#8221; header_font_size=&#8221;37px&#8221; text_orientation=&#8221;center&#8221; custom_margin=&#8221;||||false|false&#8221; custom_padding=&#8221;||||false|false&#8221; global_colors_info=&#8221;{}&#8221;]La ville historique de Sagunto, dont les premi\u00e8res r\u00e9f\u00e9rences historiques remontent au IIIe si\u00e8cle a. J.-C., est l&#8217;une des visites incontournables pour les touristes. L&#8217;importance de son ensemble historique et artistique est indiscutable, notamment son Ch\u00e2teau, avec plus de deux mille ans d&#8217;histoire, le Quartier juif et, bien s\u00fbr, le Th\u00e9\u00e2tre romain, o\u00f9, aujourd&#8217;hui encore, des repr\u00e9sentations th\u00e9\u00e2trales ont lieu tous les \u00e9t\u00e9s. Pour compl\u00e9ter la richesse culturelle de Sagunto, de nouveaux espaces mus\u00e9es ont \u00e9t\u00e9 ouverts, comme la \u00ab\u00a0Via del Portico\u00a0\u00bb et la \u00ab\u00a0Domus dels Peixos\u00a0\u00bb.<\/p>\n<p>\u00c0 Torres-Torres, nous retrouvons des bains arabes bien conserv\u00e9s o\u00f9 se distinguent clairement les diff\u00e9rents espaces et les pav\u00e9s d&#8217;origine.[\/et_pb_text][\/et_pb_column][\/et_pb_row][et_pb_row column_structure=&#8221;1_3,1_3,1_3&#8243; use_custom_gutter=&#8221;on&#8221; gutter_width=&#8221;1&#8243; make_equal=&#8221;on&#8221; admin_label=&#8221;L\u2019Hoya de Bunyol&#8221; _builder_version=&#8221;4.14.8&#8243; _module_preset=&#8221;default&#8221; width=&#8221;100%&#8221; module_alignment=&#8221;center&#8221; collapsed=&#8221;on&#8221; global_colors_info=&#8221;{}&#8221;][et_pb_column type=&#8221;1_3&#8243; _builder_version=&#8221;4.14.8&#8243; _module_preset=&#8221;default&#8221; custom_padding=&#8221;|10px||10px|false|false&#8221; global_colors_info=&#8221;{}&#8221;][et_pb_image src=&#8221;https:\/\/turisme.dival.es\/wp-content\/uploads\/2022\/03\/tomatina.jpg&#8221; title_text=&#8221;tomatina&#8221; _builder_version=&#8221;4.14.8&#8243; _module_preset=&#8221;default&#8221; custom_margin=&#8221;||||false|false&#8221; animation_style=&#8221;fade&#8221; animation_speed_curve=&#8221;ease-in&#8221; global_colors_info=&#8221;{}&#8221;][\/et_pb_image][\/et_pb_column][et_pb_column type=&#8221;1_3&#8243; _builder_version=&#8221;4.14.8&#8243; _module_preset=&#8221;default&#8221; custom_padding=&#8221;|10px||10px|false|false&#8221; global_colors_info=&#8221;{}&#8221;][et_pb_image src=&#8221;https:\/\/turisme.dival.es\/wp-content\/uploads\/2022\/03\/castillo-bun\u0303ol.jpg&#8221; title_text=&#8221;castillo bun\u0303ol&#8221; _builder_version=&#8221;4.14.8&#8243; _module_preset=&#8221;default&#8221; custom_margin=&#8221;||||false|false&#8221; animation_style=&#8221;fade&#8221; animation_speed_curve=&#8221;ease-in&#8221; global_colors_info=&#8221;{}&#8221;][\/et_pb_image][\/et_pb_column][et_pb_column type=&#8221;1_3&#8243; _builder_version=&#8221;4.14.8&#8243; _module_preset=&#8221;default&#8221; custom_padding=&#8221;|10px||10px|false|false&#8221; global_colors_info=&#8221;{}&#8221;][et_pb_image src=&#8221;https:\/\/turisme.dival.es\/wp-content\/uploads\/2022\/03\/siete-aguas.jpg&#8221; title_text=&#8221;siete aguas&#8221; _builder_version=&#8221;4.14.8&#8243; _module_preset=&#8221;default&#8221; custom_margin=&#8221;||||false|false&#8221; animation_style=&#8221;fade&#8221; animation_speed_curve=&#8221;ease-in&#8221; global_colors_info=&#8221;{}&#8221;][\/et_pb_image][\/et_pb_column][\/et_pb_row][et_pb_row admin_label=&#8221;L\u2019Hoya de Bunyol&#8221; _builder_version=&#8221;4.14.8&#8243; _module_preset=&#8221;default&#8221; width=&#8221;60%&#8221; collapsed=&#8221;on&#8221; global_colors_info=&#8221;{}&#8221;][et_pb_column type=&#8221;4_4&#8243; _builder_version=&#8221;4.14.8&#8243; _module_preset=&#8221;default&#8221; global_colors_info=&#8221;{}&#8221;][et_pb_text admin_label=&#8221;L\u2019Hoya de Bunyol&#8221; _builder_version=&#8221;4.14.8&#8243; _module_preset=&#8221;default&#8221; text_font_size=&#8221;18px&#8221; header_text_align=&#8221;center&#8221; header_font_size=&#8221;37px&#8221; text_orientation=&#8221;center&#8221; custom_margin=&#8221;||||false|false&#8221; custom_padding=&#8221;||||false|false&#8221; global_colors_info=&#8221;{}&#8221;]<\/p>\n<h2 class=\"p1\">L\u2019Hoya de Bunyol<\/h2>\n<p>[\/et_pb_text][et_pb_divider color=&#8221;RGBA(0,0,0,0)&#8221; admin_label=&#8221;Divider&#8221; _builder_version=&#8221;4.9.7&#8243; _module_preset=&#8221;default&#8221; background_color=&#8221;#E09900&#8243; width=&#8221;70px&#8221; module_alignment=&#8221;center&#8221; height=&#8221;6px&#8221; locked=&#8221;off&#8221; global_colors_info=&#8221;{}&#8221;][\/et_pb_divider][et_pb_text admin_label=&#8221;L\u2019Hoya de Bunyol&#8221; _builder_version=&#8221;4.14.8&#8243; _module_preset=&#8221;default&#8221; text_font_size=&#8221;18px&#8221; header_text_align=&#8221;center&#8221; header_font_size=&#8221;37px&#8221; text_orientation=&#8221;center&#8221; custom_margin=&#8221;||||false|false&#8221; custom_padding=&#8221;||||false|false&#8221; global_colors_info=&#8221;{}&#8221;]Cette r\u00e9gion, mondialement connue pour accueillir des \u00e9v\u00e9nements tels que la c\u00e9l\u00e8bre Tomatina ou le Grand Prix de moto de la Communaut\u00e9 de Val\u00e8ncia, offre \u00e9galement un riche patrimoine culturel.<\/p>\n<p>Le ch\u00e2teau de Bu\u00f1ol est sans conteste le monument le plus embl\u00e9matique de cette r\u00e9gion. B\u00e2ti aux XIe et XIIe si\u00e8cles sur deux massifs rocheux au c\u0153ur de Bu\u00f1ol, cette forteresse comporte deux enceintes s\u00e9par\u00e9es par des foss\u00e9s artificiels.<\/p>\n<p>Les fontaines de Siete Aguas sont \u00e9galement fameuses ( ce n&#8217;est pas en vain qu&#8217;elles donnent leur nom \u00e0 la ville, bien qu&#8217;en r\u00e9alit\u00e9 on en recense plus d&#8217;une centaine). La plus connue est sans nul doute la\u00ab\u00a0 Fuente de los Siete Chorros\u00a0\u00bb (fontaine des sept jets), qui a plus d&#8217;un si\u00e8cle d&#8217;histoire et o\u00f9 les habitants continuent encore aujourd&#8217;hui de boire ses eaux.[\/et_pb_text][\/et_pb_column][\/et_pb_row][et_pb_row column_structure=&#8221;1_3,1_3,1_3&#8243; use_custom_gutter=&#8221;on&#8221; gutter_width=&#8221;1&#8243; make_equal=&#8221;on&#8221; admin_label=&#8221;Requena-Utiel&#8221; _builder_version=&#8221;4.14.8&#8243; _module_preset=&#8221;default&#8221; width=&#8221;100%&#8221; module_alignment=&#8221;center&#8221; collapsed=&#8221;on&#8221; global_colors_info=&#8221;{}&#8221;][et_pb_column type=&#8221;1_3&#8243; _builder_version=&#8221;4.14.8&#8243; _module_preset=&#8221;default&#8221; custom_padding=&#8221;|10px||10px|false|false&#8221; global_colors_info=&#8221;{}&#8221;][et_pb_image src=&#8221;https:\/\/turisme.dival.es\/wp-content\/uploads\/2022\/03\/torredelhomenaje.jpg&#8221; title_text=&#8221;torredelhomenaje&#8221; _builder_version=&#8221;4.14.8&#8243; _module_preset=&#8221;default&#8221; custom_margin=&#8221;||||false|false&#8221; animation_style=&#8221;fade&#8221; animation_speed_curve=&#8221;ease-in&#8221; global_colors_info=&#8221;{}&#8221;][\/et_pb_image][\/et_pb_column][et_pb_column type=&#8221;1_3&#8243; _builder_version=&#8221;4.14.8&#8243; _module_preset=&#8221;default&#8221; custom_padding=&#8221;|10px||10px|false|false&#8221; global_colors_info=&#8221;{}&#8221;][et_pb_image src=&#8221;https:\/\/turisme.dival.es\/wp-content\/uploads\/2022\/03\/cuevas.jpg&#8221; title_text=&#8221;cuevas&#8221; _builder_version=&#8221;4.14.8&#8243; _module_preset=&#8221;default&#8221; custom_margin=&#8221;||||false|false&#8221; animation_style=&#8221;fade&#8221; animation_speed_curve=&#8221;ease-in&#8221; global_colors_info=&#8221;{}&#8221;][\/et_pb_image][\/et_pb_column][et_pb_column type=&#8221;1_3&#8243; _builder_version=&#8221;4.14.8&#8243; _module_preset=&#8221;default&#8221; custom_padding=&#8221;|10px||10px|false|false&#8221; global_colors_info=&#8221;{}&#8221;][et_pb_image src=&#8221;https:\/\/turisme.dival.es\/wp-content\/uploads\/2022\/03\/museovino.jpg&#8221; title_text=&#8221;museovino&#8221; _builder_version=&#8221;4.14.8&#8243; _module_preset=&#8221;default&#8221; custom_margin=&#8221;||||false|false&#8221; animation_style=&#8221;fade&#8221; animation_speed_curve=&#8221;ease-in&#8221; global_colors_info=&#8221;{}&#8221;][\/et_pb_image][\/et_pb_column][\/et_pb_row][et_pb_row admin_label=&#8221;Requena-Utiel&#8221; _builder_version=&#8221;4.14.8&#8243; _module_preset=&#8221;default&#8221; width=&#8221;60%&#8221; collapsed=&#8221;on&#8221; global_colors_info=&#8221;{}&#8221;][et_pb_column type=&#8221;4_4&#8243; _builder_version=&#8221;4.14.8&#8243; _module_preset=&#8221;default&#8221; global_colors_info=&#8221;{}&#8221;][et_pb_text admin_label=&#8221;Requena-Utiel&#8221; _builder_version=&#8221;4.14.8&#8243; _module_preset=&#8221;default&#8221; text_font_size=&#8221;18px&#8221; header_text_align=&#8221;center&#8221; header_font_size=&#8221;37px&#8221; text_orientation=&#8221;center&#8221; custom_margin=&#8221;||||false|false&#8221; custom_padding=&#8221;||||false|false&#8221; global_colors_info=&#8221;{}&#8221;]<\/p>\n<h2 class=\"p1\">Requena-Utiel<\/h2>\n<p>[\/et_pb_text][et_pb_divider color=&#8221;RGBA(0,0,0,0)&#8221; admin_label=&#8221;Divider&#8221; _builder_version=&#8221;4.9.7&#8243; _module_preset=&#8221;default&#8221; background_color=&#8221;#E09900&#8243; width=&#8221;70px&#8221; module_alignment=&#8221;center&#8221; height=&#8221;6px&#8221; locked=&#8221;off&#8221; global_colors_info=&#8221;{}&#8221;][\/et_pb_divider][et_pb_text admin_label=&#8221;Requena-Utiel&#8221; _builder_version=&#8221;4.14.8&#8243; _module_preset=&#8221;default&#8221; text_font_size=&#8221;18px&#8221; header_text_align=&#8221;center&#8221; header_font_size=&#8221;37px&#8221; text_orientation=&#8221;center&#8221; custom_margin=&#8221;||||false|false&#8221; custom_padding=&#8221;||||false|false&#8221; global_colors_info=&#8221;{}&#8221;]L&#8217;enceinte m\u00e9di\u00e9vale de Requena, connue sous le nom de Barrio de la Villa, est reconnu comme un Bien d&#8217;int\u00e9r\u00eat culturel. Le visiteur peut profiter pour visiter la tour Torre de l&#8217;Homenaje, l&#8217;Alcazaba ou le quartier juif, de m\u00eame que les Grottes de la Villa, l&#8217;\u00e9glise de San Nicol\u00e1s de Bari et celle de Santa Maria, l&#8217;\u00e9glise paroissiale du Salvador et se promener dans la rue Cuesta de las Carnicer\u00edas (boucheries), du Ch\u00e2teau ou sur les places de la Villa et du Ch\u00e2teau.<\/p>\n<p>Cette r\u00e9gion est \u00e9galement r\u00e9put\u00e9e pour ses vins, dont le prestige ne cesse de cro\u00eetre, tant au niveau national qu&#8217;international. \u00c0 Utiel, vous trouverez le Mus\u00e9e du vin de la Communaut\u00e9 valencienne, o\u00f9 vous pourrez d\u00e9couvrir l&#8217;histoire des vins de la r\u00e9gion.[\/et_pb_text][\/et_pb_column][\/et_pb_row][et_pb_row column_structure=&#8221;1_3,1_3,1_3&#8243; use_custom_gutter=&#8221;on&#8221; gutter_width=&#8221;1&#8243; make_equal=&#8221;on&#8221; admin_label=&#8221;Valle de Ayora-Cofrentes&#8221; _builder_version=&#8221;4.14.8&#8243; _module_preset=&#8221;default&#8221; width=&#8221;100%&#8221; module_alignment=&#8221;center&#8221; collapsed=&#8221;on&#8221; global_colors_info=&#8221;{}&#8221;][et_pb_column type=&#8221;1_3&#8243; _builder_version=&#8221;4.14.8&#8243; _module_preset=&#8221;default&#8221; custom_padding=&#8221;|10px||10px|false|false&#8221; global_colors_info=&#8221;{}&#8221;][et_pb_image src=&#8221;https:\/\/turisme.dival.es\/wp-content\/uploads\/2022\/03\/castillo-ayora.jpg&#8221; title_text=&#8221;castillo ayora&#8221; _builder_version=&#8221;4.14.8&#8243; _module_preset=&#8221;default&#8221; custom_margin=&#8221;||||false|false&#8221; animation_style=&#8221;fade&#8221; animation_speed_curve=&#8221;ease-in&#8221; global_colors_info=&#8221;{}&#8221;][\/et_pb_image][\/et_pb_column][et_pb_column type=&#8221;1_3&#8243; _builder_version=&#8221;4.14.8&#8243; _module_preset=&#8221;default&#8221; custom_padding=&#8221;|10px||10px|false|false&#8221; global_colors_info=&#8221;{}&#8221;][et_pb_image src=&#8221;https:\/\/turisme.dival.es\/wp-content\/uploads\/2022\/03\/castillo-corte-de-pallas.jpg&#8221; title_text=&#8221;castillo corte de pallas&#8221; _builder_version=&#8221;4.14.8&#8243; _module_preset=&#8221;default&#8221; custom_margin=&#8221;||||false|false&#8221; animation_style=&#8221;fade&#8221; animation_speed_curve=&#8221;ease-in&#8221; global_colors_info=&#8221;{}&#8221;][\/et_pb_image][\/et_pb_column][et_pb_column type=&#8221;1_3&#8243; _builder_version=&#8221;4.14.8&#8243; _module_preset=&#8221;default&#8221; custom_padding=&#8221;|10px||10px|false|false&#8221; global_colors_info=&#8221;{}&#8221;][et_pb_image src=&#8221;https:\/\/turisme.dival.es\/wp-content\/uploads\/2022\/03\/cuevas-de-jalance.jpg&#8221; title_text=&#8221;cuevas de jalance&#8221; _builder_version=&#8221;4.14.8&#8243; _module_preset=&#8221;default&#8221; custom_margin=&#8221;||||false|false&#8221; animation_style=&#8221;fade&#8221; animation_speed_curve=&#8221;ease-in&#8221; global_colors_info=&#8221;{}&#8221;][\/et_pb_image][\/et_pb_column][\/et_pb_row][et_pb_row admin_label=&#8221;Valle de Ayora-Cofrentes&#8221; _builder_version=&#8221;4.14.8&#8243; _module_preset=&#8221;default&#8221; width=&#8221;60%&#8221; collapsed=&#8221;on&#8221; global_colors_info=&#8221;{}&#8221;][et_pb_column type=&#8221;4_4&#8243; _builder_version=&#8221;4.14.8&#8243; _module_preset=&#8221;default&#8221; global_colors_info=&#8221;{}&#8221;][et_pb_text admin_label=&#8221;Valle de Ayora-Cofrentes&#8221; _builder_version=&#8221;4.14.8&#8243; _module_preset=&#8221;default&#8221; text_font_size=&#8221;18px&#8221; header_text_align=&#8221;center&#8221; header_font_size=&#8221;37px&#8221; text_orientation=&#8221;center&#8221; custom_margin=&#8221;||||false|false&#8221; custom_padding=&#8221;||||false|false&#8221; global_colors_info=&#8221;{}&#8221;]<\/p>\n<h2 class=\"p1\">Valle de Ayora-Cofrentes<\/h2>\n<p>[\/et_pb_text][et_pb_divider color=&#8221;RGBA(0,0,0,0)&#8221; admin_label=&#8221;Divider&#8221; _builder_version=&#8221;4.9.7&#8243; _module_preset=&#8221;default&#8221; background_color=&#8221;#E09900&#8243; width=&#8221;70px&#8221; module_alignment=&#8221;center&#8221; height=&#8221;6px&#8221; locked=&#8221;off&#8221; global_colors_info=&#8221;{}&#8221;][\/et_pb_divider][et_pb_text admin_label=&#8221;Valle de Ayora-Cofrentes&#8221; _builder_version=&#8221;4.14.8&#8243; _module_preset=&#8221;default&#8221; text_font_size=&#8221;18px&#8221; header_text_align=&#8221;center&#8221; header_font_size=&#8221;37px&#8221; text_orientation=&#8221;center&#8221; custom_margin=&#8221;||||false|false&#8221; custom_padding=&#8221;||||false|false&#8221; global_colors_info=&#8221;{}&#8221;]\u00c0 Ayora, capitale de la r\u00e9gion, on retiendra le ch\u00e2teau d&#8217;Ayora et ses vues panoramiques spectaculaires, ainsi que le site ib\u00e9rique de Castellar de Meca, l&#8217;un des plus remarquables de la province. En raison de son orographie et de sa situation frontali\u00e8re, la r\u00e9gion compte de nombreux ch\u00e2teaux, tels que le ch\u00e2teau de Chirel ou le ch\u00e2teau de Cortes de de Pall\u00e1s.<\/p>\n<p>Il est \u00e9galement int\u00e9ressant de visiter \u00e0 Jalance la \u00ab\u00a0Cueva de Don Juan\u00a0\u00bb, l&#8217;une des rares grottes visitables de la province, sans conteste spectaculaire.[\/et_pb_text][\/et_pb_column][\/et_pb_row][et_pb_row column_structure=&#8221;1_3,1_3,1_3&#8243; use_custom_gutter=&#8221;on&#8221; gutter_width=&#8221;1&#8243; make_equal=&#8221;on&#8221; admin_label=&#8221;La Canal de Navarr\u00e9s&#8221; _builder_version=&#8221;4.14.8&#8243; _module_preset=&#8221;default&#8221; width=&#8221;100%&#8221; module_alignment=&#8221;center&#8221; collapsed=&#8221;on&#8221; global_colors_info=&#8221;{}&#8221;][et_pb_column type=&#8221;1_3&#8243; _builder_version=&#8221;4.14.8&#8243; _module_preset=&#8221;default&#8221; custom_padding=&#8221;|10px||10px|false|false&#8221; global_colors_info=&#8221;{}&#8221;][et_pb_image src=&#8221;https:\/\/turisme.dival.es\/wp-content\/uploads\/2022\/03\/museoarqueologicoenguera.jpg&#8221; title_text=&#8221;museoarqueologicoenguera&#8221; _builder_version=&#8221;4.14.8&#8243; _module_preset=&#8221;default&#8221; custom_margin=&#8221;||||false|false&#8221; animation_style=&#8221;fade&#8221; animation_speed_curve=&#8221;ease-in&#8221; global_colors_info=&#8221;{}&#8221;][\/et_pb_image][\/et_pb_column][et_pb_column type=&#8221;1_3&#8243; _builder_version=&#8221;4.14.8&#8243; _module_preset=&#8221;default&#8221; custom_padding=&#8221;|10px||10px|false|false&#8221; global_colors_info=&#8221;{}&#8221;][et_pb_image src=&#8221;https:\/\/turisme.dival.es\/wp-content\/uploads\/2022\/03\/anna.jpg&#8221; title_text=&#8221;anna&#8221; _builder_version=&#8221;4.14.8&#8243; _module_preset=&#8221;default&#8221; custom_margin=&#8221;||||false|false&#8221; animation_style=&#8221;fade&#8221; animation_speed_curve=&#8221;ease-in&#8221; global_colors_info=&#8221;{}&#8221;][\/et_pb_image][\/et_pb_column][et_pb_column type=&#8221;1_3&#8243; _builder_version=&#8221;4.14.8&#8243; _module_preset=&#8221;default&#8221; custom_padding=&#8221;|10px||10px|false|false&#8221; global_colors_info=&#8221;{}&#8221;][et_pb_image src=&#8221;https:\/\/turisme.dival.es\/wp-content\/uploads\/2022\/03\/bicorp.jpg&#8221; title_text=&#8221;bicorp&#8221; _builder_version=&#8221;4.14.8&#8243; _module_preset=&#8221;default&#8221; custom_margin=&#8221;||||false|false&#8221; animation_style=&#8221;fade&#8221; animation_speed_curve=&#8221;ease-in&#8221; global_colors_info=&#8221;{}&#8221;][\/et_pb_image][\/et_pb_column][\/et_pb_row][et_pb_row admin_label=&#8221;La Canal de Navarr\u00e9s&#8221; _builder_version=&#8221;4.14.8&#8243; _module_preset=&#8221;default&#8221; width=&#8221;60%&#8221; collapsed=&#8221;on&#8221; global_colors_info=&#8221;{}&#8221;][et_pb_column type=&#8221;4_4&#8243; _builder_version=&#8221;4.14.8&#8243; _module_preset=&#8221;default&#8221; global_colors_info=&#8221;{}&#8221;][et_pb_text admin_label=&#8221;Valle de Ayora-Cofrentes&#8221; _builder_version=&#8221;4.14.8&#8243; _module_preset=&#8221;default&#8221; text_font_size=&#8221;18px&#8221; header_text_align=&#8221;center&#8221; header_font_size=&#8221;37px&#8221; text_orientation=&#8221;center&#8221; custom_margin=&#8221;||||false|false&#8221; custom_padding=&#8221;||||false|false&#8221; global_colors_info=&#8221;{}&#8221;]<\/p>\n<h2 class=\"p1\">La Canal de Navarr\u00e9s<\/h2>\n<p>[\/et_pb_text][et_pb_divider color=&#8221;RGBA(0,0,0,0)&#8221; admin_label=&#8221;Divider&#8221; _builder_version=&#8221;4.9.7&#8243; _module_preset=&#8221;default&#8221; background_color=&#8221;#E09900&#8243; width=&#8221;70px&#8221; module_alignment=&#8221;center&#8221; height=&#8221;6px&#8221; locked=&#8221;off&#8221; global_colors_info=&#8221;{}&#8221;][\/et_pb_divider][et_pb_text admin_label=&#8221;Valle de Ayora-Cofrentes&#8221; _builder_version=&#8221;4.14.8&#8243; _module_preset=&#8221;default&#8221; text_font_size=&#8221;18px&#8221; header_text_align=&#8221;center&#8221; header_font_size=&#8221;37px&#8221; text_orientation=&#8221;center&#8221; custom_margin=&#8221;||||false|false&#8221; custom_padding=&#8221;||||false|false&#8221; global_colors_info=&#8221;{}&#8221;]De par la grande valeur arch\u00e9ologique de cette r\u00e9gion, nous pouvons trouver des mus\u00e9es tels que la Collection Arch\u00e9ologique Permanente de la commune d&#8217;Enguera et l&#8217;EcoMus\u00e9e de Bicorp. En outre, la r\u00e9gion compte plusieurs ch\u00e2teaux, \u00e9glises et palais, parmi lesquels il convient de souligner le palais des comtes \u00ab\u00a0Condes de Cervell\u00f3n\u00a0\u00bb de la ville d&#8217;Anna, actuellement transform\u00e9 en Centre de diffusion du patrimoine.[\/et_pb_text][\/et_pb_column][\/et_pb_row][et_pb_row column_structure=&#8221;1_3,1_3,1_3&#8243; use_custom_gutter=&#8221;on&#8221; gutter_width=&#8221;1&#8243; make_equal=&#8221;on&#8221; admin_label=&#8221;La Ribera Alta&#8221; _builder_version=&#8221;4.14.8&#8243; _module_preset=&#8221;default&#8221; width=&#8221;100%&#8221; module_alignment=&#8221;center&#8221; collapsed=&#8221;on&#8221; global_colors_info=&#8221;{}&#8221;][et_pb_column type=&#8221;1_3&#8243; _builder_version=&#8221;4.14.8&#8243; _module_preset=&#8221;default&#8221; custom_padding=&#8221;|10px||10px|false|false&#8221; global_colors_info=&#8221;{}&#8221;][et_pb_image src=&#8221;https:\/\/turisme.dival.es\/wp-content\/uploads\/2022\/03\/monasterio_murta.jpg&#8221; title_text=&#8221;monasterio_murta&#8221; _builder_version=&#8221;4.14.8&#8243; _module_preset=&#8221;default&#8221; custom_margin=&#8221;||||false|false&#8221; animation_style=&#8221;fade&#8221; animation_speed_curve=&#8221;ease-in&#8221; global_colors_info=&#8221;{}&#8221;][\/et_pb_image][\/et_pb_column][et_pb_column type=&#8221;1_3&#8243; _builder_version=&#8221;4.14.8&#8243; _module_preset=&#8221;default&#8221; custom_padding=&#8221;|10px||10px|false|false&#8221; global_colors_info=&#8221;{}&#8221;][et_pb_image src=&#8221;https:\/\/turisme.dival.es\/wp-content\/uploads\/2022\/03\/magatzendelaribera.jpg&#8221; title_text=&#8221;magatzendelaribera&#8221; _builder_version=&#8221;4.14.8&#8243; _module_preset=&#8221;default&#8221; custom_margin=&#8221;||||false|false&#8221; animation_style=&#8221;fade&#8221; animation_speed_curve=&#8221;ease-in&#8221; global_colors_info=&#8221;{}&#8221;][\/et_pb_image][\/et_pb_column][et_pb_column type=&#8221;1_3&#8243; _builder_version=&#8221;4.14.8&#8243; _module_preset=&#8221;default&#8221; custom_padding=&#8221;|10px||10px|false|false&#8221; global_colors_info=&#8221;{}&#8221;][et_pb_image src=&#8221;https:\/\/turisme.dival.es\/wp-content\/uploads\/2022\/03\/museofiestaalgemesi.jpg&#8221; title_text=&#8221;museofiestaalgemesi&#8221; _builder_version=&#8221;4.14.8&#8243; _module_preset=&#8221;default&#8221; custom_margin=&#8221;||||false|false&#8221; animation_style=&#8221;fade&#8221; animation_speed_curve=&#8221;ease-in&#8221; global_colors_info=&#8221;{}&#8221;][\/et_pb_image][\/et_pb_column][\/et_pb_row][et_pb_row admin_label=&#8221;La Ribera Alta&#8221; _builder_version=&#8221;4.14.8&#8243; _module_preset=&#8221;default&#8221; width=&#8221;60%&#8221; collapsed=&#8221;on&#8221; global_colors_info=&#8221;{}&#8221;][et_pb_column type=&#8221;4_4&#8243; _builder_version=&#8221;4.14.8&#8243; _module_preset=&#8221;default&#8221; global_colors_info=&#8221;{}&#8221;][et_pb_text admin_label=&#8221;La Ribera Alta&#8221; _builder_version=&#8221;4.14.8&#8243; _module_preset=&#8221;default&#8221; text_font_size=&#8221;18px&#8221; header_text_align=&#8221;center&#8221; header_font_size=&#8221;37px&#8221; text_orientation=&#8221;center&#8221; custom_margin=&#8221;||||false|false&#8221; custom_padding=&#8221;||||false|false&#8221; global_colors_info=&#8221;{}&#8221;]<\/p>\n<h2 class=\"p1\">La Ribera Alta<\/h2>\n<p>[\/et_pb_text][et_pb_divider color=&#8221;RGBA(0,0,0,0)&#8221; admin_label=&#8221;Divider&#8221; _builder_version=&#8221;4.9.7&#8243; _module_preset=&#8221;default&#8221; background_color=&#8221;#E09900&#8243; width=&#8221;70px&#8221; module_alignment=&#8221;center&#8221; height=&#8221;6px&#8221; locked=&#8221;off&#8221; global_colors_info=&#8221;{}&#8221;][\/et_pb_divider][et_pb_text admin_label=&#8221;La Ribera Alta&#8221; _builder_version=&#8221;4.14.8&#8243; _module_preset=&#8221;default&#8221; text_font_size=&#8221;18px&#8221; header_text_align=&#8221;center&#8221; header_font_size=&#8221;37px&#8221; text_orientation=&#8221;center&#8221; custom_margin=&#8221;||||false|false&#8221; custom_padding=&#8221;||||false|false&#8221; global_colors_info=&#8221;{}&#8221;]La ville historique d&#8217;Alzira dispose d&#8217;un large \u00e9ventail de monuments et de mus\u00e9es qui m\u00e9ritent \u00e0 eux seuls le d\u00e9tour : ses murailles musulmanes, le quartier de La Vila, le centre historique de la ville, d\u00e9clar\u00e9 Bien d&#8217;Int\u00e9r\u00eat Culturel o\u00f9 l&#8217;on trouve des b\u00e2timents remarquables dont l&#8217;H\u00f4tel de Ville du XVIe si\u00e8cle ou les mus\u00e9es du MUMA (le mus\u00e9e municipal de la ville) et le mus\u00e9e des Fallas d&#8217;Alzira.<\/p>\n<p>Le monast\u00e8re de La Murta, situ\u00e9 \u00e0 Alzira, est probablement son monument le plus embl\u00e9matique. B\u00e2ti entre le XIVe et le XVe si\u00e8cle, il a \u00e9t\u00e9 d\u00e9clar\u00e9 Bien d&#8217;Int\u00e9r\u00eat Culturel, ce qui a contribu\u00e9 \u00e0 sa r\u00e9cup\u00e9ration. Il fait partie de la Route des Monast\u00e8res, qui passe par cinq monast\u00e8res de Val\u00e8ncia.<\/p>\n<p>La r\u00e9gion de Carcaixent avec sa route de  l&#8217;orange (Ruta de la Naranja) offre des exemples particuli\u00e8rement int\u00e9ressants de patrimoine industriel et culturel : notamment l&#8217;architecture fonctionnelle des anciens entrep\u00f4ts et les outils et ustensiles agricoles traditionnels, comme le \u00ab\u00a0Magatzem de Ribera\u00a0\u00bb. Depuis quelques ann\u00e9es, au mois de juin, Carcaixent accueille la Foire du Modernisme.<\/p>\n<p>\u00c0 Algemes\u00ed, le \u00ab\u00a0Museu Valenci\u00e0 de la Fiesta\u00a0\u00bb (mus\u00e9e valencien de la f\u00eate) propose un voyage int\u00e9ressant \u00e0 travers les principales f\u00eates valenciennes, avec une attention particuli\u00e8re aux festivit\u00e9s de la Mare de D\u00e9u de la Salut, d\u00e9clar\u00e9e patrimoine immat\u00e9riel de l&#8217;humanit\u00e9.[\/et_pb_text][\/et_pb_column][\/et_pb_row][et_pb_row column_structure=&#8221;1_3,1_3,1_3&#8243; use_custom_gutter=&#8221;on&#8221; gutter_width=&#8221;1&#8243; make_equal=&#8221;on&#8221; admin_label=&#8221;La Ribera Baixa&#8221; _builder_version=&#8221;4.14.8&#8243; _module_preset=&#8221;default&#8221; width=&#8221;100%&#8221; module_alignment=&#8221;center&#8221; collapsed=&#8221;on&#8221; global_colors_info=&#8221;{}&#8221;][et_pb_column type=&#8221;1_3&#8243; _builder_version=&#8221;4.14.8&#8243; _module_preset=&#8221;default&#8221; custom_padding=&#8221;|10px||10px|false|false&#8221; global_colors_info=&#8221;{}&#8221;][et_pb_image src=&#8221;https:\/\/turisme.dival.es\/wp-content\/uploads\/2022\/03\/faro-cullera.jpg&#8221; title_text=&#8221;faro cullera&#8221; _builder_version=&#8221;4.14.8&#8243; _module_preset=&#8221;default&#8221; custom_margin=&#8221;||||false|false&#8221; animation_style=&#8221;fade&#8221; animation_speed_curve=&#8221;ease-in&#8221; global_colors_info=&#8221;{}&#8221;][\/et_pb_image][\/et_pb_column][et_pb_column type=&#8221;1_3&#8243; _builder_version=&#8221;4.14.8&#8243; _module_preset=&#8221;default&#8221; custom_padding=&#8221;|10px||10px|false|false&#8221; global_colors_info=&#8221;{}&#8221;][et_pb_image src=&#8221;https:\/\/turisme.dival.es\/wp-content\/uploads\/2022\/03\/cullera.jpg&#8221; title_text=&#8221;cullera&#8221; _builder_version=&#8221;4.14.8&#8243; _module_preset=&#8221;default&#8221; custom_margin=&#8221;||||false|false&#8221; animation_style=&#8221;fade&#8221; animation_speed_curve=&#8221;ease-in&#8221; global_colors_info=&#8221;{}&#8221;][\/et_pb_image][\/et_pb_column][et_pb_column type=&#8221;1_3&#8243; _builder_version=&#8221;4.14.8&#8243; _module_preset=&#8221;default&#8221; custom_padding=&#8221;|10px||10px|false|false&#8221; global_colors_info=&#8221;{}&#8221;][et_pb_image src=&#8221;https:\/\/turisme.dival.es\/wp-content\/uploads\/2022\/03\/sueca.jpg&#8221; title_text=&#8221;sueca&#8221; _builder_version=&#8221;4.14.8&#8243; _module_preset=&#8221;default&#8221; custom_margin=&#8221;||||false|false&#8221; animation_style=&#8221;fade&#8221; animation_speed_curve=&#8221;ease-in&#8221; global_colors_info=&#8221;{}&#8221;][\/et_pb_image][\/et_pb_column][\/et_pb_row][et_pb_row admin_label=&#8221;La Ribera Baixa&#8221; _builder_version=&#8221;4.14.8&#8243; _module_preset=&#8221;default&#8221; width=&#8221;60%&#8221; collapsed=&#8221;on&#8221; global_colors_info=&#8221;{}&#8221;][et_pb_column type=&#8221;4_4&#8243; _builder_version=&#8221;4.14.8&#8243; _module_preset=&#8221;default&#8221; global_colors_info=&#8221;{}&#8221;][et_pb_text admin_label=&#8221;La Ribera Baixa&#8221; _builder_version=&#8221;4.14.8&#8243; _module_preset=&#8221;default&#8221; text_font_size=&#8221;18px&#8221; header_text_align=&#8221;center&#8221; header_font_size=&#8221;37px&#8221; text_orientation=&#8221;center&#8221; custom_margin=&#8221;||||false|false&#8221; custom_padding=&#8221;||||false|false&#8221; global_colors_info=&#8221;{}&#8221;]<\/p>\n<h2 class=\"p1\">La Ribera Baixa<\/h2>\n<p>[\/et_pb_text][et_pb_divider color=&#8221;RGBA(0,0,0,0)&#8221; admin_label=&#8221;Divider&#8221; _builder_version=&#8221;4.9.7&#8243; _module_preset=&#8221;default&#8221; background_color=&#8221;#E09900&#8243; width=&#8221;70px&#8221; module_alignment=&#8221;center&#8221; height=&#8221;6px&#8221; locked=&#8221;off&#8221; global_colors_info=&#8221;{}&#8221;][\/et_pb_divider][et_pb_text admin_label=&#8221;La Ribera Baixa&#8221; _builder_version=&#8221;4.14.8&#8243; _module_preset=&#8221;default&#8221; text_font_size=&#8221;18px&#8221; header_text_align=&#8221;center&#8221; header_font_size=&#8221;37px&#8221; text_orientation=&#8221;center&#8221; custom_margin=&#8221;||||false|false&#8221; custom_padding=&#8221;||||false|false&#8221; global_colors_info=&#8221;{}&#8221;]Plus connue pour ses magnifiques plages et sa gastronomie, la r\u00e9gion offre \u00e9galement des tr\u00e9sors culturels notables. \u00c0 proximit\u00e9 de l&#8217;une de ses plages les plus embl\u00e9matiques, le phare de Cullera, nous pouvons profiter de l&#8217;un des phares les plus anciens de la province, datant de 1858. \u00c0 Cullera, il est \u00e9galement conseill\u00e9 de visiter le ch\u00e2teau et ses murailles ainsi que la tour Marenyet d\u00e9clar\u00e9es BIC.<\/p>\n<p>Les municipalit\u00e9s de Corbera et d&#8217;Almussafes poss\u00e8dent \u00e9galement deux tours (la tour arabe de l&#8217;Ermitage de San Miguel et la tour Racef) de grande valeur historique.<\/p>\n<p>\u00c0 Sueca, nous pouvons mentionner l&#8217;\u00e9glise paroissiale de San Pedro Ap\u00f3stol, d&#8217;origine romane bien qu&#8217;elle ait \u00e9t\u00e9 largement r\u00e9nov\u00e9e et agrandie au cours des si\u00e8cles. Nous attirons \u00e9galement l&#8217;attention sur la Maison-mus\u00e9e de Joan Fuster et la Muntanyeta del Sants, qui est actuellement une r\u00e9serve de flore.[\/et_pb_text][\/et_pb_column][\/et_pb_row][et_pb_row column_structure=&#8221;1_3,1_3,1_3&#8243; use_custom_gutter=&#8221;on&#8221; gutter_width=&#8221;1&#8243; make_equal=&#8221;on&#8221; admin_label=&#8221;La Safor&#8221; _builder_version=&#8221;4.14.8&#8243; _module_preset=&#8221;default&#8221; width=&#8221;100%&#8221; module_alignment=&#8221;center&#8221; global_colors_info=&#8221;{}&#8221;][et_pb_column type=&#8221;1_3&#8243; _builder_version=&#8221;4.14.8&#8243; _module_preset=&#8221;default&#8221; custom_padding=&#8221;|10px||10px|false|false&#8221; global_colors_info=&#8221;{}&#8221;][et_pb_image src=&#8221;https:\/\/turisme.dival.es\/wp-content\/uploads\/2022\/03\/palacioducal.jpg&#8221; title_text=&#8221;palacioducal&#8221; _builder_version=&#8221;4.14.8&#8243; _module_preset=&#8221;default&#8221; custom_margin=&#8221;||||false|false&#8221; animation_style=&#8221;fade&#8221; animation_speed_curve=&#8221;ease-in&#8221; global_colors_info=&#8221;{}&#8221;][\/et_pb_image][\/et_pb_column][et_pb_column type=&#8221;1_3&#8243; _builder_version=&#8221;4.14.8&#8243; _module_preset=&#8221;default&#8221; custom_padding=&#8221;|10px||10px|false|false&#8221; global_colors_info=&#8221;{}&#8221;][et_pb_image src=&#8221;https:\/\/turisme.dival.es\/wp-content\/uploads\/2022\/03\/monasterio-valldigna.jpg&#8221; title_text=&#8221;monasterio valldigna&#8221; _builder_version=&#8221;4.14.8&#8243; _module_preset=&#8221;default&#8221; custom_margin=&#8221;||||false|false&#8221; animation_style=&#8221;fade&#8221; animation_speed_curve=&#8221;ease-in&#8221; global_colors_info=&#8221;{}&#8221;][\/et_pb_image][\/et_pb_column][et_pb_column type=&#8221;1_3&#8243; _builder_version=&#8221;4.14.8&#8243; _module_preset=&#8221;default&#8221; custom_padding=&#8221;|10px||10px|false|false&#8221; global_colors_info=&#8221;{}&#8221;][et_pb_image src=&#8221;https:\/\/turisme.dival.es\/wp-content\/uploads\/2022\/03\/torre-la-vall.jpg&#8221; title_text=&#8221;torre la vall&#8221; _builder_version=&#8221;4.14.8&#8243; _module_preset=&#8221;default&#8221; custom_margin=&#8221;||||false|false&#8221; animation_style=&#8221;fade&#8221; animation_speed_curve=&#8221;ease-in&#8221; global_colors_info=&#8221;{}&#8221;][\/et_pb_image][\/et_pb_column][\/et_pb_row][et_pb_row admin_label=&#8221;La Safor&#8221; _builder_version=&#8221;4.14.8&#8243; _module_preset=&#8221;default&#8221; width=&#8221;60%&#8221; collapsed=&#8221;off&#8221; global_colors_info=&#8221;{}&#8221;][et_pb_column type=&#8221;4_4&#8243; _builder_version=&#8221;4.14.8&#8243; _module_preset=&#8221;default&#8221; global_colors_info=&#8221;{}&#8221;][et_pb_text admin_label=&#8221;La Safor&#8221; _builder_version=&#8221;4.14.8&#8243; _module_preset=&#8221;default&#8221; text_font_size=&#8221;18px&#8221; header_text_align=&#8221;center&#8221; header_font_size=&#8221;37px&#8221; text_orientation=&#8221;center&#8221; custom_margin=&#8221;||||false|false&#8221; custom_padding=&#8221;||||false|false&#8221; global_colors_info=&#8221;{}&#8221;]<\/p>\n<h2 class=\"p1\">La Safor<\/h2>\n<p>[\/et_pb_text][et_pb_divider color=&#8221;RGBA(0,0,0,0)&#8221; admin_label=&#8221;Divider&#8221; _builder_version=&#8221;4.9.7&#8243; _module_preset=&#8221;default&#8221; background_color=&#8221;#E09900&#8243; width=&#8221;70px&#8221; module_alignment=&#8221;center&#8221; height=&#8221;6px&#8221; locked=&#8221;off&#8221; global_colors_info=&#8221;{}&#8221;][\/et_pb_divider][et_pb_text admin_label=&#8221;La Safor&#8221; _builder_version=&#8221;4.14.8&#8243; _module_preset=&#8221;default&#8221; text_font_size=&#8221;18px&#8221; header_text_align=&#8221;center&#8221; header_font_size=&#8221;37px&#8221; text_orientation=&#8221;center&#8221; custom_margin=&#8221;||||false|false&#8221; custom_padding=&#8221;||||false|false&#8221; global_colors_info=&#8221;{}&#8221;]Avec 26 monuments reconnus d&#8217;int\u00e9r\u00eat culturel, La Safor est loin d&#8217;\u00eatre une destination qui se contente d&#8217;offrir soleil et plage \u00e0 ses visiteurs. Le palais Ducal de Gandia est un bon exemple de ce riche patrimoine : \u00e0 partir du XIVe si\u00e8cle, il est consid\u00e9r\u00e9 comme l&#8217;un des chefs-d&#8217;\u0153uvre de l&#8217;architecture civile valencienne, li\u00e9 \u00e0 la famille valencienne la plus universelle : les Borja.<br \/>\nSans compter les nombreuses tours et ch\u00e2teaux que l&#8217;on trouve dans la r\u00e9gion (le ch\u00e2teau de Villalonga, le ch\u00e2teau de Borr\u00f3 \u00e0 R\u00f3tova, le ch\u00e2teau de Santa Ana \u00e0 Oliva, la tour d&#8217;Alfauir, la tour de La Vall \u00e0 Tavernes de la Valldigna&#8230;).<\/p>\n<p>Le monast\u00e8re de Santa Mar\u00eda de la Valldigna, \u00e0 Simat de la Valldigna, fond\u00e9 en 1298, est un excellent exemple de style gothique valencien et, selon la tradition, il est \u00e0 l&#8217;origine du nom actuel de la r\u00e9gion, autrefois connue sous le nom d&#8217;Alfandech : le roi Jaime II d&#8217;Aragon s&#8217;est exclam\u00e9 en traversant ces terres : Vall digna per a un monestir de la vostra religi\u00f3 -Vall\u00e9e digne pour un monast\u00e8re de votre religion-. Le monast\u00e8re fait partie de la route des monast\u00e8res, une route GR d&#8217;environ 90 kilom\u00e8tres qui le relie aux monast\u00e8res de Sant Jeroni de Cotalba, \u00e0 Alfauir, celui du Corpus Christi, \u00e0 Llutxent, celui de Aguas Vivas, \u00e0 Carcaixent et celui de La Murta, \u00e0 Alzira.[\/et_pb_text][\/et_pb_column][\/et_pb_row][et_pb_row column_structure=&#8221;1_3,1_3,1_3&#8243; use_custom_gutter=&#8221;on&#8221; gutter_width=&#8221;1&#8243; make_equal=&#8221;on&#8221; admin_label=&#8221;La Costera&#8221; _builder_version=&#8221;4.14.8&#8243; _module_preset=&#8221;default&#8221; width=&#8221;100%&#8221; module_alignment=&#8221;center&#8221; global_colors_info=&#8221;{}&#8221;][et_pb_column type=&#8221;1_3&#8243; _builder_version=&#8221;4.14.8&#8243; _module_preset=&#8221;default&#8221; custom_padding=&#8221;|10px||10px|false|false&#8221; global_colors_info=&#8221;{}&#8221;][et_pb_image src=&#8221;https:\/\/turisme.dival.es\/wp-content\/uploads\/2022\/03\/castillo-xativa-copia.jpg&#8221; title_text=&#8221;castillo xativa copia&#8221; _builder_version=&#8221;4.14.8&#8243; _module_preset=&#8221;default&#8221; custom_margin=&#8221;||||false|false&#8221; animation_style=&#8221;fade&#8221; animation_speed_curve=&#8221;ease-in&#8221; global_colors_info=&#8221;{}&#8221;][\/et_pb_image][\/et_pb_column][et_pb_column type=&#8221;1_3&#8243; _builder_version=&#8221;4.14.8&#8243; _module_preset=&#8221;default&#8221; custom_padding=&#8221;|10px||10px|false|false&#8221; global_colors_info=&#8221;{}&#8221;][et_pb_image src=&#8221;https:\/\/turisme.dival.es\/wp-content\/uploads\/2022\/03\/la-bastida-moixent.jpg&#8221; title_text=&#8221;la bastida moixent&#8221; _builder_version=&#8221;4.14.8&#8243; _module_preset=&#8221;default&#8221; custom_margin=&#8221;||||false|false&#8221; animation_style=&#8221;fade&#8221; animation_speed_curve=&#8221;ease-in&#8221; global_colors_info=&#8221;{}&#8221;][\/et_pb_image][\/et_pb_column][et_pb_column type=&#8221;1_3&#8243; _builder_version=&#8221;4.14.8&#8243; _module_preset=&#8221;default&#8221; custom_padding=&#8221;|10px||10px|false|false&#8221; global_colors_info=&#8221;{}&#8221;][et_pb_image src=&#8221;https:\/\/turisme.dival.es\/wp-content\/uploads\/2022\/03\/montesa.jpg&#8221; title_text=&#8221;montesa&#8221; _builder_version=&#8221;4.14.8&#8243; _module_preset=&#8221;default&#8221; custom_margin=&#8221;||||false|false&#8221; animation_style=&#8221;fade&#8221; animation_speed_curve=&#8221;ease-in&#8221; global_colors_info=&#8221;{}&#8221;][\/et_pb_image][\/et_pb_column][\/et_pb_row][et_pb_row admin_label=&#8221;La Costera&#8221; _builder_version=&#8221;4.14.8&#8243; _module_preset=&#8221;default&#8221; width=&#8221;60%&#8221; collapsed=&#8221;off&#8221; global_colors_info=&#8221;{}&#8221;][et_pb_column type=&#8221;4_4&#8243; _builder_version=&#8221;4.14.8&#8243; _module_preset=&#8221;default&#8221; global_colors_info=&#8221;{}&#8221;][et_pb_text admin_label=&#8221;La Costera&#8221; _builder_version=&#8221;4.14.8&#8243; _module_preset=&#8221;default&#8221; text_font_size=&#8221;18px&#8221; header_text_align=&#8221;center&#8221; header_font_size=&#8221;37px&#8221; text_orientation=&#8221;center&#8221; custom_margin=&#8221;||||false|false&#8221; custom_padding=&#8221;||||false|false&#8221; global_colors_info=&#8221;{}&#8221;]<\/p>\n<h2 class=\"p1\">La Costera<\/h2>\n<p>[\/et_pb_text][et_pb_divider color=&#8221;RGBA(0,0,0,0)&#8221; admin_label=&#8221;Divider&#8221; _builder_version=&#8221;4.9.7&#8243; _module_preset=&#8221;default&#8221; background_color=&#8221;#E09900&#8243; width=&#8221;70px&#8221; module_alignment=&#8221;center&#8221; height=&#8221;6px&#8221; locked=&#8221;off&#8221; global_colors_info=&#8221;{}&#8221;][\/et_pb_divider][et_pb_text admin_label=&#8221;La Costera&#8221; _builder_version=&#8221;4.14.8&#8243; _module_preset=&#8221;default&#8221; text_font_size=&#8221;18px&#8221; header_text_align=&#8221;center&#8221; header_font_size=&#8221;37px&#8221; text_orientation=&#8221;center&#8221; custom_margin=&#8221;||||false|false&#8221; custom_padding=&#8221;||||false|false&#8221; global_colors_info=&#8221;{}&#8221;]X\u00e0tiva est une ville d\u00e9clar\u00e9e site historique et artistique qui vaut bien une escapade depuis n&#8217;importe quel point de Val\u00e8ncia pour la visiter en toute tranquillit\u00e9. La vue panoramique spectaculaire depuis son ch\u00e2teau, d&#8217;o\u00f9 l&#8217;on peut admirer toute la r\u00e9gion, ainsi que la visite du mus\u00e9e de l\u2019Almod\u00ed, o\u00f9 le portrait de Felipe V, responsable de l&#8217;incendie de la ville au XVIIIe si\u00e8cle, est toujours conserv\u00e9 \u00e0 l&#8217;envers. Une visite de la Cova Negra, l&#8217;un des principaux sites arch\u00e9ologiques de la province, est \u00e9galement recommand\u00e9e pour sa valeur historique et la richesse de ses paysages.<\/p>\n<p>\u00c0 Moixent, nous trouvons des vestiges de la plus ancienne histoire de la Comunitat gr\u00e2ce \u00e0 la colonie ib\u00e9rique de la Bastida de les Alcusses, d\u00e9clar\u00e9e Monument historique-artistique pour la grande valeur arch\u00e9ologique de ses d\u00e9couvertes, et le site du c\u00e9l\u00e8bre Guerrier de Moixent.<\/p>\n<p>Une promenade dans les salles du ch\u00e2teau de Montesa nous ram\u00e8nera \u00e0 l&#8217;\u00e9poque de l&#8217;Ordre de Montesa, \u00e9tabli par le roi Jaume II au XIVe si\u00e8cle. Bien que le b\u00e2timent ait \u00e9t\u00e9 touch\u00e9 par un tremblement de terre en 1748, certaines des salles du ch\u00e2teau, qui a \u00e9t\u00e9 d\u00e9clar\u00e9 monument architectural et artistique, peuvent encore \u00eatre visit\u00e9es.[\/et_pb_text][\/et_pb_column][\/et_pb_row][et_pb_row column_structure=&#8221;1_3,1_3,1_3&#8243; use_custom_gutter=&#8221;on&#8221; gutter_width=&#8221;1&#8243; make_equal=&#8221;on&#8221; admin_label=&#8221;La Vall d\u2019Albaida&#8221; _builder_version=&#8221;4.14.8&#8243; _module_preset=&#8221;default&#8221; width=&#8221;100%&#8221; module_alignment=&#8221;center&#8221; global_colors_info=&#8221;{}&#8221;][et_pb_column type=&#8221;1_3&#8243; _builder_version=&#8221;4.14.8&#8243; _module_preset=&#8221;default&#8221; custom_padding=&#8221;|10px||10px|false|false&#8221; global_colors_info=&#8221;{}&#8221;][et_pb_image src=&#8221;https:\/\/turisme.dival.es\/wp-content\/uploads\/2022\/03\/palau-albaida.jpg&#8221; title_text=&#8221;palau albaida&#8221; _builder_version=&#8221;4.14.8&#8243; _module_preset=&#8221;default&#8221; custom_margin=&#8221;||||false|false&#8221; animation_style=&#8221;fade&#8221; animation_speed_curve=&#8221;ease-in&#8221; global_colors_info=&#8221;{}&#8221;][\/et_pb_image][\/et_pb_column][et_pb_column type=&#8221;1_3&#8243; _builder_version=&#8221;4.14.8&#8243; _module_preset=&#8221;default&#8221; custom_padding=&#8221;|10px||10px|false|false&#8221; global_colors_info=&#8221;{}&#8221;][et_pb_image src=&#8221;https:\/\/turisme.dival.es\/wp-content\/uploads\/2022\/03\/palau.jpg&#8221; title_text=&#8221;palau&#8221; _builder_version=&#8221;4.14.8&#8243; _module_preset=&#8221;default&#8221; custom_margin=&#8221;||||false|false&#8221; animation_style=&#8221;fade&#8221; animation_speed_curve=&#8221;ease-in&#8221; global_colors_info=&#8221;{}&#8221;][\/et_pb_image][\/et_pb_column][et_pb_column type=&#8221;1_3&#8243; _builder_version=&#8221;4.14.8&#8243; _module_preset=&#8221;default&#8221; custom_padding=&#8221;|10px||10px|false|false&#8221; global_colors_info=&#8221;{}&#8221;][et_pb_image src=&#8221;https:\/\/turisme.dival.es\/wp-content\/uploads\/2022\/03\/bocairent.jpg&#8221; title_text=&#8221;bocairent&#8221; _builder_version=&#8221;4.14.8&#8243; _module_preset=&#8221;default&#8221; custom_margin=&#8221;||||false|false&#8221; animation_style=&#8221;fade&#8221; animation_speed_curve=&#8221;ease-in&#8221; global_colors_info=&#8221;{}&#8221;][\/et_pb_image][\/et_pb_column][\/et_pb_row][et_pb_row admin_label=&#8221;La Vall d\u2019Albaida&#8221; _builder_version=&#8221;4.14.8&#8243; _module_preset=&#8221;default&#8221; width=&#8221;60%&#8221; collapsed=&#8221;off&#8221; global_colors_info=&#8221;{}&#8221;][et_pb_column type=&#8221;4_4&#8243; _builder_version=&#8221;4.14.8&#8243; _module_preset=&#8221;default&#8221; global_colors_info=&#8221;{}&#8221;][et_pb_text admin_label=&#8221;La Vall d\u2019Albaida&#8221; _builder_version=&#8221;4.14.8&#8243; _module_preset=&#8221;default&#8221; text_font_size=&#8221;18px&#8221; header_text_align=&#8221;center&#8221; header_font_size=&#8221;37px&#8221; text_orientation=&#8221;center&#8221; custom_margin=&#8221;||||false|false&#8221; custom_padding=&#8221;||||false|false&#8221; global_colors_info=&#8221;{}&#8221;]<\/p>\n<h2 class=\"p1\">La Vall d\u2019Albaida<\/h2>\n<p>[\/et_pb_text][et_pb_divider color=&#8221;RGBA(0,0,0,0)&#8221; admin_label=&#8221;Divider&#8221; _builder_version=&#8221;4.9.7&#8243; _module_preset=&#8221;default&#8221; background_color=&#8221;#E09900&#8243; width=&#8221;70px&#8221; module_alignment=&#8221;center&#8221; height=&#8221;6px&#8221; locked=&#8221;off&#8221; global_colors_info=&#8221;{}&#8221;][\/et_pb_divider][et_pb_text admin_label=&#8221;La Vall d\u2019Albaida&#8221; _builder_version=&#8221;4.14.8&#8243; _module_preset=&#8221;default&#8221; text_font_size=&#8221;18px&#8221; header_text_align=&#8221;center&#8221; header_font_size=&#8221;37px&#8221; text_orientation=&#8221;center&#8221; custom_margin=&#8221;||||false|false&#8221; custom_padding=&#8221;||||false|false&#8221; global_colors_info=&#8221;{}&#8221;]Pour terminer notre tourn\u00e9e \u00e0 travers l&#8217;offre culturelle de la province, nous mentionnerons deux des meilleurs exemples d&#8217;architecture civile qui ont \u00e9t\u00e9 conserv\u00e9s \u00e0 Val\u00e8ncia : Le palais des Mil\u00e0 i Arag\u00f3, du XVe si\u00e8cle et si\u00e8ge actuel du Mus\u00e9e international de la marionnette T\u00edteres de Albaida et du Palau de la Vila d&#8217;Ontinyent. Ce palais, situ\u00e9 au sommet de l&#8217;Alcazar musulman, conserve encore des vestiges de l&#8217;ancienne muraille m\u00e9di\u00e9vale.<br \/>\n\u00c0 Albaida, vous trouverez \u00e9galement la maison-mus\u00e9e de Jos\u00e9 Segrelles, l&#8217;un des peintres valenciens les plus renomm\u00e9s sur la sc\u00e8ne internationale.<br \/>\nEt pour finir en beaut\u00e9 notre visite : une promenade dans la vieille ville de Bocairent, o\u00f9 vous trouverez l&#8217;\u00e9glise de la Asunci\u00f3n et son magnifique mus\u00e9e paroissial avec des \u0153uvres de Sorolla, Juan de Juanes, Ribalta ou Segrelles.[\/et_pb_text][\/et_pb_column][\/et_pb_row][\/et_pb_section]<\/p>\n","protected":false},"excerpt":{"rendered":"<p>MONUMENTS HISTORIQUES ET MUS\u00c9ES INT\u00c9RESSANTS \u00c0 VISITER     <div class=\"parent-migas\" style=\"background-color:#f2ad00;\"><div class=\"container-migas-plantilla\">\n    <!-- Breadcrumb NavXT 7.3.1 -->\n<span property=\"itemListElement\" typeof=\"ListItem\"><a property=\"item\" typeof=\"WebPage\" title=\"Go to Valencia Turismo.\" href=\"https:\/\/turisme.dival.es\/fr\/\" class=\"home\" aria-current=\"page\"><span property=\"name\">Valencia Turismo<\/span><\/a><meta property=\"position\" content=\"1\"><\/span>    <\/div><\/div>\n    Mus\u00e9es et monuments Depuis le Rinc\u00f3n de Ademuz jusqu&#8217;\u00e0 Gandia et de Sagunto \u00e0 Ontinyent, la province de Val\u00e8ncia regorge de monuments historiques et de mus\u00e9es fort int\u00e9ressants \u00e0 visiter. Vous trouverez ci-dessous une s\u00e9lection des plus importantes d&#8217;entre elles, r\u00e9gion par r\u00e9gion : Di seguito, riportiamo comarca [&hellip;]<\/p>\n","protected":false},"author":1,"featured_media":0,"parent":0,"menu_order":0,"comment_status":"closed","ping_status":"closed","template":"","meta":{"_acf_changed":false,"_et_pb_use_builder":"on","_et_pb_old_content":"","_et_gb_content_width":"","footnotes":""},"class_list":["post-99835","page","type-page","status-publish","hentry"],"acf":[],"yoast_head":"<!-- This site is optimized with the Yoast SEO plugin v23.0 - https:\/\/yoast.com\/wordpress\/plugins\/seo\/ -->\n<title>Mus\u00e9es et monuments &#060; Valencia Turismo<\/title>\n<meta name=\"robots\" content=\"index, follow, max-snippet:-1, max-image-preview:large, max-video-preview:-1\" \/>\n<link rel=\"canonical\" href=\"https:\/\/turisme.dival.es\/fr\/musees-et-monuments\/\" \/>\n<meta property=\"og:locale\" content=\"fr_FR\" \/>\n<meta property=\"og:type\" content=\"article\" \/>\n<meta property=\"og:title\" content=\"Mus\u00e9es et monuments &#060; Valencia Turismo\" \/>\n<meta property=\"og:description\" content=\"MONUMENTS HISTORIQUES ET MUS\u00c9ES INT\u00c9RESSANTS \u00c0 VISITER Mus\u00e9es et monuments Depuis le Rinc\u00f3n de Ademuz jusqu&#039;\u00e0 Gandia et de Sagunto \u00e0 Ontinyent, la province de Val\u00e8ncia regorge de monuments historiques et de mus\u00e9es fort int\u00e9ressants \u00e0 visiter. Vous trouverez ci-dessous une s\u00e9lection des plus importantes d&#039;entre elles, r\u00e9gion par r\u00e9gion : Di seguito, riportiamo comarca [&hellip;]\" \/>\n<meta property=\"og:url\" content=\"https:\/\/turisme.dival.es\/fr\/musees-et-monuments\/\" \/>\n<meta property=\"og:site_name\" content=\"Valencia Turismo\" \/>\n<meta property=\"article:modified_time\" content=\"2024-02-27T16:09:09+00:00\" \/>\n<meta name=\"twitter:card\" content=\"summary_large_image\" \/>\n<meta name=\"twitter:label1\" content=\"Est. reading time\" \/>\n\t<meta name=\"twitter:data1\" content=\"41 minutes\" \/>\n<script type=\"application\/ld+json\" class=\"yoast-schema-graph\">{\"@context\":\"https:\/\/schema.org\",\"@graph\":[{\"@type\":\"WebPage\",\"@id\":\"https:\/\/turisme.dival.es\/fr\/musees-et-monuments\/\",\"url\":\"https:\/\/turisme.dival.es\/fr\/musees-et-monuments\/\",\"name\":\"Mus\u00e9es et monuments &#060; Valencia Turismo\",\"isPartOf\":{\"@id\":\"https:\/\/turisme.dival.es\/#website\"},\"datePublished\":\"2024-02-27T16:08:53+00:00\",\"dateModified\":\"2024-02-27T16:09:09+00:00\",\"inLanguage\":\"FR\",\"potentialAction\":[{\"@type\":\"ReadAction\",\"target\":[\"https:\/\/turisme.dival.es\/fr\/musees-et-monuments\/\"]}]},{\"@type\":\"WebSite\",\"@id\":\"https:\/\/turisme.dival.es\/#website\",\"url\":\"https:\/\/turisme.dival.es\/\",\"name\":\"valenciaturismo.com.mialias.net\",\"description\":\"\",\"potentialAction\":[{\"@type\":\"SearchAction\",\"target\":{\"@type\":\"EntryPoint\",\"urlTemplate\":\"https:\/\/turisme.dival.es\/?s={search_term_string}\"},\"query-input\":\"required name=search_term_string\"}],\"inLanguage\":\"FR\"}]}<\/script>\n<!-- \/ Yoast SEO plugin. -->","yoast_head_json":{"title":"Mus\u00e9es et monuments &#060; Valencia Turismo","robots":{"index":"index","follow":"follow","max-snippet":"max-snippet:-1","max-image-preview":"max-image-preview:large","max-video-preview":"max-video-preview:-1"},"canonical":"https:\/\/turisme.dival.es\/fr\/musees-et-monuments\/","og_locale":"fr_FR","og_type":"article","og_title":"Mus\u00e9es et monuments &#060; Valencia Turismo","og_description":"MONUMENTS HISTORIQUES ET MUS\u00c9ES INT\u00c9RESSANTS \u00c0 VISITER Mus\u00e9es et monuments Depuis le Rinc\u00f3n de Ademuz jusqu'\u00e0 Gandia et de Sagunto \u00e0 Ontinyent, la province de Val\u00e8ncia regorge de monuments historiques et de mus\u00e9es fort int\u00e9ressants \u00e0 visiter. Vous trouverez ci-dessous une s\u00e9lection des plus importantes d'entre elles, r\u00e9gion par r\u00e9gion : Di seguito, riportiamo comarca [&hellip;]","og_url":"https:\/\/turisme.dival.es\/fr\/musees-et-monuments\/","og_site_name":"Valencia Turismo","article_modified_time":"2024-02-27T16:09:09+00:00","twitter_card":"summary_large_image","twitter_misc":{"Est. reading time":"41 minutes"},"schema":{"@context":"https:\/\/schema.org","@graph":[{"@type":"WebPage","@id":"https:\/\/turisme.dival.es\/fr\/musees-et-monuments\/","url":"https:\/\/turisme.dival.es\/fr\/musees-et-monuments\/","name":"Mus\u00e9es et monuments &#060; Valencia Turismo","isPartOf":{"@id":"https:\/\/turisme.dival.es\/#website"},"datePublished":"2024-02-27T16:08:53+00:00","dateModified":"2024-02-27T16:09:09+00:00","inLanguage":"FR","potentialAction":[{"@type":"ReadAction","target":["https:\/\/turisme.dival.es\/fr\/musees-et-monuments\/"]}]},{"@type":"WebSite","@id":"https:\/\/turisme.dival.es\/#website","url":"https:\/\/turisme.dival.es\/","name":"valenciaturismo.com.mialias.net","description":"","potentialAction":[{"@type":"SearchAction","target":{"@type":"EntryPoint","urlTemplate":"https:\/\/turisme.dival.es\/?s={search_term_string}"},"query-input":"required name=search_term_string"}],"inLanguage":"FR"}]}},"_links":{"self":[{"href":"https:\/\/turisme.dival.es\/fr\/wp-json\/wp\/v2\/pages\/99835","targetHints":{"allow":["GET"]}}],"collection":[{"href":"https:\/\/turisme.dival.es\/fr\/wp-json\/wp\/v2\/pages"}],"about":[{"href":"https:\/\/turisme.dival.es\/fr\/wp-json\/wp\/v2\/types\/page"}],"author":[{"embeddable":true,"href":"https:\/\/turisme.dival.es\/fr\/wp-json\/wp\/v2\/users\/1"}],"replies":[{"embeddable":true,"href":"https:\/\/turisme.dival.es\/fr\/wp-json\/wp\/v2\/comments?post=99835"}],"version-history":[{"count":2,"href":"https:\/\/turisme.dival.es\/fr\/wp-json\/wp\/v2\/pages\/99835\/revisions"}],"predecessor-version":[{"id":99837,"href":"https:\/\/turisme.dival.es\/fr\/wp-json\/wp\/v2\/pages\/99835\/revisions\/99837"}],"wp:attachment":[{"href":"https:\/\/turisme.dival.es\/fr\/wp-json\/wp\/v2\/media?parent=99835"}],"curies":[{"name":"wp","href":"https:\/\/api.w.org\/{rel}","templated":true}]}}