{"id":73680,"date":"2022-02-10T11:59:02","date_gmt":"2022-02-10T11:59:02","guid":{"rendered":"https:\/\/turisme.dival.es\/?post_type=destino&#038;p=73680"},"modified":"2022-05-02T14:08:24","modified_gmt":"2022-05-02T14:08:24","slug":"sueca","status":"publish","type":"destino","link":"https:\/\/turisme.dival.es\/en\/destino\/sueca\/","title":{"rendered":"Sueca"},"featured_media":73683,"template":"","situacion":[1970,2082],"class_list":["post-73680","destino","type-destino","status-publish","has-post-thumbnail","hentry","situacion-la-ribera-baixa-en","situacion-sueca-en"],"acf":{"titulo":"Sueca","subtitulo":"","situacion":"Costa","banner":[{"imagen_banner":73713,"video_del_banner":null}],"descripcion":"The municipality of Sueca is surrounded by the Albufera Natural Park, just 32 Km from the city of Valencia. Rice cultivation provides for a changing landscape with the passing of the seasons due to the warm climate that exists throughout the year. Sueca also offers fine sand beaches and its rich, ample range of local dishes, another of the pleasures that tourists can find in this quiet town.","galeria-poblacion":[73689,73690,73693,73694,73696,73697,73705,73707,73708,73709,73710,73714,73715,73716,73717,73718,73719,73720,73721,73722,73723,73724,73725,73726,73727,73728,73729,73730,73731,73732,73733,73734,73735,73736,73737,73738,73739,73740,73741],"descripcion_2":"<h4>Gastronomy:<\/h4>\r\nPaella, which finds it most faithful and authentic interpretation in Sueca\u2019s cuisine, as well as all the possible combinations of rice with meat, fish, seafood and vegetables, stewed and baked.\r\n\r\nThe International Valencian Paella Competition, which is held every year, has its origins in 1961, coinciding with the \u201cboom\u201d in tourism and gastronomic competitions.\r\n\r\nDuring this period, Sueca celebrated the 600th anniversary of the \u201cTroballa de la Mare de D\u00e9u\u201d and, taking advantage of the circumstances, a festival dedicated to paella was created. Thus was born the \u201crice festivity\u201d and, as is logical, a Valencian paella competition of nationwide renown was born. The festival grew in importance and, after 5 years, was declared of Tourist Interest (BIC).\r\n\r\n<strong>RECIPE FOR VALENCIAN PAELLA<\/strong>\r\n\r\nRecipe provided by Jes\u00fas Melero\r\n\r\nCulinary Coordinator of the Sueca International Valencian Paella Competition.\r\n\r\nIngredients: (serves 4)\r\n400 g of Sueca rice\r\n800 g of chicken\r\n400 g of rabbit\r\n1 dozen \u201cvaquetes\u201d (snails)\r\n400 g of lima beans\r\n150 g of \u201ctavella\u201d beans\r\n300 g of beans\r\nOlive Oil\r\n1 clove of garlic, peeled and chopped\r\n1 ripe crushed tomato\r\n1 tablespoon of paprika\r\nSaffron threads, salt, sprig of rosemary (optional)\r\n\r\nPREPARATION\r\nCut the chicken and rabbit into regular-sized pieces, add salt, heat the oil in the paella dish and slowly and thoroughly saut\u00e9 the meat. Once the meat has been saut\u00e9ed, we add the vegetables and we saut\u00e9 again. Then garlic, paprika and tomato are added. Two litres of water and the cleaned snails are then added. We then leave to boil for 10 minutes. The saffron is then added and the rice spread over the entire surface of the paella dish. Let the rice cook over a high heat for 8 minutes.\r\nIt is then removed from the heat in order that it may slow-cook for a further ten minutes and become crispy.\r\n<h3>Places of interest:<\/h3>\r\n\u2013 \u201cMuntanyeta dels Sants\u201d, on the summit of which is located the hermitage of the Saints Abdon and Senen (Gothic, 17th century).\r\n\u2013 Real Church of the Our Lady of Sales, 17th century;\r\n\u2013 Former Convent of Franciscan Monks of the Observance.\r\n\u2013 Church of St. Peter (neoclassical), 18th century.\r\n\u2013 The Home for the Abandoned Elderly (19th century)\r\n\u2013 El Ateneu Suec\u00e0 del Socors (19th-century)\r\n\u2013 The Town Hall (18th-century)\r\n\u2013 \u201cLos Porches\u201d (arches with wide, square stone columns). 18th-century).\r\n\u2013 \u201cEl Azut del R\u00edo\u201d, a site located near the River J\u00facar as it passes near Sueca; Friday market all year on Calle Sequial, a living example of traditional commerce.\r\n\u2013 L\u2019Albufera Natural Park.\r\n\u2013 Sueca also has 8 km. of beaches, stretching from El Perello to Mareny de Vilxes, and including Palmeres, Mareny de Barraquetes and Mareny Blau, which are suitable for spearfishing and sea fishing, as well as river fishing throughout the area; El Perello Marina.\r\n\r\nThe gentle terrain, its climatic uniformity and cultivation of rice results in a territory full of exotic landscapes and forms. The Albufera Natural Park offers a diversity of landscapes that correspond to a wealth of ecosystems, each with its characteristic flora and fauna. In the vague boundary between the underground fresh and salt waters emerge the \u201cullals\u201d, from which springs fresh water and where endangered Mediterranean fish, such as the Spanish toothcarp and Valencia hispanica, take refuge.\r\n\r\n\u201cLa Muntanyeta del Sants\u201d, the only summit in the area, rises like a small island among large tracts of paddy fields.\r\n<h3>Festivities:<\/h3>\r\nLight, fire, gunpowder, staging \u2026 are all key elements in Sueca\u2019s festivities. \u201cLas Fallas\u201d are celebrated in March. Holy Week. The town\u2019s main festivity, called the Rice Festival, is held in September and includes the Sueca International Valencian Paella Competition, during which international chefs display their skills whilst attempting to create the best paella in the world.\r\n\r\nThe local events also include \u201cel piromusical\u201d (fireworks), during which brightly-coloured fireworks a launched to the rhythm of music for 20 minutes. Special mention may be made of the town\u2019s main festivities, which are held on 29th July and include a pilgrimage.\r\n\r\nWe cannot forget the International Mime Festival, which begins upon the termination of main festivities, and which is dedicated to the arts of gesture and movement. The\u00a0<em>FIMAC<\/em>\u00a0(International Agricultural Machinery Fair) is celebrated at the end of May.\r\n\r\n\u201cLes Tirades\u201d, celebrated between November and January (waterfowl hunting). \u201cLes Catalinetes\u201d, an afternoon snack with typical sweet of the day (anise rolls). Mention may also be made of the 9th October and Carnival festivities.\r\n\r\n<a href=\"https:\/\/turisme.dival.es\/en\/playa\/playa-de-bega-de-mar\/\" target=\"_blank\" rel=\"noopener\">Sueca beach<\/a>\r\n<a href=\"https:\/\/turisme.dival.es\/en\/playa\/playa-mareny-de-barraquetes\/\" target=\"_blank\" rel=\"noopener\">Mareny de Barraquetes Beach<\/a>\r\n<a href=\"https:\/\/turisme.dival.es\/en\/playa\/playa-de-les-palmeretes\/\">Les Palmeretes Beach<\/a>","color":"#1b889b","fiestas":null,"gastronomia":null,"mas_informacion":null,"turist-info":[{"nombre_oficina":"Tourist Info Sueca","datos_oficina":"Calle Mercat s\/n, 46410 Sueca (Valencia).\r\nPhone: 962039150\r\nMail: <a href=\"mailto:sueca@touristinfo.net\">sueca@touristinfo.net<\/a>\r\nWebsite: <a href=\"http:\/\/www.sueca.es\/\" target=\"_blank\" rel=\"noopener\">http:\/\/www.sueca.es<\/a>\r\n<span style=\"font-weight: 400;\">Opening hours<\/span>:\r\nFrom Monday to Saturday from 10:30 a.m. to 1:30 p.m."}],"turist-info_rel":75489,"descargables":null,"localizacion_mapa":"<iframe src=\"https:\/\/www.google.com\/maps\/embed?pb=!1m18!1m12!1m3!1d12366.795422401074!2d-0.31691196445003167!3d39.20429099994382!2m3!1f0!2f0!3f0!3m2!1i1024!2i768!4f13.1!3m3!1m2!1s0xd61b62fc4146bfb%3A0x4f13a5da85f49ee3!2s46410%20Sueca%2C%20Valencia!5e0!3m2!1ses!2ses!4v1632916296547!5m2!1ses!2ses\" width=\"100%\" height=\"450\" style=\"border:0;\" allowfullscreen=\"\" loading=\"lazy\"><\/iframe>","destacados":null,"lugares_interes":null},"yoast_head":"<!-- This site is optimized with the Yoast SEO plugin v23.0 - https:\/\/yoast.com\/wordpress\/plugins\/seo\/ -->\n<title>Sueca &#060; Valencia Turismo<\/title>\n<meta name=\"robots\" content=\"index, follow, max-snippet:-1, max-image-preview:large, max-video-preview:-1\" \/>\n<link rel=\"canonical\" href=\"https:\/\/turisme.dival.es\/en\/destino\/sueca\/\" \/>\n<meta property=\"og:locale\" content=\"en_US\" \/>\n<meta property=\"og:type\" content=\"article\" \/>\n<meta property=\"og:title\" content=\"Sueca &#060; Valencia Turismo\" \/>\n<meta property=\"og:url\" content=\"https:\/\/turisme.dival.es\/en\/destino\/sueca\/\" \/>\n<meta property=\"og:site_name\" content=\"Valencia Turismo\" \/>\n<meta property=\"article:modified_time\" content=\"2022-05-02T14:08:24+00:00\" \/>\n<meta property=\"og:image\" content=\"https:\/\/turisme.dival.es\/wp-content\/uploads\/2021\/09\/Camps-darrA\u00b2s-amb-palla-1.jpg\" \/>\n\t<meta property=\"og:image:width\" content=\"754\" \/>\n\t<meta property=\"og:image:height\" content=\"566\" \/>\n\t<meta property=\"og:image:type\" content=\"image\/jpeg\" \/>\n<meta name=\"twitter:card\" content=\"summary_large_image\" \/>\n<script type=\"application\/ld+json\" class=\"yoast-schema-graph\">{\"@context\":\"https:\/\/schema.org\",\"@graph\":[{\"@type\":\"WebPage\",\"@id\":\"https:\/\/turisme.dival.es\/en\/destino\/sueca\/\",\"url\":\"https:\/\/turisme.dival.es\/en\/destino\/sueca\/\",\"name\":\"Sueca &#060; Valencia Turismo\",\"isPartOf\":{\"@id\":\"https:\/\/turisme.dival.es\/#website\"},\"primaryImageOfPage\":{\"@id\":\"https:\/\/turisme.dival.es\/en\/destino\/sueca\/#primaryimage\"},\"image\":{\"@id\":\"https:\/\/turisme.dival.es\/en\/destino\/sueca\/#primaryimage\"},\"thumbnailUrl\":\"https:\/\/turisme.dival.es\/wp-content\/uploads\/2021\/09\/Camps-darrA\u00b2s-amb-palla-1.jpg\",\"datePublished\":\"2022-02-10T11:59:02+00:00\",\"dateModified\":\"2022-05-02T14:08:24+00:00\",\"inLanguage\":\"EN\",\"potentialAction\":[{\"@type\":\"ReadAction\",\"target\":[\"https:\/\/turisme.dival.es\/en\/destino\/sueca\/\"]}]},{\"@type\":\"ImageObject\",\"inLanguage\":\"EN\",\"@id\":\"https:\/\/turisme.dival.es\/en\/destino\/sueca\/#primaryimage\",\"url\":\"https:\/\/turisme.dival.es\/wp-content\/uploads\/2021\/09\/Camps-darrA\u00b2s-amb-palla-1.jpg\",\"contentUrl\":\"https:\/\/turisme.dival.es\/wp-content\/uploads\/2021\/09\/Camps-darrA\u00b2s-amb-palla-1.jpg\",\"width\":754,\"height\":566},{\"@type\":\"WebSite\",\"@id\":\"https:\/\/turisme.dival.es\/#website\",\"url\":\"https:\/\/turisme.dival.es\/\",\"name\":\"valenciaturismo.com.mialias.net\",\"description\":\"\",\"potentialAction\":[{\"@type\":\"SearchAction\",\"target\":{\"@type\":\"EntryPoint\",\"urlTemplate\":\"https:\/\/turisme.dival.es\/?s={search_term_string}\"},\"query-input\":\"required name=search_term_string\"}],\"inLanguage\":\"EN\"}]}<\/script>\n<!-- \/ Yoast SEO plugin. -->","yoast_head_json":{"title":"Sueca &#060; Valencia Turismo","robots":{"index":"index","follow":"follow","max-snippet":"max-snippet:-1","max-image-preview":"max-image-preview:large","max-video-preview":"max-video-preview:-1"},"canonical":"https:\/\/turisme.dival.es\/en\/destino\/sueca\/","og_locale":"en_US","og_type":"article","og_title":"Sueca &#060; Valencia Turismo","og_url":"https:\/\/turisme.dival.es\/en\/destino\/sueca\/","og_site_name":"Valencia Turismo","article_modified_time":"2022-05-02T14:08:24+00:00","og_image":[{"width":754,"height":566,"url":"https:\/\/turisme.dival.es\/wp-content\/uploads\/2021\/09\/Camps-darrA\u00b2s-amb-palla-1.jpg","type":"image\/jpeg"}],"twitter_card":"summary_large_image","schema":{"@context":"https:\/\/schema.org","@graph":[{"@type":"WebPage","@id":"https:\/\/turisme.dival.es\/en\/destino\/sueca\/","url":"https:\/\/turisme.dival.es\/en\/destino\/sueca\/","name":"Sueca &#060; Valencia Turismo","isPartOf":{"@id":"https:\/\/turisme.dival.es\/#website"},"primaryImageOfPage":{"@id":"https:\/\/turisme.dival.es\/en\/destino\/sueca\/#primaryimage"},"image":{"@id":"https:\/\/turisme.dival.es\/en\/destino\/sueca\/#primaryimage"},"thumbnailUrl":"https:\/\/turisme.dival.es\/wp-content\/uploads\/2021\/09\/Camps-darrA\u00b2s-amb-palla-1.jpg","datePublished":"2022-02-10T11:59:02+00:00","dateModified":"2022-05-02T14:08:24+00:00","inLanguage":"EN","potentialAction":[{"@type":"ReadAction","target":["https:\/\/turisme.dival.es\/en\/destino\/sueca\/"]}]},{"@type":"ImageObject","inLanguage":"EN","@id":"https:\/\/turisme.dival.es\/en\/destino\/sueca\/#primaryimage","url":"https:\/\/turisme.dival.es\/wp-content\/uploads\/2021\/09\/Camps-darrA\u00b2s-amb-palla-1.jpg","contentUrl":"https:\/\/turisme.dival.es\/wp-content\/uploads\/2021\/09\/Camps-darrA\u00b2s-amb-palla-1.jpg","width":754,"height":566},{"@type":"WebSite","@id":"https:\/\/turisme.dival.es\/#website","url":"https:\/\/turisme.dival.es\/","name":"valenciaturismo.com.mialias.net","description":"","potentialAction":[{"@type":"SearchAction","target":{"@type":"EntryPoint","urlTemplate":"https:\/\/turisme.dival.es\/?s={search_term_string}"},"query-input":"required name=search_term_string"}],"inLanguage":"EN"}]}},"_links":{"self":[{"href":"https:\/\/turisme.dival.es\/en\/wp-json\/wp\/v2\/destino\/73680","targetHints":{"allow":["GET"]}}],"collection":[{"href":"https:\/\/turisme.dival.es\/en\/wp-json\/wp\/v2\/destino"}],"about":[{"href":"https:\/\/turisme.dival.es\/en\/wp-json\/wp\/v2\/types\/destino"}],"acf:post":[{"embeddable":true,"href":"https:\/\/turisme.dival.es\/en\/wp-json\/wp\/v2\/turist_info\/75489"}],"acf:attachment":[{"embeddable":true,"href":"https:\/\/turisme.dival.es\/en\/wp-json\/wp\/v2\/media\/73741"},{"embeddable":true,"href":"https:\/\/turisme.dival.es\/en\/wp-json\/wp\/v2\/media\/73740"},{"embeddable":true,"href":"https:\/\/turisme.dival.es\/en\/wp-json\/wp\/v2\/media\/73739"},{"embeddable":true,"href":"https:\/\/turisme.dival.es\/en\/wp-json\/wp\/v2\/media\/73738"},{"embeddable":true,"href":"https:\/\/turisme.dival.es\/en\/wp-json\/wp\/v2\/media\/73737"},{"embeddable":true,"href":"https:\/\/turisme.dival.es\/en\/wp-json\/wp\/v2\/media\/73736"},{"embeddable":true,"href":"https:\/\/turisme.dival.es\/en\/wp-json\/wp\/v2\/media\/73735"},{"embeddable":true,"href":"https:\/\/turisme.dival.es\/en\/wp-json\/wp\/v2\/media\/73734"},{"embeddable":true,"href":"https:\/\/turisme.dival.es\/en\/wp-json\/wp\/v2\/media\/73733"},{"embeddable":true,"href":"https:\/\/turisme.dival.es\/en\/wp-json\/wp\/v2\/media\/73732"},{"embeddable":true,"href":"https:\/\/turisme.dival.es\/en\/wp-json\/wp\/v2\/media\/73731"},{"embeddable":true,"href":"https:\/\/turisme.dival.es\/en\/wp-json\/wp\/v2\/media\/73730"},{"embeddable":true,"href":"https:\/\/turisme.dival.es\/en\/wp-json\/wp\/v2\/media\/73729"},{"embeddable":true,"href":"https:\/\/turisme.dival.es\/en\/wp-json\/wp\/v2\/media\/73728"},{"embeddable":true,"href":"https:\/\/turisme.dival.es\/en\/wp-json\/wp\/v2\/media\/73727"},{"embeddable":true,"href":"https:\/\/turisme.dival.es\/en\/wp-json\/wp\/v2\/media\/73726"},{"embeddable":true,"href":"https:\/\/turisme.dival.es\/en\/wp-json\/wp\/v2\/media\/73725"},{"embeddable":true,"href":"https:\/\/turisme.dival.es\/en\/wp-json\/wp\/v2\/media\/73724"},{"embeddable":true,"href":"https:\/\/turisme.dival.es\/en\/wp-json\/wp\/v2\/media\/73723"},{"embeddable":true,"href":"https:\/\/turisme.dival.es\/en\/wp-json\/wp\/v2\/media\/73722"},{"embeddable":true,"href":"https:\/\/turisme.dival.es\/en\/wp-json\/wp\/v2\/media\/73721"},{"embeddable":true,"href":"https:\/\/turisme.dival.es\/en\/wp-json\/wp\/v2\/media\/73720"},{"embeddable":true,"href":"https:\/\/turisme.dival.es\/en\/wp-json\/wp\/v2\/media\/73719"},{"embeddable":true,"href":"https:\/\/turisme.dival.es\/en\/wp-json\/wp\/v2\/media\/73718"},{"embeddable":true,"href":"https:\/\/turisme.dival.es\/en\/wp-json\/wp\/v2\/media\/73717"},{"embeddable":true,"href":"https:\/\/turisme.dival.es\/en\/wp-json\/wp\/v2\/media\/73716"},{"embeddable":true,"href":"https:\/\/turisme.dival.es\/en\/wp-json\/wp\/v2\/media\/73715"},{"embeddable":true,"href":"https:\/\/turisme.dival.es\/en\/wp-json\/wp\/v2\/media\/73714"},{"embeddable":true,"href":"https:\/\/turisme.dival.es\/en\/wp-json\/wp\/v2\/media\/73710"},{"embeddable":true,"href":"https:\/\/turisme.dival.es\/en\/wp-json\/wp\/v2\/media\/73709"},{"embeddable":true,"href":"https:\/\/turisme.dival.es\/en\/wp-json\/wp\/v2\/media\/73708"},{"embeddable":true,"href":"https:\/\/turisme.dival.es\/en\/wp-json\/wp\/v2\/media\/73707"},{"embeddable":true,"href":"https:\/\/turisme.dival.es\/en\/wp-json\/wp\/v2\/media\/73705"},{"embeddable":true,"href":"https:\/\/turisme.dival.es\/en\/wp-json\/wp\/v2\/media\/73697"},{"embeddable":true,"href":"https:\/\/turisme.dival.es\/en\/wp-json\/wp\/v2\/media\/73696"},{"embeddable":true,"href":"https:\/\/turisme.dival.es\/en\/wp-json\/wp\/v2\/media\/73694"},{"embeddable":true,"href":"https:\/\/turisme.dival.es\/en\/wp-json\/wp\/v2\/media\/73693"},{"embeddable":true,"href":"https:\/\/turisme.dival.es\/en\/wp-json\/wp\/v2\/media\/73690"},{"embeddable":true,"href":"https:\/\/turisme.dival.es\/en\/wp-json\/wp\/v2\/media\/73689"}],"wp:featuredmedia":[{"embeddable":true,"href":"https:\/\/turisme.dival.es\/en\/wp-json\/wp\/v2\/media\/73683"}],"wp:attachment":[{"href":"https:\/\/turisme.dival.es\/en\/wp-json\/wp\/v2\/media?parent=73680"}],"wp:term":[{"taxonomy":"situacion","embeddable":true,"href":"https:\/\/turisme.dival.es\/en\/wp-json\/wp\/v2\/situacion?post=73680"}],"curies":[{"name":"wp","href":"https:\/\/api.w.org\/{rel}","templated":true}]}}