{"id":146278,"date":"2026-04-29T10:09:20","date_gmt":"2026-04-29T10:09:20","guid":{"rendered":"https:\/\/turisme.dival.es\/?post_type=turist_agenda&#038;p=146278"},"modified":"2026-04-29T11:49:09","modified_gmt":"2026-04-29T11:49:09","slug":"calendari-turistic-maig","status":"publish","type":"turist_agenda","link":"https:\/\/turisme.dival.es\/ca\/turist_agenda\/calendari-turistic-maig\/","title":{"rendered":"Calendari Tur\u00edstic Maig"},"content":{"rendered":"<ul>\n<li><strong>XERACO<\/strong><\/li>\n<\/ul>\n<p>Del 30 de abril al 3 de maig<\/p>\n<p><strong>Fiescrem<\/strong> 2026.<\/p>\n<p><img loading=\"lazy\" decoding=\"async\" class=\"alignnone size-medium wp-image-146122\" src=\"https:\/\/turisme.dival.es\/wp-content\/uploads\/2026\/04\/d0980ceb-186e-414f-bf14-2074b1c85ba1-300x222.jpeg\" alt=\"\" width=\"300\" height=\"222\" \/> <img loading=\"lazy\" decoding=\"async\" class=\"alignnone size-medium wp-image-146146\" src=\"https:\/\/turisme.dival.es\/wp-content\/uploads\/2026\/04\/IMG_4939-300x225.jpeg\" alt=\"\" width=\"300\" height=\"225\" \/><\/p>\n<p>\u00c9s la quinta edici\u00f3 d&#8217;esta cita dedicada a l&#8217;esmorzar i al cremaet. Reunir\u00e0 gastronomia, m\u00fasica i activitats pensades per a tots el p\u00fablics. Amb acc\u00e9s lliure, l&#8217;epicentre de la fira estar\u00e0 novament al carrer Ribera alta, on s&#8217;habilitar\u00e0 un recinte firal i espai gastron\u00f2mic en sistema de tiquets. Este format permetr\u00e0 canviar consumicions i degustacions durant els dies de l&#8217;esdeveniment, podent adquirir-se els tiquets directament en l&#8217;entrada del recinte durant la fira de l&#8217;esmorzar i el cremaet.<\/p>\n<p><a href=\"https:\/\/www.instagram.com\/fiescrem_xeraco?igsh=MXI1MnlrdGRjOHFxcQ%3D%3D&amp;utm_source=qr\">M\u00e9s informaci\u00f3\u00a0<\/a><\/p>\n<p>&nbsp;<\/p>\n<ul>\n<li><strong>CHELVA<\/strong><\/li>\n<\/ul>\n<p>Del 1 al 3 de maig.<\/p>\n<p><strong>Quesalia<\/strong>. Fira del Formatge a Chelva.<\/p>\n<p><img loading=\"lazy\" decoding=\"async\" class=\"alignnone size-medium wp-image-146128\" src=\"https:\/\/turisme.dival.es\/wp-content\/uploads\/2026\/04\/Quesalia-2-300x169.jpeg\" alt=\"\" width=\"300\" height=\"169\" \/> <img loading=\"lazy\" decoding=\"async\" class=\"alignnone size-medium wp-image-146134\" src=\"https:\/\/turisme.dival.es\/wp-content\/uploads\/2026\/04\/Quesalia-225x300.jpeg\" alt=\"\" width=\"225\" height=\"300\" \/> <img loading=\"lazy\" decoding=\"async\" class=\"alignnone size-medium wp-image-146140\" src=\"https:\/\/turisme.dival.es\/wp-content\/uploads\/2026\/04\/Quesalia02-300x225.jpeg\" alt=\"\" width=\"300\" height=\"225\" \/><\/p>\n<p><a href=\"https:\/\/www.turismochelva.es\/sin-categorizar\/%F0%9F%A7%80-quesalia-2026-%C2%B7-5a-edicion-feria-del-queso-y-maridaje-de-chelva-%F0%9F%93%85-1-2-y-3-de-mayo\/\">M\u00e9s informaci\u00f3\u00a0<\/a><\/p>\n<p>&nbsp;<\/p>\n<ul>\n<li><strong>COFRENTES<\/strong><\/li>\n<\/ul>\n<p>De l&#8217;1 al 3 de maig. Inauguraci\u00f3 el 30 d&#8217;abril.<\/p>\n<p>La <strong>maderada<\/strong> de Cofrentes.<\/p>\n<p><img loading=\"lazy\" decoding=\"async\" class=\"alignnone size-medium wp-image-146165\" src=\"https:\/\/turisme.dival.es\/wp-content\/uploads\/2026\/04\/PLU5686-1-300x200.jpg\" alt=\"\" width=\"300\" height=\"200\" \/> <img loading=\"lazy\" decoding=\"async\" class=\"alignnone size-medium wp-image-146171\" src=\"https:\/\/turisme.dival.es\/wp-content\/uploads\/2026\/04\/PLU5754-300x203.jpg\" alt=\"\" width=\"300\" height=\"203\" \/> <img loading=\"lazy\" decoding=\"async\" class=\"alignnone size-medium wp-image-146177\" src=\"https:\/\/turisme.dival.es\/wp-content\/uploads\/2026\/04\/PLU6394-300x200.jpg\" alt=\"\" width=\"300\" height=\"200\" \/><\/p>\n<p>Se celebra per la festivitat de San Josep Obrer, patr\u00f3 de la Parr\u00f2quia. El dissabte \u00e9s el dia m\u00e9s important; en romeria es baixa al riu i es recrea el descens dels troncs. Durant eixos dies hi ha fira medieval, m\u00fasica en directe, cercaviles i m\u00e9s activitats.<\/p>\n<p>&nbsp;<\/p>\n<ul>\n<li><strong>MONTITXELVO<\/strong><\/li>\n<\/ul>\n<p>De l&#8217;1 al 3 de maig i del 9 al 10 maig.<\/p>\n<p><strong>Festes patronals de Montitxelvo<\/strong>. Festa d&#8217;Inter\u00e9s Local.<\/p>\n<p><img loading=\"lazy\" decoding=\"async\" class=\"alignnone size-medium wp-image-146249\" src=\"https:\/\/turisme.dival.es\/wp-content\/uploads\/2026\/04\/Festes-Patronals-300x225.jpeg\" alt=\"\" width=\"300\" height=\"225\" \/><\/p>\n<p>Les festes s\u00f3n organitzades tots els anys per les diferents confraries del municipi.<\/p>\n<p><a href=\"https:\/\/lamaderada.com\/\">\u00a0M\u00e9s informaci\u00f3<\/a><\/p>\n<p>&nbsp;<\/p>\n<ul>\n<li><strong>BOCAIRENT<\/strong><\/li>\n<\/ul>\n<p>1 de maig<\/p>\n<p><strong>Festivitat de Sant Jaume<\/strong>. Festa d&#8217;Inter\u00e9s Tur\u00edstic Local.<\/p>\n<p>Esta tradici\u00f3 inclou una romeria a l&#8217;ermita (S.XVI), missa en honor a l&#8217;antic patr\u00f3 de Bocairent, el repartiment de la t\u00edpica &#8220;petxina de Sant Jaume&#8221; beneida, un esmorzar popular, m\u00fasica i fira tradicional amb cucanyes.<\/p>\n<p><a href=\"https:\/\/www.bocairent.org\/ca\/tours\/les-ermites\/\">M\u00e9s informaci\u00f3\u00a0<\/a><\/p>\n<p><img loading=\"lazy\" decoding=\"async\" class=\"alignnone size-medium wp-image-146283\" src=\"https:\/\/turisme.dival.es\/wp-content\/uploads\/2026\/04\/681680237_1396050919216648_4717502587201091944_n-300x213.jpg\" alt=\"\" width=\"300\" height=\"213\" \/> <img loading=\"lazy\" decoding=\"async\" class=\"alignnone size-medium wp-image-146289\" src=\"https:\/\/turisme.dival.es\/wp-content\/uploads\/2026\/04\/682051269_1382645417228757_3024452103738639070_n-210x300.jpg\" alt=\"\" width=\"210\" height=\"300\" \/><\/p>\n<p>&nbsp;<\/p>\n<ul>\n<li><strong>VALLANCA<\/strong><\/li>\n<\/ul>\n<p>2 de maig de 2026.<\/p>\n<p><strong>VIII Trobada de Pita i Caixa<\/strong>.<\/p>\n<p><img loading=\"lazy\" decoding=\"async\" class=\"alignnone size-medium wp-image-146183\" src=\"https:\/\/turisme.dival.es\/wp-content\/uploads\/2026\/04\/IMG_0012-1-300x200.jpg\" alt=\"\" width=\"300\" height=\"200\" \/> <img loading=\"lazy\" decoding=\"async\" class=\"alignnone size-medium wp-image-146189\" src=\"https:\/\/turisme.dival.es\/wp-content\/uploads\/2026\/04\/unnamed-4-200x300.jpg\" alt=\"\" width=\"200\" height=\"300\" \/><\/p>\n<p>Cada any diferents agrupacions folkl\u00f2riques es reunixen a Vallanca per a retre homenatge a la pita i la caixa, en altres llocs coneguda com a &#8220;dol\u00e7aina&#8221;. Els carrers de Vallanca s&#8217;omplin de m\u00fasica, cercaviles i actuacions de dol\u00e7ainers i altres grups folkl\u00f2rics.<\/p>\n<p>&nbsp;<\/p>\n<ul>\n<li><strong>MANISES<\/strong><\/li>\n<\/ul>\n<p>Del 8 de maig al 31 de juliol.<\/p>\n<p><strong>XVII Biennal Internacional de Cer\u00e0mica<\/strong> de Manises.<\/p>\n<p><img loading=\"lazy\" decoding=\"async\" class=\"alignnone size-medium wp-image-146207\" src=\"https:\/\/turisme.dival.es\/wp-content\/uploads\/2026\/04\/Bienal-Ceramica-Manises-1-240x300.jpg\" alt=\"\" width=\"240\" height=\"300\" \/> <img loading=\"lazy\" decoding=\"async\" class=\"alignnone size-medium wp-image-146213\" src=\"https:\/\/turisme.dival.es\/wp-content\/uploads\/2026\/04\/Bienal-Ceramica-Manises-2-240x300.jpg\" alt=\"\" width=\"240\" height=\"300\" \/><\/p>\n<p>&nbsp;<\/p>\n<ul>\n<li><strong>BU\u00d1OL<\/strong><\/li>\n<\/ul>\n<p>8,9 i 10 de maig.<\/p>\n<p><strong>Fira de comer\u00e7 i turisme<\/strong>.<\/p>\n<p><img loading=\"lazy\" decoding=\"async\" class=\"alignnone size-medium wp-image-146219\" src=\"https:\/\/turisme.dival.es\/wp-content\/uploads\/2026\/04\/Feria-Comercio-Bunol-2026-213x300.jpeg\" alt=\"\" width=\"213\" height=\"300\" \/><\/p>\n<p>Durant tot el cap de setmana, comer\u00e7os, professionals i emprenedors mostraran els seus productes i servicis. I, com cada any, la fira es convertir\u00e0 tamb\u00e9 en un espai de trobada, amb una programaci\u00f3 que combina formaci\u00f3, oci i cultura.<\/p>\n<p><a href=\"https:\/\/www.facebook.com\/bunolesturismo\">M\u00e9s informaci\u00f3<\/a><\/p>\n<p>&nbsp;<\/p>\n<ul>\n<li><strong>TORREBAJA<\/strong><\/li>\n<\/ul>\n<p>9 de maig.<\/p>\n<p><strong>&#8220;El Rac\u00f3 a peu&#8221;<\/strong><\/p>\n<p><img loading=\"lazy\" decoding=\"async\" class=\"alignnone size-medium wp-image-146225\" src=\"https:\/\/turisme.dival.es\/wp-content\/uploads\/2026\/04\/EL-Rincon-a-pie-Marcha-senderista-300x200.jpg\" alt=\"\" width=\"300\" height=\"200\" \/><\/p>\n<p>Marxa senderista de car\u00e0cter comarcal que celebra la seua primera edici\u00f3 en el municipi de Torrebaja. Una oportunitat per a rec\u00f3rrer i descobrir els paisatges i senderes del Rac\u00f3 d&#8217;Adem\u00fas acompanyats per guies especialitzats i grans coneixedors de l&#8217;entorn. Una jornada per a disfrutar de la naturalesa, con\u00e9ixer un dels tresors m\u00e9s ben guardats de l&#8217;interior valenci\u00e0 i tastar en finalitzar els sabors tradicionals de la comarca.<\/p>\n<p>&nbsp;<\/p>\n<ul>\n<li><strong>EL PALOMAR<\/strong><\/li>\n<\/ul>\n<p>Del 8 al 10 de maig.<\/p>\n<p><strong>Festa del Xop<\/strong>. Festa d&#8217;Inter\u00e9s Tur\u00edstic Local.<\/p>\n<p><img loading=\"lazy\" decoding=\"async\" class=\"alignnone size-medium wp-image-146237\" src=\"https:\/\/turisme.dival.es\/wp-content\/uploads\/2026\/04\/Feste-del-Xop-300x198.jpg\" alt=\"\" width=\"300\" height=\"198\" \/> <img loading=\"lazy\" decoding=\"async\" class=\"alignnone size-medium wp-image-146243\" src=\"https:\/\/turisme.dival.es\/wp-content\/uploads\/2026\/04\/Feste-300x225.jpg\" alt=\"\" width=\"300\" height=\"225\" \/><\/p>\n<p>&nbsp;<\/p>\n<ul>\n<li><strong>BENAG\u00c9BER<\/strong><\/li>\n<\/ul>\n<p>16 de maig.<\/p>\n<p><strong>Fira dels Pobles Amics<\/strong>.<\/p>\n<p><img loading=\"lazy\" decoding=\"async\" class=\"alignnone size-medium wp-image-146231\" src=\"https:\/\/turisme.dival.es\/wp-content\/uploads\/2026\/04\/Feria-de-los-Pueblos-Amigos-300x200.jpeg\" alt=\"\" width=\"300\" height=\"200\" \/><\/p>\n<p>&nbsp;<\/p>\n<ul>\n<li><strong>ONTINYENT<\/strong><\/li>\n<\/ul>\n<p><strong>\u00a0<\/strong>Dissabte 23 de maig: Mercat Bio.<\/p>\n<p><strong>Els \u201cDissabtes de Mercat\u201d<\/strong> s\u00f3n una iniciativa de dinamitzaci\u00f3 comercial i gastron\u00f2mica que se celebra al Mercat Municipal d\u2019Ontinyent amb l\u2019objectiu de posar en valor el comer\u00e7 de proximitat i els productes de temporada. Aquest cicle d\u2019activitats transforma els dissabtes en una experi\u00e8ncia d\u2019oci i gastronomia, amb tallers, degustacions, venda de producte fresc i m\u00fasica en directe. Cada jornada est\u00e0 dedicada a un producte destacat, com l\u2019embotit, l\u2019oli o la tomata, que es converteix en protagonista de les propostes culin\u00e0ries i comercials. A m\u00e9s, compta amb la participaci\u00f3 de comerciants, hostalers i productors locals, refor\u00e7ant el vincle entre mercat, gastronomia i territori. Aquesta proposta consolida el mercat com un espai viu de trobada i promoci\u00f3 de la cultura gastron\u00f2mica d\u2019Ontinyent.<\/p>\n<p>&nbsp;<\/p>\n<ul>\n<li><strong>ALBORAYA<\/strong><\/li>\n<\/ul>\n<p>29, 30 i 31 de maig.<\/p>\n<p><strong>Fira dels Fires<\/strong>.<\/p>\n<p><img loading=\"lazy\" decoding=\"async\" class=\"alignnone size-medium wp-image-146255\" src=\"https:\/\/turisme.dival.es\/wp-content\/uploads\/2026\/04\/Fira-de-les-Fires-1-300x225.jpg\" alt=\"\" width=\"300\" height=\"225\" \/> <img loading=\"lazy\" decoding=\"async\" class=\"alignnone size-medium wp-image-146267\" src=\"https:\/\/turisme.dival.es\/wp-content\/uploads\/2026\/04\/Fira-de-les-Fires-3-300x194.jpg\" alt=\"\" width=\"300\" height=\"194\" \/> \u00a0<img loading=\"lazy\" decoding=\"async\" class=\"alignnone size-medium wp-image-146273\" src=\"https:\/\/turisme.dival.es\/wp-content\/uploads\/2026\/04\/Fira-de-les-Fires-4-300x222.jpg\" alt=\"\" width=\"300\" height=\"222\" \/><\/p>\n<p>Gran fira que unix Firlboraia i la Fira del Llibre en un sol esdeveniment. macroesdeveniment amb unes 50 casetes, espai per al comer\u00e7 local i una programaci\u00f3 variada que inclou contacontes, firmes de llibres, espectacles, m\u00fasica en directe i propostes gastron\u00f2miques.<\/p>\n<p>&nbsp;<\/p>\n<ul>\n<li><strong>SAGUNTO<\/strong><\/li>\n<\/ul>\n<p><strong>Fira de comer\u00e7 i Turisme<\/strong>. Normalment se celebra a principis de maig en el Triangle Llindar, est\u00e0 organitzat per l&#8217;Associaci\u00f3 de Comerciants i Professionals de Port Sagunt (ACPS) en col\u00b7laboraci\u00f3 amb la regidoria de Comer\u00e7 i Mercats. Compta amb gran varietat d&#8217;expositors locals, animaci\u00f3 i tallers.<\/p>\n<p>&nbsp;<\/p>\n<ul>\n<li><strong>Serra<\/strong><\/li>\n<\/ul>\n<p>30 i 31 de maig.<\/p>\n<p>Fira de la Calderona-Dia de la *Cirera. Declarada Festa d&#8217;Inter\u00e9s Auton\u00f2mic en l\u00b4any 2022.<\/p>\n<p>La Fira de la Calderona i Dia de la Cirera a Serra, en el cor de la Serra Calderona, \u00e9s una cita amb la gastronomia i els valors paisatg\u00edstics i ambientals que no et pots perdre. Es tracta d&#8217;una festa que atrau a un bon nombre d&#8217;assistents a este municipi, omplint-lo d&#8217;un ambient inigualable&#8230; i de cireres! La Fira de la Calderona i Dia de la Cirera de Serra \u00e9s una ocasi\u00f3 \u00fanica per a con\u00e9ixer tot el potencial tur\u00edstic no sols d&#8217;este municipi, sin\u00f3 de les tres comarques sobre les quals s&#8217;est\u00e9n la Serra Calderona: L&#8217;Alt Pal\u00e0ncia, El Camp de Morvedre i El Camp de T\u00faria. Estes festes solen ser un gran pla per a gaudir en fam\u00edlia, ja que a m\u00e9s d&#8217;un atractiu mercat amb productes locals i artesans, que t&#8217;encantar\u00e0 assaborir, es preparen activitats infantils. Aix\u00ed se succe\u00efxen les representacions, et pots apuntar a visites guiades, apuntar-te a tallers o gaudir de la m\u00fasica tradicional i les cercaviles. L&#8217;animaci\u00f3 al carrer en la Fira de la Calderona i Dia de la Cirera no falta mai! Posa rumb a este xicotet municipi ple d&#8217;encant i prepara\u2019t a aprendre, sentir i gaudir en esta festa.<\/p>\n<p><a href=\"http:\/\/www.serra.es\">M\u00e9s informaci\u00f3<\/a><\/p>\n<p>&nbsp;<\/p>\n<p>&nbsp;<\/p>\n<p>&nbsp;<\/p>\n<p>&nbsp;<\/p>\n","protected":false},"excerpt":{"rendered":"<p>Esdeveniments, fires i festes que se celebren a la prov\u00edncia de Val\u00e8ncia, durant el mes de maig<\/p>\n","protected":false},"featured_media":146116,"template":"","situacion":[],"categoria_agenda":[2370],"class_list":["post-146278","turist_agenda","type-turist_agenda","status-publish","has-post-thumbnail","hentry","categoria_agenda-fiestas-ca"],"acf":{"fecha":"20260501","fecha_fin":"20260531","descargas":null,"galeria":""},"yoast_head":"<!-- This site is optimized with the Yoast SEO plugin v23.0 - https:\/\/yoast.com\/wordpress\/plugins\/seo\/ -->\n<title>Calendari Tur\u00edstic Maig &#060; Valencia Turismo<\/title>\n<meta name=\"robots\" content=\"index, follow, max-snippet:-1, max-image-preview:large, max-video-preview:-1\" \/>\n<link rel=\"canonical\" href=\"https:\/\/turisme.dival.es\/ca\/turist_agenda\/calendari-turistic-maig\/\" \/>\n<meta property=\"og:locale\" content=\"en_US\" \/>\n<meta property=\"og:type\" content=\"article\" \/>\n<meta property=\"og:title\" content=\"Calendari Tur\u00edstic Maig &#060; Valencia Turismo\" \/>\n<meta property=\"og:description\" content=\"Esdeveniments, fires i festes que se celebren a la prov\u00edncia de Val\u00e8ncia, durant el mes de maig\" \/>\n<meta property=\"og:url\" content=\"https:\/\/turisme.dival.es\/ca\/turist_agenda\/calendari-turistic-maig\/\" \/>\n<meta property=\"og:site_name\" content=\"Valencia Turismo\" \/>\n<meta property=\"article:modified_time\" content=\"2026-04-29T11:49:09+00:00\" \/>\n<meta property=\"og:image\" content=\"https:\/\/turisme.dival.es\/wp-content\/uploads\/2026\/04\/PLU5686-scaled.jpg\" \/>\n\t<meta property=\"og:image:width\" content=\"2560\" \/>\n\t<meta property=\"og:image:height\" content=\"1707\" \/>\n\t<meta property=\"og:image:type\" content=\"image\/jpeg\" \/>\n<meta name=\"twitter:card\" content=\"summary_large_image\" \/>\n<meta name=\"twitter:label1\" content=\"Est. reading time\" \/>\n\t<meta name=\"twitter:data1\" content=\"9 minutes\" \/>\n<script type=\"application\/ld+json\" class=\"yoast-schema-graph\">{\"@context\":\"https:\/\/schema.org\",\"@graph\":[{\"@type\":\"WebPage\",\"@id\":\"https:\/\/turisme.dival.es\/ca\/turist_agenda\/calendari-turistic-maig\/\",\"url\":\"https:\/\/turisme.dival.es\/ca\/turist_agenda\/calendari-turistic-maig\/\",\"name\":\"Calendari Tur\u00edstic Maig &#060; Valencia Turismo\",\"isPartOf\":{\"@id\":\"https:\/\/turisme.dival.es\/#website\"},\"primaryImageOfPage\":{\"@id\":\"https:\/\/turisme.dival.es\/ca\/turist_agenda\/calendari-turistic-maig\/#primaryimage\"},\"image\":{\"@id\":\"https:\/\/turisme.dival.es\/ca\/turist_agenda\/calendari-turistic-maig\/#primaryimage\"},\"thumbnailUrl\":\"https:\/\/turisme.dival.es\/wp-content\/uploads\/2026\/04\/PLU5686-scaled.jpg\",\"datePublished\":\"2026-04-29T10:09:20+00:00\",\"dateModified\":\"2026-04-29T11:49:09+00:00\",\"inLanguage\":\"vl\",\"potentialAction\":[{\"@type\":\"ReadAction\",\"target\":[\"https:\/\/turisme.dival.es\/ca\/turist_agenda\/calendari-turistic-maig\/\"]}]},{\"@type\":\"ImageObject\",\"inLanguage\":\"vl\",\"@id\":\"https:\/\/turisme.dival.es\/ca\/turist_agenda\/calendari-turistic-maig\/#primaryimage\",\"url\":\"https:\/\/turisme.dival.es\/wp-content\/uploads\/2026\/04\/PLU5686-scaled.jpg\",\"contentUrl\":\"https:\/\/turisme.dival.es\/wp-content\/uploads\/2026\/04\/PLU5686-scaled.jpg\",\"width\":2560,\"height\":1707},{\"@type\":\"WebSite\",\"@id\":\"https:\/\/turisme.dival.es\/#website\",\"url\":\"https:\/\/turisme.dival.es\/\",\"name\":\"valenciaturismo.com.mialias.net\",\"description\":\"\",\"potentialAction\":[{\"@type\":\"SearchAction\",\"target\":{\"@type\":\"EntryPoint\",\"urlTemplate\":\"https:\/\/turisme.dival.es\/?s={search_term_string}\"},\"query-input\":\"required name=search_term_string\"}],\"inLanguage\":\"vl\"}]}<\/script>\n<!-- \/ Yoast SEO plugin. -->","yoast_head_json":{"title":"Calendari Tur\u00edstic Maig &#060; Valencia Turismo","robots":{"index":"index","follow":"follow","max-snippet":"max-snippet:-1","max-image-preview":"max-image-preview:large","max-video-preview":"max-video-preview:-1"},"canonical":"https:\/\/turisme.dival.es\/ca\/turist_agenda\/calendari-turistic-maig\/","og_locale":"en_US","og_type":"article","og_title":"Calendari Tur\u00edstic Maig &#060; Valencia Turismo","og_description":"Esdeveniments, fires i festes que se celebren a la prov\u00edncia de Val\u00e8ncia, durant el mes de maig","og_url":"https:\/\/turisme.dival.es\/ca\/turist_agenda\/calendari-turistic-maig\/","og_site_name":"Valencia Turismo","article_modified_time":"2026-04-29T11:49:09+00:00","og_image":[{"width":2560,"height":1707,"url":"https:\/\/turisme.dival.es\/wp-content\/uploads\/2026\/04\/PLU5686-scaled.jpg","type":"image\/jpeg"}],"twitter_card":"summary_large_image","twitter_misc":{"Est. reading time":"9 minutes"},"schema":{"@context":"https:\/\/schema.org","@graph":[{"@type":"WebPage","@id":"https:\/\/turisme.dival.es\/ca\/turist_agenda\/calendari-turistic-maig\/","url":"https:\/\/turisme.dival.es\/ca\/turist_agenda\/calendari-turistic-maig\/","name":"Calendari Tur\u00edstic Maig &#060; Valencia Turismo","isPartOf":{"@id":"https:\/\/turisme.dival.es\/#website"},"primaryImageOfPage":{"@id":"https:\/\/turisme.dival.es\/ca\/turist_agenda\/calendari-turistic-maig\/#primaryimage"},"image":{"@id":"https:\/\/turisme.dival.es\/ca\/turist_agenda\/calendari-turistic-maig\/#primaryimage"},"thumbnailUrl":"https:\/\/turisme.dival.es\/wp-content\/uploads\/2026\/04\/PLU5686-scaled.jpg","datePublished":"2026-04-29T10:09:20+00:00","dateModified":"2026-04-29T11:49:09+00:00","inLanguage":"vl","potentialAction":[{"@type":"ReadAction","target":["https:\/\/turisme.dival.es\/ca\/turist_agenda\/calendari-turistic-maig\/"]}]},{"@type":"ImageObject","inLanguage":"vl","@id":"https:\/\/turisme.dival.es\/ca\/turist_agenda\/calendari-turistic-maig\/#primaryimage","url":"https:\/\/turisme.dival.es\/wp-content\/uploads\/2026\/04\/PLU5686-scaled.jpg","contentUrl":"https:\/\/turisme.dival.es\/wp-content\/uploads\/2026\/04\/PLU5686-scaled.jpg","width":2560,"height":1707},{"@type":"WebSite","@id":"https:\/\/turisme.dival.es\/#website","url":"https:\/\/turisme.dival.es\/","name":"valenciaturismo.com.mialias.net","description":"","potentialAction":[{"@type":"SearchAction","target":{"@type":"EntryPoint","urlTemplate":"https:\/\/turisme.dival.es\/?s={search_term_string}"},"query-input":"required name=search_term_string"}],"inLanguage":"vl"}]}},"_links":{"self":[{"href":"https:\/\/turisme.dival.es\/ca\/wp-json\/wp\/v2\/turist_agenda\/146278","targetHints":{"allow":["GET"]}}],"collection":[{"href":"https:\/\/turisme.dival.es\/ca\/wp-json\/wp\/v2\/turist_agenda"}],"about":[{"href":"https:\/\/turisme.dival.es\/ca\/wp-json\/wp\/v2\/types\/turist_agenda"}],"wp:featuredmedia":[{"embeddable":true,"href":"https:\/\/turisme.dival.es\/ca\/wp-json\/wp\/v2\/media\/146116"}],"wp:attachment":[{"href":"https:\/\/turisme.dival.es\/ca\/wp-json\/wp\/v2\/media?parent=146278"}],"wp:term":[{"taxonomy":"situacion","embeddable":true,"href":"https:\/\/turisme.dival.es\/ca\/wp-json\/wp\/v2\/situacion?post=146278"},{"taxonomy":"categoria_agenda","embeddable":true,"href":"https:\/\/turisme.dival.es\/ca\/wp-json\/wp\/v2\/categoria_agenda?post=146278"}],"curies":[{"name":"wp","href":"https:\/\/api.w.org\/{rel}","templated":true}]}}