{"id":124288,"date":"2026-03-11T08:48:52","date_gmt":"2026-03-11T08:48:52","guid":{"rendered":"https:\/\/turisme.dival.es\/turist_agenda\/88344-2\/"},"modified":"2026-04-02T08:25:25","modified_gmt":"2026-04-02T08:25:25","slug":"88344-2026","status":"publish","type":"turist_agenda","link":"https:\/\/turisme.dival.es\/ca\/turist_agenda\/88344-2026\/","title":{"rendered":"36 Mostra PROAVA"},"content":{"rendered":"<p>La 36 MOSTRA PROAVA, un esdeveniment enogastron\u00f3mic tindr\u00e0 lloc al Jard\u00ed del T\u00faria, entre el Pont de l&#8217;Exposici\u00f3 i el Pont de les Flors del 9 al 13 d&#8217;abril.<\/p>\n<p>La Mostra de PROAVA \u00e9s el major esdeveniment enogastron\u00f3mic de la Comunitat Valenciana i celebra en 2026 la seua 36a edici\u00f3. El seu origen es remunta a 1987 en la Pla\u00e7a de l&#8217;Ajuntament de Val\u00e8ncia amb una primera edici\u00f3 marcada per la il\u00b7lusi\u00f3 de 16 cellers i cooperatives, malgrat la pluja. Amb el pas dels anys, la Mostra ha crescut incorporant productes artesanals i alimentaris de qualitat, convertint-se en un referent gr\u00e0cies al treball de PROAVA, una entitat sense \u00e0nim de lucre que ha comptat amb el suport d&#8217;institucions com la Generalitat Valenciana i l&#8217;Ajuntament de Val\u00e8ncia. Des de l&#8217;any 2000, l&#8217;esdeveniment se celebra al Jard\u00ed del T\u00faria, acollint a m\u00e9s d&#8217;un centenar d&#8217;expositors del sector agroalimentari valenci\u00e0.<\/p>\n<p>La Mostra destaca per la seua labor de promoci\u00f3 del producte local, amb especial atenci\u00f3 a les denominacions d&#8217;origen i segells de qualitat. A m\u00e9s La Mostra compta amb la declaraci\u00f3 de Festa d&#8217;Inter\u00e9s Tur\u00edstic Auton\u00f2mic de la Comunitat Valenciana, atorgat per la Conselleria d&#8217;Innovaci\u00f3, Ind\u00fastria, Comer\u00e7 i Turisme.<\/p>\n<p>Horaris i preus:<\/p>\n<p>Dijous: tard<br \/>\nDivendres, dissabte i diumenge: mat\u00ed o tarde<br \/>\nDilluns: tot el dia<\/p>\n<p>Horaris de perman\u00e8ncia en el recinte:<br \/>\nEntrada de dem\u00e0: d&#8217;11.00 a 17.00 h<br \/>\nEntrada de vesprada: de 18.00 a 22.00 h<br \/>\nEntrada de tot el dia: d&#8217;11.00 a 22.00 h<\/p>\n<p>COMPRA JA LA TEUA ENTRADA!<\/p>\n<p><a href=\"https:\/\/www.enterticket.es\/eventos\/36-mostra-proava-326172\">ENTRADES MOSTRA 2026<\/a><\/p>\n","protected":false},"excerpt":{"rendered":"<p>La 36 MOSTRA PROAVA, un esdeveniment enogastron\u00f3mic tindr\u00e0 lloc al Jard\u00ed del T\u00faria, entre el Pont de l&#8217;Exposici\u00f3 i el Pont de les Flors del 9 al 13 d&#8217;abril.<\/p>\n","protected":false},"featured_media":145508,"template":"","situacion":[1454],"categoria_agenda":[2796,2369],"class_list":["post-124288","turist_agenda","type-turist_agenda","status-publish","has-post-thumbnail","hentry","situacion-valencia-ca","categoria_agenda-fires","categoria_agenda-gastronomia-ca"],"acf":{"fecha":"20260409","fecha_fin":"20260413","descargas":null,"galeria":""},"yoast_head":"<!-- This site is optimized with the Yoast SEO plugin v23.0 - https:\/\/yoast.com\/wordpress\/plugins\/seo\/ -->\n<title>36 Mostra PROAVA &#060; Valencia Turismo<\/title>\n<meta name=\"robots\" content=\"index, follow, max-snippet:-1, max-image-preview:large, max-video-preview:-1\" \/>\n<link rel=\"canonical\" href=\"https:\/\/turisme.dival.es\/ca\/turist_agenda\/88344-2026\/\" \/>\n<meta property=\"og:locale\" content=\"en_US\" \/>\n<meta property=\"og:type\" content=\"article\" \/>\n<meta property=\"og:title\" content=\"36 Mostra PROAVA &#060; Valencia Turismo\" \/>\n<meta property=\"og:description\" content=\"La 36 MOSTRA PROAVA, un esdeveniment enogastron\u00f3mic tindr\u00e0 lloc al Jard\u00ed del T\u00faria, entre el Pont de l&#039;Exposici\u00f3 i el Pont de les Flors del 9 al 13 d&#039;abril.\" \/>\n<meta property=\"og:url\" content=\"https:\/\/turisme.dival.es\/ca\/turist_agenda\/88344-2026\/\" \/>\n<meta property=\"og:site_name\" content=\"Valencia Turismo\" \/>\n<meta property=\"article:modified_time\" content=\"2026-04-02T08:25:25+00:00\" \/>\n<meta property=\"og:image\" content=\"https:\/\/turisme.dival.es\/wp-content\/uploads\/2024\/03\/35a-Mostra-PROAVA-2025-10-01T135419.145.png\" \/>\n\t<meta property=\"og:image:width\" content=\"1080\" \/>\n\t<meta property=\"og:image:height\" content=\"1350\" \/>\n\t<meta property=\"og:image:type\" content=\"image\/png\" \/>\n<meta name=\"twitter:card\" content=\"summary_large_image\" \/>\n<meta name=\"twitter:label1\" content=\"Est. reading time\" \/>\n\t<meta name=\"twitter:data1\" content=\"2 minutes\" \/>\n<script type=\"application\/ld+json\" class=\"yoast-schema-graph\">{\"@context\":\"https:\/\/schema.org\",\"@graph\":[{\"@type\":\"WebPage\",\"@id\":\"https:\/\/turisme.dival.es\/ca\/turist_agenda\/88344-2026\/\",\"url\":\"https:\/\/turisme.dival.es\/ca\/turist_agenda\/88344-2026\/\",\"name\":\"36 Mostra PROAVA &#060; Valencia Turismo\",\"isPartOf\":{\"@id\":\"https:\/\/turisme.dival.es\/#website\"},\"primaryImageOfPage\":{\"@id\":\"https:\/\/turisme.dival.es\/ca\/turist_agenda\/88344-2026\/#primaryimage\"},\"image\":{\"@id\":\"https:\/\/turisme.dival.es\/ca\/turist_agenda\/88344-2026\/#primaryimage\"},\"thumbnailUrl\":\"https:\/\/turisme.dival.es\/wp-content\/uploads\/2024\/03\/35a-Mostra-PROAVA-2025-10-01T135419.145.png\",\"datePublished\":\"2026-03-11T08:48:52+00:00\",\"dateModified\":\"2026-04-02T08:25:25+00:00\",\"inLanguage\":\"vl\",\"potentialAction\":[{\"@type\":\"ReadAction\",\"target\":[\"https:\/\/turisme.dival.es\/ca\/turist_agenda\/88344-2026\/\"]}]},{\"@type\":\"ImageObject\",\"inLanguage\":\"vl\",\"@id\":\"https:\/\/turisme.dival.es\/ca\/turist_agenda\/88344-2026\/#primaryimage\",\"url\":\"https:\/\/turisme.dival.es\/wp-content\/uploads\/2024\/03\/35a-Mostra-PROAVA-2025-10-01T135419.145.png\",\"contentUrl\":\"https:\/\/turisme.dival.es\/wp-content\/uploads\/2024\/03\/35a-Mostra-PROAVA-2025-10-01T135419.145.png\",\"width\":1080,\"height\":1350},{\"@type\":\"WebSite\",\"@id\":\"https:\/\/turisme.dival.es\/#website\",\"url\":\"https:\/\/turisme.dival.es\/\",\"name\":\"valenciaturismo.com.mialias.net\",\"description\":\"\",\"potentialAction\":[{\"@type\":\"SearchAction\",\"target\":{\"@type\":\"EntryPoint\",\"urlTemplate\":\"https:\/\/turisme.dival.es\/?s={search_term_string}\"},\"query-input\":\"required name=search_term_string\"}],\"inLanguage\":\"vl\"}]}<\/script>\n<!-- \/ Yoast SEO plugin. -->","yoast_head_json":{"title":"36 Mostra PROAVA &#060; Valencia Turismo","robots":{"index":"index","follow":"follow","max-snippet":"max-snippet:-1","max-image-preview":"max-image-preview:large","max-video-preview":"max-video-preview:-1"},"canonical":"https:\/\/turisme.dival.es\/ca\/turist_agenda\/88344-2026\/","og_locale":"en_US","og_type":"article","og_title":"36 Mostra PROAVA &#060; Valencia Turismo","og_description":"La 36 MOSTRA PROAVA, un esdeveniment enogastron\u00f3mic tindr\u00e0 lloc al Jard\u00ed del T\u00faria, entre el Pont de l'Exposici\u00f3 i el Pont de les Flors del 9 al 13 d'abril.","og_url":"https:\/\/turisme.dival.es\/ca\/turist_agenda\/88344-2026\/","og_site_name":"Valencia Turismo","article_modified_time":"2026-04-02T08:25:25+00:00","og_image":[{"width":1080,"height":1350,"url":"https:\/\/turisme.dival.es\/wp-content\/uploads\/2024\/03\/35a-Mostra-PROAVA-2025-10-01T135419.145.png","type":"image\/png"}],"twitter_card":"summary_large_image","twitter_misc":{"Est. reading time":"2 minutes"},"schema":{"@context":"https:\/\/schema.org","@graph":[{"@type":"WebPage","@id":"https:\/\/turisme.dival.es\/ca\/turist_agenda\/88344-2026\/","url":"https:\/\/turisme.dival.es\/ca\/turist_agenda\/88344-2026\/","name":"36 Mostra PROAVA &#060; Valencia Turismo","isPartOf":{"@id":"https:\/\/turisme.dival.es\/#website"},"primaryImageOfPage":{"@id":"https:\/\/turisme.dival.es\/ca\/turist_agenda\/88344-2026\/#primaryimage"},"image":{"@id":"https:\/\/turisme.dival.es\/ca\/turist_agenda\/88344-2026\/#primaryimage"},"thumbnailUrl":"https:\/\/turisme.dival.es\/wp-content\/uploads\/2024\/03\/35a-Mostra-PROAVA-2025-10-01T135419.145.png","datePublished":"2026-03-11T08:48:52+00:00","dateModified":"2026-04-02T08:25:25+00:00","inLanguage":"vl","potentialAction":[{"@type":"ReadAction","target":["https:\/\/turisme.dival.es\/ca\/turist_agenda\/88344-2026\/"]}]},{"@type":"ImageObject","inLanguage":"vl","@id":"https:\/\/turisme.dival.es\/ca\/turist_agenda\/88344-2026\/#primaryimage","url":"https:\/\/turisme.dival.es\/wp-content\/uploads\/2024\/03\/35a-Mostra-PROAVA-2025-10-01T135419.145.png","contentUrl":"https:\/\/turisme.dival.es\/wp-content\/uploads\/2024\/03\/35a-Mostra-PROAVA-2025-10-01T135419.145.png","width":1080,"height":1350},{"@type":"WebSite","@id":"https:\/\/turisme.dival.es\/#website","url":"https:\/\/turisme.dival.es\/","name":"valenciaturismo.com.mialias.net","description":"","potentialAction":[{"@type":"SearchAction","target":{"@type":"EntryPoint","urlTemplate":"https:\/\/turisme.dival.es\/?s={search_term_string}"},"query-input":"required name=search_term_string"}],"inLanguage":"vl"}]}},"_links":{"self":[{"href":"https:\/\/turisme.dival.es\/ca\/wp-json\/wp\/v2\/turist_agenda\/124288","targetHints":{"allow":["GET"]}}],"collection":[{"href":"https:\/\/turisme.dival.es\/ca\/wp-json\/wp\/v2\/turist_agenda"}],"about":[{"href":"https:\/\/turisme.dival.es\/ca\/wp-json\/wp\/v2\/types\/turist_agenda"}],"wp:featuredmedia":[{"embeddable":true,"href":"https:\/\/turisme.dival.es\/ca\/wp-json\/wp\/v2\/media\/145508"}],"wp:attachment":[{"href":"https:\/\/turisme.dival.es\/ca\/wp-json\/wp\/v2\/media?parent=124288"}],"wp:term":[{"taxonomy":"situacion","embeddable":true,"href":"https:\/\/turisme.dival.es\/ca\/wp-json\/wp\/v2\/situacion?post=124288"},{"taxonomy":"categoria_agenda","embeddable":true,"href":"https:\/\/turisme.dival.es\/ca\/wp-json\/wp\/v2\/categoria_agenda?post=124288"}],"curies":[{"name":"wp","href":"https:\/\/api.w.org\/{rel}","templated":true}]}}