{"id":67452,"date":"2021-09-20T16:22:42","date_gmt":"2021-09-20T16:22:42","guid":{"rendered":"https:\/\/turisme.dival.es\/monumento\/castillo-de-chulilla\/"},"modified":"2022-01-16T16:01:49","modified_gmt":"2022-01-16T16:01:49","slug":"castillo-de-chulilla","status":"publish","type":"monumento","link":"https:\/\/turisme.dival.es\/ca\/monumento\/castillo-de-chulilla\/","title":{"rendered":"Castell de Chulilla"},"featured_media":10540,"template":"","situacion":[1561,1449],"class_list":["post-67452","monumento","type-monumento","status-publish","has-post-thumbnail","hentry","situacion-chulilla-ca","situacion-la-serrania-ca"],"acf":{"banner":[{"imagen_banner":10540,"video_del_banner":null},{"imagen_banner":10542,"video_del_banner":null}],"descripcion":"El Castell de Chulilla va ser embri\u00f3 de la vila, on se situen les poblacions de l\u2019Edat Antiga. Reflecteix moments hist\u00f2rics del poble. Despr\u00e9s de la conquesta i les guerres de Castella en el segle XIV, la fortalesa va patir importants reformes que seguiran durant els segles XV i XVI amb la utilitzaci\u00f3 de la p\u00f3lvora, per\u00f2 sobretot per a la seua utilitzaci\u00f3 com a resid\u00e8ncia i m\u00e9s tard com a pres\u00f3 d\u2019eclesi\u00e0stics. En el segle XIX compleix importants serveis, com a assetjament de l\u2019ex\u00e8rcit carl\u00ed, que el denomonen Castell dels \u00c0ngels, que de forma definitiva iniciaria el proc\u00e9s de ru\u00efna de la fortalesa. Aquest monument est\u00e0 declarat Historicoart\u00edstic des de 1981.","turist-info":{"nombre_oficina":"Tourist Info Chulilla","datos_oficina":"Calle de las Eras, s\/n, 46167 Chulilla (Valencia).\r\n<strong>Tel\u00e9fono:<\/strong> 961657979\r\n<strong>Fax:<\/strong> 961657979\r\n<strong>Email:<\/strong> chulilla@touristinfo.net\r\n<strong>P\u00e1gina web:<\/strong> http:\/\/www.chulilla.com\r\n<strong>Horario:<\/strong> Mi\u00e9rcoles a Viernes de 09.00 a 14.00 h. S\u00e1bados y domingos de 11:00 a 14:00 h."},"contacto":{"direccion":"Calle Castillo, 29, 46160 Chulilla, Valencia","telefono":"961 65 70 01","email":"chulilla_alc@gva.es","web":"http:\/\/www.chulilla.es\/es\/turismo\/castillo-de-chulilla","idioma":""},"localizacion_mapa":"<iframe src=\"https:\/\/www.google.com\/maps\/embed?pb=!1m18!1m12!1m3!1d3071.757033361224!2d-0.8960329847161321!3d39.65518227946075!2m3!1f0!2f0!3f0!3m2!1i1024!2i768!4f13.1!3m3!1m2!1s0xd60954e447f7439%3A0xb04167abb72088c1!2sCastillo%20de%20Chulilla!5e0!3m2!1ses!2ses!4v1632154942908!5m2!1ses!2ses\" width=\"600\" height=\"450\" style=\"border:0;\" allowfullscreen=\"\" loading=\"lazy\"><\/iframe>"},"yoast_head":"<!-- This site is optimized with the Yoast SEO plugin v23.0 - https:\/\/yoast.com\/wordpress\/plugins\/seo\/ -->\n<title>Castell de Chulilla &#060; Valencia Turismo<\/title>\n<meta name=\"robots\" content=\"index, follow, max-snippet:-1, max-image-preview:large, max-video-preview:-1\" \/>\n<link rel=\"canonical\" href=\"https:\/\/turisme.dival.es\/ca\/monumento\/castillo-de-chulilla\/\" \/>\n<meta property=\"og:locale\" content=\"en_US\" \/>\n<meta property=\"og:type\" content=\"article\" \/>\n<meta property=\"og:title\" content=\"Castell de Chulilla &#060; Valencia Turismo\" \/>\n<meta property=\"og:url\" content=\"https:\/\/turisme.dival.es\/ca\/monumento\/castillo-de-chulilla\/\" \/>\n<meta property=\"og:site_name\" content=\"Valencia Turismo\" \/>\n<meta property=\"article:modified_time\" content=\"2022-01-16T16:01:49+00:00\" \/>\n<meta property=\"og:image\" content=\"https:\/\/turisme.dival.es\/wp-content\/uploads\/2021\/09\/chulilla-1-1-756x336-1.jpg\" \/>\n\t<meta property=\"og:image:width\" content=\"756\" \/>\n\t<meta property=\"og:image:height\" content=\"336\" \/>\n\t<meta property=\"og:image:type\" content=\"image\/jpeg\" \/>\n<meta name=\"twitter:card\" content=\"summary_large_image\" \/>\n<script type=\"application\/ld+json\" class=\"yoast-schema-graph\">{\"@context\":\"https:\/\/schema.org\",\"@graph\":[{\"@type\":\"WebPage\",\"@id\":\"https:\/\/turisme.dival.es\/ca\/monumento\/castillo-de-chulilla\/\",\"url\":\"https:\/\/turisme.dival.es\/ca\/monumento\/castillo-de-chulilla\/\",\"name\":\"Castell de Chulilla &#060; Valencia Turismo\",\"isPartOf\":{\"@id\":\"https:\/\/turisme.dival.es\/#website\"},\"primaryImageOfPage\":{\"@id\":\"https:\/\/turisme.dival.es\/ca\/monumento\/castillo-de-chulilla\/#primaryimage\"},\"image\":{\"@id\":\"https:\/\/turisme.dival.es\/ca\/monumento\/castillo-de-chulilla\/#primaryimage\"},\"thumbnailUrl\":\"https:\/\/turisme.dival.es\/wp-content\/uploads\/2021\/09\/chulilla-1-1-756x336-1.jpg\",\"datePublished\":\"2021-09-20T16:22:42+00:00\",\"dateModified\":\"2022-01-16T16:01:49+00:00\",\"inLanguage\":\"vl\",\"potentialAction\":[{\"@type\":\"ReadAction\",\"target\":[\"https:\/\/turisme.dival.es\/ca\/monumento\/castillo-de-chulilla\/\"]}]},{\"@type\":\"ImageObject\",\"inLanguage\":\"vl\",\"@id\":\"https:\/\/turisme.dival.es\/ca\/monumento\/castillo-de-chulilla\/#primaryimage\",\"url\":\"https:\/\/turisme.dival.es\/wp-content\/uploads\/2021\/09\/chulilla-1-1-756x336-1.jpg\",\"contentUrl\":\"https:\/\/turisme.dival.es\/wp-content\/uploads\/2021\/09\/chulilla-1-1-756x336-1.jpg\",\"width\":756,\"height\":336},{\"@type\":\"WebSite\",\"@id\":\"https:\/\/turisme.dival.es\/#website\",\"url\":\"https:\/\/turisme.dival.es\/\",\"name\":\"valenciaturismo.com.mialias.net\",\"description\":\"\",\"potentialAction\":[{\"@type\":\"SearchAction\",\"target\":{\"@type\":\"EntryPoint\",\"urlTemplate\":\"https:\/\/turisme.dival.es\/?s={search_term_string}\"},\"query-input\":\"required name=search_term_string\"}],\"inLanguage\":\"vl\"}]}<\/script>\n<!-- \/ Yoast SEO plugin. -->","yoast_head_json":{"title":"Castell de Chulilla &#060; Valencia Turismo","robots":{"index":"index","follow":"follow","max-snippet":"max-snippet:-1","max-image-preview":"max-image-preview:large","max-video-preview":"max-video-preview:-1"},"canonical":"https:\/\/turisme.dival.es\/ca\/monumento\/castillo-de-chulilla\/","og_locale":"en_US","og_type":"article","og_title":"Castell de Chulilla &#060; Valencia Turismo","og_url":"https:\/\/turisme.dival.es\/ca\/monumento\/castillo-de-chulilla\/","og_site_name":"Valencia Turismo","article_modified_time":"2022-01-16T16:01:49+00:00","og_image":[{"width":756,"height":336,"url":"https:\/\/turisme.dival.es\/wp-content\/uploads\/2021\/09\/chulilla-1-1-756x336-1.jpg","type":"image\/jpeg"}],"twitter_card":"summary_large_image","schema":{"@context":"https:\/\/schema.org","@graph":[{"@type":"WebPage","@id":"https:\/\/turisme.dival.es\/ca\/monumento\/castillo-de-chulilla\/","url":"https:\/\/turisme.dival.es\/ca\/monumento\/castillo-de-chulilla\/","name":"Castell de Chulilla &#060; Valencia Turismo","isPartOf":{"@id":"https:\/\/turisme.dival.es\/#website"},"primaryImageOfPage":{"@id":"https:\/\/turisme.dival.es\/ca\/monumento\/castillo-de-chulilla\/#primaryimage"},"image":{"@id":"https:\/\/turisme.dival.es\/ca\/monumento\/castillo-de-chulilla\/#primaryimage"},"thumbnailUrl":"https:\/\/turisme.dival.es\/wp-content\/uploads\/2021\/09\/chulilla-1-1-756x336-1.jpg","datePublished":"2021-09-20T16:22:42+00:00","dateModified":"2022-01-16T16:01:49+00:00","inLanguage":"vl","potentialAction":[{"@type":"ReadAction","target":["https:\/\/turisme.dival.es\/ca\/monumento\/castillo-de-chulilla\/"]}]},{"@type":"ImageObject","inLanguage":"vl","@id":"https:\/\/turisme.dival.es\/ca\/monumento\/castillo-de-chulilla\/#primaryimage","url":"https:\/\/turisme.dival.es\/wp-content\/uploads\/2021\/09\/chulilla-1-1-756x336-1.jpg","contentUrl":"https:\/\/turisme.dival.es\/wp-content\/uploads\/2021\/09\/chulilla-1-1-756x336-1.jpg","width":756,"height":336},{"@type":"WebSite","@id":"https:\/\/turisme.dival.es\/#website","url":"https:\/\/turisme.dival.es\/","name":"valenciaturismo.com.mialias.net","description":"","potentialAction":[{"@type":"SearchAction","target":{"@type":"EntryPoint","urlTemplate":"https:\/\/turisme.dival.es\/?s={search_term_string}"},"query-input":"required name=search_term_string"}],"inLanguage":"vl"}]}},"_links":{"self":[{"href":"https:\/\/turisme.dival.es\/ca\/wp-json\/wp\/v2\/monumento\/67452","targetHints":{"allow":["GET"]}}],"collection":[{"href":"https:\/\/turisme.dival.es\/ca\/wp-json\/wp\/v2\/monumento"}],"about":[{"href":"https:\/\/turisme.dival.es\/ca\/wp-json\/wp\/v2\/types\/monumento"}],"wp:featuredmedia":[{"embeddable":true,"href":"https:\/\/turisme.dival.es\/ca\/wp-json\/wp\/v2\/media\/10540"}],"wp:attachment":[{"href":"https:\/\/turisme.dival.es\/ca\/wp-json\/wp\/v2\/media?parent=67452"}],"wp:term":[{"taxonomy":"situacion","embeddable":true,"href":"https:\/\/turisme.dival.es\/ca\/wp-json\/wp\/v2\/situacion?post=67452"}],"curies":[{"name":"wp","href":"https:\/\/api.w.org\/{rel}","templated":true}]}}