{"id":94485,"date":"2023-12-04T11:23:24","date_gmt":"2023-12-04T11:23:24","guid":{"rendered":"https:\/\/turisme.dival.es\/lugar_interes\/esglesia-de-la-immaculada\/"},"modified":"2023-12-04T11:23:39","modified_gmt":"2023-12-04T11:23:39","slug":"esglesia-de-la-immaculada","status":"publish","type":"lugar_interes","link":"https:\/\/turisme.dival.es\/ca\/lugar_interes\/esglesia-de-la-immaculada\/","title":{"rendered":"Esgl\u00e9sia de la Immaculada"},"featured_media":96950,"template":"","categoria_lugar":[2415],"class_list":["post-94485","lugar_interes","type-lugar_interes","status-publish","has-post-thumbnail","hentry","categoria_lugar-monuments"],"acf":{"descripcion_li":"L'edifici actual comen\u00e7a la construcci\u00f3 el 1796, i l'obra va durar fins al 1803. Posteriorment, s'ha restaurat en diverses ocasions, de les quals destaca la de 1886. Durant la reparaci\u00f3 dels fonaments el 1988, es va descobrir una cripta per a enterraments amb restes \u00f2ssies i una abundant quantitat de cer\u00e0mica. L'edifici \u00e9s neocl\u00e0ssic i hi destaca la c\u00fapula i les quatre petxines decorades amb motius b\u00edblics: Adam i Eva expulsats del parad\u00eds, l'Arca de No\u00e9 i el somni de Jacob i Mois\u00e9s.","direccion_li":"Pla\u00e7a de la Pur\u00edssima Concepci\u00f3\nAlbalat dels Tarongers, Val\u00e8ncia\n46591\nES","telefono_li":"","e-mail_li":"","web_li":"","localizacion_mapa_li":"","comarca_y_localidad":26039,"oficina_de_turismo_li":null,"descripcion_2_li":"","carrusel_de_imagenes_li":[],"rating_li":"","e-mail_reservas_li":"","url_reservas_li":""},"yoast_head":"<!-- This site is optimized with the Yoast SEO plugin v23.0 - https:\/\/yoast.com\/wordpress\/plugins\/seo\/ -->\n<title>Esgl\u00e9sia de la Immaculada &#060; Valencia Turismo<\/title>\n<meta name=\"robots\" content=\"index, follow, max-snippet:-1, max-image-preview:large, max-video-preview:-1\" \/>\n<link rel=\"canonical\" href=\"https:\/\/turisme.dival.es\/ca\/lugar_interes\/esglesia-de-la-immaculada\/\" \/>\n<meta property=\"og:locale\" content=\"en_US\" \/>\n<meta property=\"og:type\" content=\"article\" \/>\n<meta property=\"og:title\" content=\"Esgl\u00e9sia de la Immaculada &#060; Valencia Turismo\" \/>\n<meta property=\"og:url\" content=\"https:\/\/turisme.dival.es\/ca\/lugar_interes\/esglesia-de-la-immaculada\/\" \/>\n<meta property=\"og:site_name\" content=\"Valencia Turismo\" \/>\n<meta property=\"article:modified_time\" content=\"2023-12-04T11:23:39+00:00\" \/>\n<meta property=\"og:image\" content=\"https:\/\/turisme.dival.es\/wp-content\/uploads\/2023\/11\/Lesglesia-Fachada-822b93eae06471b3a057f58d0da53c67.jpg\" \/>\n\t<meta property=\"og:image:width\" content=\"1600\" \/>\n\t<meta property=\"og:image:height\" content=\"1600\" \/>\n\t<meta property=\"og:image:type\" content=\"image\/jpeg\" \/>\n<meta name=\"twitter:card\" content=\"summary_large_image\" \/>\n<script type=\"application\/ld+json\" class=\"yoast-schema-graph\">{\"@context\":\"https:\/\/schema.org\",\"@graph\":[{\"@type\":\"WebPage\",\"@id\":\"https:\/\/turisme.dival.es\/ca\/lugar_interes\/esglesia-de-la-immaculada\/\",\"url\":\"https:\/\/turisme.dival.es\/ca\/lugar_interes\/esglesia-de-la-immaculada\/\",\"name\":\"Esgl\u00e9sia de la Immaculada &#060; Valencia Turismo\",\"isPartOf\":{\"@id\":\"https:\/\/turisme.dival.es\/#website\"},\"primaryImageOfPage\":{\"@id\":\"https:\/\/turisme.dival.es\/ca\/lugar_interes\/esglesia-de-la-immaculada\/#primaryimage\"},\"image\":{\"@id\":\"https:\/\/turisme.dival.es\/ca\/lugar_interes\/esglesia-de-la-immaculada\/#primaryimage\"},\"thumbnailUrl\":\"https:\/\/turisme.dival.es\/wp-content\/uploads\/2023\/11\/Lesglesia-Fachada-822b93eae06471b3a057f58d0da53c67.jpg\",\"datePublished\":\"2023-12-04T11:23:24+00:00\",\"dateModified\":\"2023-12-04T11:23:39+00:00\",\"inLanguage\":\"vl\",\"potentialAction\":[{\"@type\":\"ReadAction\",\"target\":[\"https:\/\/turisme.dival.es\/ca\/lugar_interes\/esglesia-de-la-immaculada\/\"]}]},{\"@type\":\"ImageObject\",\"inLanguage\":\"vl\",\"@id\":\"https:\/\/turisme.dival.es\/ca\/lugar_interes\/esglesia-de-la-immaculada\/#primaryimage\",\"url\":\"https:\/\/turisme.dival.es\/wp-content\/uploads\/2023\/11\/Lesglesia-Fachada-822b93eae06471b3a057f58d0da53c67.jpg\",\"contentUrl\":\"https:\/\/turisme.dival.es\/wp-content\/uploads\/2023\/11\/Lesglesia-Fachada-822b93eae06471b3a057f58d0da53c67.jpg\",\"width\":1600,\"height\":1600},{\"@type\":\"WebSite\",\"@id\":\"https:\/\/turisme.dival.es\/#website\",\"url\":\"https:\/\/turisme.dival.es\/\",\"name\":\"valenciaturismo.com.mialias.net\",\"description\":\"\",\"potentialAction\":[{\"@type\":\"SearchAction\",\"target\":{\"@type\":\"EntryPoint\",\"urlTemplate\":\"https:\/\/turisme.dival.es\/?s={search_term_string}\"},\"query-input\":\"required name=search_term_string\"}],\"inLanguage\":\"vl\"}]}<\/script>\n<!-- \/ Yoast SEO plugin. -->","yoast_head_json":{"title":"Esgl\u00e9sia de la Immaculada &#060; Valencia Turismo","robots":{"index":"index","follow":"follow","max-snippet":"max-snippet:-1","max-image-preview":"max-image-preview:large","max-video-preview":"max-video-preview:-1"},"canonical":"https:\/\/turisme.dival.es\/ca\/lugar_interes\/esglesia-de-la-immaculada\/","og_locale":"en_US","og_type":"article","og_title":"Esgl\u00e9sia de la Immaculada &#060; Valencia Turismo","og_url":"https:\/\/turisme.dival.es\/ca\/lugar_interes\/esglesia-de-la-immaculada\/","og_site_name":"Valencia Turismo","article_modified_time":"2023-12-04T11:23:39+00:00","og_image":[{"width":1600,"height":1600,"url":"https:\/\/turisme.dival.es\/wp-content\/uploads\/2023\/11\/Lesglesia-Fachada-822b93eae06471b3a057f58d0da53c67.jpg","type":"image\/jpeg"}],"twitter_card":"summary_large_image","schema":{"@context":"https:\/\/schema.org","@graph":[{"@type":"WebPage","@id":"https:\/\/turisme.dival.es\/ca\/lugar_interes\/esglesia-de-la-immaculada\/","url":"https:\/\/turisme.dival.es\/ca\/lugar_interes\/esglesia-de-la-immaculada\/","name":"Esgl\u00e9sia de la Immaculada &#060; Valencia Turismo","isPartOf":{"@id":"https:\/\/turisme.dival.es\/#website"},"primaryImageOfPage":{"@id":"https:\/\/turisme.dival.es\/ca\/lugar_interes\/esglesia-de-la-immaculada\/#primaryimage"},"image":{"@id":"https:\/\/turisme.dival.es\/ca\/lugar_interes\/esglesia-de-la-immaculada\/#primaryimage"},"thumbnailUrl":"https:\/\/turisme.dival.es\/wp-content\/uploads\/2023\/11\/Lesglesia-Fachada-822b93eae06471b3a057f58d0da53c67.jpg","datePublished":"2023-12-04T11:23:24+00:00","dateModified":"2023-12-04T11:23:39+00:00","inLanguage":"vl","potentialAction":[{"@type":"ReadAction","target":["https:\/\/turisme.dival.es\/ca\/lugar_interes\/esglesia-de-la-immaculada\/"]}]},{"@type":"ImageObject","inLanguage":"vl","@id":"https:\/\/turisme.dival.es\/ca\/lugar_interes\/esglesia-de-la-immaculada\/#primaryimage","url":"https:\/\/turisme.dival.es\/wp-content\/uploads\/2023\/11\/Lesglesia-Fachada-822b93eae06471b3a057f58d0da53c67.jpg","contentUrl":"https:\/\/turisme.dival.es\/wp-content\/uploads\/2023\/11\/Lesglesia-Fachada-822b93eae06471b3a057f58d0da53c67.jpg","width":1600,"height":1600},{"@type":"WebSite","@id":"https:\/\/turisme.dival.es\/#website","url":"https:\/\/turisme.dival.es\/","name":"valenciaturismo.com.mialias.net","description":"","potentialAction":[{"@type":"SearchAction","target":{"@type":"EntryPoint","urlTemplate":"https:\/\/turisme.dival.es\/?s={search_term_string}"},"query-input":"required name=search_term_string"}],"inLanguage":"vl"}]}},"_links":{"self":[{"href":"https:\/\/turisme.dival.es\/ca\/wp-json\/wp\/v2\/lugar_interes\/94485","targetHints":{"allow":["GET"]}}],"collection":[{"href":"https:\/\/turisme.dival.es\/ca\/wp-json\/wp\/v2\/lugar_interes"}],"about":[{"href":"https:\/\/turisme.dival.es\/ca\/wp-json\/wp\/v2\/types\/lugar_interes"}],"acf:post":[{"embeddable":true,"href":"https:\/\/turisme.dival.es\/ca\/wp-json\/wp\/v2\/destino\/26039"}],"wp:featuredmedia":[{"embeddable":true,"href":"https:\/\/turisme.dival.es\/ca\/wp-json\/wp\/v2\/media\/96950"}],"wp:attachment":[{"href":"https:\/\/turisme.dival.es\/ca\/wp-json\/wp\/v2\/media?parent=94485"}],"wp:term":[{"taxonomy":"categoria_lugar","embeddable":true,"href":"https:\/\/turisme.dival.es\/ca\/wp-json\/wp\/v2\/categoria_lugar?post=94485"}],"curies":[{"name":"wp","href":"https:\/\/api.w.org\/{rel}","templated":true}]}}