{"id":28967,"date":"2021-10-04T11:40:37","date_gmt":"2021-10-04T11:40:37","guid":{"rendered":"https:\/\/turisme.dival.es\/destino\/mancomunidad-la-serrania\/"},"modified":"2022-05-24T09:51:11","modified_gmt":"2022-05-24T09:51:11","slug":"mancomunidad-la-serrania","status":"publish","type":"destino","link":"https:\/\/turisme.dival.es\/ca\/destino\/mancomunidad-la-serrania\/","title":{"rendered":"Mancomunidad la Serran\u00eda"},"featured_media":24028,"template":"","situacion":[1449,1717],"class_list":["post-28967","destino","type-destino","status-publish","has-post-thumbnail","hentry","situacion-la-serrania-ca","situacion-mancomunidad-la-serrania-ca"],"acf":{"titulo":"Mancomunidad la Serran\u00eda","subtitulo":"","situacion":"Interior","banner":[{"imagen_banner":24028,"video_del_banner":null}],"descripcion":"La Mancomunitat de La Serrania, situada a l'interior de la Prov\u00edncia de Val\u00e8ncia, est\u00e0 formada per 13 municipis, aquests s\u00f3n; Alcublas, Andilla, Bugarra, Calles, Casinos, Chulilla, Gestalgar, Higueruelas, La Yesa, Losa del Obispo, Pedralba, Sot de Chera i Villar del Arzobispo. Cadascun dels municipis que conforma la Comarca t\u00e9 una s\u00e8rie d'atractius que el fan singular. Es destaca el car\u00e0cter vertebrador del Riu T\u00faria dins de la comarca i el seu potencial quant a recursos naturals. A m\u00e9s, en cadascun dels municipis ens trobem diversos recursos tant patrimonials, com a culturals i naturals.","galeria-poblacion":[24030,24032,24034,24036,24038,24040,24044,24046,24048,24050,24052],"descripcion_2":"","color":"#9b861b","fiestas":null,"gastronomia":null,"mas_informacion":null,"turist-info":null,"turist-info_rel":null,"descargables":null,"localizacion_mapa":"<iframe src=\"https:\/\/www.google.com\/maps\/embed?pb=!1m18!1m12!1m3!1d3068.2789389558197!2d-0.8284045846247402!3d39.733384679450346!2m3!1f0!2f0!3f0!3m2!1i1024!2i768!4f13.1!3m3!1m2!1s0xd609155b060b229%3A0x4434d60f3561c6f8!2sMancomunidad%20la%20Serran%C3%ADa!5e0!3m2!1ses!2ses!4v1633347615853!5m2!1ses!2ses\" width=\"100%\" height=\"450\" style=\"border:0;\" allowfullscreen=\"\" loading=\"lazy\"><\/iframe>","destacados":[{"titulo_seccion_destacados":"Les Alcubles. Els molins","texto_seccion_destacados":"<span style=\"font-weight: 400;\">Els molins del segle XVIII. Situats al tur\u00f3 de Los Molinos, el seu l\u2019origen data del segle XVIII, encara que es tenen dades <\/span><span style=\"font-weight: 400;\">hist\u00f2riques<\/span><span style=\"font-weight: 400;\"> de la seua construcci\u00f3 des de la conquesta del rei Jaume I, al segle XIII. S\u2019utilitzaven per a la molta de la farina. Sens dubte el Quixot de Cervantes va convertir els molins manxecs en els m\u00e9s coneguts universalment, malgrat la pres\u00e8ncia d\u2019aquests en altres zones d\u2019Espanya, allunyats dels llits fluvials, especialment a la Comunitat Valenciana, amb exemples com el de les Alcubles.<\/span><span style=\"font-weight: 400;\">\r\n<\/span><span style=\"font-weight: 400;\">Dividits en tres plantes, en la tercera i \u00faltima es trobaven antigament les aspes i la roda,\u00a0 \u00e9s a dir, l\u2019eix del mol\u00ed; la llanterna, mecanisme que, des de la roda, transmet la for\u00e7a a les pedres de moldre, que s\u00f3n la pedra solera i la pedra volandera.<\/span><span style=\"font-weight: 400;\">\r\n<\/span><span style=\"font-weight: 400;\">\r\n<\/span><span style=\"font-weight: 400;\">Es pot visitar per fora en qualsevol moment i gaudir de les vistes, estan a l\u2019aire lliure, no obstant aix\u00f2, s\u2019organitzen vistes guiades a l\u2019interior.<\/span><span style=\"font-weight: 400;\">\r\n<\/span><span style=\"font-weight: 400;\">Horari de visites:<\/span><span style=\"font-weight: 400;\">\r\n<\/span><span style=\"font-weight: 400;\">\u25cf Dijous i divendres, segons demanda, de 10 a 14\u00a0h<\/span><span style=\"font-weight: 400;\">\r\n<\/span><span style=\"font-weight: 400;\">\u25cf Dissabte i diumenge, de 10 a 14\u00a0h<\/span><span style=\"font-weight: 400;\">\r\n<\/span><span style=\"font-weight: 400;\">L\u2019entrada \u00e9s gratu\u00efta.<\/span><span style=\"font-weight: 400;\">\r\n<\/span><span style=\"font-weight: 400;\">\r\n<\/span><span style=\"font-weight: 400;\">Per a reservar es pot telefonar al 661 527\u00a0565 o enviar un correu a alcublasturismo@gmail<\/span><span style=\"font-weight: 400;\">\r\n<\/span>","imagen_seccion_destacados":24030},{"titulo_seccion_destacados":"Andilla. La Via Ferrata","texto_seccion_destacados":"<span style=\"font-weight: 400;\">La ferrada de la Mulatica \u00e9s sens dubte una de les millors de la prov\u00edncia de Val\u00e8ncia. Encara que no \u00e9s molt llarga, la seua gran verticalitat i els enfonsaments faran que la majoria dels visitants acaben amb la sensaci\u00f3 d\u2019haver-ho donat tot. Les vistes espectaculars, l\u2019excel\u00b7lent equipament i la bellesa del lloc faran que gaudim d\u2019una activitat perfecta.<\/span><span style=\"font-weight: 400;\">\r\n<\/span><span style=\"font-weight: 400;\">Aquesta via ferrada t\u00e9 una longitud total de 150 metres, un grau de dificultat MD+ (K4), i es divideix en tres seccions. Disposa de senda de baixada per a descendir una vegada coronat el punt m\u00e9s alt, fins i tot es pot usar per senderistes i visitants que vulguen pujar sense necessitat d\u2019utilitzar la ferrada.<\/span><span style=\"font-weight: 400;\">\r\n<\/span><span style=\"font-weight: 400;\">\u00c9s imprescindible utilitzar material homologat per a progressar per les vies ferrades, incl\u00f2s el casc.<\/span><span style=\"font-weight: 400;\">\r\n<\/span>","imagen_seccion_destacados":""},{"titulo_seccion_destacados":"Bugarra. Platja fluvial del riu T\u00faria","texto_seccion_destacados":"<span style=\"font-weight: 400;\">Bugarra posseeix una de les poques platges fluvials de la prov\u00edncia de Val\u00e8ncia, la qual, amb el c\u00e0mping, fa d\u2019aquest un lloc ideal per tal d\u2019acudir-hi a passar un dia en fam\u00edlia.<\/span><span style=\"font-weight: 400;\">\r\n<\/span><span style=\"font-weight: 400;\">A les ribes podem trobar salzes i xops, i tindre espais d\u2019ombra a banda i banda, encara que tamb\u00e9 hi ha espais on poder prendre el sol a les dues vores.<\/span><span style=\"font-weight: 400;\">\r\n<\/span><span style=\"font-weight: 400;\">A l\u2019estiu, prendre un bany en el riu T\u00faria suposa una experi\u00e8ncia diferent a la d\u2019acudir a una platja marina. L\u2019aigua est\u00e0 m\u00e9s freda que la de la mar, cosa que a l\u2019\u00e8poca estival s\u2019agraeix.<\/span><span style=\"font-weight: 400;\">\r\n<\/span><span style=\"font-weight: 400;\">A m\u00e9s, es poden fer passejades pels voltants, en les quals podem desenvolupar activitats com arreplegar caragols, fer senderisme, cercar fruits silvestres com les mores, etc.<\/span><span style=\"font-weight: 400;\">\r\n<\/span>","imagen_seccion_destacados":77600},{"titulo_seccion_destacados":"Calles. Aq\u00fceducte rom\u00e0 de la Pe\u00f1a Cortada","texto_seccion_destacados":"<span style=\"font-weight: 400;\">Al terme de Calles es troba part d\u2019un colossal jaciment, obra de la civilitzaci\u00f3 romana, l\u2019aq\u00fceducte rom\u00e0 de la Pe\u00f1a Cortada. La magnitud d\u2019aquesta obra d\u2019enginyeria hidr\u00e0ulica \u00e9s tal que, combinant diferents sistemes de conducci\u00f3 d\u2019aigua, salva grans accidents topogr\u00e0fics de la comarca dels Serrans.<\/span><span style=\"font-weight: 400;\">\r\n<\/span><span style=\"font-weight: 400;\">Destaquen: el pont de la rambla d\u2019Alcotas, el pont del barranc de la Cueva del Gato, que amb els tres arcs constitueix la f\u00e0brica m\u00e9s espectacular i millor conservada de tot l\u2019aq\u00fceducte. \u00c9s, sens dubte, el principal atractiu d\u2019aquesta obra d\u2019enginyeria per la seua espectacular situaci\u00f3 entre muntanyes i la seua durabilitat en el temps. La Pe\u00f1a Cortada d\u00f3na nom a tot el conjunt i aclapara amb els seus 25 metres de tall vertical en la muntanya per a canalitzar l\u2019aigua a trav\u00e9s d\u2019aquesta amb t\u00fanels i canalitzacions.<\/span><span style=\"font-weight: 400;\">\r\n<\/span>","imagen_seccion_destacados":24034}],"lugares_interes":[{"titulo_lugares_interes":"Casinos. \u00c0rea recreativa. La Torreseca ","texto_lugares_interes":"<span style=\"font-weight: 400;\">La Torreseca \u00e9s un lloc situat a 2 km del poble on es troben les restes d\u2019un poblat iberorom\u00e0, el de la Torre Seca. Encara que el cultiu ha destrossat les construccions, s\u2019hi poden apreciar restes de la muralla i d\u2019algunes habitacions. A la zona s\u2019ha trobat i s\u2019ha extret gran quantitat de materials com monedes i \u00e0mfores romanes i restes de cer\u00e0mica.<\/span><span style=\"font-weight: 400;\">\r\n<\/span><span style=\"font-weight: 400;\">Just davant de la muntanya hi ha una gran esplanada envoltada de pins grans que proporcionen ombra i permeten passar una bona estona a l\u2019aire lliure. \u00c9s una de les zones m\u00e9s populars del poble, ja que disposa de taules per a fer p\u00edcnic i zones per a torrar o fer paelles, l\u2019aljub de la Torreseca, amb un plaf\u00f3 informatiu, una zona de jocs i un parc per als m\u00e9s menuts i un aparcament, est\u00e0 envoltada de muntanyes i es pot arribar fins all\u00ed o tornar al poble a trav\u00e9s de la ruta senyalitzada de la Torreseca.\u00a0<\/span><span style=\"font-weight: 400;\">\r\n<\/span>","imagen_lugares_interes":24036},{"titulo_lugares_interes":"Ruta de Los Pantaneros (ruta dels ponts penjants). Paratge de les Calderones. Parc Natural del T\u00faria","texto_lugares_interes":"<span style=\"font-weight: 400;\">La ruta de Los Pantaneros, tamb\u00e9 denominada dels ponts penjants, est\u00e0 situada dins del Parc Natural del T\u00faria. El seu tra\u00e7at discorre entre unes empinades parets de m\u00e9s de 150 metres i nom\u00e9s 10 metres d\u2019ampl\u00e0ria en alguns trams, anomenades les gorges del T\u00faria. Sens dubte, \u00e9s un dels paratges m\u00e9s bells de la comarca. El seu nom, ruta de Los Pantaneros, \u00e9s perqu\u00e8 aquest cam\u00ed el feien els treballadors allotjats a Xulilla durant la construcci\u00f3 del pant\u00e0 de Loriguillla, cap als anys cinquanta. La ruta t\u00e9 al voltant de 5 quil\u00f2metres, va des de dalt dels tallats fins al llit del riu, i ha de creuar dos ponts penjants per a seguir el cam\u00ed fins a l\u2019embassament. Aquesta ruta tamb\u00e9 la van usar per a transportar troncs d\u2019arbres des de La Manxa fins a Val\u00e8ncia pels anomenats raiers, persones que feien baixar els troncs ajudades pel corrent del riu i que cuidaven que no s\u2019encallaren els troncs en alguna part del recorregut. <\/span><span style=\"font-weight: 400;\">\r\n<\/span><span style=\"font-weight: 400;\">\r\n<\/span><span style=\"font-weight: 400;\">M\u00e9s informaci\u00f3 en: Tourist Info 961\u00a0657\u00a0979 i en chulilla_tur@gva.es<\/span><span style=\"font-weight: 400;\">\r\n<\/span>","imagen_lugares_interes":""},{"titulo_lugares_interes":"Xestalgar. Penya Maria","texto_lugares_interes":"<span style=\"font-weight: 400;\">L\u2019\u00e0rea recreativa Font Penya Maria se situa en una preciosa zona de bany del riu T\u00faria, als peus de la Penya Maria, un impressionant mass\u00eds que presideix la zona.<\/span><span style=\"font-weight: 400;\">\r\n<\/span><span style=\"font-weight: 400;\">All\u00ed es troben diverses fonts, taules i bancs de pedra i l\u2019ombra natural dels arbres que envolten l\u2019indret. S\u2019hi accedeix mitjan\u00e7ant una pista forestal.<\/span><span style=\"font-weight: 400;\">\r\n<\/span><span style=\"font-weight: 400;\">Encara que des de lluny es mostra com un mur vertical, a mesura que ens acostem comprovem que es tracta d\u2019una paret herbosa i irregular, esguitada de terrasses amb diverses rutes d\u2019escalada.<\/span><span style=\"font-weight: 400;\">\r\n<\/span><span style=\"font-weight: 400;\">Destaca, a m\u00e9s, la font Morenillo, una font brollador que decanta en una cascada xicoteta.<\/span><span style=\"font-weight: 400;\">\r\n<\/span>","imagen_lugares_interes":24038},{"titulo_lugares_interes":"Figueroles de Domenyo. Conjunt etnoarqueol\u00f2gic del Cerro de la Vi\u00f1a","texto_lugares_interes":"<span style=\"font-weight: 400;\">Podem observar-hi estructures d\u2019inter\u00e9s etnol\u00f2gic com el Corral de pastors de Rodr\u00edguez i estructures d\u2019inter\u00e9s arqueol\u00f2gic i tamb\u00e9 cantereria romana.<\/span><span style=\"font-weight: 400;\">\r\n<\/span><span style=\"font-weight: 400;\">El Corral \u00e9s del segle XIX. Pel que fa a la cantereria romana cal esmentar que presenta una cronologia del segle I dC. S\u2019hi han trobat dos forns de producci\u00f3 cer\u00e0mica amb elements de construcci\u00f3 relacionats i, a m\u00e9s, s\u2019ha localitzat part de les estructures de la zona artesanal.<\/span><span style=\"font-weight: 400;\">\r\n<\/span>","imagen_lugares_interes":24040},{"titulo_lugares_interes":"La Iessa. Observatori astron\u00f2mic (reserva Starlight)","texto_lugares_interes":"<span style=\"font-weight: 400;\">Les instal\u00b7lacions a l\u2019Alto Negro permeten l\u2019aprofitament d\u2019un \u00abcel net\u00bb per a l\u2019observaci\u00f3 de tota mena d\u2019astres.<\/span><span style=\"font-weight: 400;\">\r\n<\/span><span style=\"font-weight: 400;\">Des del potencial paisatg\u00edstic i l\u2019elevat camp visual de la zona, les instal\u00b7lacions poden utilitzar-se per a formar, conscienciar i fomentar altres valors ambientals, en aquest cas naturals, per la qual cosa l\u2019\u00fas pot plantejar-se com a m\u00faltiple, encara que el principal siga l\u2019observaci\u00f3 astron\u00f2mica.<\/span><span style=\"font-weight: 400;\">\r\n<\/span><span style=\"font-weight: 400;\">\r\n<\/span><span style=\"font-weight: 400;\">El recurs es pot visitar amb reserva pr\u00e8via feta a l\u2019ajuntament.<\/span><span style=\"font-weight: 400;\">\r\n<\/span><span style=\"font-weight: 400;\">Es realitzen tallers i tamb\u00e9 se cedeix la seua utilitzaci\u00f3 a grups particulars.\u00a0 <\/span><span style=\"font-weight: 400;\">\r\n<\/span><span style=\"font-weight: 400;\">Cal contactar amb l\u2019ajuntament per a informaci\u00f3 i reserves: 961\u00a0636\u00a0034.<\/span><span style=\"font-weight: 400;\">\r\n<\/span><span style=\"font-weight: 400;\">Se cedeix gratu\u00eftament per a tallers o grups particulars.<\/span><span style=\"font-weight: 400;\">\r\n<\/span>","imagen_lugares_interes":24044},{"titulo_lugares_interes":"Pedralba. Barri antic i carrer de la S\u00e9quia","texto_lugares_interes":"<span style=\"font-weight: 400;\">El barri antic de Pedralba \u00e9s d\u2019origen \u00e0rab i compta tamb\u00e9 amb cases de principi del segle XX que conserven la seua estructura original. El canal de la s\u00e9quia mare jalona el carrer de la S\u00e9quia amb ponts i escales per a accedir a les cases.<\/span><span style=\"font-weight: 400;\">\r\n<\/span><span style=\"font-weight: 400;\">El tram del canal considerat hist\u00f2ric, que es mant\u00e9 a cel obert i amb pontets al nucli urb\u00e0, t\u00e9 uns 250 metres. Es va construir per a acostar l\u2019aigua prop de les muralles des del que llavors era un castell.<\/span><span style=\"font-weight: 400;\">\r\n<\/span>","imagen_lugares_interes":""},{"titulo_lugares_interes":"Sot de Xera. La Vall de l\u2019Alegria. L\u2019Anticlinal","texto_lugares_interes":"<b>\r\n<\/b><span style=\"font-weight: 400;\">\u00c9s una fita geol\u00f2gica de gran import\u00e0ncia en l\u2019\u00e0mbit de la geologia a causa del plegament quasi perfecte que es produeix entre les dues capes rocoses i que fa que Sot de Xera siga molt conegut a nivell geol\u00f2gic. <\/span><span style=\"font-weight: 400;\">\r\n<\/span><span style=\"font-weight: 400;\">A causa de la seua import\u00e0ncia \u00e9s visitat anualment per centenars de persones que arriben fins al municipi, exclusivament, per a veure de prop la s\u00e8rie d\u2019anticlinals i sinclinals que se succeeixen entre si. Est\u00e0 situat en el cam\u00ed que condueix a la font Santa Maria.<\/span><span style=\"font-weight: 400;\">\r\n<\/span>","imagen_lugares_interes":""},{"titulo_lugares_interes":"El Villar. Poblat iber de La Se\u00f1a","texto_lugares_interes":"<span style=\"font-weight: 400;\">El Poblat Ib\u00e8ric de La Se\u00f1a \u00e9s l\u2019\u00fanic jaciment ib\u00e8ric situat en pla, compta amb dos nivells ib\u00e8rics superposats: el primer, La Se\u00f1a 1, datat entre el 525 i el 450\/425 aC (Ib\u00e8ric Antic), i el segon, entre el 425 i el 150 aC (Ib\u00e8ric Ple).<\/span><span style=\"font-weight: 400;\">\r\n<\/span><span style=\"font-weight: 400;\">Les estructures visibles en l\u2019actualitat corresponen a La Se\u00f1a 1, amb alguns departaments, i a La Se\u00f1a 2, amb diverses cases situades a banda i banda d\u2019un carrer central, en una de les cases va apar\u00e8ixer l\u2019alm\u00e0ssera, tamb\u00e9 \u00e9s visible un tram considerable de muralla.<\/span><span style=\"font-weight: 400;\">\r\n<\/span><span style=\"font-weight: 400;\">Tots dos horitzons ocupen la mateixa superf\u00edcie i estan delimitats pel mateix recinte emmurallat. Degueren tindre un paper econ\u00f2mic similar, \u00e9s a dir, l\u2019explotaci\u00f3 agropecu\u00e0ria del seu entorn.<\/span>","imagen_lugares_interes":24052}]},"yoast_head":"<!-- This site is optimized with the Yoast SEO plugin v23.0 - https:\/\/yoast.com\/wordpress\/plugins\/seo\/ -->\n<title>Mancomunitat La Serrania | Val\u00e8ncia Turisme<\/title>\n<meta name=\"description\" content=\"La Mancomunitat de La Serrania, situada a l&#039;interior de la Prov\u00edncia de Val\u00e8ncia, est\u00e0 formada per 13 municipis, aquests s\u00f3n; Alcublas, Andilla, Bugarra, Calles, Casinos, Chulilla, Gestalgar, Higueruelas, La Yesa, Losa del Obispo, Pedralba, Sot de Chera i Villar del Arzobispo.\" \/>\n<meta name=\"robots\" content=\"index, follow, max-snippet:-1, max-image-preview:large, max-video-preview:-1\" \/>\n<link rel=\"canonical\" href=\"https:\/\/turisme.dival.es\/ca\/destino\/mancomunidad-la-serrania\/\" \/>\n<meta property=\"og:locale\" content=\"en_US\" \/>\n<meta property=\"og:type\" content=\"article\" \/>\n<meta property=\"og:title\" content=\"Mancomunitat La Serrania | Val\u00e8ncia Turisme\" \/>\n<meta property=\"og:description\" content=\"La Mancomunitat de La Serrania, situada a l&#039;interior de la Prov\u00edncia de Val\u00e8ncia, est\u00e0 formada per 13 municipis, aquests s\u00f3n; Alcublas, Andilla, Bugarra, Calles, Casinos, Chulilla, Gestalgar, Higueruelas, La Yesa, Losa del Obispo, Pedralba, Sot de Chera i Villar del Arzobispo.\" \/>\n<meta property=\"og:url\" content=\"https:\/\/turisme.dival.es\/ca\/destino\/mancomunidad-la-serrania\/\" \/>\n<meta property=\"og:site_name\" content=\"Valencia Turismo\" \/>\n<meta property=\"article:modified_time\" content=\"2022-05-24T09:51:11+00:00\" \/>\n<meta property=\"og:image\" content=\"https:\/\/turisme.dival.es\/wp-content\/uploads\/2021\/10\/Chulilla-calderones-1-scaled.jpg\" \/>\n\t<meta property=\"og:image:width\" content=\"2560\" \/>\n\t<meta property=\"og:image:height\" content=\"1920\" \/>\n\t<meta property=\"og:image:type\" content=\"image\/jpeg\" \/>\n<meta name=\"twitter:card\" content=\"summary_large_image\" \/>\n<script type=\"application\/ld+json\" class=\"yoast-schema-graph\">{\"@context\":\"https:\/\/schema.org\",\"@graph\":[{\"@type\":\"WebPage\",\"@id\":\"https:\/\/turisme.dival.es\/ca\/destino\/mancomunidad-la-serrania\/\",\"url\":\"https:\/\/turisme.dival.es\/ca\/destino\/mancomunidad-la-serrania\/\",\"name\":\"Mancomunitat La Serrania | Val\u00e8ncia Turisme\",\"isPartOf\":{\"@id\":\"https:\/\/turisme.dival.es\/#website\"},\"primaryImageOfPage\":{\"@id\":\"https:\/\/turisme.dival.es\/ca\/destino\/mancomunidad-la-serrania\/#primaryimage\"},\"image\":{\"@id\":\"https:\/\/turisme.dival.es\/ca\/destino\/mancomunidad-la-serrania\/#primaryimage\"},\"thumbnailUrl\":\"https:\/\/turisme.dival.es\/wp-content\/uploads\/2021\/10\/Chulilla-calderones-1-scaled.jpg\",\"datePublished\":\"2021-10-04T11:40:37+00:00\",\"dateModified\":\"2022-05-24T09:51:11+00:00\",\"description\":\"La Mancomunitat de La Serrania, situada a l'interior de la Prov\u00edncia de Val\u00e8ncia, est\u00e0 formada per 13 municipis, aquests s\u00f3n; Alcublas, Andilla, Bugarra, Calles, Casinos, Chulilla, Gestalgar, Higueruelas, La Yesa, Losa del Obispo, Pedralba, Sot de Chera i Villar del Arzobispo.\",\"inLanguage\":\"vl\",\"potentialAction\":[{\"@type\":\"ReadAction\",\"target\":[\"https:\/\/turisme.dival.es\/ca\/destino\/mancomunidad-la-serrania\/\"]}]},{\"@type\":\"ImageObject\",\"inLanguage\":\"vl\",\"@id\":\"https:\/\/turisme.dival.es\/ca\/destino\/mancomunidad-la-serrania\/#primaryimage\",\"url\":\"https:\/\/turisme.dival.es\/wp-content\/uploads\/2021\/10\/Chulilla-calderones-1-scaled.jpg\",\"contentUrl\":\"https:\/\/turisme.dival.es\/wp-content\/uploads\/2021\/10\/Chulilla-calderones-1-scaled.jpg\",\"width\":2560,\"height\":1920,\"caption\":\"OLYMPUS DIGITAL CAMERA\"},{\"@type\":\"WebSite\",\"@id\":\"https:\/\/turisme.dival.es\/#website\",\"url\":\"https:\/\/turisme.dival.es\/\",\"name\":\"valenciaturismo.com.mialias.net\",\"description\":\"\",\"potentialAction\":[{\"@type\":\"SearchAction\",\"target\":{\"@type\":\"EntryPoint\",\"urlTemplate\":\"https:\/\/turisme.dival.es\/?s={search_term_string}\"},\"query-input\":\"required name=search_term_string\"}],\"inLanguage\":\"vl\"}]}<\/script>\n<!-- \/ Yoast SEO plugin. -->","yoast_head_json":{"title":"Mancomunitat La Serrania | Val\u00e8ncia Turisme","description":"La Mancomunitat de La Serrania, situada a l'interior de la Prov\u00edncia de Val\u00e8ncia, est\u00e0 formada per 13 municipis, aquests s\u00f3n; Alcublas, Andilla, Bugarra, Calles, Casinos, Chulilla, Gestalgar, Higueruelas, La Yesa, Losa del Obispo, Pedralba, Sot de Chera i Villar del Arzobispo.","robots":{"index":"index","follow":"follow","max-snippet":"max-snippet:-1","max-image-preview":"max-image-preview:large","max-video-preview":"max-video-preview:-1"},"canonical":"https:\/\/turisme.dival.es\/ca\/destino\/mancomunidad-la-serrania\/","og_locale":"en_US","og_type":"article","og_title":"Mancomunitat La Serrania | Val\u00e8ncia Turisme","og_description":"La Mancomunitat de La Serrania, situada a l'interior de la Prov\u00edncia de Val\u00e8ncia, est\u00e0 formada per 13 municipis, aquests s\u00f3n; Alcublas, Andilla, Bugarra, Calles, Casinos, Chulilla, Gestalgar, Higueruelas, La Yesa, Losa del Obispo, Pedralba, Sot de Chera i Villar del Arzobispo.","og_url":"https:\/\/turisme.dival.es\/ca\/destino\/mancomunidad-la-serrania\/","og_site_name":"Valencia Turismo","article_modified_time":"2022-05-24T09:51:11+00:00","og_image":[{"width":2560,"height":1920,"url":"https:\/\/turisme.dival.es\/wp-content\/uploads\/2021\/10\/Chulilla-calderones-1-scaled.jpg","type":"image\/jpeg"}],"twitter_card":"summary_large_image","schema":{"@context":"https:\/\/schema.org","@graph":[{"@type":"WebPage","@id":"https:\/\/turisme.dival.es\/ca\/destino\/mancomunidad-la-serrania\/","url":"https:\/\/turisme.dival.es\/ca\/destino\/mancomunidad-la-serrania\/","name":"Mancomunitat La Serrania | Val\u00e8ncia Turisme","isPartOf":{"@id":"https:\/\/turisme.dival.es\/#website"},"primaryImageOfPage":{"@id":"https:\/\/turisme.dival.es\/ca\/destino\/mancomunidad-la-serrania\/#primaryimage"},"image":{"@id":"https:\/\/turisme.dival.es\/ca\/destino\/mancomunidad-la-serrania\/#primaryimage"},"thumbnailUrl":"https:\/\/turisme.dival.es\/wp-content\/uploads\/2021\/10\/Chulilla-calderones-1-scaled.jpg","datePublished":"2021-10-04T11:40:37+00:00","dateModified":"2022-05-24T09:51:11+00:00","description":"La Mancomunitat de La Serrania, situada a l'interior de la Prov\u00edncia de Val\u00e8ncia, est\u00e0 formada per 13 municipis, aquests s\u00f3n; Alcublas, Andilla, Bugarra, Calles, Casinos, Chulilla, Gestalgar, Higueruelas, La Yesa, Losa del Obispo, Pedralba, Sot de Chera i Villar del Arzobispo.","inLanguage":"vl","potentialAction":[{"@type":"ReadAction","target":["https:\/\/turisme.dival.es\/ca\/destino\/mancomunidad-la-serrania\/"]}]},{"@type":"ImageObject","inLanguage":"vl","@id":"https:\/\/turisme.dival.es\/ca\/destino\/mancomunidad-la-serrania\/#primaryimage","url":"https:\/\/turisme.dival.es\/wp-content\/uploads\/2021\/10\/Chulilla-calderones-1-scaled.jpg","contentUrl":"https:\/\/turisme.dival.es\/wp-content\/uploads\/2021\/10\/Chulilla-calderones-1-scaled.jpg","width":2560,"height":1920,"caption":"OLYMPUS DIGITAL CAMERA"},{"@type":"WebSite","@id":"https:\/\/turisme.dival.es\/#website","url":"https:\/\/turisme.dival.es\/","name":"valenciaturismo.com.mialias.net","description":"","potentialAction":[{"@type":"SearchAction","target":{"@type":"EntryPoint","urlTemplate":"https:\/\/turisme.dival.es\/?s={search_term_string}"},"query-input":"required name=search_term_string"}],"inLanguage":"vl"}]}},"_links":{"self":[{"href":"https:\/\/turisme.dival.es\/ca\/wp-json\/wp\/v2\/destino\/28967","targetHints":{"allow":["GET"]}}],"collection":[{"href":"https:\/\/turisme.dival.es\/ca\/wp-json\/wp\/v2\/destino"}],"about":[{"href":"https:\/\/turisme.dival.es\/ca\/wp-json\/wp\/v2\/types\/destino"}],"acf:attachment":[{"embeddable":true,"href":"https:\/\/turisme.dival.es\/ca\/wp-json\/wp\/v2\/media\/24052"},{"embeddable":true,"href":"https:\/\/turisme.dival.es\/ca\/wp-json\/wp\/v2\/media\/24050"},{"embeddable":true,"href":"https:\/\/turisme.dival.es\/ca\/wp-json\/wp\/v2\/media\/24048"},{"embeddable":true,"href":"https:\/\/turisme.dival.es\/ca\/wp-json\/wp\/v2\/media\/24046"},{"embeddable":true,"href":"https:\/\/turisme.dival.es\/ca\/wp-json\/wp\/v2\/media\/24044"},{"embeddable":true,"href":"https:\/\/turisme.dival.es\/ca\/wp-json\/wp\/v2\/media\/24040"},{"embeddable":true,"href":"https:\/\/turisme.dival.es\/ca\/wp-json\/wp\/v2\/media\/24038"},{"embeddable":true,"href":"https:\/\/turisme.dival.es\/ca\/wp-json\/wp\/v2\/media\/24036"},{"embeddable":true,"href":"https:\/\/turisme.dival.es\/ca\/wp-json\/wp\/v2\/media\/24034"},{"embeddable":true,"href":"https:\/\/turisme.dival.es\/ca\/wp-json\/wp\/v2\/media\/24032"},{"embeddable":true,"href":"https:\/\/turisme.dival.es\/ca\/wp-json\/wp\/v2\/media\/24030"}],"wp:featuredmedia":[{"embeddable":true,"href":"https:\/\/turisme.dival.es\/ca\/wp-json\/wp\/v2\/media\/24028"}],"wp:attachment":[{"href":"https:\/\/turisme.dival.es\/ca\/wp-json\/wp\/v2\/media?parent=28967"}],"wp:term":[{"taxonomy":"situacion","embeddable":true,"href":"https:\/\/turisme.dival.es\/ca\/wp-json\/wp\/v2\/situacion?post=28967"}],"curies":[{"name":"wp","href":"https:\/\/api.w.org\/{rel}","templated":true}]}}