{"id":28924,"date":"2021-09-17T11:21:11","date_gmt":"2021-09-17T11:21:11","guid":{"rendered":"https:\/\/turisme.dival.es\/destino\/otos\/"},"modified":"2021-12-13T15:09:10","modified_gmt":"2021-12-13T15:09:10","slug":"otos","status":"publish","type":"destino","link":"https:\/\/turisme.dival.es\/ca\/destino\/otos\/","title":{"rendered":"Otos"},"featured_media":84838,"template":"","situacion":[1450,1705],"class_list":["post-28924","destino","type-destino","status-publish","has-post-thumbnail","hentry","situacion-la-vall-dalbaida-ca","situacion-otos-ca"],"acf":{"titulo":"Otos","subtitulo":"","situacion":"Interior","banner":[{"imagen_banner":84838,"video_del_banner":null}],"descripcion":"A l\u2019ombra del Benicadell trobem el terme municipal d\u2019Otos, el qual s\u2019est\u00e9n d\u2019una forma estreta i allargada de forma perpendicular a la muntanya en direcci\u00f3 nord \u2013 sud.\r\n\r\nLa seua m\u00e0xima altitud (1022 m.) se situa en l\u2019Alt del Morral o \u00abCollao\u00bb, punt que serveix de divis\u00f2ria administrativa per a un total de quatre termes municipals. Actualment, la cota m\u00e9s baixa s\u2019aconsegueix al voltant dels 140 m. sobre el nivell del mar en una ubicaci\u00f3 bastant llunyana del nucli de poblaci\u00f3, al bell mitj\u00e0 de la Vall Blanca on el riu Albaida acaricia el poble de Benissuera i rep les aig\u00fces tribut\u00e0ries del riu Missena (hui dia territori inundable pel embassament\u00a0 de Bell\u00fas)","galeria-poblacion":[8385,8387,8389,8391,8393,8395,8397],"descripcion_2":"<h4>Gastronomia:<\/h4>\r\nDestaca a nivell gastron\u00f2mic, l\u2019arr\u00f2s al forn, l\u2019arr\u00f2s en tanda, \u201cl\u2019arr\u00f2s amb fesols i naps\u201d, i els dol\u00e7os \u201cfogassa\u201d i \u201cpastissets de boniato\u201d.\r\n<h4>Inter\u00e9s tur\u00edstic:<\/h4>\r\nL\u2019edifici m\u00e9s important d\u2019Otos, \u00e9s el Palau del Marqu\u00e8s de S.Jos\u00e9 (o d\u2019Otos), del segon ter\u00e7 del S.XVIII.\r\n\r\nEn l\u2019arquitectura religiosa, destaca l\u2019Esgl\u00e9sia Parroquial de la Pur\u00edssima Concepci\u00f3n ( S.XVIII)\r\n\r\nL\u2019ermita de la Mare de D\u00e9u dels Dolors.\r\n\r\n<strong>PALACIO DEL MARQU\u00c8S DE SAN JOS\u00c9( SEGLE XVIII)\r\n<\/strong>El Palau va ser totalment restaurat l\u2019any 2000 despr\u00e9s de moltes negociacions va poder comprar el Palau a l\u2019ONCE que era l\u2019\u00faltima propiet\u00e0ria de l\u2019edifici. El seu valor arquitect\u00f2nic i patrimonial \u00e9s incalculable.\r\n\r\n<strong>ESGL\u00c9SIA PARROQUIAL DE LA IMMACULADA CONCEPCI\u00d3N (1724-48)\r\n<\/strong>Estil neocl\u00e0ssic-jesu\u00edtic. Destaquen els frescos dels quatre evangelistes, l\u2019oli de la Sant\u00edssima Trinidad (atribu\u00eft a Vicente L\u00f3pez), la pila g\u00f2tic-renaixentista de pedra calc\u00e0ria, etc.\r\n\r\n<strong>ERMITA DE LA MARE DE D\u00c9U DELS DOLORS\r\n<\/strong>Del segle XVIII, amb les reformes posteriors com les pintures a la tanca sobre les escenes del calvari amb un estil rom\u00e0ntic, la lluminositat de les quals \u00e9s molt inusual. Tamb\u00e9 el seu retaule major.\r\n\r\n<strong>MICENA\r\n<\/strong>Torralba, lloses i alacrans, i Micena, el que no t\u00e9 pa no berenar.\r\n\r\nTorralba i Micena van ser poblaments dependents del castell de Carbonera que posteriorment es van annexionar al final d\u2019Otos.\r\n\r\nEl lloc de Micena va ser despoblat en el per\u00edode 1450-1527, despr\u00e9s del trasllat for\u00e7\u00f3s dels pocs sarra\u00efns que el poblaven. Va ser ordenat pels Bellv\u00eds, en aquells dies barons de B\u00e9lgida-Otos. De la parr\u00f2quia de B\u00e9lgida depenien les esgl\u00e9sies de Beniatjar, Otos, Carr\u00edcola i els termes de Torralba i Micena; el rector tenia dret als fruits primicials d\u2019aquests poblats, encara que la renda de les antigues mesquites de Carr\u00edcola i d\u2019Otos serien per a construir les respectives esgl\u00e9sies, segons un decret de primers d\u2019agost de 1541.\r\n\r\nFins fa mig segle servien de resid\u00e8ncia temporal per a la poblaci\u00f3 que treballava els bancals de la zona, ja que amb els mig de transport de l\u2019\u00e8poca no podien rec\u00f3rrer di\u00e0riament els cinc i sis quil\u00f2metres que els separen del poble, respectivament. A m\u00e9s elaboraven all\u00ed el vi i batien els cereals. Actualment estan totalment despoblats i en ru\u00efnes, sobretot \u00abTorralba la de dalt\u00bb, ja que la trucada \u00abTorralba la de baix\u00bb va ser derru\u00efda per a la construcci\u00f3 de la presa de Bell\u00fas.\r\n\r\nRecorre el terme d\u2019Otos, la sendera SL-10, que ens conduir\u00e0 fins a la Nevera de Pasqualet, excavada en la pedra, on antigament s\u2019emmagatzemava la neu. A prop hi ha una \u00e0rea recreativa.\r\n\r\nRuta dels Rellotges de Sol\r\n<h4>Festes:<\/h4>\r\nLes festes patronals se celebren al voltant dels dies 4-7 d\u2019agost: cavalcada, focs d\u2019artifici, cercaviles,etc., en honor al Sant Crist de la Fe, Sants Abd\u00f3n i Senent, i la Inmaculada. Se celebren altres festivitats, entre elles: S.Antoni (17 de gener), \u201cels cassoletes\u201d (dijous abans de carnestoltes).","color":"#9b861b","fiestas":null,"gastronomia":null,"mas_informacion":null,"turist-info":[{"nombre_oficina":"Tourist Info Otos","datos_oficina":"Telf.: 962358325 (Ayto.)\r\nFax 962358060"}],"turist-info_rel":null,"descargables":null,"localizacion_mapa":"<iframe src=\"https:\/\/www.google.com\/maps\/embed?pb=!1m18!1m12!1m3!1d3107.0655414939665!2d-0.44487933470458463!3d38.85385670711471!2m3!1f0!2f0!3f0!3m2!1i1024!2i768!4f13.1!3m3!1m2!1s0xd61907b02fd7159%3A0xb60a48b37114e25f!2s46844%20Otos%2C%20Valencia!5e0!3m2!1ses!2ses!4v1633011805890!5m2!1ses!2ses\" width=\"100%\" height=\"450\" style=\"border:0;\" allowfullscreen=\"\" loading=\"lazy\"><\/iframe>","destacados":null,"lugares_interes":null},"yoast_head":"<!-- This site is optimized with the Yoast SEO plugin v23.0 - https:\/\/yoast.com\/wordpress\/plugins\/seo\/ -->\n<title>Otos | Val\u00e8ncia Turisme<\/title>\n<meta name=\"description\" content=\"A l\u2019ombra del Benicadell trobem el terme municipal d\u2019Otos, el qual s\u2019est\u00e9n d\u2019una forma estreta i allargada de forma perpendicular a la muntanya en direcci\u00f3 nord \u2013 sud.\" \/>\n<meta name=\"robots\" content=\"index, follow, max-snippet:-1, max-image-preview:large, max-video-preview:-1\" \/>\n<link rel=\"canonical\" href=\"https:\/\/turisme.dival.es\/ca\/destino\/otos\/\" \/>\n<meta property=\"og:locale\" content=\"en_US\" \/>\n<meta property=\"og:type\" content=\"article\" \/>\n<meta property=\"og:title\" content=\"Otos | Val\u00e8ncia Turisme\" \/>\n<meta property=\"og:description\" content=\"A l\u2019ombra del Benicadell trobem el terme municipal d\u2019Otos, el qual s\u2019est\u00e9n d\u2019una forma estreta i allargada de forma perpendicular a la muntanya en direcci\u00f3 nord \u2013 sud.\" \/>\n<meta property=\"og:url\" content=\"https:\/\/turisme.dival.es\/ca\/destino\/otos\/\" \/>\n<meta property=\"og:site_name\" content=\"Valencia Turismo\" \/>\n<meta property=\"article:modified_time\" content=\"2021-12-13T15:09:10+00:00\" \/>\n<meta property=\"og:image\" content=\"https:\/\/turisme.dival.es\/wp-content\/uploads\/2021\/09\/otos-3.jpg\" \/>\n\t<meta property=\"og:image:width\" content=\"1920\" \/>\n\t<meta property=\"og:image:height\" content=\"1125\" \/>\n\t<meta property=\"og:image:type\" content=\"image\/jpeg\" \/>\n<meta name=\"twitter:card\" content=\"summary_large_image\" \/>\n<script type=\"application\/ld+json\" class=\"yoast-schema-graph\">{\"@context\":\"https:\/\/schema.org\",\"@graph\":[{\"@type\":\"WebPage\",\"@id\":\"https:\/\/turisme.dival.es\/ca\/destino\/otos\/\",\"url\":\"https:\/\/turisme.dival.es\/ca\/destino\/otos\/\",\"name\":\"Otos | Val\u00e8ncia Turisme\",\"isPartOf\":{\"@id\":\"https:\/\/turisme.dival.es\/#website\"},\"primaryImageOfPage\":{\"@id\":\"https:\/\/turisme.dival.es\/ca\/destino\/otos\/#primaryimage\"},\"image\":{\"@id\":\"https:\/\/turisme.dival.es\/ca\/destino\/otos\/#primaryimage\"},\"thumbnailUrl\":\"https:\/\/turisme.dival.es\/wp-content\/uploads\/2021\/09\/Otosweb.jpg\",\"datePublished\":\"2021-09-17T11:21:11+00:00\",\"dateModified\":\"2021-12-13T15:09:10+00:00\",\"description\":\"A l\u2019ombra del Benicadell trobem el terme municipal d\u2019Otos, el qual s\u2019est\u00e9n d\u2019una forma estreta i allargada de forma perpendicular a la muntanya en direcci\u00f3 nord \u2013 sud.\",\"inLanguage\":\"vl\",\"potentialAction\":[{\"@type\":\"ReadAction\",\"target\":[\"https:\/\/turisme.dival.es\/ca\/destino\/otos\/\"]}]},{\"@type\":\"ImageObject\",\"inLanguage\":\"vl\",\"@id\":\"https:\/\/turisme.dival.es\/ca\/destino\/otos\/#primaryimage\",\"url\":\"https:\/\/turisme.dival.es\/wp-content\/uploads\/2021\/09\/Otosweb.jpg\",\"contentUrl\":\"https:\/\/turisme.dival.es\/wp-content\/uploads\/2021\/09\/Otosweb.jpg\",\"width\":1000,\"height\":667},{\"@type\":\"WebSite\",\"@id\":\"https:\/\/turisme.dival.es\/#website\",\"url\":\"https:\/\/turisme.dival.es\/\",\"name\":\"valenciaturismo.com.mialias.net\",\"description\":\"\",\"potentialAction\":[{\"@type\":\"SearchAction\",\"target\":{\"@type\":\"EntryPoint\",\"urlTemplate\":\"https:\/\/turisme.dival.es\/?s={search_term_string}\"},\"query-input\":\"required name=search_term_string\"}],\"inLanguage\":\"vl\"}]}<\/script>\n<!-- \/ Yoast SEO plugin. -->","yoast_head_json":{"title":"Otos | Val\u00e8ncia Turisme","description":"A l\u2019ombra del Benicadell trobem el terme municipal d\u2019Otos, el qual s\u2019est\u00e9n d\u2019una forma estreta i allargada de forma perpendicular a la muntanya en direcci\u00f3 nord \u2013 sud.","robots":{"index":"index","follow":"follow","max-snippet":"max-snippet:-1","max-image-preview":"max-image-preview:large","max-video-preview":"max-video-preview:-1"},"canonical":"https:\/\/turisme.dival.es\/ca\/destino\/otos\/","og_locale":"en_US","og_type":"article","og_title":"Otos | Val\u00e8ncia Turisme","og_description":"A l\u2019ombra del Benicadell trobem el terme municipal d\u2019Otos, el qual s\u2019est\u00e9n d\u2019una forma estreta i allargada de forma perpendicular a la muntanya en direcci\u00f3 nord \u2013 sud.","og_url":"https:\/\/turisme.dival.es\/ca\/destino\/otos\/","og_site_name":"Valencia Turismo","article_modified_time":"2021-12-13T15:09:10+00:00","og_image":[{"width":1920,"height":1125,"url":"https:\/\/turisme.dival.es\/wp-content\/uploads\/2021\/09\/otos-3.jpg","type":"image\/jpeg"}],"twitter_card":"summary_large_image","schema":{"@context":"https:\/\/schema.org","@graph":[{"@type":"WebPage","@id":"https:\/\/turisme.dival.es\/ca\/destino\/otos\/","url":"https:\/\/turisme.dival.es\/ca\/destino\/otos\/","name":"Otos | Val\u00e8ncia Turisme","isPartOf":{"@id":"https:\/\/turisme.dival.es\/#website"},"primaryImageOfPage":{"@id":"https:\/\/turisme.dival.es\/ca\/destino\/otos\/#primaryimage"},"image":{"@id":"https:\/\/turisme.dival.es\/ca\/destino\/otos\/#primaryimage"},"thumbnailUrl":"https:\/\/turisme.dival.es\/wp-content\/uploads\/2021\/09\/Otosweb.jpg","datePublished":"2021-09-17T11:21:11+00:00","dateModified":"2021-12-13T15:09:10+00:00","description":"A l\u2019ombra del Benicadell trobem el terme municipal d\u2019Otos, el qual s\u2019est\u00e9n d\u2019una forma estreta i allargada de forma perpendicular a la muntanya en direcci\u00f3 nord \u2013 sud.","inLanguage":"vl","potentialAction":[{"@type":"ReadAction","target":["https:\/\/turisme.dival.es\/ca\/destino\/otos\/"]}]},{"@type":"ImageObject","inLanguage":"vl","@id":"https:\/\/turisme.dival.es\/ca\/destino\/otos\/#primaryimage","url":"https:\/\/turisme.dival.es\/wp-content\/uploads\/2021\/09\/Otosweb.jpg","contentUrl":"https:\/\/turisme.dival.es\/wp-content\/uploads\/2021\/09\/Otosweb.jpg","width":1000,"height":667},{"@type":"WebSite","@id":"https:\/\/turisme.dival.es\/#website","url":"https:\/\/turisme.dival.es\/","name":"valenciaturismo.com.mialias.net","description":"","potentialAction":[{"@type":"SearchAction","target":{"@type":"EntryPoint","urlTemplate":"https:\/\/turisme.dival.es\/?s={search_term_string}"},"query-input":"required name=search_term_string"}],"inLanguage":"vl"}]}},"_links":{"self":[{"href":"https:\/\/turisme.dival.es\/ca\/wp-json\/wp\/v2\/destino\/28924","targetHints":{"allow":["GET"]}}],"collection":[{"href":"https:\/\/turisme.dival.es\/ca\/wp-json\/wp\/v2\/destino"}],"about":[{"href":"https:\/\/turisme.dival.es\/ca\/wp-json\/wp\/v2\/types\/destino"}],"acf:attachment":[{"embeddable":true,"href":"https:\/\/turisme.dival.es\/ca\/wp-json\/wp\/v2\/media\/8397"},{"embeddable":true,"href":"https:\/\/turisme.dival.es\/ca\/wp-json\/wp\/v2\/media\/8395"},{"embeddable":true,"href":"https:\/\/turisme.dival.es\/ca\/wp-json\/wp\/v2\/media\/8393"},{"embeddable":true,"href":"https:\/\/turisme.dival.es\/ca\/wp-json\/wp\/v2\/media\/8391"},{"embeddable":true,"href":"https:\/\/turisme.dival.es\/ca\/wp-json\/wp\/v2\/media\/8389"},{"embeddable":true,"href":"https:\/\/turisme.dival.es\/ca\/wp-json\/wp\/v2\/media\/8387"},{"embeddable":true,"href":"https:\/\/turisme.dival.es\/ca\/wp-json\/wp\/v2\/media\/8385"}],"wp:featuredmedia":[{"embeddable":true,"href":"https:\/\/turisme.dival.es\/ca\/wp-json\/wp\/v2\/media\/84838"}],"wp:attachment":[{"href":"https:\/\/turisme.dival.es\/ca\/wp-json\/wp\/v2\/media?parent=28924"}],"wp:term":[{"taxonomy":"situacion","embeddable":true,"href":"https:\/\/turisme.dival.es\/ca\/wp-json\/wp\/v2\/situacion?post=28924"}],"curies":[{"name":"wp","href":"https:\/\/api.w.org\/{rel}","templated":true}]}}