{"id":28708,"date":"2021-09-17T11:59:52","date_gmt":"2021-09-17T11:59:52","guid":{"rendered":"https:\/\/turisme.dival.es\/destino\/xeraco\/"},"modified":"2022-02-09T17:10:16","modified_gmt":"2022-02-09T17:10:16","slug":"xeraco","status":"publish","type":"destino","link":"https:\/\/turisme.dival.es\/ca\/destino\/xeraco\/","title":{"rendered":"Xeraco"},"featured_media":9984,"template":"","situacion":[1448,1674],"class_list":["post-28708","destino","type-destino","status-publish","has-post-thumbnail","hentry","situacion-la-safor-ca","situacion-xeraco-ca"],"acf":{"titulo":"Xeraco","subtitulo":"","situacion":"Costa","banner":[{"imagen_banner":9980,"video_del_banner":null}],"descripcion":"Xeraco \u00e9s un municipi ubicat a la Comunitat Valenciana, al sud de la prov\u00edncia de Val\u00e8ncia i a la comarca de la Safor. Dista 56 quil\u00f2metres de Val\u00e8ncia capital i nom\u00e9s 5 quil\u00f2metres de Gandia. Xeraco limita al nord amb Tavernes de la Valldigna, a l\u2019est amb el mar Mediterrani, al sud amb Xeresa i Gandia i a l\u2019oest amb Benifair\u00f3 i Simat de la Valldigna. Xeraco t\u00e9 una poblaci\u00f3 de poc m\u00e9s de 6.000 habitants. El terme municipal de Xeraco t\u00e9 una extensi\u00f3 de 20,2 quil\u00f2metres quadrats. En la geografia de Xeraco ens trobem amb platja, muntanya, marjal i una \u00e0mplia superf\u00edcie agr\u00e0ria. El clima \u00e9s molt temperat al llarg de tot l\u2019any. Una de les caracter\u00edstiques m\u00e9s importants de Xeraco \u00e9s la seua extensa platja, amb una franja d\u2019arena de 3 quil\u00f2metres de longitud. El seu enorme cord\u00f3 dunar natural i la netedat de les seues aig\u00fces la converteixen en una de les platges amb m\u00e9s qualitat i tranquil\u2022litat de la prov\u00edncia de Val\u00e8ncia. A m\u00e9s de l\u2019important patrimoni tur\u00edstic i mediambiental de qu\u00e8 disposa Xeraco, com el centre hist\u00f2ric de la poblaci\u00f3 i els seus voltants, tamb\u00e9 es poden visitar uns quants llocs d\u2019inter\u00e9s hist\u00f2ric, com l\u2019esgl\u00e9sia de la Mare de D\u00e9u de l\u2019Encarnaci\u00f3, la torre de Guaita, la Cisterna i l\u2019ermita del Sant\u00edssim Crist de l\u2019Agonia.","galeria-poblacion":[9966,9968,9970,9972,9974,9976,9978,9980,9982],"descripcion_2":"<h4>Gastronomia:<\/h4>\r\nUn altre dels atractius tur\u00edstics de Xeraco \u00e9s la seua gastronomia, t\u00edpica de la zona de la Safor i caracteritzada, sobretot, pels arrossos. A Xeraco es poden tastar diversos tipus d\u2019arrossos exquisits, entre els qual cal destacar l\u2019arr\u00f2s al forn, l\u2019arr\u00f2s a banda o la sarsuela.\r\n\r\nEn qualsevol dels restaurants, tant del poble com de la platja de Xeraco, es poden degustar aquests plats, acompanyats de les amanides confeccionades amb productes de l\u2019horta de Xeraco.\r\n\r\nUna altra de les especialitats s\u00f3n les coques, principalment la coca salada, aut\u00e8ntic plat xeraquer que elaboren els forns de la localitat. Tamb\u00e9 cal destacar les pebreres farcides.\r\nTan importants com els plats anteriorment descrits s\u00f3n els dol\u00e7os de Xeraco: els pastissets, els bunyols, les coques\u2026 Un bon exemple dels dol\u00e7os de Xeraco es du a terme cada estiu a la platja de Xeraco. Els forns del poble, com tamb\u00e9 les associacions de Xeraco, posen a disposici\u00f3 de tothom els seus productes en la Mostra de Dol\u00e7os Tradicionals de Xeraco, on es poden adquirir tots aquests dol\u00e7os tradicionals del poble.\r\n<h4>Inter\u00e9s tur\u00edstic:<\/h4>\r\nA m\u00e9s de l\u2019important patrimoni tur\u00edstic i ambiental amb qu\u00e8 compta Xeraco, al centre hist\u00f2ric de la poblaci\u00f3 i els seus voltants, tamb\u00e9 poden visitar-se diversos monuments d\u2019inter\u00e9s hist\u00f2ric, com s\u00f3n l\u2019esgl\u00e9sia de la Mare de D\u00e9u de l\u2019Encarnaci\u00f3, la torre de Guaita, la Cisterna i l\u2019Ermita del Sant\u00edssim Crist de l\u2019Agonia.\r\n\r\n<strong>Esgl\u00e9sia de la mare de D\u00e9u de l\u2019Encarnaci\u00f3<\/strong>\r\nEst\u00e0 ubicada a la pla\u00e7a de l\u2019Esgl\u00e9sia, en ple centre hist\u00f2ric de Xeraco. La seua construcci\u00f3 data del segle XVIII i \u00e9s d\u2019estil neocl\u00e0ssic, amb fa\u00e7ana modernista. T\u00e9 dos campanars. T\u00e9 set capelles laterals.\r\n\r\n<strong>Torre de Guaita<\/strong>\r\nEs tracta d\u2019un dels emblemes de Xeraco. Situada a la ribera dreta del riu Vaca, en una zona denominada el Gorg, la part en qu\u00e8 el riu arriba al seu nivell m\u00e9s ample i fondo. Dista uns dos quil\u00f2metres de la platja. Es va construir al segle XVI i la seua finalitat era la vigil\u00e0ncia i la defensa mar\u00edtima del Regne de Val\u00e8ncia. Torre de planta circular.\r\n\r\n<strong>La Cisterna<\/strong>\r\nUbicada entre els carrers Cervantes i Pintor Sorolla, \u00e9s una construcci\u00f3 subterr\u00e0nia, fabricada amb pedra i amb coberta de volta de can\u00f3, que s\u2019utilitzava per a arreplegar-hi les aig\u00fces de corrents subterranis (1885). Actualment acull el museu local.\r\n\r\n<strong>Ermita del Sant\u00edssim Crist de l\u2019Agonia<\/strong>\r\nUbicada al centre hist\u00f2ric de Xeraco, la seua construcci\u00f3 data del segle XIX. L\u2019ermita est\u00e0 dedicada al patr\u00f3 de Xeraco: el Sant\u00edssim Crist de l\u2019Agonia.\r\n<h4>Festes:<\/h4>\r\nEls dies 16 i 17 de gener, se celebra la festivitat de Sant Antoni Abad: fogueres, benedicci\u00f3 d\u2019animals, pa bene\u00eft i romeria.\r\nDel 12 al 13 de juny, es festeja Sant Antonio de P\u00e0dua, patr\u00f3 de la localitat, amb actes l\u00fadics i religiosos.\r\nEl tercer cap de setmana de juliol, se celebra la festivitat de la Mare de D\u00e9u del Carme, i la tercera setmana d\u2019agost, les festes patronals en honor de Sant Isidre, Sant Rafael, la Mare de D\u00e9u dels Dolors i Sant Antoni de P\u00e0dua.\r\n\r\n<a href=\"https:\/\/turisme.dival.es\/ca\/playa\/xeraco\/\" target=\"_blank\" rel=\"noopener\">Platges de Xeraco.<\/a>","color":"#27c2de","fiestas":null,"gastronomia":null,"mas_informacion":null,"turist-info":[{"nombre_oficina":"Tourist Info Xeraco","datos_oficina":"Avenida Migjorn, 2 - Playa de Xeraco. 46770 Xeraco (Valencia).\r\nTel\u00e9fono: 962888261-962892540(Ayto.)\r\nEmail:\u00a0<a href=\"mailto:xeraco@touristinfo.net\">xeraco@touristinfo.net<\/a>\r\nP\u00e1gina web:\u00a0<a href=\"http:\/\/www.xeraco.es\/\" target=\"_blank\" rel=\"noopener\">http:\/\/www.xeraco.es<\/a>"}],"turist-info_rel":74802,"descargables":null,"localizacion_mapa":"<iframe src=\"https:\/\/www.google.com\/maps\/embed?pb=!1m18!1m12!1m3!1d6198.450242949951!2d-0.22076212539480428!3d39.03298630220213!2m3!1f0!2f0!3f0!3m2!1i1024!2i768!4f13.1!3m3!1m2!1s0xd61c3d2405a0e25%3A0x2933e4543ca8eea6!2s46770%20Xeraco%2C%20Valencia!5e0!3m2!1ses!2ses!4v1632988377534!5m2!1ses!2ses\" width=\"100%\" height=\"450\" style=\"border:0;\" allowfullscreen=\"\" loading=\"lazy\"><\/iframe>","destacados":null,"lugares_interes":null},"yoast_head":"<!-- This site is optimized with the Yoast SEO plugin v23.0 - https:\/\/yoast.com\/wordpress\/plugins\/seo\/ -->\n<title>Xeraco | Val\u00e8ncia Turisme<\/title>\n<meta name=\"description\" content=\"Xeraco \u00e9s un municipi ubicat a la Comunitat Valenciana, al sud de la prov\u00edncia de Val\u00e8ncia i a la comarca de la Safor. Dista 56 quil\u00f2metres de Val\u00e8ncia capital i nom\u00e9s 5 quil\u00f2metres de Gandia.\" \/>\n<meta name=\"robots\" content=\"index, follow, max-snippet:-1, max-image-preview:large, max-video-preview:-1\" \/>\n<link rel=\"canonical\" href=\"https:\/\/turisme.dival.es\/ca\/destino\/xeraco\/\" \/>\n<meta property=\"og:locale\" content=\"en_US\" \/>\n<meta property=\"og:type\" content=\"article\" \/>\n<meta property=\"og:title\" content=\"Xeraco | Val\u00e8ncia Turisme\" \/>\n<meta property=\"og:description\" content=\"Xeraco \u00e9s un municipi ubicat a la Comunitat Valenciana, al sud de la prov\u00edncia de Val\u00e8ncia i a la comarca de la Safor. Dista 56 quil\u00f2metres de Val\u00e8ncia capital i nom\u00e9s 5 quil\u00f2metres de Gandia.\" \/>\n<meta property=\"og:url\" content=\"https:\/\/turisme.dival.es\/ca\/destino\/xeraco\/\" \/>\n<meta property=\"og:site_name\" content=\"Valencia Turismo\" \/>\n<meta property=\"article:modified_time\" content=\"2022-02-09T17:10:16+00:00\" \/>\n<meta property=\"og:image\" content=\"https:\/\/turisme.dival.es\/wp-content\/uploads\/2021\/09\/xeracoportada-1.jpg\" \/>\n\t<meta property=\"og:image:width\" content=\"700\" \/>\n\t<meta property=\"og:image:height\" content=\"467\" \/>\n\t<meta property=\"og:image:type\" content=\"image\/jpeg\" \/>\n<meta name=\"twitter:card\" content=\"summary_large_image\" \/>\n<script type=\"application\/ld+json\" class=\"yoast-schema-graph\">{\"@context\":\"https:\/\/schema.org\",\"@graph\":[{\"@type\":\"WebPage\",\"@id\":\"https:\/\/turisme.dival.es\/ca\/destino\/xeraco\/\",\"url\":\"https:\/\/turisme.dival.es\/ca\/destino\/xeraco\/\",\"name\":\"Xeraco | Val\u00e8ncia Turisme\",\"isPartOf\":{\"@id\":\"https:\/\/turisme.dival.es\/#website\"},\"primaryImageOfPage\":{\"@id\":\"https:\/\/turisme.dival.es\/ca\/destino\/xeraco\/#primaryimage\"},\"image\":{\"@id\":\"https:\/\/turisme.dival.es\/ca\/destino\/xeraco\/#primaryimage\"},\"thumbnailUrl\":\"https:\/\/turisme.dival.es\/wp-content\/uploads\/2021\/09\/xeracoportada-1.jpg\",\"datePublished\":\"2021-09-17T11:59:52+00:00\",\"dateModified\":\"2022-02-09T17:10:16+00:00\",\"description\":\"Xeraco \u00e9s un municipi ubicat a la Comunitat Valenciana, al sud de la prov\u00edncia de Val\u00e8ncia i a la comarca de la Safor. Dista 56 quil\u00f2metres de Val\u00e8ncia capital i nom\u00e9s 5 quil\u00f2metres de Gandia.\",\"inLanguage\":\"vl\",\"potentialAction\":[{\"@type\":\"ReadAction\",\"target\":[\"https:\/\/turisme.dival.es\/ca\/destino\/xeraco\/\"]}]},{\"@type\":\"ImageObject\",\"inLanguage\":\"vl\",\"@id\":\"https:\/\/turisme.dival.es\/ca\/destino\/xeraco\/#primaryimage\",\"url\":\"https:\/\/turisme.dival.es\/wp-content\/uploads\/2021\/09\/xeracoportada-1.jpg\",\"contentUrl\":\"https:\/\/turisme.dival.es\/wp-content\/uploads\/2021\/09\/xeracoportada-1.jpg\",\"width\":700,\"height\":467},{\"@type\":\"WebSite\",\"@id\":\"https:\/\/turisme.dival.es\/#website\",\"url\":\"https:\/\/turisme.dival.es\/\",\"name\":\"valenciaturismo.com.mialias.net\",\"description\":\"\",\"potentialAction\":[{\"@type\":\"SearchAction\",\"target\":{\"@type\":\"EntryPoint\",\"urlTemplate\":\"https:\/\/turisme.dival.es\/?s={search_term_string}\"},\"query-input\":\"required name=search_term_string\"}],\"inLanguage\":\"vl\"}]}<\/script>\n<!-- \/ Yoast SEO plugin. -->","yoast_head_json":{"title":"Xeraco | Val\u00e8ncia Turisme","description":"Xeraco \u00e9s un municipi ubicat a la Comunitat Valenciana, al sud de la prov\u00edncia de Val\u00e8ncia i a la comarca de la Safor. Dista 56 quil\u00f2metres de Val\u00e8ncia capital i nom\u00e9s 5 quil\u00f2metres de Gandia.","robots":{"index":"index","follow":"follow","max-snippet":"max-snippet:-1","max-image-preview":"max-image-preview:large","max-video-preview":"max-video-preview:-1"},"canonical":"https:\/\/turisme.dival.es\/ca\/destino\/xeraco\/","og_locale":"en_US","og_type":"article","og_title":"Xeraco | Val\u00e8ncia Turisme","og_description":"Xeraco \u00e9s un municipi ubicat a la Comunitat Valenciana, al sud de la prov\u00edncia de Val\u00e8ncia i a la comarca de la Safor. Dista 56 quil\u00f2metres de Val\u00e8ncia capital i nom\u00e9s 5 quil\u00f2metres de Gandia.","og_url":"https:\/\/turisme.dival.es\/ca\/destino\/xeraco\/","og_site_name":"Valencia Turismo","article_modified_time":"2022-02-09T17:10:16+00:00","og_image":[{"width":700,"height":467,"url":"https:\/\/turisme.dival.es\/wp-content\/uploads\/2021\/09\/xeracoportada-1.jpg","type":"image\/jpeg"}],"twitter_card":"summary_large_image","schema":{"@context":"https:\/\/schema.org","@graph":[{"@type":"WebPage","@id":"https:\/\/turisme.dival.es\/ca\/destino\/xeraco\/","url":"https:\/\/turisme.dival.es\/ca\/destino\/xeraco\/","name":"Xeraco | Val\u00e8ncia Turisme","isPartOf":{"@id":"https:\/\/turisme.dival.es\/#website"},"primaryImageOfPage":{"@id":"https:\/\/turisme.dival.es\/ca\/destino\/xeraco\/#primaryimage"},"image":{"@id":"https:\/\/turisme.dival.es\/ca\/destino\/xeraco\/#primaryimage"},"thumbnailUrl":"https:\/\/turisme.dival.es\/wp-content\/uploads\/2021\/09\/xeracoportada-1.jpg","datePublished":"2021-09-17T11:59:52+00:00","dateModified":"2022-02-09T17:10:16+00:00","description":"Xeraco \u00e9s un municipi ubicat a la Comunitat Valenciana, al sud de la prov\u00edncia de Val\u00e8ncia i a la comarca de la Safor. Dista 56 quil\u00f2metres de Val\u00e8ncia capital i nom\u00e9s 5 quil\u00f2metres de Gandia.","inLanguage":"vl","potentialAction":[{"@type":"ReadAction","target":["https:\/\/turisme.dival.es\/ca\/destino\/xeraco\/"]}]},{"@type":"ImageObject","inLanguage":"vl","@id":"https:\/\/turisme.dival.es\/ca\/destino\/xeraco\/#primaryimage","url":"https:\/\/turisme.dival.es\/wp-content\/uploads\/2021\/09\/xeracoportada-1.jpg","contentUrl":"https:\/\/turisme.dival.es\/wp-content\/uploads\/2021\/09\/xeracoportada-1.jpg","width":700,"height":467},{"@type":"WebSite","@id":"https:\/\/turisme.dival.es\/#website","url":"https:\/\/turisme.dival.es\/","name":"valenciaturismo.com.mialias.net","description":"","potentialAction":[{"@type":"SearchAction","target":{"@type":"EntryPoint","urlTemplate":"https:\/\/turisme.dival.es\/?s={search_term_string}"},"query-input":"required name=search_term_string"}],"inLanguage":"vl"}]}},"_links":{"self":[{"href":"https:\/\/turisme.dival.es\/ca\/wp-json\/wp\/v2\/destino\/28708","targetHints":{"allow":["GET"]}}],"collection":[{"href":"https:\/\/turisme.dival.es\/ca\/wp-json\/wp\/v2\/destino"}],"about":[{"href":"https:\/\/turisme.dival.es\/ca\/wp-json\/wp\/v2\/types\/destino"}],"acf:post":[{"embeddable":true,"href":"https:\/\/turisme.dival.es\/ca\/wp-json\/wp\/v2\/turist_info\/74802"}],"acf:attachment":[{"embeddable":true,"href":"https:\/\/turisme.dival.es\/ca\/wp-json\/wp\/v2\/media\/9982"},{"embeddable":true,"href":"https:\/\/turisme.dival.es\/ca\/wp-json\/wp\/v2\/media\/9980"},{"embeddable":true,"href":"https:\/\/turisme.dival.es\/ca\/wp-json\/wp\/v2\/media\/9978"},{"embeddable":true,"href":"https:\/\/turisme.dival.es\/ca\/wp-json\/wp\/v2\/media\/9976"},{"embeddable":true,"href":"https:\/\/turisme.dival.es\/ca\/wp-json\/wp\/v2\/media\/9974"},{"embeddable":true,"href":"https:\/\/turisme.dival.es\/ca\/wp-json\/wp\/v2\/media\/9972"},{"embeddable":true,"href":"https:\/\/turisme.dival.es\/ca\/wp-json\/wp\/v2\/media\/9970"},{"embeddable":true,"href":"https:\/\/turisme.dival.es\/ca\/wp-json\/wp\/v2\/media\/9968"},{"embeddable":true,"href":"https:\/\/turisme.dival.es\/ca\/wp-json\/wp\/v2\/media\/9966"}],"wp:featuredmedia":[{"embeddable":true,"href":"https:\/\/turisme.dival.es\/ca\/wp-json\/wp\/v2\/media\/9984"}],"wp:attachment":[{"href":"https:\/\/turisme.dival.es\/ca\/wp-json\/wp\/v2\/media?parent=28708"}],"wp:term":[{"taxonomy":"situacion","embeddable":true,"href":"https:\/\/turisme.dival.es\/ca\/wp-json\/wp\/v2\/situacion?post=28708"}],"curies":[{"name":"wp","href":"https:\/\/api.w.org\/{rel}","templated":true}]}}