{"id":28661,"date":"2021-09-17T11:10:59","date_gmt":"2021-09-17T11:10:59","guid":{"rendered":"https:\/\/turisme.dival.es\/destino\/la-font-den-carros\/"},"modified":"2021-12-04T12:27:53","modified_gmt":"2021-12-04T12:27:53","slug":"la-font-den-carros","status":"publish","type":"destino","link":"https:\/\/turisme.dival.es\/ca\/destino\/la-font-den-carros\/","title":{"rendered":"La Font d\u00b4en Carr\u00f2s"},"featured_media":80219,"template":"","situacion":[1661,1448],"class_list":["post-28661","destino","type-destino","status-publish","has-post-thumbnail","hentry","situacion-la-font-den-carros-ca","situacion-la-safor-ca"],"acf":{"titulo":"La Font d\u00b4en Carr\u00f2s","subtitulo":"","situacion":"Interior","banner":[{"imagen_banner":80224,"video_del_banner":null}],"descripcion":"La Font d\u2019en Carr\u00f2s \u00e9s un municipi i amb gran potencial d\u2019aprofitament tur\u00edstic, aleshores, per tant, \u00e9s una poblaci\u00f3 rica en patrimoni paisatg\u00edstic, hist\u00f2ric, cultural i etnogr\u00e0fic de qualitat,\u00a0 on el turista pot buscar la ruralitat en el municipi, tradicions i tot el que conforma el seu context tur\u00edstic on es presenta com un lloc ideal per desconnectar a cinc minuts de la platja per la seua privilegiada situaci\u00f3 geogr\u00e0fica.","galeria-poblacion":[7580,7582,7584,7586,7588,7590,7592,7594,7596,7598,7600,7602,7604,7606,7608,7610,7612,7614,7616,7618,7620,7622],"descripcion_2":"<h4>Gastronomia:<\/h4>\r\nLa gastronomia elaborada en la poblaci\u00f3 \u00e9s la t\u00edpica mediterr\u00e0nia. Els pa\u00efsos riberencs del Mediterrani gaudeixen d\u2019un microclima que el fan diferent de la resta del m\u00f3n, la humitat, les moltes hores de sol, el seu clima benigne i la fertilitat de les seues terres donen una gran varietat en els fruits que s\u2019arrepleguen, la qual cosa d\u00f3na als habitants del lloc el privilegi d\u2019una economia de no subsist\u00e8ncia i en conseq\u00fc\u00e8ncia un refinament en l\u2019aspecte culinari. El resultat \u00e9s l\u2019elaboraci\u00f3 i transformaci\u00f3 dels productes que ens ofereix l\u2019 horta. La localitat t\u00e9 com a plats i dol\u00e7os t\u00edpics:\r\n<ul>\r\n \t<li>Arrossos caldosos.<\/li>\r\n \t<li>Arr\u00f2s al forn.<\/li>\r\n \t<li>Coques a la calf\u00f3<\/li>\r\n \t<li>Bon\u00edtol al forn<\/li>\r\n \t<li>L\u2019olla<\/li>\r\n \t<li>Carns a la brasa.<\/li>\r\n \t<li>Conill i pollastre sofregits.<\/li>\r\n \t<li>Espencat amb pebre, tomaca i alberg\u00ednia.<\/li>\r\n \t<li>Rotllos d\u2019aiguardent.<\/li>\r\n \t<li>La coca en ous.<\/li>\r\n \t<li>El pa benet del dia de Sant Antoni Abat.<\/li>\r\n<\/ul>\r\nLes receptes de tots estos plats i dol\u00e7os s\u00f3n senzilles, de f\u00e0cil elaboraci\u00f3 i en els restaurants i forns de tot el municipi es poden trobar o degustar segons l\u2019estaci\u00f3 de l\u2019any.\r\n<h4>Inter\u00e9s tur\u00edstic:<\/h4>\r\n<strong>Oficina de turisme (l\u2019antic ajuntament)\r\n<\/strong>Es tracta d\u2019un edifici que data del s. XIV. En les obres que s\u2019han efectuat recentment han quedat descobertes, les restes del primitiu porxo de la vila: un cobert d\u2019arcs de rajola, els pilars del qual suportaven, a la banda de dalt, l\u2019almod\u00ed municipal que estava destinat a la compra i la venda de blat i altres cereals. Tamb\u00e9 en aquest lloc es celebraven els consells on acudien tots el ve\u00efns per tractar temes d\u2019inter\u00e8s del poble. Actualment alberga l\u2019oficina de turisme de La Font i dos sales superiors per exposicions i futur museu.\r\n\r\n<strong>Plafons cer\u00e0mics devocionals\r\n<\/strong>La hist\u00f2ria dels plafons devocionals al carrer comen\u00e7a cap a la segona meitat del segle XVIII. Les imatges dels plafons s\u00f3n el reflex de la cultura popular d\u2019un moment hist\u00f2ric, pol\u00edtic i religi\u00f3s que manifesten la cultura i les tradicions del poble. \u00c9s una manifestaci\u00f3 religiosa- popular que ens permet recuperar o con\u00e8ixer antigues devocions. Els plafons cer\u00e0mics son part del patrimoni cultural del poble. Aquests taulells fan refer\u00e8ncia a unes imatges que es col\u00b7locaven a les fa\u00e7anes d\u2019algunes cases, doncs aquesta tradici\u00f3 s\u2019inicia segons els estudiosos, cap al 1750 aproximadament.\r\n\r\nEn La Font, com an\u00e8cdota, podem dir que en relaci\u00f3 a la seva poblaci\u00f3 i nombre de cases presenta una de les majors densitats de plafons devocionals per habitant que la resta de pobles de la Comunitat Valenciana. S\u00f3n m\u00e9s de 40 plafons prou interessants a les fa\u00e7anes de les cases i alguns a l\u2019 interior. Altres, malauradament, han desaparegut i es desconeix el seu parader.\r\n\r\nL\u2019objectiu de la seva ubicaci\u00f3 \u00e9s fer p\u00fablica la seva devoci\u00f3, \u00e9s a dir, alguns ve\u00efns feien promeses perqu\u00e8 els seus familiars milloraren d\u2019algunes malalties o que les desgr\u00e0cies no arribaren a sa casa, entre altres coses. Si aix\u00f2 es complia, col\u00b7locaven aquests taulellets amb la imatge del sant al que havien fet la promesa en senyal de gratitud.\r\n\r\n<strong>\u00a0Muralles del Rafal\u00ed\r\n<\/strong>Un element d\u2019inter\u00e8s hist\u00f2ric \u00e9s la Muralla del Rafal\u00ed. El primer nucli de poblaci\u00f3 de La Font es va establir en la part m\u00e9s alta denominant-se El Rafal\u00ed i aquest primer nucli de poblaci\u00f3 va estar emmurallat per a la defensa dels seus habitants.\r\n\r\nComprenia l\u2019 actual solar de l\u2019esgl\u00e9sia de Sant Anton\u00ed m\u00e0rtir i alguns carrers del seu voltant.\r\n\r\nEs tracta per tant, d\u2019un tra\u00e7at pertanyent al s. XIV i constru\u00eft a l\u2019estil mud\u00e8jar, amb una extensi\u00f3 aproximada de 800 metres lineals, existint en l\u2019actualitat restes que ho justifiquen i que es poden observar si ens passegem per el poble.\r\n\r\nEn la seva part Est tamb\u00e9 va existir la porta d\u2019acc\u00e9s a la fortificaci\u00f3 denominada Portal Roig, que va ser la porta d\u2019eixida cap al Castell del Rebollet, un punt fort de la defensa \u00e0rab i posteriorment cristiana en aquesta zona.\r\n\r\nLes restes de les muralles que hi han, actualment molt deteriorades, acredita malgrat el seu estat, la certesa de l\u2019antiguitat del municipi.\r\n\r\nEl conjunt fortificat del Portal Roig i el Rafal\u00ed forma una esp\u00e8cie de fort\u00ed, amb un recinte poligonal dotat de torres i flancs en forma de serra, la qual cosa permetia la defensa de la entrada oriental de la vila, per el portal Roig, aix\u00ed com el control i la vigil\u00e0ncia dels dos camins que, des d\u2019orient, arriben fins les portes d\u2019aquest singular lloc: el cam\u00ed del Calvari, que uneix els assentaments del castell i vila de Rebollet amb el poble i el cam\u00ed del cementeri vell, que rodeja per el sud on s\u2019assenta La Font.\r\n\r\nActualment, la muralla sols es pot observar per fora del recinte, quedant restes de l\u2019empedrat primitiu que cobria el cam\u00ed del Calvari, encara que es pot accedir al seu interior en moments puntuals com algun acte (un concert de piano que s\u2019ha fet per exemple). Recomanem un passeig per aquesta part del casc hist\u00f2ric del poble.\r\n\r\n<strong>Esgl\u00e9sia de Sant Antoni M\u00e0rtir\r\n<\/strong>L\u2019esgl\u00e9sia parroquial, es troba situada en la part m\u00e9s alta del poble, l\u2019origen cal buscar-lo en l\u2019antiga mesquita que ocupava el solar de l\u2019actual temple parroquial. Fou arran de la conquesta cristiana (segles XIII) que pass\u00e0 en mans de la fam\u00edlia Carr\u00f2s i fou convertida en esgl\u00e9sia cristiana l\u2019any 1329 (una de les m\u00e9s antigues de la comarca), d\u2019estil g\u00f2tic i consagrada sota l\u2019advocaci\u00f3 i la devoci\u00f3 dels Carr\u00f2s envers el sant itali\u00e0 de la regi\u00f3 de Sardenya sant Antonino (o Anton\u00ed) M\u00e0rtir.\r\n\r\nEs tracta d\u2019una esgl\u00e9sia estructurada en 6 trams amb capelles entre els contraforts. L\u2019acc\u00e9s a l\u2019edifici es fa per la porta principal, dels peus de la nau. La nau central, \u00e9s d\u2019estil g\u00f2tic i est\u00e0 coberta amb potents arcs apuntats de rajola que sostenen la volta de creueria g\u00f2tica.\r\n\r\n\u2013\u00a0<strong>Sala del baptisme<\/strong>: per a batejar- se s\u2019entrava per aquesta porta i una vegada batejat ja entraves a l\u2019esgl\u00e9sia i despr\u00e9s sorties per la porta principal, \u00e9s a dir, sempre es feia a\u00e7\u00f2 per separat: \u201ccom ja eres cristi\u00e0, ja podies entrar a l\u2019esgl\u00e9sia i sortir per la porta gran\u201d.\r\n\r\n\u2013\u00a0<strong>Interior del temple<\/strong>: es tracta d\u2019una esgl\u00e9sia estructurada en 6 trams amb capelles entre els contraforts. L\u2019acc\u00e9s a l\u2019edifici es fa per la porta principal, dels peus de la nau. La nau central, \u00e9s d\u2019estil g\u00f2tic i est\u00e0 coberta amb potents arcs apuntats de rajola que sostenen la volta de creueria g\u00f2tica.\r\n\r\n\u2013\u00a0<strong>Capella de la Mare de D\u00e9u dels Dolors:\u00a0<\/strong>realitzada despr\u00e9s de la guerra, a un dels costats del presbiteri es pot distingir una entrada lateral oberta a la pla\u00e7a, de final del segle XIX, que fa de capella baptismal.\r\n\r\nLa pila baptismal \u00e9s d\u2019abans de guerra i est\u00e0 llaurada en marbre. Destaca el quadre del baptisme d\u2019estil barroc i un Crist de l\u2019Empar que foren realitzats durant la postguerra.\r\n\r\n\u2013<strong>\u00a0Capella dedicada a la Pur\u00edssima i a la Mare de D\u00e9u del Pilar (s. XVII)<\/strong>: La Pur\u00edssima Immaculada presideix la forn\u00edcula central i \u00e9s una obra de l\u2019escultor Josep M\u00aa Ponsoda i fou realitzada despr\u00e9s de la guerra. De la mateixa \u00e8poca \u00e9s la Mare de D\u00e9u del Pilar que trobem als peus de la Pur\u00edssima dins d\u2019una vitrina, c\u00f2pia de la patrona conservada a la catedral de Saragossa.\r\n\r\n\u2013<strong>Capella de la Mare de D\u00e9u del Remei (s. XVII)<\/strong>: en aquesta parr\u00f2quia existeixen 2 antiqu\u00edssims sepulcres, 2 interessants sarc\u00f2fags del s. XIV que pertanyien a la fam\u00edlia Carr\u00f2s.\r\n\r\nEl primer dels sepulcres, pertany a Francesc Carr\u00f2s I (pare) al costat esquerre de dita capella. A l\u2019altra banda, al costat dret, trobem el sepulcre de Francesc Carr\u00f2s II (fill). Aquests sepulcres foren trobats casualment entre les ru\u00efnes del Castell del Rebollet en 1747 per un ve\u00ed del poble. Aleshores, a instancia de la duquessa de Gandia i Sra. del Castell del Rebollet, es traslladaren les restes a la capella de la Mare de D\u00e9u del Remei, de La Font, el 23 d\u2019abril 1748.\r\n\r\n\u2013\u00a0<strong>Capella de la Mare de D\u00e9u del Roser:\u00a0<\/strong>realitzada despr\u00e9s de la guerra. La Mare de D\u00e9u del Roser \u00e9s una de les diverses advocacions de la\u00a0<a href=\"http:\/\/ca.wikipedia.org\/wiki\/Mare_de_D%C3%A9u\">Mare de D\u00e9u<\/a>. El seu nom prov\u00e9 del mot \u2018roser\u2019.\r\n\r\n\u2013\u00a0<strong>A l\u2019entrada de l\u2019esgl\u00e9sia<\/strong>\u00a0distingirem 4 imatges: a la dreta, estan la Divina Aurora i la Dormici\u00f3 de la Mare de D\u00e9u; mentre que a l\u2019esquerra, apareix Sant Antoni de P\u00e0dua i el Crist, totes les obres fetes per Ponsoda.\r\n\r\n\u2013<strong>En la capella de la Mare de D\u00e9u del Carme (s. XVII)<\/strong>, que trobarem situats a la part dreta des dels peus de l\u2019esgl\u00e9sia, la imatge ocupa un retaule d\u2019estil neocl\u00e0ssic.\r\n\r\n\u2013\u00a0<strong>Capella de Sant Josep<\/strong>\u00a0<strong>(s. XVII)\u00a0<\/strong>d\u2019estil neocl\u00e0ssic: l\u2019obra est\u00e0 realitzada en fusta de pi policromat i t\u00e9 1,50m d\u2019al\u00e7ada. Als peus de Sant Josep, es poden veure les imatges dels Sants de la pedra, Abd\u00f3 i Senent, protectors dels treballs de la pedra i del camp, obra de Ponsoda i realitzades l\u2019any 1950. Del mateix any i autor \u00e9s el cor de Jes\u00fas que s\u2019ubica a l\u2019ultima capella mitgera amb la Sagristia.\r\n\r\nUn fet destacable, ocorregut l\u2019any 1598, fou un terratr\u00e8mol que assol\u00e0 la comarca de la Safor i deix\u00e0 el castell del Rebollet pr\u00e0cticament en ru\u00efnes.\u00a0 Llavors, l\u2019esposa de Carles II de Borja, comte d\u2019 Oliva i bar\u00f3 del Rebollet, decid\u00ed traslladar en abs\u00e8ncia del seu marit els objectes sagrats de la capella del castell a l\u2019esgl\u00e9sia parroquial de La Font.\r\n\r\nEntre els objectes traslladats estaven la creu g\u00f2tica, com altres peces d\u2019orfebreria que estan en la sagristia de l\u2019esgl\u00e9sia.\r\n\r\n\u2013\u00a0<strong>La capella del Crist de l\u2019Empar (s. XIX-XX)<\/strong>, fou constru\u00efda durant 1890 i fou bastida en l\u2019estil neocl\u00e0ssic que imperava en l\u2019\u00e8poca. En la c\u00fapula es representen els 4 evangelistes en les petxines. En la capella distingirem 2 llen\u00e7os que representen als Sants metges i al Crist de l\u2019Empar.\r\n\r\nEl quadre dels Sants metges, mostra a Cosme i Dami\u00e0 en una obra barroca d\u2019autor an\u00f2nim corresponent a la 2\u00aa meitat del s. XVIII. En els laterals de la capella, destaquen 2 quadres moderns de grans dimensions (Remigio Soler), on es representen els passatges b\u00edblics del Dijous Sant a la dreta, i l\u2019escena dels pans i peixos a l\u2019esquerra. Finalment, als costats de l\u2019altar del Crist, trobem la reproducci\u00f3 de Sant Pere i Sant Pau.\r\n\r\n\u2013\u00a0<strong>L\u2019altar de la capella<\/strong>, est\u00e0 presidit per Crist de l\u2019Empar, en un retaule estructurat en 3 cossos de fusta policromada i decorat en l\u2019estil del renaixement tard\u00e0, m\u00e9s pr\u00f2xim al plateresc. Als peus del Crist, destaca el sagrari de bronze realitzat en estil barroc.\r\n\r\nEl Crist que actualment presideix la capella \u00e9s una c\u00f2pia exacta de l\u2019antiga imatge desapareguda en guerra.\r\n\r\n<strong>\u00a0Els Xorros\r\n<\/strong>En la pla\u00e7a m\u00e9s c\u00e8ntrica i m\u00e9s significativa per al poble, es troba l\u2019emblem\u00e0tica font que d\u00f3na nom al nostre poble, coneguda popularment com \u201c<em>els Xorros<\/em>\u201d. Antigament no existia aigua potable en els habitatges i aleshores els ve\u00efns acudien a la font dels Xorros per abastir- se. Aix\u00ed doncs, entre els anys 1911-1929, es realitz\u00e0 un pou en la pla\u00e7a de l\u2019esgl\u00e9sia i amb una s\u00e8nia es treia l\u2019aigua per a que la gent que vivia en la part alta de la poblaci\u00f3 es pogu\u00e9s abastir d\u2019aigua sense tindre que baixar fins a la pla\u00e7a.\r\n\r\nAntigament no existia aigua potable en els habitatges i aleshores els ve\u00efns acudien a la font dels Xorros per abastir-se. Aix\u00ed doncs, entre els anys 1911-1929, es realitz\u00e0 un pou en la pla\u00e7a de l\u2019esgl\u00e9sia i amb una s\u00e8nia es treia l\u2019aigua per a que la gent que vivia en la part alta de la poblaci\u00f3 es pogu\u00e9s abastir d\u2019aigua sense tindre que baixar fins a la pla\u00e7a.\r\n\r\nEntre els anys 1949-1950, la pla\u00e7a fou objecte de reformes i l\u2019antiga font fou destru\u00efda, construint-ne una altra amb forma octogonal amb pedres de marbre en la mateixa pla\u00e7a.\r\n\r\nEn l\u2019any 1950 com a conseq\u00fc\u00e8ncia de la urbanitzaci\u00f3 dels carrers, la font i el que s\u2019utilitzava com a llavador p\u00fablic, van ser traslladats i es va construir la nova font en la deguda conducci\u00f3 d\u2019aig\u00fces.\r\n\r\nL\u2019ajuntament, de nou, va reestructurar la pla\u00e7a a l\u2019any 1971. El projecte contava amb la pavimentaci\u00f3 i urbanitzaci\u00f3 de la pla\u00e7a Francesc Carr\u00f2s i el trasllat de la font p\u00fablica al seu lloc actual per a que la hist\u00f2rica font, que li d\u00f3na nom a aquest poble, La Font d\u2019en Carr\u00f2s, sigui tamb\u00e9 un lloc emblem\u00e0tic del nostre poble. Les figures son originals de les antigues fonts.\r\n\r\nCom an\u00e8cdota les xiques joves eren les que s\u2019encarregaven d\u2019omplir les botiges per a veure a la pla\u00e7a al seu xic, es el que es dia \u201ca fer la fugida als Xorros\u201d.\r\n\r\nEn l\u2019actualitat aquesta placeta es troba embellida amb jardins amb l\u2019objectiu de que aquesta font que dona nom al poble, sigui un lloc simb\u00f2lic i emblem\u00e0tic. De fet, es en aquest punt on es concentra i reuneix la major part de les celebracions festives.\r\n\r\n<strong>\u00a0Ermita de Sant Antoni\r\n<\/strong>A la placeta de Sant Antoni, ens trobem l\u2019ermita de Sant Antoni, que est\u00e0 ubicada en un barri de tra\u00e7at medieval en el qual es trobava assentada la moreria del poble en l\u2019\u00e8poca musulmana, separada pel barranc que dividia el poble, separant els habitatges dels moriscos o cristians nous i la dels cristians vells. Antigament, hi havia una mesquita \u00e0rab que va ser enderrocada durant la guerra de la Germania (1521). Va ser constru\u00efda de nou i dedicada al culte cristi\u00e0, entre 1530 i 1580.\r\n\r\nCal esmentar a m\u00e9s, l\u2019inter\u00e8s que t\u00e9 aquesta pla\u00e7a en l\u2019actualitat quan es celebra el porrat que es celebra en honor a Sant Antoni, durant un cap de setmana dins del mes de gener, remuntant-se l\u2019origen d\u2019aquesta tradici\u00f3 al s. XVI al voltant de l\u2019ermita dedicada a aquest sant, comportant aquesta festa i tradici\u00f3 actes religiosos, on destaca una missa de benedicci\u00f3 de pans i animals, aix\u00ed com tamb\u00e9 altres activitats de festa no religioses amb car\u00e0cter cultural o l\u00fadic que estructuren un suport tur\u00edstic.\r\n\r\n<strong>Ermita de Sant Miquel\r\n<\/strong>Del s. XVI i d\u2019estructura g\u00f2tica, amb bigues de fusta i coberta amb teules \u00e0rabs, es troba situada dalt d\u2019un tossal entre els termes de Rafelcofer i l\u2019Alqueria de la Comtessa, encara que aquesta \u00e9s propietat de La Font. El seu acc\u00e9s es fa per l\u2019antic cam\u00ed de X\u00e0tiva.\r\n\r\nEn aquest lloc s\u2019han trobat nombrosos materials arqueol\u00f2gics de diferents etapes hist\u00f2riques, la qual cosa fa pensar que va ser un punt estrat\u00e8gic per les diferents civilitzacions que van passar per aquestes terres.\r\n\r\nLa seva construcci\u00f3 es va realitzar en un lloc en que probablement existien restes romanes, convertint-se posteriorment en mesquita durant la invasi\u00f3 \u00e0rab i despr\u00e9s en esgl\u00e9sia-ermita cristiana. Hi ha documents en que es menciona que foren trobats restes romanes com monedes, l\u00e0pides, restes d\u2019est\u00e0tues i cer\u00e0miques.\r\n\r\nEn el seu cim s\u2019aguaiten l\u2019ermita amb el seu porxo de tres arcs, front\u00f3 i espadanya, amb una casa adossada que antigament era habitada per l\u2019ermit\u00e0. Hi ha documents diversos i mem\u00f2ries en el que s\u2019hi parla de la seva utilitzaci\u00f3, costums i an\u00e8cdotes que van tindre lloc en aquesta ermita, com \u00e9s l\u2019exemple que l\u2019ermit\u00e0 que hi habitava, subsistia d\u2019almoines, per\u00f2 quan no eren suficients, les arques municipals es feien c\u00e0rrec d\u2019ell.\r\n\r\nL\u2019edifici de planta quadrada est\u00e0 enrajolat amb taulells rojos al llarg de les parets. La seva construcci\u00f3 es va realitzar en el lloc que probablement existien restes romanes, convertint-se posteriorment en mesquita en la invasi\u00f3 ar\u00e0biga i despr\u00e9s en esgl\u00e9sia ermita cristiana. La imatge de Sant Miquel es troba en l\u2019esgl\u00e9sia parroquial de La Font, ja que l\u2019antiga va desapar\u00e8ixer igual que la seva campana.\r\n\r\nCada any els ve\u00efns de la Font acudeixen a realitzar la romeria en honor a aquest sant el \u00faltim diumenge del mes de setembre.\r\n\r\nCal destacar tamb\u00e9 que l\u2019entorn natural en que s\u2019hi troba, es caracter\u00edstica ja que es poden trobar una gran varietat de plantes medicinals pr\u00f2pies de la nostra comarca com son: timonet, pebrella, tim\u00f3 i romer.\r\n\r\n<strong>El Patronat\r\n<\/strong>Es tracta d\u2019un edifici religi\u00f3s i emblem\u00e0tic en el que la seva construcci\u00f3 data del 1921. \u00c9s un edifici de planta quadrada amb claustre interior que va servir per a una congregaci\u00f3 de monges (mares de la puresa). Aquest convent es va utilitzar durant diverses d\u00e8cades com a col\u00b7legi de la Puresa portat per les monges de l\u2019 esmentada congregaci\u00f3, sent la seva principal funci\u00f3 la educaci\u00f3 i la caritat.\r\n\r\nAquest edifici \u00e9s propietat de la parr\u00f2quia del municipi. En la d\u00e8cada dels noranta, van ser rehabilitades les instal\u00b7lacions de la part baixa i l\u2019edifici que es trobaven en un estat prou deteriorat.\r\n\r\nActualment s\u2019utilitza per a les classes de preparaci\u00f3 per a la comuni\u00f3, confirmaci\u00f3 i matrimoni. Mitjan\u00e7ant un conveni amb l\u2019ajuntament tamb\u00e9 s\u2019utilitzen algunes de les seves depend\u00e8ncies per a actes socials i culturals on es desenvolupen activitats culturals com s\u00f3n exposicions, escola d\u2019estiu i cine d\u2019estiu al pati, etc.\r\n\r\n<strong>\u00a0<\/strong><strong>PARCS<\/strong>\r\n\r\n<strong>\u00a0Parc del Calvari\r\n<\/strong>\u00c0rea recreativa situada a la zona alta del nucli vell fora del nucli urb\u00e0 i per la seva situaci\u00f3 elevada \u00e9s ideal gaudir de la seva natura, condicionada com a zona verda i espai recreatiu amb bancs i taules, parc infantil, etc. \u00a0En aquest lloc es celebra el Viacrucis de la Setmana Santa que ha donat nom a aquesta zona, aix\u00ed com tamb\u00e9 la tradicional festa de la Bad\u00e0 que tradicionalment es celebra el dia seg\u00fcent al dia de Sant Vicent, on conjuguen berenar popular amb jocs tradicionals.\r\n\r\nEs tracta d\u2019un nucli condicionat com a zona verda i espai recreatiu amb plantes aut\u00f2ctones, aigua potable, taules, bancs, paellers i parc infantil. Per la seva situaci\u00f3 elevada es poden apreciar paisatges espl\u00e8ndids. \u00c9s una zona de recreaci\u00f3, ideal per a passar un dia d\u2019aut\u00e8ntic descans i contacte directe amb la naturalesa.\r\n\r\nEn l\u2019entrada de la dita zona s\u2019han instal\u00b7lat casetes del \u201cvia crucis\u201d, a fi de recuperar el que d\u2019antany existia, el \u201cvia crucis\u201d de la setmana santa i que va donar el nom a dita zona. Des d\u2019aquest parc s\u2019inicia la senda circular SL V60 que fa possible visitar el castell del Rebollet. Un recorregut d\u2019uns 45 minuts, amb magn\u00edfiques vistes al mar mediterrani, que fan d\u2019aix\u00f2 un passeig agradable.\r\n\r\n<strong>\u00a0Parc Tirant i Carmesina\r\n<\/strong>Es tracta d\u2019un parc amb una gran illa com a zona d\u2019\u00fas p\u00fablic, enjardinada, amb parc infantil, pista esportiva i escenari per a espectacles a l\u2019aire lliure.\r\n\r\n<strong>Parc de la Plana\r\n<\/strong>Zona d\u2019esplai que compta amb zones enjardinades, parc infantil, pista esportiva, torradors, bancs, taules i serveis p\u00fablics. Es un lloc molt agradable per passar un dia amb la fam\u00edlia i amics, envoltats de natura. Es recomana, tamb\u00e9, un passeig amb bicicleta o caminar fins la Plana. A m\u00e9s, per als amants del esports, hi ha al costat un poliesportiu (amb pistes de tenis, p\u00e0del, camp de futbol, etc.) i la piscina municipal (oberta a l\u2019estiu).\r\n\r\n<strong>Parc del cementeri\r\n<\/strong>\u00c9s un xicotet parc situat en la part sud-est de la poblaci\u00f3. \u00c9s una zona de gran arbratge, amb bancs, mobiliari infantil i font d\u2019aigua, sense cap particularitat mes que ser l\u2019inici d\u2019una altra de les rutes m\u00e9s importants del nostre municipi \u201cRuta de l\u2019Estepar-Fontanelles\u201d.\r\n<h4>Festes:<\/h4>\r\n<strong>El porrat de Sant Antoni de La Font d\u2019en Carr\u00f2s\r\n<\/strong>La tradici\u00f3 del porrat popular \u00e9s una festa on es celebra baix l\u2019advocaci\u00f3 d\u2019un sant al qual es venera en una ermita o santuari. A banda, de l\u2019element religi\u00f3s tradicional, l\u2019altre element caracter\u00edstic d\u2019aquesta festa consisteix en un mercat a l\u2019aire lliure on es posen a la venda productes tradicionals, dol\u00e7os, fruits secs, productes artesanals, etc..\r\n\r\nL\u2019origen d\u2019aquest costum popular s\u2019atribueix a la veneraci\u00f3 dels Sants dins d\u2019un context de societat d\u2019economia agr\u00e0ria i ramadera. Actualment, es mant\u00e9 aquesta tradici\u00f3 encara que hagi canviat el context econ\u00f2mic. En La Font, aquesta tradici\u00f3 comen\u00e7a en el s. XVI en el barri de l\u2019ermita de Sant Antoni (situada a la pla\u00e7a, en ple casc urb\u00e0), celebrant-se la festa en el mes de gener.\r\n\r\nLa festa comporta actes religiosos dedicats al sant i consisteix en un missa de benedicci\u00f3 de pans i animals, aix\u00ed com tamb\u00e9 altres activitats de festa no religiosos, amb un car\u00e0cter cultural, l\u00fadic i tur\u00edstic. La nit del dissabte s\u2019enc\u00e9n una tradicional foguera de sant Antoni on t\u00e9 lloc normalment un sopar a la calor del foc.\r\n\r\nUn altre dels actes destacables \u00e9s la trobada de Boixets que ja porta diversos anys celebrant-se aqueix mateix diumenge on acudeixen bolilleres vingudes de molts municipis de fora, suposant per tant, una important aflu\u00e8ncia de participants, culminant- se amb un \u201cpuchero\u201d col\u00b7lectiu en la Pla\u00e7a dels Xorros, la m\u00e9s c\u00e8ntrica i significativa del poble.\r\n\r\nTots aquests esdeveniments es realitzen baix un fons de fira medieval que es troba en funcionament durant dissabte i diumenge. El tradicional porrat es tracta d\u2019una festa de gran inter\u00e8s en La Font i es troba declarada festa d\u2019inter\u00e8s tur\u00edstic local des de l\u2019any 2008 ben consolidada, amb una gran assist\u00e8ncia de gent. Actualment, \u00e9s sin\u00f2nim d\u2019activitats culturals i tur\u00edstiques complement\u00e0ries com s\u00f3n la ruta de plafons, recorregut pel poble i exhibicions de motos hist\u00f2riques.\r\n\r\n<strong>Festes patronals\r\n<\/strong>En les festes locals es reflecteixen tot el conjunt de creences, costums i manifestacions festives que conformen les tradicions del municipi. La majoria d\u2019elles es caracteritzen perqu\u00e8 han siguin difoses de forma oral reflectint aspectes de les cultures que al llarg dels segles han poblat la localitat. L\u2019origen de la hist\u00f2ria festiva com moltes altres localitats de la comarca, es remunta a la conquista i fundaci\u00f3 del Regne de Val\u00e8ncia per Jaume I.\r\n\r\n\u00c9s a partir del s. XVI, que van comen\u00e7ar a celebrar- se festes anuals en honor al sant que mes predilecci\u00f3 es tenia i en honor tamb\u00e9 al Crist de l\u2019 Empara. Durant els segles seg\u00fcents, les festes van continuar tenint un car\u00e0cter religi\u00f3s per\u00f2 va ser a partir del s. XIX, amb la creaci\u00f3 de la banda de m\u00fasica quan l\u2019animaci\u00f3 i esplendor de les festes van augmentar; es van incorporar les cercaviles, el ball despr\u00e9s del sopar amb una gran foguera per a il\u00b7luminar la serenata nocturna.\r\n\r\n\u00c9s per tant en tota esta s\u00e8rie d\u2019esdeveniments en qu\u00e8 tenen l\u2019origen de les famoses festes patronals. S\u00f3n unes festes molt esperades per tots els ve\u00efns de la vila, aix\u00ed com de familiars, amics i coneguts que resideixen en pobles pr\u00f2xims.\r\n\r\nAquests sis dies de festa, tota la gent ix al carrer a celebrar-les. Estes festes es fan en honor als patrons i patrones de la vila; el Sant\u00edssim Crist de l\u2019 Empara i Ntra. Sra. del Remei, Sant Isidre, el Sagrat Cor de Jes\u00fas entre altres. En aquestes festes no solen faltar les misses, processons, concerts musicals, sopars populars de fraternitat, exposicions culturals, proves esportives, concursos, cavalcades de disfresses, cercaviles amb bandes de m\u00fasica, espectacles de focs artificials i un llarg etc. Activitats en qu\u00e8 ve\u00efns i visitants participen amb molta alegria.\r\n\r\n<strong>\u00a0Romeria de la mare de D\u00e9u del Rebollet\r\n<\/strong>La romeria t\u00e9 lloc en l\u2019ermita de Sant Miquel que es troba a uns 3 km de la poblaci\u00f3, ubicada entre els termes de Rafelcofer i l\u2019Alqueria, per\u00f2 \u00e9s propietat municipal. La seva celebraci\u00f3 t\u00e9 lloc el 29 de setembre i s\u2019inicia des de La Font fins a l\u2019ermita de Sant Miquel on acudiren nombrosos ve\u00efns de la poblaci\u00f3 i d\u2019altres municipis del seu voltant, celebrant-se amb una missa en honor a aquest sant, i al igual que en la Romeria de la Mare de Deu del Rebollet, amb un esmorzar i diferents actuacions que es realitzen en acabar la missa.\r\n\r\n<strong>\u201cLa Bad\u00e0\u201d\r\n<\/strong>Aquesta festa o tradici\u00f3 es va iniciar fa uns 70 anys i es celebra el dia despr\u00e9s de la festa de Sant Vicent Ferrer. Es diu que aquesta festa la va iniciar un ve\u00ed del poble, en el qual, despr\u00e9s d\u2019haver celebrat el seu sant, va voler continuar la celebraci\u00f3 un dia m\u00e9s convidant un grup d\u2019amics i d\u2019amigues a berenar al castell del Rebollet, sent t\u00edpic el sofregit de bon\u00edtol i tonyina negra, i les coques amb ous.\r\n\r\nAl tornar al poble, la gent sorpresa que feren festa un dia de treball carregats de b\u00f3tes i cabassos, un poc m\u00e9s alegres del normal els preguntaven d\u2019 on venien, a la qual cosa aquests contestaren: \u201c<em>Venim del castell i ens hem badat de riure<\/em>\u201d. D\u2019ac\u00ed l\u2019origen del nom d\u2019aquesta festa.\r\n\r\nLa pujada al castell solia fer-se al voltant de les sis i s\u2019abaixava molt tard, sobre les nou i mitja o les deu, a hora de celebrar la \u201ccord\u00e0\u201d i del ball. Actualment esta festa es continua celebrant, encara que de manera diferent de com es feia abans.\r\n\r\nAra l\u2019ajuntament ofereix un berenar de xocolata i coca amb jocs populars per als xiquets i xiquetes al parc del Clavari, inici del cam\u00ed cap al castell. De nit se celebra un sopar en la Pla\u00e7a dels Xorros amb una orquestra i ball.\r\n\r\n<strong>Sant Dom\u00e8nec\r\n<\/strong>Festa que se celebra en el barri al costat de l\u2019esgl\u00e9sia Parroquial, al carrer St. Dom\u00e8nec, en honor a<strong>\u00a0Sant Dom\u00e8nec de Guzm\u00e1n<\/strong>, fundador de l\u2019ordre dels predicadors. Hi ha const\u00e0ncia que aquesta festa ja se celebrava amb molta devoci\u00f3 al S. XVII. Posteriorment va desapar\u00e8ixer del calendari festiu, per\u00f2 sobre 1920 va ressorgir, gr\u00e0cies als ve\u00efns del poble, encara que va tornar a desapar\u00e8ixer despr\u00e9s. Actualment ha tornat a viure un nou ressorgiment i se celebra el cap de setmana pr\u00f2xim al 4 d\u2019 agost, dia de la festivitat d \u2018aquest sant.\r\n\r\nLa festa comen\u00e7a el divendres amb una romeria pels carrers del barri, amb cants d\u2019albades. El dissabte els ve\u00efns organitzen un dinar de germanor. De vesprada hi ha diversos actes l\u00fadics amb jocs populars per als m\u00e9s menuts. Finalitza el dissabte amb un sopar popular amb revetlla. El diumenge s\u2019enceta amb el rosari de l\u2019Aurora i a migdia es celebra la missa en honor al sant. Acaba la festa el diumenge a poqueta nit amb un concert de tabalets i dol\u00e7aines.\r\n\r\n<strong>Sants Abd\u00f3 i Senent\r\n<\/strong>\u00c9s una festa de barri que es celebra pels ve\u00efns del carrer sants Abd\u00f3 i Senent, celebrant- se a finals de juliol,\u00a0 dia de la festivitat dels Sants Abd\u00f3 i Senent, m\u00e0rtirs cristians, advocats contra les pedregades, sants patrons dels llauradors i del camp. D\u2019ells diuen els llauradors valencians:\r\n\r\n<em>Tingueu-los contents en tot;<\/em>\r\n\r\n<em>que est\u00e0 la collita en l\u2019aire,<\/em>\r\n\r\n<em>i si pedrega, mos fot<\/em>\r\n\r\nL\u2019un t\u00e9 unes espigues de blat i l\u2019altre un sanglot de ra\u00efm, productes del camp relacionats amb el pa i el vi. Aquests dos nobles, a vegades, tenen uns lleons gitats als seus peus que fan refer\u00e8ncia al seu martiri. El dissabte de celebraci\u00f3 hi ha despert\u00e0 a c\u00e0rrec dels ve\u00efns. Per la vesprada se celebra una cercavila amb banda de cornetes i tambors pels carrers del bari. M\u00e9s tard se celebra la santa missa en honor als santets de la pedra, i en acabant els ve\u00efns es reuneixen en un sopar popular al carrer amb revetlla.\r\n\r\n<strong>San Antoni de P\u00e0dua\r\n<\/strong>Aquesta festa es celebra el cap de setmana posterior al dia 13 de juny, dia de la festivitat de Sant Antoni de P\u00e0dua, i \u00e9s organitzada pel barri que comprenen diversos carrers del seu voltant. \u00c9s coneguda popularment per\u00a0<em>la<\/em>\u00a0<em>festa del carrer de la ceba\u00a0<\/em>perqu\u00e8, segons manifestacions d\u2019 alguns ve\u00efns, hi havia un magatzem de cebes.\r\n\r\nActualment, la festa comen\u00e7a amb una cercavila a c\u00e0rrec dels ve\u00efns del barri, encap\u00e7alada pel \u201cTio de la Ceba\u201d, amb el seu peculiar bast\u00f3, i encenent entorxes en tot el recorregut, acompanyats per m\u00fasica de dol\u00e7aina i tabalet. El dissabte se celebra la baixada de la imatge del sant des de l\u2019esgl\u00e9sia, seguit d\u2019altres actes l\u00fadics i esportius (partida de pilota, jocs tradicionals\u2026).\r\n\r\nAcaba la festa aquest dia amb un sopar popular al carrer amb revetlla. El diumenge hi ha una cercavila, seguida de la celebraci\u00f3 d\u2019una missa de campanya al carrer de Santa Teresa. En acabar, la imatge es traslladada de nou a l\u2019esgl\u00e9sia.","color":"#9b861b","fiestas":null,"gastronomia":null,"mas_informacion":null,"turist-info":[{"nombre_oficina":"Tourist Info La Font d\u00b4en Carr\u00f2s","datos_oficina":"Plaza Ajuntament 1\r\nTel\u00e9fono:\u00a0962833338\r\nFax:\u00a0962833694\r\nEmail:\u00a0<a href=\"mailto:lafontdencarros@touristinfo.net\">lafontdencarros@touristinfo.net<\/a>"}],"turist-info_rel":74792,"descargables":null,"localizacion_mapa":"<iframe src=\"https:\/\/www.google.com\/maps\/embed?pb=!1m18!1m12!1m3!1d6208.668508869921!2d-0.17544012369921683!3d38.916336966009005!2m3!1f0!2f0!3f0!3m2!1i1024!2i768!4f13.1!3m3!1m2!1s0xd61e8c64fbc81fd%3A0xabac8fa48dab8f22!2s46717%20Fuente%20Encarroz%2C%20Valencia!5e0!3m2!1ses!2ses!4v1632927172168!5m2!1ses!2ses\" width=\"100%\" height=\"450\" style=\"border:0;\" allowfullscreen=\"\" loading=\"lazy\"><\/iframe>","destacados":null,"lugares_interes":null},"yoast_head":"<!-- This site is optimized with the Yoast SEO plugin v23.0 - https:\/\/yoast.com\/wordpress\/plugins\/seo\/ -->\n<title>La Font d\u00b4En Carr\u00f3s | Val\u00e8ncia Turisme<\/title>\n<meta name=\"description\" content=\"La Font d\u2019en Carr\u00f2s \u00e9s un municipi i amb gran potencial d\u2019aprofitament tur\u00edstic, aleshores, per tant, \u00e9s una poblaci\u00f3 rica en patrimoni paisatg\u00edstic, hist\u00f2ric, cultural i etnogr\u00e0fic de qualitat.\" \/>\n<meta name=\"robots\" content=\"index, follow, max-snippet:-1, max-image-preview:large, max-video-preview:-1\" \/>\n<link rel=\"canonical\" href=\"https:\/\/turisme.dival.es\/ca\/destino\/la-font-den-carros\/\" \/>\n<meta property=\"og:locale\" content=\"en_US\" \/>\n<meta property=\"og:type\" content=\"article\" \/>\n<meta property=\"og:title\" content=\"La Font d\u00b4En Carr\u00f3s | Val\u00e8ncia Turisme\" \/>\n<meta property=\"og:description\" content=\"La Font d\u2019en Carr\u00f2s \u00e9s un municipi i amb gran potencial d\u2019aprofitament tur\u00edstic, aleshores, per tant, \u00e9s una poblaci\u00f3 rica en patrimoni paisatg\u00edstic, hist\u00f2ric, cultural i etnogr\u00e0fic de qualitat.\" \/>\n<meta property=\"og:url\" content=\"https:\/\/turisme.dival.es\/ca\/destino\/la-font-den-carros\/\" \/>\n<meta property=\"og:site_name\" content=\"Valencia Turismo\" \/>\n<meta property=\"article:modified_time\" content=\"2021-12-04T12:27:53+00:00\" \/>\n<meta property=\"og:image\" content=\"https:\/\/turisme.dival.es\/wp-content\/uploads\/2021\/09\/Lafontdencarros_castelldelrebollet.jpg\" \/>\n\t<meta property=\"og:image:width\" content=\"1892\" \/>\n\t<meta property=\"og:image:height\" content=\"1358\" \/>\n\t<meta property=\"og:image:type\" content=\"image\/jpeg\" \/>\n<meta name=\"twitter:card\" content=\"summary_large_image\" \/>\n<script type=\"application\/ld+json\" class=\"yoast-schema-graph\">{\"@context\":\"https:\/\/schema.org\",\"@graph\":[{\"@type\":\"WebPage\",\"@id\":\"https:\/\/turisme.dival.es\/ca\/destino\/la-font-den-carros\/\",\"url\":\"https:\/\/turisme.dival.es\/ca\/destino\/la-font-den-carros\/\",\"name\":\"La Font d\u00b4En Carr\u00f3s | Val\u00e8ncia Turisme\",\"isPartOf\":{\"@id\":\"https:\/\/turisme.dival.es\/#website\"},\"primaryImageOfPage\":{\"@id\":\"https:\/\/turisme.dival.es\/ca\/destino\/la-font-den-carros\/#primaryimage\"},\"image\":{\"@id\":\"https:\/\/turisme.dival.es\/ca\/destino\/la-font-den-carros\/#primaryimage\"},\"thumbnailUrl\":\"https:\/\/turisme.dival.es\/wp-content\/uploads\/2021\/09\/Lafontdencarros_castelldelrebollet.jpg\",\"datePublished\":\"2021-09-17T11:10:59+00:00\",\"dateModified\":\"2021-12-04T12:27:53+00:00\",\"description\":\"La Font d\u2019en Carr\u00f2s \u00e9s un municipi i amb gran potencial d\u2019aprofitament tur\u00edstic, aleshores, per tant, \u00e9s una poblaci\u00f3 rica en patrimoni paisatg\u00edstic, hist\u00f2ric, cultural i etnogr\u00e0fic de qualitat.\",\"inLanguage\":\"vl\",\"potentialAction\":[{\"@type\":\"ReadAction\",\"target\":[\"https:\/\/turisme.dival.es\/ca\/destino\/la-font-den-carros\/\"]}]},{\"@type\":\"ImageObject\",\"inLanguage\":\"vl\",\"@id\":\"https:\/\/turisme.dival.es\/ca\/destino\/la-font-den-carros\/#primaryimage\",\"url\":\"https:\/\/turisme.dival.es\/wp-content\/uploads\/2021\/09\/Lafontdencarros_castelldelrebollet.jpg\",\"contentUrl\":\"https:\/\/turisme.dival.es\/wp-content\/uploads\/2021\/09\/Lafontdencarros_castelldelrebollet.jpg\",\"width\":1892,\"height\":1358},{\"@type\":\"WebSite\",\"@id\":\"https:\/\/turisme.dival.es\/#website\",\"url\":\"https:\/\/turisme.dival.es\/\",\"name\":\"valenciaturismo.com.mialias.net\",\"description\":\"\",\"potentialAction\":[{\"@type\":\"SearchAction\",\"target\":{\"@type\":\"EntryPoint\",\"urlTemplate\":\"https:\/\/turisme.dival.es\/?s={search_term_string}\"},\"query-input\":\"required name=search_term_string\"}],\"inLanguage\":\"vl\"}]}<\/script>\n<!-- \/ Yoast SEO plugin. -->","yoast_head_json":{"title":"La Font d\u00b4En Carr\u00f3s | Val\u00e8ncia Turisme","description":"La Font d\u2019en Carr\u00f2s \u00e9s un municipi i amb gran potencial d\u2019aprofitament tur\u00edstic, aleshores, per tant, \u00e9s una poblaci\u00f3 rica en patrimoni paisatg\u00edstic, hist\u00f2ric, cultural i etnogr\u00e0fic de qualitat.","robots":{"index":"index","follow":"follow","max-snippet":"max-snippet:-1","max-image-preview":"max-image-preview:large","max-video-preview":"max-video-preview:-1"},"canonical":"https:\/\/turisme.dival.es\/ca\/destino\/la-font-den-carros\/","og_locale":"en_US","og_type":"article","og_title":"La Font d\u00b4En Carr\u00f3s | Val\u00e8ncia Turisme","og_description":"La Font d\u2019en Carr\u00f2s \u00e9s un municipi i amb gran potencial d\u2019aprofitament tur\u00edstic, aleshores, per tant, \u00e9s una poblaci\u00f3 rica en patrimoni paisatg\u00edstic, hist\u00f2ric, cultural i etnogr\u00e0fic de qualitat.","og_url":"https:\/\/turisme.dival.es\/ca\/destino\/la-font-den-carros\/","og_site_name":"Valencia Turismo","article_modified_time":"2021-12-04T12:27:53+00:00","og_image":[{"width":1892,"height":1358,"url":"https:\/\/turisme.dival.es\/wp-content\/uploads\/2021\/09\/Lafontdencarros_castelldelrebollet.jpg","type":"image\/jpeg"}],"twitter_card":"summary_large_image","schema":{"@context":"https:\/\/schema.org","@graph":[{"@type":"WebPage","@id":"https:\/\/turisme.dival.es\/ca\/destino\/la-font-den-carros\/","url":"https:\/\/turisme.dival.es\/ca\/destino\/la-font-den-carros\/","name":"La Font d\u00b4En Carr\u00f3s | Val\u00e8ncia Turisme","isPartOf":{"@id":"https:\/\/turisme.dival.es\/#website"},"primaryImageOfPage":{"@id":"https:\/\/turisme.dival.es\/ca\/destino\/la-font-den-carros\/#primaryimage"},"image":{"@id":"https:\/\/turisme.dival.es\/ca\/destino\/la-font-den-carros\/#primaryimage"},"thumbnailUrl":"https:\/\/turisme.dival.es\/wp-content\/uploads\/2021\/09\/Lafontdencarros_castelldelrebollet.jpg","datePublished":"2021-09-17T11:10:59+00:00","dateModified":"2021-12-04T12:27:53+00:00","description":"La Font d\u2019en Carr\u00f2s \u00e9s un municipi i amb gran potencial d\u2019aprofitament tur\u00edstic, aleshores, per tant, \u00e9s una poblaci\u00f3 rica en patrimoni paisatg\u00edstic, hist\u00f2ric, cultural i etnogr\u00e0fic de qualitat.","inLanguage":"vl","potentialAction":[{"@type":"ReadAction","target":["https:\/\/turisme.dival.es\/ca\/destino\/la-font-den-carros\/"]}]},{"@type":"ImageObject","inLanguage":"vl","@id":"https:\/\/turisme.dival.es\/ca\/destino\/la-font-den-carros\/#primaryimage","url":"https:\/\/turisme.dival.es\/wp-content\/uploads\/2021\/09\/Lafontdencarros_castelldelrebollet.jpg","contentUrl":"https:\/\/turisme.dival.es\/wp-content\/uploads\/2021\/09\/Lafontdencarros_castelldelrebollet.jpg","width":1892,"height":1358},{"@type":"WebSite","@id":"https:\/\/turisme.dival.es\/#website","url":"https:\/\/turisme.dival.es\/","name":"valenciaturismo.com.mialias.net","description":"","potentialAction":[{"@type":"SearchAction","target":{"@type":"EntryPoint","urlTemplate":"https:\/\/turisme.dival.es\/?s={search_term_string}"},"query-input":"required name=search_term_string"}],"inLanguage":"vl"}]}},"_links":{"self":[{"href":"https:\/\/turisme.dival.es\/ca\/wp-json\/wp\/v2\/destino\/28661","targetHints":{"allow":["GET"]}}],"collection":[{"href":"https:\/\/turisme.dival.es\/ca\/wp-json\/wp\/v2\/destino"}],"about":[{"href":"https:\/\/turisme.dival.es\/ca\/wp-json\/wp\/v2\/types\/destino"}],"acf:post":[{"embeddable":true,"href":"https:\/\/turisme.dival.es\/ca\/wp-json\/wp\/v2\/turist_info\/74792"}],"acf:attachment":[{"embeddable":true,"href":"https:\/\/turisme.dival.es\/ca\/wp-json\/wp\/v2\/media\/7622"},{"embeddable":true,"href":"https:\/\/turisme.dival.es\/ca\/wp-json\/wp\/v2\/media\/7620"},{"embeddable":true,"href":"https:\/\/turisme.dival.es\/ca\/wp-json\/wp\/v2\/media\/7618"},{"embeddable":true,"href":"https:\/\/turisme.dival.es\/ca\/wp-json\/wp\/v2\/media\/7616"},{"embeddable":true,"href":"https:\/\/turisme.dival.es\/ca\/wp-json\/wp\/v2\/media\/7614"},{"embeddable":true,"href":"https:\/\/turisme.dival.es\/ca\/wp-json\/wp\/v2\/media\/7612"},{"embeddable":true,"href":"https:\/\/turisme.dival.es\/ca\/wp-json\/wp\/v2\/media\/7610"},{"embeddable":true,"href":"https:\/\/turisme.dival.es\/ca\/wp-json\/wp\/v2\/media\/7608"},{"embeddable":true,"href":"https:\/\/turisme.dival.es\/ca\/wp-json\/wp\/v2\/media\/7606"},{"embeddable":true,"href":"https:\/\/turisme.dival.es\/ca\/wp-json\/wp\/v2\/media\/7604"},{"embeddable":true,"href":"https:\/\/turisme.dival.es\/ca\/wp-json\/wp\/v2\/media\/7602"},{"embeddable":true,"href":"https:\/\/turisme.dival.es\/ca\/wp-json\/wp\/v2\/media\/7600"},{"embeddable":true,"href":"https:\/\/turisme.dival.es\/ca\/wp-json\/wp\/v2\/media\/7598"},{"embeddable":true,"href":"https:\/\/turisme.dival.es\/ca\/wp-json\/wp\/v2\/media\/7596"},{"embeddable":true,"href":"https:\/\/turisme.dival.es\/ca\/wp-json\/wp\/v2\/media\/7594"},{"embeddable":true,"href":"https:\/\/turisme.dival.es\/ca\/wp-json\/wp\/v2\/media\/7592"},{"embeddable":true,"href":"https:\/\/turisme.dival.es\/ca\/wp-json\/wp\/v2\/media\/7590"},{"embeddable":true,"href":"https:\/\/turisme.dival.es\/ca\/wp-json\/wp\/v2\/media\/7588"},{"embeddable":true,"href":"https:\/\/turisme.dival.es\/ca\/wp-json\/wp\/v2\/media\/7586"},{"embeddable":true,"href":"https:\/\/turisme.dival.es\/ca\/wp-json\/wp\/v2\/media\/7584"},{"embeddable":true,"href":"https:\/\/turisme.dival.es\/ca\/wp-json\/wp\/v2\/media\/7582"},{"embeddable":true,"href":"https:\/\/turisme.dival.es\/ca\/wp-json\/wp\/v2\/media\/7580"}],"wp:featuredmedia":[{"embeddable":true,"href":"https:\/\/turisme.dival.es\/ca\/wp-json\/wp\/v2\/media\/80219"}],"wp:attachment":[{"href":"https:\/\/turisme.dival.es\/ca\/wp-json\/wp\/v2\/media?parent=28661"}],"wp:term":[{"taxonomy":"situacion","embeddable":true,"href":"https:\/\/turisme.dival.es\/ca\/wp-json\/wp\/v2\/situacion?post=28661"}],"curies":[{"name":"wp","href":"https:\/\/api.w.org\/{rel}","templated":true}]}}