{"id":28201,"date":"2021-09-17T11:01:43","date_gmt":"2021-09-17T11:01:43","guid":{"rendered":"https:\/\/turisme.dival.es\/destino\/fuenterrobles\/"},"modified":"2022-01-12T14:49:33","modified_gmt":"2022-01-12T14:49:33","slug":"fuenterrobles","status":"publish","type":"destino","link":"https:\/\/turisme.dival.es\/ca\/destino\/fuenterrobles\/","title":{"rendered":"Fuenterrobles"},"featured_media":60136,"template":"","situacion":[1625,1451],"class_list":["post-28201","destino","type-destino","status-publish","has-post-thumbnail","hentry","situacion-fuenterrobles-ca","situacion-requena-utiel-ca"],"acf":{"titulo":"Fuenterrobles","subtitulo":"","situacion":"Interior","banner":[{"imagen_banner":60136,"video_del_banner":null}],"descripcion":"Situat al nord-oest de la Plana d\u2019Utiel. La superf\u00edcie del terme \u00e9s bastant plana, formant part de la Meseta peninsular en el seu sector oriental. Pel sector aquest del terme s\u2019al\u00e7a la serra de Bicuerca, amb altures superiors als mil metres, destacant el Tur\u00f3 Pelat (986 m.), Talaia del Sabiner (923 m.) i Bicuerca (1.116 m.) Pel sector meridional, el riu Magre ho travessa en adre\u00e7a oest a est. Des de Val\u00e8ncia, s\u2019accedeix a aquesta poblaci\u00f3 a trav\u00e9s de la A-3 per a enlla\u00e7ar amb la CV-469 i despr\u00e9s amb la CV-475.\r\n\r\n","galeria-poblacion":[60226,60218,60210,60196,60189,60176,60182],"descripcion_2":"<h4>Gastronomia:<\/h4>\r\nLa coca elaborada amb massap\u00e0 i torr\u00f3 de pinyons, \u00e9s el dol\u00e7 m\u00e9s t\u00edpic de la poblaci\u00f3, a m\u00e9s de plats tan saborosos com el \u201cajoarriero\u201d o \u201catascaburras\u201d (amb cre\u00eflles, bacall\u00e0, ou i oli d\u2019oliva), aix\u00ed com les cre\u00eflles amb bacall\u00e0.\r\n<h4>Inter\u00e9s tur\u00edstic:<\/h4>\r\nEn el \u201ccerro de la Peladilla\u201d (en el seu terme municipal), es troben les restes d\u2019un poblat ib\u00e8ric del S. II a. de C. Fuenterrobles \u00e9s una poblaci\u00f3 agr\u00edcola i ramadera, que va pert\u00e0nyer a la prov\u00edncia de Conca fins a 1851.\r\n<h4>Festes:<\/h4>\r\nLes festes majors se celebren l\u2019\u00faltima setmana de febrer, en honor a la Mare de D\u00e9u de les Candeles, en la process\u00f3 es trau junt a la imatge. La pen\u00faltima setmana d\u2019agost, celebra les seues festes d\u2019estiu en honor als sants patrons Santiago Ap\u00f2stol i S.Abd\u00f3n i S.Sen\u00e9n, amb celebracions l\u00fadiques i religioses.","color":"#9b861b","fiestas":null,"gastronomia":null,"mas_informacion":null,"turist-info":[{"nombre_oficina":"Tourist Info Fuenterrobles","datos_oficina":"Garc\u00eda Montes s\/n C.P: 46340 Requena\r\nTel.: 962303851\r\nFax: 697104824\r\nEmail: <a href=\"requena@touristinfo.net\">requena@touristinfo.net<\/a>\r\nWeb: <a href=\"http:\/\/www.requena.es\">http:\/\/www.requena.es<\/a>\r\nHorario:\r\nMartes a jueves y domingos\/festivos: 9.30 a 14.00 horas.\r\nViernes y s\u00e1bados: 9.30 a 14.00 y 16.00 a 19.00 horas D\u00edas de cierre anual: 24, 25, 31 de diciembre; 1 y 6 de enero"}],"turist-info_rel":null,"descargables":null,"localizacion_mapa":"<iframe src=\"https:\/\/www.google.com\/maps\/embed?pb=!1m18!1m12!1m3!1d3074.8496873659897!2d-1.3661372989936706!3d39.585537913591615!2m3!1f0!2f0!3f0!3m2!1i1024!2i768!4f13.1!3m3!1m2!1s0xd673761a0e3d011%3A0xa7bee8db9b74068!2s46314%20Fuenterrobles%2C%20Valencia!5e0!3m2!1ses!2ses!4v1632844934967!5m2!1ses!2ses\" width=\"100%\" height=\"450\" style=\"border:0;\" allowfullscreen=\"\" loading=\"lazy\"><\/iframe>","destacados":null,"lugares_interes":null},"yoast_head":"<!-- This site is optimized with the Yoast SEO plugin v23.0 - https:\/\/yoast.com\/wordpress\/plugins\/seo\/ -->\n<title>Fuenterrobles | Val\u00e8ncia Turisme<\/title>\n<meta name=\"description\" content=\"Fuenterrobles, situat al nord-oest de la Plana d\u2019Utiel. La superf\u00edcie del terme \u00e9s bastant plana, formant part de la Meseta peninsular en el seu sector oriental.\" \/>\n<meta name=\"robots\" content=\"index, follow, max-snippet:-1, max-image-preview:large, max-video-preview:-1\" \/>\n<link rel=\"canonical\" href=\"https:\/\/turisme.dival.es\/ca\/destino\/fuenterrobles\/\" \/>\n<meta property=\"og:locale\" content=\"en_US\" \/>\n<meta property=\"og:type\" content=\"article\" \/>\n<meta property=\"og:title\" content=\"Fuenterrobles | Val\u00e8ncia Turisme\" \/>\n<meta property=\"og:description\" content=\"Fuenterrobles, situat al nord-oest de la Plana d\u2019Utiel. La superf\u00edcie del terme \u00e9s bastant plana, formant part de la Meseta peninsular en el seu sector oriental.\" \/>\n<meta property=\"og:url\" content=\"https:\/\/turisme.dival.es\/ca\/destino\/fuenterrobles\/\" \/>\n<meta property=\"og:site_name\" content=\"Valencia Turismo\" \/>\n<meta property=\"article:modified_time\" content=\"2022-01-12T14:49:33+00:00\" \/>\n<meta property=\"og:image\" content=\"https:\/\/turisme.dival.es\/wp-content\/uploads\/2021\/09\/IMG_0026.jpg\" \/>\n\t<meta property=\"og:image:width\" content=\"1920\" \/>\n\t<meta property=\"og:image:height\" content=\"1280\" \/>\n\t<meta property=\"og:image:type\" content=\"image\/jpeg\" \/>\n<meta name=\"twitter:card\" content=\"summary_large_image\" \/>\n<script type=\"application\/ld+json\" class=\"yoast-schema-graph\">{\"@context\":\"https:\/\/schema.org\",\"@graph\":[{\"@type\":\"WebPage\",\"@id\":\"https:\/\/turisme.dival.es\/ca\/destino\/fuenterrobles\/\",\"url\":\"https:\/\/turisme.dival.es\/ca\/destino\/fuenterrobles\/\",\"name\":\"Fuenterrobles | Val\u00e8ncia Turisme\",\"isPartOf\":{\"@id\":\"https:\/\/turisme.dival.es\/#website\"},\"primaryImageOfPage\":{\"@id\":\"https:\/\/turisme.dival.es\/ca\/destino\/fuenterrobles\/#primaryimage\"},\"image\":{\"@id\":\"https:\/\/turisme.dival.es\/ca\/destino\/fuenterrobles\/#primaryimage\"},\"thumbnailUrl\":\"https:\/\/turisme.dival.es\/wp-content\/uploads\/2021\/09\/IMG_0026.jpg\",\"datePublished\":\"2021-09-17T11:01:43+00:00\",\"dateModified\":\"2022-01-12T14:49:33+00:00\",\"description\":\"Fuenterrobles, situat al nord-oest de la Plana d\u2019Utiel. La superf\u00edcie del terme \u00e9s bastant plana, formant part de la Meseta peninsular en el seu sector oriental.\",\"inLanguage\":\"vl\",\"potentialAction\":[{\"@type\":\"ReadAction\",\"target\":[\"https:\/\/turisme.dival.es\/ca\/destino\/fuenterrobles\/\"]}]},{\"@type\":\"ImageObject\",\"inLanguage\":\"vl\",\"@id\":\"https:\/\/turisme.dival.es\/ca\/destino\/fuenterrobles\/#primaryimage\",\"url\":\"https:\/\/turisme.dival.es\/wp-content\/uploads\/2021\/09\/IMG_0026.jpg\",\"contentUrl\":\"https:\/\/turisme.dival.es\/wp-content\/uploads\/2021\/09\/IMG_0026.jpg\",\"width\":1920,\"height\":1280},{\"@type\":\"WebSite\",\"@id\":\"https:\/\/turisme.dival.es\/#website\",\"url\":\"https:\/\/turisme.dival.es\/\",\"name\":\"valenciaturismo.com.mialias.net\",\"description\":\"\",\"potentialAction\":[{\"@type\":\"SearchAction\",\"target\":{\"@type\":\"EntryPoint\",\"urlTemplate\":\"https:\/\/turisme.dival.es\/?s={search_term_string}\"},\"query-input\":\"required name=search_term_string\"}],\"inLanguage\":\"vl\"}]}<\/script>\n<!-- \/ Yoast SEO plugin. -->","yoast_head_json":{"title":"Fuenterrobles | Val\u00e8ncia Turisme","description":"Fuenterrobles, situat al nord-oest de la Plana d\u2019Utiel. La superf\u00edcie del terme \u00e9s bastant plana, formant part de la Meseta peninsular en el seu sector oriental.","robots":{"index":"index","follow":"follow","max-snippet":"max-snippet:-1","max-image-preview":"max-image-preview:large","max-video-preview":"max-video-preview:-1"},"canonical":"https:\/\/turisme.dival.es\/ca\/destino\/fuenterrobles\/","og_locale":"en_US","og_type":"article","og_title":"Fuenterrobles | Val\u00e8ncia Turisme","og_description":"Fuenterrobles, situat al nord-oest de la Plana d\u2019Utiel. La superf\u00edcie del terme \u00e9s bastant plana, formant part de la Meseta peninsular en el seu sector oriental.","og_url":"https:\/\/turisme.dival.es\/ca\/destino\/fuenterrobles\/","og_site_name":"Valencia Turismo","article_modified_time":"2022-01-12T14:49:33+00:00","og_image":[{"width":1920,"height":1280,"url":"https:\/\/turisme.dival.es\/wp-content\/uploads\/2021\/09\/IMG_0026.jpg","type":"image\/jpeg"}],"twitter_card":"summary_large_image","schema":{"@context":"https:\/\/schema.org","@graph":[{"@type":"WebPage","@id":"https:\/\/turisme.dival.es\/ca\/destino\/fuenterrobles\/","url":"https:\/\/turisme.dival.es\/ca\/destino\/fuenterrobles\/","name":"Fuenterrobles | Val\u00e8ncia Turisme","isPartOf":{"@id":"https:\/\/turisme.dival.es\/#website"},"primaryImageOfPage":{"@id":"https:\/\/turisme.dival.es\/ca\/destino\/fuenterrobles\/#primaryimage"},"image":{"@id":"https:\/\/turisme.dival.es\/ca\/destino\/fuenterrobles\/#primaryimage"},"thumbnailUrl":"https:\/\/turisme.dival.es\/wp-content\/uploads\/2021\/09\/IMG_0026.jpg","datePublished":"2021-09-17T11:01:43+00:00","dateModified":"2022-01-12T14:49:33+00:00","description":"Fuenterrobles, situat al nord-oest de la Plana d\u2019Utiel. La superf\u00edcie del terme \u00e9s bastant plana, formant part de la Meseta peninsular en el seu sector oriental.","inLanguage":"vl","potentialAction":[{"@type":"ReadAction","target":["https:\/\/turisme.dival.es\/ca\/destino\/fuenterrobles\/"]}]},{"@type":"ImageObject","inLanguage":"vl","@id":"https:\/\/turisme.dival.es\/ca\/destino\/fuenterrobles\/#primaryimage","url":"https:\/\/turisme.dival.es\/wp-content\/uploads\/2021\/09\/IMG_0026.jpg","contentUrl":"https:\/\/turisme.dival.es\/wp-content\/uploads\/2021\/09\/IMG_0026.jpg","width":1920,"height":1280},{"@type":"WebSite","@id":"https:\/\/turisme.dival.es\/#website","url":"https:\/\/turisme.dival.es\/","name":"valenciaturismo.com.mialias.net","description":"","potentialAction":[{"@type":"SearchAction","target":{"@type":"EntryPoint","urlTemplate":"https:\/\/turisme.dival.es\/?s={search_term_string}"},"query-input":"required name=search_term_string"}],"inLanguage":"vl"}]}},"_links":{"self":[{"href":"https:\/\/turisme.dival.es\/ca\/wp-json\/wp\/v2\/destino\/28201","targetHints":{"allow":["GET"]}}],"collection":[{"href":"https:\/\/turisme.dival.es\/ca\/wp-json\/wp\/v2\/destino"}],"about":[{"href":"https:\/\/turisme.dival.es\/ca\/wp-json\/wp\/v2\/types\/destino"}],"acf:attachment":[{"embeddable":true,"href":"https:\/\/turisme.dival.es\/ca\/wp-json\/wp\/v2\/media\/60182"},{"embeddable":true,"href":"https:\/\/turisme.dival.es\/ca\/wp-json\/wp\/v2\/media\/60176"},{"embeddable":true,"href":"https:\/\/turisme.dival.es\/ca\/wp-json\/wp\/v2\/media\/60189"},{"embeddable":true,"href":"https:\/\/turisme.dival.es\/ca\/wp-json\/wp\/v2\/media\/60196"},{"embeddable":true,"href":"https:\/\/turisme.dival.es\/ca\/wp-json\/wp\/v2\/media\/60210"},{"embeddable":true,"href":"https:\/\/turisme.dival.es\/ca\/wp-json\/wp\/v2\/media\/60218"},{"embeddable":true,"href":"https:\/\/turisme.dival.es\/ca\/wp-json\/wp\/v2\/media\/60226"}],"wp:featuredmedia":[{"embeddable":true,"href":"https:\/\/turisme.dival.es\/ca\/wp-json\/wp\/v2\/media\/60136"}],"wp:attachment":[{"href":"https:\/\/turisme.dival.es\/ca\/wp-json\/wp\/v2\/media?parent=28201"}],"wp:term":[{"taxonomy":"situacion","embeddable":true,"href":"https:\/\/turisme.dival.es\/ca\/wp-json\/wp\/v2\/situacion?post=28201"}],"curies":[{"name":"wp","href":"https:\/\/api.w.org\/{rel}","templated":true}]}}