{"id":27005,"date":"2021-08-30T14:28:45","date_gmt":"2021-08-30T14:28:45","guid":{"rendered":"https:\/\/turisme.dival.es\/destino\/cheste\/"},"modified":"2022-04-19T11:31:31","modified_gmt":"2022-04-19T11:31:31","slug":"xest","status":"publish","type":"destino","link":"https:\/\/turisme.dival.es\/ca\/destino\/xest\/","title":{"rendered":"Cheste"},"featured_media":27319,"template":"","situacion":[1544,1445],"class_list":["post-27005","destino","type-destino","status-publish","has-post-thumbnail","hentry","situacion-cheste-ca","situacion-la-hoya-de-bunol-chiva-ca"],"acf":{"titulo":"Cheste","subtitulo":"","situacion":"Interior","banner":[{"imagen_banner":27267,"video_del_banner":null}],"descripcion":"Ruta Urbana. Ruta pel nucli urb\u00e0 visitant els edificis i llocs m\u00e9s emblem\u00e0tics de la poblaci\u00f3 (barri antic, pla\u00e7a de l'Esgl\u00e9sia, Esgl\u00e9sia S. Lucas, Ajuntament i pla\u00e7a, mercat municipal, etc). Va secundada de panells interpretatius en alguns d'ells amb una breu descripci\u00f3. Xarxa de senders locals (paisatge agr\u00edcola). Circuits tem\u00e0tics de carrers amb codis QR: Graffitea (recorrent els llocs intervinguts en el festival d'art urb\u00e0), carrers amb hist\u00f2ria, carrers amb noms de dona i carrers esperantistes. Circuit de Velocitat de la C.Valenciana \u201cRicardo Tormo\u201d. Circuit de Forns, amb els elements m\u00e9s comuns de la nostra rebosteria local i de la zona on ens trobem.","galeria-poblacion":[27007,27012,27017,27022,27027,27032,27037,27042,27047,27052,27057,27062,27067,27072,27077,27082,27087,27092,27097,27102,27107,27112,27117,27122,27127,27132,27137,27142,27147,27152,27157,27162,27167,27172,27177,27182,27187,27192,27197,27202,27207,27212,27217,27222,27227,27232,27237,27242,27247,27252,27257,27262],"descripcion_2":"","color":"#9b861b","fiestas":null,"gastronomia":null,"mas_informacion":null,"turist-info":[{"nombre_oficina":"Tourist Info Cheste","datos_oficina":"Carrer Mar\u00eda Carbonell 14 C.P: 46380 Cheste\r\nTelf: 960616261- 647318629\r\nEmail: cheste@touristinfo.net cheste_tur@gva.es\r\nWeb: http:\/\/www.cheste.es\r\nHorari:\r\nDe L a V de 9.00 a 14.00 h. S i D de 10.00 a 14.00 h."}],"turist-info_rel":74881,"descargables":[{"nombre_documento":"Ruta Urbana","archivo_documento":27335}],"localizacion_mapa":"<iframe src=\"https:\/\/www.google.com\/maps\/embed?pb=!1m18!1m12!1m3!1d64730.07303212532!2d-0.6868663977947411!3d39.47179623730054!2m3!1f0!2f0!3f0!3m2!1i1024!2i768!4f13.1!3m3!1m2!1s0xd60f0afdea9ae6f%3A0x213025640c9ac522!2s46380%20Cheste%2C%20Valencia!5e0!3m2!1ses!2ses!4v1630332654490!5m2!1ses!2ses\" width=\"100%\" height=\"450\" style=\"border:0;\" allowfullscreen=\"\" loading=\"lazy\"><\/iframe>","destacados":[{"titulo_seccion_destacados":"Esgl\u00e9sia de Sant Lluc Evangelista (BIC)","texto_seccion_destacados":"1731-1790, declarada d\u2019Inter\u00e8s Tur\u00edstic Nacional i B\u00e9 d\u2019Inter\u00e8s Cultural. A m\u00e9s de la gran monumentalitat, el temple mostra una de les etapes historicoart\u00edstiques m\u00e9s importants de l\u2019\u00e8poca, integrant des d\u2019una decoraci\u00f3 rococ\u00f3 fins als cl\u00e0ssics cassetons de l\u2019altar major de manera harmoniosa, atesa la llarga etapa de la seua construcci\u00f3 (seixanta anys). Destaca la il\u00b7luminaci\u00f3 ornamental i natural del temple. Al centre de la nau, una gran c\u00fapula circular de mitja taronja sostinguda sobre quatre petxines il\u00b7lumina l\u2019edifici a trav\u00e9s de les seues huit finestres. La sagristia posseeix un s\u00f2col amb el taulell original del segle XVIII. De la torre campanar destaca la seua inusual planta hexagonal i la gran altura, 54 metres, i alberga sis campanes, foses el 1780, que componen un conjunt instrumental i es van portar a l\u2019Expo de Sevilla com a model de restauraci\u00f3 tradicional.\r\n\r\nHoraris de missa: de dilluns a dissabte, de 10 h a 12 h i de 19.30 h a 20.15 h.\r\nDiumenges: missa a les 9 h, a les 11.30 h i a les 18 h.\r\nAltres horaris, cal consultar.","imagen_seccion_destacados":27329},{"titulo_seccion_destacados":"Circuit Ricardo Tormo","texto_seccion_destacados":"Des de la seua creaci\u00f3 el 1999 ha sigut escenari de grans proves esportives a nivell nacional i internacional, destacant la celebraci\u00f3 del Gran Premi de Motociclisme de la Comunitat Valenciana. Tamb\u00e9 ofereix la possibilitat de llogar les pistes amb tandes populars perqu\u00e8 el p\u00fablic aficionat tinga l\u2019oportunitat de rodar per les pistes. Al parc d\u2019educaci\u00f3 vi\u00e0ria es realitzen jornades de conducci\u00f3 vi\u00e0ria per a joves escolars. Per part seua, l\u2019Escola de Conducci\u00f3 Llu\u00eds Climent est\u00e0 dirigida a aconseguir una conducci\u00f3 segura i ecol\u00f2gica a trav\u00e9s de cursos i jornades l\u00fadiques per a empreses. El Centre de Suport Tecnol\u00f2gic (CAT) \u00e9s el primer centre d\u2019investigaci\u00f3 d\u2019Espanya dins d\u2019un circuit impulsat pel Circuit Ricardo Tormo i la Universitat Polit\u00e8cnica de Val\u00e8ncia per a augmentar l\u2019oferta de serveis de les instal\u00b7lacions i donar suport a les empreses i els equips automotrius per al seu desenvolupament.\r\n\r\nM\u00e9s informaci\u00f3: +34 962 525 220 o en www.circuitvalencia.com","imagen_seccion_destacados":27325},{"titulo_seccion_destacados":"Parc de la Lomiquia","texto_seccion_destacados":"Ocupant una extensi\u00f3 similar a la del parc de Cap\u00e7alera de Val\u00e8ncia, al parc de la Lomiquia es pot gaudir del passeig i de l\u2019esport a l\u2019aire lliure i observar part de la nostra flora aut\u00f2ctona (cactus, garroferes\u2026). Disposa d\u2019un quiosc-bar, zones de gespa, berenadors, una aula taller amb porxe i banys, un estany amb \u00e0necs i oques, \u00e0rees de jocs infantils i un amfiteatre que acull nombroses actuacions i esdeveniments culturals durant l\u2019any. Est\u00e0 situat al marge del municipi de forma accessible. Pots trobar m\u00e9s informaci\u00f3 en aquest enlla\u00e7: facebook Amigos del Parque de La Lomiquia.\r\n\r\nEl parc s\u2019obri tots els dies, de 9 a 22 h, aproximadament.\r\nPots realitzar reserva en el quiosc-bar Kuwaka (633 272 705) o contactar a trav\u00e9s del seu facebook www.facebook.com\/chiringuito-kuwaka","imagen_seccion_destacados":27330},{"titulo_seccion_destacados":"Graffitea Cheste","texto_seccion_destacados":"El festival internacional de street art Graffitea Cheste ha perm\u00e9s posar en valor espais a trav\u00e9s de l\u2019art urb\u00e0, un festival on es mostra la t\u00e8cnica, hist\u00f2ria i evoluci\u00f3 del grafit al llarg de la seua extensa hist\u00f2ria, alhora que ompli de contingut edificis i elements de gran import\u00e0ncia o utilitat del municipi. Amb aquest festival es pret\u00e9n recuperar espais, revalorar edificis identificatius i apostar per la interpretaci\u00f3 art\u00edstica de la nostra hist\u00f2ria i cultura. Aquest festival se celebra cada any des del 2016 amb artistes destacats del panorama muralista i procedents de diferents nacionalitats.\r\n\r\nEs pot fer visita guiada contactant amb la Tourist Info Cheste (960 616 261).\r\nM\u00e9s informaci\u00f3: www.graffiteacheste.com","imagen_seccion_destacados":27328}],"lugares_interes":[{"titulo_lugares_interes":"Festes de Sant Lluc (paelles, entrada amb cavalls)","texto_lugares_interes":"Aquestes importants segones festes patronals de l\u2019any dedicades al patr\u00f3, Sant Lluc, giren entorn de la tradici\u00f3 vitivin\u00edcola del municipi i celebren el final de la collita (predominantment moscatell). Se celebren durant les tres primeres setmanes d\u2019octubre. D\u2019aquestes festes destaquen la indument\u00e0ria tradicional, amb brodats colorits confeccionats a m\u00e0; la gastronomia, amb el vi i la rebosteria com a principals protagonistes, i esdeveniments singulars com la \u00abpis\u00e1 de la uva\u00bb o l\u2019arrelada \u00abentr\u00e1 con caballos\u00bb, que posa fi a les festes","imagen_lugares_interes":27334},{"titulo_lugares_interes":"\u00abPis\u00e1 de la uva\u00bb i la indument\u00e0ria tradicional","texto_lugares_interes":"La \u00abPis\u00e1 de la uva\u00bb \u00e9s l\u2019esdeveniment que dona oficialment la benvinguda a les festes patronals de Sant Lluc Evangelista. Normalment se celebra cap al 9 d\u2019octubre i consisteix en un acte matut\u00ed on es presenten al p\u00fablic a les parelles de joves que representaran aquestes festes durant aqueix any. La gent jove, abillada amb els vestits tradicionals de xestana i xest\u00e0, puja a l\u2019escenari i, despr\u00e9s d\u2019unes paraules esmentades per la corporaci\u00f3 municipal, es realitza l\u2019acte de la trepitjada del ra\u00efm, en el qual dos joves trepitgen en una bota tradicional el ra\u00efm que porten les xestanes en la cistella, de manera simb\u00f2lica, per a oferir posteriorment aquest most al patr\u00f3 a l\u2019esgl\u00e9sia, que est\u00e0 situada pr\u00f2xima a aquesta pla\u00e7a. Aix\u00ed mateix, els festers i les festeres ofereixen un aperitiu i vi a tots els assistents a l\u2019acte.\r\n\r\nSe celebra cap al dia 9 d\u2019octubre, des de les 12 fins a les 14 h, aproximadament.","imagen_lugares_interes":27332},{"titulo_lugares_interes":"Cavalcada de Sant Josep i carrosses","texto_lugares_interes":"Hi ha dues falles locals, l\u2019acte principal i singular de les quals \u00e9s la Cavalcada de Sant Josep, que es porta a terme el 19 de mar\u00e7, a la vesprada, i en la qual els fallers i les falleres recorren el carrer Xiva sobre imponents carrosses confeccionades a m\u00e0 per ells mateixos llan\u00e7ant dol\u00e7os a la multitud que assisteix a veure aquest espectacle. La nostra coneguda cavalcada \u00e9s una de les m\u00e9s espectaculars pel treball artesanal de les carrosses, en el qual col\u00b7laboren tots els membres de cada falla.\r\nEl recorregut va des del carrer Xiva fins a la pla\u00e7a Doctor Cajal, de 18.30 a 21 hores.","imagen_lugares_interes":27324},{"titulo_lugares_interes":"Moscatell (Reymos)","texto_lugares_interes":"Com a municipi vitivin\u00edcola, el moscatell \u00e9s el nostre producte m\u00e9s identificatiu i amb el qual s\u2019est\u00e0 desenvolupant un projecte enotur\u00edstic amb els municipis de Godelleta i Xiva que gira al voltant de les activitats que poden experimentar-se entorn del vi i, especialment, de la nostra varietat aut\u00f2ctona, el Moscatell d\u2019Alexandria. Cheste compta, entre d\u2019altres, amb la bodega cooperativa m\u00e9s antiga d\u2019Espanya, Bodegas Reymos, a la qual, l\u2019aplicaci\u00f3 de noves tecnologies, ha perm\u00e9s elaborar espumosos i vins reconeguts arreu del m\u00f3n. Aquest circuit compta amb un esdeveniment central anual que l\u2019envolta, la Fira Valenciana del Moscatell, FIVAMOS, que t\u00e9 lloc cada any en un dels municipis adherits al projecte (Xiva, Godelleta i Xest) amb la mostra i degustaci\u00f3 de productes t\u00edpics, tasts, maridatges, visites, etc.\r\nL\u2019horari de la fira sol ser d\u2019un cap de setmana a l\u2019any, de divendres a diumenge, de 10 a 21.30 h.\r\nEl preu de l\u2019entrada \u00e9s d\u2019uns 6 \u20ac, i inclou consumici\u00f3 de vi i degustacions gastron\u00f2miques tradicionals de les parades participants.","imagen_lugares_interes":27333},{"titulo_lugares_interes":"Complex educatiu","texto_lugares_interes":"La laboral es va construir el 1975 per a oferir cursos de formaci\u00f3 professional i educatius a una gran quantitat d\u2019alumnes de proced\u00e8ncia diversa. De fet, albergava m\u00e9s de 5.000 persones en el seu interior i disposava d\u2019aules, menjadors, capella, piscines i piscina coberta, nombroses pistes esportives de tota mena, quatre blocs de resid\u00e8ncies o el paranimf m\u00e9s gran en la data de la seua construcci\u00f3, amb capacitat per a m\u00e9s de 5.000 persones. Amb el temps, la construcci\u00f3 de col\u00b7legis i instituts ha anat buidant les aules d\u2019aquest mastodont educatiu, que actualment alberga l\u2019Institut Valenci\u00e0 de Seguretat P\u00fablica i Emerg\u00e8ncies (IVASPE), el Centre de Formaci\u00f3, Innovaci\u00f3 i Recursos Educatius (CEFIRE), un institut, un centre de Formaci\u00f3 Professional i dos blocs de resid\u00e8ncies en \u00fas per a alumnes interns, encara que no ha deixat de funcionar en tots aquests anys.\r\nEs pot concertar una visita gratu\u00efta sol\u00b7licitant-la al centre. Tel\u00e8fon per a fer la reserva: 962 525 540.","imagen_lugares_interes":27326},{"titulo_lugares_interes":"GP Cheste","texto_lugares_interes":"L\u2019\u00faltima gran cita del campionat de motociclisme se celebra al Circuit Ricardo Tormo, normalment durant el mes de novembre, i atrau m\u00e9s de cent mil persones de tot el m\u00f3n. Destaca la festa de benvinguda a l\u2019afici\u00f3, que t\u00e9 lloc durant el divendres a la vesprada en la pla\u00e7a del Doctor Cajal, amb espectacle, paella gegant i benvinguda de la m\u00e0 de pilots i de la corporaci\u00f3 municipal.\r\n\r\nAcc\u00e9s lliure, hi ha activitats de mercat, venda de marxandatge, animaci\u00f3, etc., durant tot el cap de setmana.\r\nM\u00e9s informaci\u00f3 (allotjaments, p\u00e0rquing, accessos, horaris, programaci\u00f3, etc.) en Tourist Info Cheste.","imagen_lugares_interes":27325},{"titulo_lugares_interes":"Construccions de pedra seca i artesania local (brodats i boixets)","texto_lugares_interes":"L\u2019artesania local es reflecteix sobretot en la indument\u00e0ria tradicional. Els vestits de xestana que es porten durant les festes patronals i que destaquen pel seu colorit i originalitat estan confeccionats a m\u00e0 amb t\u00e8cniques tradicionals de brodats i boixets. Formen part tamb\u00e9 del folklore xest\u00e0 els mantons de Manila, els ventalls i les ombrel\u00b7les brodades i calades.\r\nLa pedra en sec \u00e9s una t\u00e8cnica mil\u00b7len\u00e0ria emprada per a la construcci\u00f3, declarada patrimoni per la UNESCO, que ac\u00ed pot veure\u2019s en les tradicionals clochas i barraques utilitzades per antics pastors per a resguardar-se i conservar l\u2019aigua principalment o per a delimitar terrenys i parcel\u00b7les.\r\nEs poden organitzar tallers i mostres d\u2019aquestes t\u00e8cniques tradicionals.\r\nTel\u00e8fon d\u2019atenci\u00f3: En Tourist Info Cheste (960 616 261).","imagen_lugares_interes":27331}]},"yoast_head":"<!-- This site is optimized with the Yoast SEO plugin v23.0 - https:\/\/yoast.com\/wordpress\/plugins\/seo\/ -->\n<title>Xest | Val\u00e8ncia Turisme<\/title>\n<meta name=\"description\" content=\"Xest, ruta pel nucli urb\u00e0 visitant els edificis i llocs m\u00e9s emblem\u00e0tics de la poblaci\u00f3 (barri antic, pla\u00e7a de l&#039;Esgl\u00e9sia, Esgl\u00e9sia S. Lucas, Ajuntament i pla\u00e7a, mercat municipal, etc). Va secundada de panells interpretatius en alguns d&#039;ells amb una breu descripci\u00f3.\" \/>\n<meta name=\"robots\" content=\"index, follow, max-snippet:-1, max-image-preview:large, max-video-preview:-1\" \/>\n<link rel=\"canonical\" href=\"https:\/\/turisme.dival.es\/ca\/destino\/xest\/\" \/>\n<meta property=\"og:locale\" content=\"en_US\" \/>\n<meta property=\"og:type\" content=\"article\" \/>\n<meta property=\"og:title\" content=\"Xest | Val\u00e8ncia Turisme\" \/>\n<meta property=\"og:description\" content=\"Xest, ruta pel nucli urb\u00e0 visitant els edificis i llocs m\u00e9s emblem\u00e0tics de la poblaci\u00f3 (barri antic, pla\u00e7a de l&#039;Esgl\u00e9sia, Esgl\u00e9sia S. Lucas, Ajuntament i pla\u00e7a, mercat municipal, etc). Va secundada de panells interpretatius en alguns d&#039;ells amb una breu descripci\u00f3.\" \/>\n<meta property=\"og:url\" content=\"https:\/\/turisme.dival.es\/ca\/destino\/xest\/\" \/>\n<meta property=\"og:site_name\" content=\"Valencia Turismo\" \/>\n<meta property=\"article:modified_time\" content=\"2022-04-19T11:31:31+00:00\" \/>\n<meta property=\"og:image\" content=\"https:\/\/turisme.dival.es\/wp-content\/uploads\/2021\/08\/2-Chestana-scaled-1.jpeg\" \/>\n\t<meta property=\"og:image:width\" content=\"1620\" \/>\n\t<meta property=\"og:image:height\" content=\"1080\" \/>\n\t<meta property=\"og:image:type\" content=\"image\/jpeg\" \/>\n<meta name=\"twitter:card\" content=\"summary_large_image\" \/>\n<script type=\"application\/ld+json\" class=\"yoast-schema-graph\">{\"@context\":\"https:\/\/schema.org\",\"@graph\":[{\"@type\":\"WebPage\",\"@id\":\"https:\/\/turisme.dival.es\/ca\/destino\/xest\/\",\"url\":\"https:\/\/turisme.dival.es\/ca\/destino\/xest\/\",\"name\":\"Xest | Val\u00e8ncia Turisme\",\"isPartOf\":{\"@id\":\"https:\/\/turisme.dival.es\/#website\"},\"primaryImageOfPage\":{\"@id\":\"https:\/\/turisme.dival.es\/ca\/destino\/xest\/#primaryimage\"},\"image\":{\"@id\":\"https:\/\/turisme.dival.es\/ca\/destino\/xest\/#primaryimage\"},\"thumbnailUrl\":\"https:\/\/turisme.dival.es\/wp-content\/uploads\/2021\/08\/2-Chestana-scaled-1.jpeg\",\"datePublished\":\"2021-08-30T14:28:45+00:00\",\"dateModified\":\"2022-04-19T11:31:31+00:00\",\"description\":\"Xest, ruta pel nucli urb\u00e0 visitant els edificis i llocs m\u00e9s emblem\u00e0tics de la poblaci\u00f3 (barri antic, pla\u00e7a de l'Esgl\u00e9sia, Esgl\u00e9sia S. Lucas, Ajuntament i pla\u00e7a, mercat municipal, etc). Va secundada de panells interpretatius en alguns d'ells amb una breu descripci\u00f3.\",\"inLanguage\":\"vl\",\"potentialAction\":[{\"@type\":\"ReadAction\",\"target\":[\"https:\/\/turisme.dival.es\/ca\/destino\/xest\/\"]}]},{\"@type\":\"ImageObject\",\"inLanguage\":\"vl\",\"@id\":\"https:\/\/turisme.dival.es\/ca\/destino\/xest\/#primaryimage\",\"url\":\"https:\/\/turisme.dival.es\/wp-content\/uploads\/2021\/08\/2-Chestana-scaled-1.jpeg\",\"contentUrl\":\"https:\/\/turisme.dival.es\/wp-content\/uploads\/2021\/08\/2-Chestana-scaled-1.jpeg\",\"width\":1620,\"height\":1080},{\"@type\":\"WebSite\",\"@id\":\"https:\/\/turisme.dival.es\/#website\",\"url\":\"https:\/\/turisme.dival.es\/\",\"name\":\"valenciaturismo.com.mialias.net\",\"description\":\"\",\"potentialAction\":[{\"@type\":\"SearchAction\",\"target\":{\"@type\":\"EntryPoint\",\"urlTemplate\":\"https:\/\/turisme.dival.es\/?s={search_term_string}\"},\"query-input\":\"required name=search_term_string\"}],\"inLanguage\":\"vl\"}]}<\/script>\n<!-- \/ Yoast SEO plugin. -->","yoast_head_json":{"title":"Xest | Val\u00e8ncia Turisme","description":"Xest, ruta pel nucli urb\u00e0 visitant els edificis i llocs m\u00e9s emblem\u00e0tics de la poblaci\u00f3 (barri antic, pla\u00e7a de l'Esgl\u00e9sia, Esgl\u00e9sia S. Lucas, Ajuntament i pla\u00e7a, mercat municipal, etc). Va secundada de panells interpretatius en alguns d'ells amb una breu descripci\u00f3.","robots":{"index":"index","follow":"follow","max-snippet":"max-snippet:-1","max-image-preview":"max-image-preview:large","max-video-preview":"max-video-preview:-1"},"canonical":"https:\/\/turisme.dival.es\/ca\/destino\/xest\/","og_locale":"en_US","og_type":"article","og_title":"Xest | Val\u00e8ncia Turisme","og_description":"Xest, ruta pel nucli urb\u00e0 visitant els edificis i llocs m\u00e9s emblem\u00e0tics de la poblaci\u00f3 (barri antic, pla\u00e7a de l'Esgl\u00e9sia, Esgl\u00e9sia S. Lucas, Ajuntament i pla\u00e7a, mercat municipal, etc). Va secundada de panells interpretatius en alguns d'ells amb una breu descripci\u00f3.","og_url":"https:\/\/turisme.dival.es\/ca\/destino\/xest\/","og_site_name":"Valencia Turismo","article_modified_time":"2022-04-19T11:31:31+00:00","og_image":[{"width":1620,"height":1080,"url":"https:\/\/turisme.dival.es\/wp-content\/uploads\/2021\/08\/2-Chestana-scaled-1.jpeg","type":"image\/jpeg"}],"twitter_card":"summary_large_image","schema":{"@context":"https:\/\/schema.org","@graph":[{"@type":"WebPage","@id":"https:\/\/turisme.dival.es\/ca\/destino\/xest\/","url":"https:\/\/turisme.dival.es\/ca\/destino\/xest\/","name":"Xest | Val\u00e8ncia Turisme","isPartOf":{"@id":"https:\/\/turisme.dival.es\/#website"},"primaryImageOfPage":{"@id":"https:\/\/turisme.dival.es\/ca\/destino\/xest\/#primaryimage"},"image":{"@id":"https:\/\/turisme.dival.es\/ca\/destino\/xest\/#primaryimage"},"thumbnailUrl":"https:\/\/turisme.dival.es\/wp-content\/uploads\/2021\/08\/2-Chestana-scaled-1.jpeg","datePublished":"2021-08-30T14:28:45+00:00","dateModified":"2022-04-19T11:31:31+00:00","description":"Xest, ruta pel nucli urb\u00e0 visitant els edificis i llocs m\u00e9s emblem\u00e0tics de la poblaci\u00f3 (barri antic, pla\u00e7a de l'Esgl\u00e9sia, Esgl\u00e9sia S. Lucas, Ajuntament i pla\u00e7a, mercat municipal, etc). Va secundada de panells interpretatius en alguns d'ells amb una breu descripci\u00f3.","inLanguage":"vl","potentialAction":[{"@type":"ReadAction","target":["https:\/\/turisme.dival.es\/ca\/destino\/xest\/"]}]},{"@type":"ImageObject","inLanguage":"vl","@id":"https:\/\/turisme.dival.es\/ca\/destino\/xest\/#primaryimage","url":"https:\/\/turisme.dival.es\/wp-content\/uploads\/2021\/08\/2-Chestana-scaled-1.jpeg","contentUrl":"https:\/\/turisme.dival.es\/wp-content\/uploads\/2021\/08\/2-Chestana-scaled-1.jpeg","width":1620,"height":1080},{"@type":"WebSite","@id":"https:\/\/turisme.dival.es\/#website","url":"https:\/\/turisme.dival.es\/","name":"valenciaturismo.com.mialias.net","description":"","potentialAction":[{"@type":"SearchAction","target":{"@type":"EntryPoint","urlTemplate":"https:\/\/turisme.dival.es\/?s={search_term_string}"},"query-input":"required name=search_term_string"}],"inLanguage":"vl"}]}},"_links":{"self":[{"href":"https:\/\/turisme.dival.es\/ca\/wp-json\/wp\/v2\/destino\/27005","targetHints":{"allow":["GET"]}}],"collection":[{"href":"https:\/\/turisme.dival.es\/ca\/wp-json\/wp\/v2\/destino"}],"about":[{"href":"https:\/\/turisme.dival.es\/ca\/wp-json\/wp\/v2\/types\/destino"}],"acf:post":[{"embeddable":true,"href":"https:\/\/turisme.dival.es\/ca\/wp-json\/wp\/v2\/turist_info\/74881"}],"acf:attachment":[{"embeddable":true,"href":"https:\/\/turisme.dival.es\/ca\/wp-json\/wp\/v2\/media\/27262"},{"embeddable":true,"href":"https:\/\/turisme.dival.es\/ca\/wp-json\/wp\/v2\/media\/27257"},{"embeddable":true,"href":"https:\/\/turisme.dival.es\/ca\/wp-json\/wp\/v2\/media\/27252"},{"embeddable":true,"href":"https:\/\/turisme.dival.es\/ca\/wp-json\/wp\/v2\/media\/27247"},{"embeddable":true,"href":"https:\/\/turisme.dival.es\/ca\/wp-json\/wp\/v2\/media\/27242"},{"embeddable":true,"href":"https:\/\/turisme.dival.es\/ca\/wp-json\/wp\/v2\/media\/27237"},{"embeddable":true,"href":"https:\/\/turisme.dival.es\/ca\/wp-json\/wp\/v2\/media\/27232"},{"embeddable":true,"href":"https:\/\/turisme.dival.es\/ca\/wp-json\/wp\/v2\/media\/27227"},{"embeddable":true,"href":"https:\/\/turisme.dival.es\/ca\/wp-json\/wp\/v2\/media\/27222"},{"embeddable":true,"href":"https:\/\/turisme.dival.es\/ca\/wp-json\/wp\/v2\/media\/27217"},{"embeddable":true,"href":"https:\/\/turisme.dival.es\/ca\/wp-json\/wp\/v2\/media\/27212"},{"embeddable":true,"href":"https:\/\/turisme.dival.es\/ca\/wp-json\/wp\/v2\/media\/27207"},{"embeddable":true,"href":"https:\/\/turisme.dival.es\/ca\/wp-json\/wp\/v2\/media\/27202"},{"embeddable":true,"href":"https:\/\/turisme.dival.es\/ca\/wp-json\/wp\/v2\/media\/27197"},{"embeddable":true,"href":"https:\/\/turisme.dival.es\/ca\/wp-json\/wp\/v2\/media\/27192"},{"embeddable":true,"href":"https:\/\/turisme.dival.es\/ca\/wp-json\/wp\/v2\/media\/27187"},{"embeddable":true,"href":"https:\/\/turisme.dival.es\/ca\/wp-json\/wp\/v2\/media\/27182"},{"embeddable":true,"href":"https:\/\/turisme.dival.es\/ca\/wp-json\/wp\/v2\/media\/27177"},{"embeddable":true,"href":"https:\/\/turisme.dival.es\/ca\/wp-json\/wp\/v2\/media\/27172"},{"embeddable":true,"href":"https:\/\/turisme.dival.es\/ca\/wp-json\/wp\/v2\/media\/27167"},{"embeddable":true,"href":"https:\/\/turisme.dival.es\/ca\/wp-json\/wp\/v2\/media\/27162"},{"embeddable":true,"href":"https:\/\/turisme.dival.es\/ca\/wp-json\/wp\/v2\/media\/27157"},{"embeddable":true,"href":"https:\/\/turisme.dival.es\/ca\/wp-json\/wp\/v2\/media\/27152"},{"embeddable":true,"href":"https:\/\/turisme.dival.es\/ca\/wp-json\/wp\/v2\/media\/27147"},{"embeddable":true,"href":"https:\/\/turisme.dival.es\/ca\/wp-json\/wp\/v2\/media\/27142"},{"embeddable":true,"href":"https:\/\/turisme.dival.es\/ca\/wp-json\/wp\/v2\/media\/27137"},{"embeddable":true,"href":"https:\/\/turisme.dival.es\/ca\/wp-json\/wp\/v2\/media\/27132"},{"embeddable":true,"href":"https:\/\/turisme.dival.es\/ca\/wp-json\/wp\/v2\/media\/27127"},{"embeddable":true,"href":"https:\/\/turisme.dival.es\/ca\/wp-json\/wp\/v2\/media\/27122"},{"embeddable":true,"href":"https:\/\/turisme.dival.es\/ca\/wp-json\/wp\/v2\/media\/27117"},{"embeddable":true,"href":"https:\/\/turisme.dival.es\/ca\/wp-json\/wp\/v2\/media\/27112"},{"embeddable":true,"href":"https:\/\/turisme.dival.es\/ca\/wp-json\/wp\/v2\/media\/27107"},{"embeddable":true,"href":"https:\/\/turisme.dival.es\/ca\/wp-json\/wp\/v2\/media\/27102"},{"embeddable":true,"href":"https:\/\/turisme.dival.es\/ca\/wp-json\/wp\/v2\/media\/27097"},{"embeddable":true,"href":"https:\/\/turisme.dival.es\/ca\/wp-json\/wp\/v2\/media\/27092"},{"embeddable":true,"href":"https:\/\/turisme.dival.es\/ca\/wp-json\/wp\/v2\/media\/27087"},{"embeddable":true,"href":"https:\/\/turisme.dival.es\/ca\/wp-json\/wp\/v2\/media\/27082"},{"embeddable":true,"href":"https:\/\/turisme.dival.es\/ca\/wp-json\/wp\/v2\/media\/27077"},{"embeddable":true,"href":"https:\/\/turisme.dival.es\/ca\/wp-json\/wp\/v2\/media\/27072"},{"embeddable":true,"href":"https:\/\/turisme.dival.es\/ca\/wp-json\/wp\/v2\/media\/27067"},{"embeddable":true,"href":"https:\/\/turisme.dival.es\/ca\/wp-json\/wp\/v2\/media\/27062"},{"embeddable":true,"href":"https:\/\/turisme.dival.es\/ca\/wp-json\/wp\/v2\/media\/27057"},{"embeddable":true,"href":"https:\/\/turisme.dival.es\/ca\/wp-json\/wp\/v2\/media\/27052"},{"embeddable":true,"href":"https:\/\/turisme.dival.es\/ca\/wp-json\/wp\/v2\/media\/27047"},{"embeddable":true,"href":"https:\/\/turisme.dival.es\/ca\/wp-json\/wp\/v2\/media\/27042"},{"embeddable":true,"href":"https:\/\/turisme.dival.es\/ca\/wp-json\/wp\/v2\/media\/27037"},{"embeddable":true,"href":"https:\/\/turisme.dival.es\/ca\/wp-json\/wp\/v2\/media\/27032"},{"embeddable":true,"href":"https:\/\/turisme.dival.es\/ca\/wp-json\/wp\/v2\/media\/27027"},{"embeddable":true,"href":"https:\/\/turisme.dival.es\/ca\/wp-json\/wp\/v2\/media\/27022"},{"embeddable":true,"href":"https:\/\/turisme.dival.es\/ca\/wp-json\/wp\/v2\/media\/27017"},{"embeddable":true,"href":"https:\/\/turisme.dival.es\/ca\/wp-json\/wp\/v2\/media\/27012"},{"embeddable":true,"href":"https:\/\/turisme.dival.es\/ca\/wp-json\/wp\/v2\/media\/27007"}],"wp:featuredmedia":[{"embeddable":true,"href":"https:\/\/turisme.dival.es\/ca\/wp-json\/wp\/v2\/media\/27319"}],"wp:attachment":[{"href":"https:\/\/turisme.dival.es\/ca\/wp-json\/wp\/v2\/media?parent=27005"}],"wp:term":[{"taxonomy":"situacion","embeddable":true,"href":"https:\/\/turisme.dival.es\/ca\/wp-json\/wp\/v2\/situacion?post=27005"}],"curies":[{"name":"wp","href":"https:\/\/api.w.org\/{rel}","templated":true}]}}