{"id":26458,"date":"2021-09-17T11:22:39","date_gmt":"2021-09-17T11:22:39","guid":{"rendered":"https:\/\/turisme.dival.es\/destino\/quart-de-poblet\/"},"modified":"2022-02-16T11:46:26","modified_gmt":"2022-02-16T11:46:26","slug":"quart-de-poblet","status":"publish","type":"destino","link":"https:\/\/turisme.dival.es\/ca\/destino\/quart-de-poblet\/","title":{"rendered":"Quart de Poblet"},"featured_media":78360,"template":"","situacion":[1442,1504],"class_list":["post-26458","destino","type-destino","status-publish","has-post-thumbnail","hentry","situacion-lhorta-ca","situacion-quart-de-poblet-ca"],"acf":{"titulo":"Quart de Poblet","subtitulo":"","situacion":"Interior","banner":[{"imagen_banner":8663,"video_del_banner":null}],"descripcion":"Quart de Poblet \u00e9s un municipi que est\u00e0 situat a la comarca de l\u2019Horta Sud, a 5,9 km de Val\u00e8ncia. La superf\u00edcie del terme \u00e9s completament plana, i el riu T\u00faria creua el terme pel nord. Compta amb 25.000 habitants, aproximadament.","galeria-poblacion":[8629,8631,8633,8635,8637,8639,8641,8643,8645,8647,8649,8651,8653,8655,8657,8659,8661,8663,8665],"descripcion_2":"<h3>Gastronomia:<\/h3>\r\nLa cuina de Quart de Poblet \u00e9s la t\u00edpica de la comarca de l\u2019Horta, la qual \u00e9s coneguda per l\u2019arr\u00f2s i les seues diferents varietats, de les quals podem destacar la paella com el plat m\u00e9s representatiu, tot i que cal prestar atenci\u00f3 al tradicional arr\u00f2s amb fesols i naps, l\u2019arr\u00f2s a banda\u00a0 o l\u2019arr\u00f2s negre. Tamb\u00e9 \u00e9s important l\u2019all i pebre.\r\n<h3>Inter\u00e9s tur\u00edstic:<\/h3>\r\nA Quart de Poblet trobem diversos tipus de construccions emblem\u00e0tiques, com ara l\u2019esgl\u00e9sia de la Pur\u00edssima Concepci\u00f3 (que data del segle xvii) i l\u2019ermita de Sant Onofre, dedicada al patr\u00f3 de la poblaci\u00f3.\r\n\r\nDels edificis civils, cal destacar-ne l\u2019ajuntament, el Centre Cultural El Casino, que \u00e9s un centre de conviv\u00e8ncia de diverses entitats culturals, i la Casa de la Cultura, un habitatge t\u00edpic valenci\u00e0 del segle XIX que hui en dia s\u2019utilitza com a centre cultural del poble.\r\n\r\nAix\u00ed mateix, Quart de Poblet mant\u00e9 una intensa relaci\u00f3 amb l\u2019aigua, ja que hi trobem diverses construccions que fan de l\u2019aigua un element \u00fanic. Entre elles destaquen:\r\n\r\n\u2013 La cisterna medieval, amb la qual es prove\u00efa d\u2019aigua el poble quan cessaven les pluges.\r\n\r\n\u2013 El dep\u00f2sit d\u2019aig\u00fces de baixa pressi\u00f3 de Sant Onofre, el qual \u00e9s un dep\u00f2sit d\u2019aig\u00fces del segle XIX que s\u2019utilitzava per a proveir d\u2019aigua la ciutat de Val\u00e8ncia.\r\n\r\n\u2013 Les Lleng\u00fces de Sant Onofre, on se separen les aig\u00fces de les s\u00e9quies de Quart de Poblet i Ben\u00e0ger per a regar els cultius de la zona.\r\n\r\n\u2013 L\u2019assut del Repartiment, que es va crear amb el Pla Sud l\u2019any 1957 per a desviar l\u2019aigua cap a les s\u00e9quies que la necessiten, les quals s\u00f3n les s\u00e9quies de Favara, Rascanya, Rovella i la s\u00e9quia de l\u2019Or.\r\n\r\n\u2013 La s\u00e9quia de Mislata, un tram de la qual est\u00e0 declarada b\u00e9 d\u2019inter\u00e8s cultural perqu\u00e8 constitueix una mostra \u00fanica del sistema de regadiu tradicional de l\u2019Horta de Val\u00e8ncia, en conservar-se pr\u00e0cticament intacta.\r\n\r\nFinalment, i no per aix\u00f2 menys important, trobem el parc natural del riu T\u00faria al seu pas per la localitat i el Centre d\u2019Interpretaci\u00f3 de la Natura, el qual est\u00e0 obert tots els dissabtes.\r\n\r\n<strong>Rutes<\/strong>\r\n\r\nA Quart de Poblet hi ha disponibles diverses rutes per a con\u00e8ixer tant el seu patrimoni natural com cultural.\r\n\r\n\u2013 Ruta de l\u2019aigua: La ruta de l\u2019aigua \u00e9s un recorregut que s\u2019organitza amb l\u2019objectiu de visitar els llocs representatius de Quart de Poblet relacionats amb el prove\u00efment d\u2019aigua, la xarxa de reg i el riu T\u00faria.\r\n\r\n\u2013 Ruta pels edificis emblem\u00e0tics: Aquest itinerari proposa un passeig pel nucli urb\u00e0 de Quart de Poblet per a con\u00e8ixer els edificis i llocs que s\u00f3n rellevants per a la hist\u00f2ria i el patrimoni del poble.\r\n\r\n\u2013 Ruta QDP 36\/39: Es tracta d\u2019un recorregut que identifica la ubicaci\u00f3 dels edificis i empla\u00e7aments que durant la Guerra Civil van estar destinats a funcions i activitats vitals per als habitants de Quart de Poblet.\r\n<h3>Festes:<\/h3>\r\nLa nit del 9 de juny se celebra la Passej\u00e0, un cercaviles declarat festa d\u2019inter\u00e9s tur\u00edstic provincial. Aquesta festa se celebra en honor a Sant Onofre, amb una mescla de m\u00fasica, p\u00f3lvora, foc i tradici\u00f3.\r\nEl 10 de juny, per a continuar amb les festes de Sant Onofre, se celebra un mercat, un concert de la banda de m\u00fasica i una process\u00f3 en honor al sant.\r\n\r\nAl setembre, se celebren les festes patronals, populars i de moros i cristians, que s\u2019inicien el divendres anterior al primer diumenge del mes.","color":"#9b861b","fiestas":null,"gastronomia":null,"mas_informacion":null,"turist-info":[{"nombre_oficina":"Tourist Info Quart de Poblet","datos_oficina":"Edifico de La Estaci\u00f3n\r\nC\/Reverendo Jos\u00e9 Palacios, 1.\r\nHorario es viernes de 17 a 20h y s\u00e1bados de 10 a 14h (excepto d\u00edas de rutas que se abre al finalizar)."}],"turist-info_rel":74767,"descargables":null,"localizacion_mapa":"<iframe src=\"https:\/\/www.google.com\/maps\/embed?pb=!1m18!1m12!1m3!1d89187.78808873674!2d-0.4876712420248763!3d39.4463920605241!2m3!1f0!2f0!3f0!3m2!1i1024!2i768!4f13.1!3m3!1m2!1s0xd604ff925b1d0cd%3A0x8c3887bcf48f6ffb!2s46930%20Cuart%20de%20Poblet%2C%20Valencia!5e0!3m2!1ses!2ses!4v1632302150475!5m2!1ses!2ses\" width=\"100%\" height=\"450\" style=\"border:0;\" allowfullscreen=\"\" loading=\"lazy\"><\/iframe>","destacados":null,"lugares_interes":null},"yoast_head":"<!-- This site is optimized with the Yoast SEO plugin v23.0 - https:\/\/yoast.com\/wordpress\/plugins\/seo\/ -->\n<title>Quart del Poblet | Val\u00e8ncia Turisme<\/title>\n<meta name=\"description\" content=\"Quart de Poblet \u00e9s un municipi que est\u00e0 situat a la comarca de l\u2019Horta Sud, a 5,9 km de Val\u00e8ncia. Compta amb 25.000 habitants.\" \/>\n<meta name=\"robots\" content=\"index, follow, max-snippet:-1, max-image-preview:large, max-video-preview:-1\" \/>\n<link rel=\"canonical\" href=\"https:\/\/turisme.dival.es\/ca\/destino\/quart-de-poblet\/\" \/>\n<meta property=\"og:locale\" content=\"en_US\" \/>\n<meta property=\"og:type\" content=\"article\" \/>\n<meta property=\"og:title\" content=\"Quart del Poblet | Val\u00e8ncia Turisme\" \/>\n<meta property=\"og:description\" content=\"Quart de Poblet \u00e9s un municipi que est\u00e0 situat a la comarca de l\u2019Horta Sud, a 5,9 km de Val\u00e8ncia. Compta amb 25.000 habitants.\" \/>\n<meta property=\"og:url\" content=\"https:\/\/turisme.dival.es\/ca\/destino\/quart-de-poblet\/\" \/>\n<meta property=\"og:site_name\" content=\"Valencia Turismo\" \/>\n<meta property=\"article:modified_time\" content=\"2022-02-16T11:46:26+00:00\" \/>\n<meta property=\"og:image\" content=\"https:\/\/turisme.dival.es\/wp-content\/uploads\/2021\/09\/IMG_6997-1-1.jpg\" \/>\n\t<meta property=\"og:image:width\" content=\"1920\" \/>\n\t<meta property=\"og:image:height\" content=\"1280\" \/>\n\t<meta property=\"og:image:type\" content=\"image\/jpeg\" \/>\n<meta name=\"twitter:card\" content=\"summary_large_image\" \/>\n<script type=\"application\/ld+json\" class=\"yoast-schema-graph\">{\"@context\":\"https:\/\/schema.org\",\"@graph\":[{\"@type\":\"WebPage\",\"@id\":\"https:\/\/turisme.dival.es\/ca\/destino\/quart-de-poblet\/\",\"url\":\"https:\/\/turisme.dival.es\/ca\/destino\/quart-de-poblet\/\",\"name\":\"Quart del Poblet | Val\u00e8ncia Turisme\",\"isPartOf\":{\"@id\":\"https:\/\/turisme.dival.es\/#website\"},\"primaryImageOfPage\":{\"@id\":\"https:\/\/turisme.dival.es\/ca\/destino\/quart-de-poblet\/#primaryimage\"},\"image\":{\"@id\":\"https:\/\/turisme.dival.es\/ca\/destino\/quart-de-poblet\/#primaryimage\"},\"thumbnailUrl\":\"https:\/\/turisme.dival.es\/wp-content\/uploads\/2021\/09\/IMG_6997-1-1.jpg\",\"datePublished\":\"2021-09-17T11:22:39+00:00\",\"dateModified\":\"2022-02-16T11:46:26+00:00\",\"description\":\"Quart de Poblet \u00e9s un municipi que est\u00e0 situat a la comarca de l\u2019Horta Sud, a 5,9 km de Val\u00e8ncia. Compta amb 25.000 habitants.\",\"inLanguage\":\"vl\",\"potentialAction\":[{\"@type\":\"ReadAction\",\"target\":[\"https:\/\/turisme.dival.es\/ca\/destino\/quart-de-poblet\/\"]}]},{\"@type\":\"ImageObject\",\"inLanguage\":\"vl\",\"@id\":\"https:\/\/turisme.dival.es\/ca\/destino\/quart-de-poblet\/#primaryimage\",\"url\":\"https:\/\/turisme.dival.es\/wp-content\/uploads\/2021\/09\/IMG_6997-1-1.jpg\",\"contentUrl\":\"https:\/\/turisme.dival.es\/wp-content\/uploads\/2021\/09\/IMG_6997-1-1.jpg\",\"width\":1920,\"height\":1280},{\"@type\":\"WebSite\",\"@id\":\"https:\/\/turisme.dival.es\/#website\",\"url\":\"https:\/\/turisme.dival.es\/\",\"name\":\"valenciaturismo.com.mialias.net\",\"description\":\"\",\"potentialAction\":[{\"@type\":\"SearchAction\",\"target\":{\"@type\":\"EntryPoint\",\"urlTemplate\":\"https:\/\/turisme.dival.es\/?s={search_term_string}\"},\"query-input\":\"required name=search_term_string\"}],\"inLanguage\":\"vl\"}]}<\/script>\n<!-- \/ Yoast SEO plugin. -->","yoast_head_json":{"title":"Quart del Poblet | Val\u00e8ncia Turisme","description":"Quart de Poblet \u00e9s un municipi que est\u00e0 situat a la comarca de l\u2019Horta Sud, a 5,9 km de Val\u00e8ncia. Compta amb 25.000 habitants.","robots":{"index":"index","follow":"follow","max-snippet":"max-snippet:-1","max-image-preview":"max-image-preview:large","max-video-preview":"max-video-preview:-1"},"canonical":"https:\/\/turisme.dival.es\/ca\/destino\/quart-de-poblet\/","og_locale":"en_US","og_type":"article","og_title":"Quart del Poblet | Val\u00e8ncia Turisme","og_description":"Quart de Poblet \u00e9s un municipi que est\u00e0 situat a la comarca de l\u2019Horta Sud, a 5,9 km de Val\u00e8ncia. Compta amb 25.000 habitants.","og_url":"https:\/\/turisme.dival.es\/ca\/destino\/quart-de-poblet\/","og_site_name":"Valencia Turismo","article_modified_time":"2022-02-16T11:46:26+00:00","og_image":[{"width":1920,"height":1280,"url":"https:\/\/turisme.dival.es\/wp-content\/uploads\/2021\/09\/IMG_6997-1-1.jpg","type":"image\/jpeg"}],"twitter_card":"summary_large_image","schema":{"@context":"https:\/\/schema.org","@graph":[{"@type":"WebPage","@id":"https:\/\/turisme.dival.es\/ca\/destino\/quart-de-poblet\/","url":"https:\/\/turisme.dival.es\/ca\/destino\/quart-de-poblet\/","name":"Quart del Poblet | Val\u00e8ncia Turisme","isPartOf":{"@id":"https:\/\/turisme.dival.es\/#website"},"primaryImageOfPage":{"@id":"https:\/\/turisme.dival.es\/ca\/destino\/quart-de-poblet\/#primaryimage"},"image":{"@id":"https:\/\/turisme.dival.es\/ca\/destino\/quart-de-poblet\/#primaryimage"},"thumbnailUrl":"https:\/\/turisme.dival.es\/wp-content\/uploads\/2021\/09\/IMG_6997-1-1.jpg","datePublished":"2021-09-17T11:22:39+00:00","dateModified":"2022-02-16T11:46:26+00:00","description":"Quart de Poblet \u00e9s un municipi que est\u00e0 situat a la comarca de l\u2019Horta Sud, a 5,9 km de Val\u00e8ncia. Compta amb 25.000 habitants.","inLanguage":"vl","potentialAction":[{"@type":"ReadAction","target":["https:\/\/turisme.dival.es\/ca\/destino\/quart-de-poblet\/"]}]},{"@type":"ImageObject","inLanguage":"vl","@id":"https:\/\/turisme.dival.es\/ca\/destino\/quart-de-poblet\/#primaryimage","url":"https:\/\/turisme.dival.es\/wp-content\/uploads\/2021\/09\/IMG_6997-1-1.jpg","contentUrl":"https:\/\/turisme.dival.es\/wp-content\/uploads\/2021\/09\/IMG_6997-1-1.jpg","width":1920,"height":1280},{"@type":"WebSite","@id":"https:\/\/turisme.dival.es\/#website","url":"https:\/\/turisme.dival.es\/","name":"valenciaturismo.com.mialias.net","description":"","potentialAction":[{"@type":"SearchAction","target":{"@type":"EntryPoint","urlTemplate":"https:\/\/turisme.dival.es\/?s={search_term_string}"},"query-input":"required name=search_term_string"}],"inLanguage":"vl"}]}},"_links":{"self":[{"href":"https:\/\/turisme.dival.es\/ca\/wp-json\/wp\/v2\/destino\/26458","targetHints":{"allow":["GET"]}}],"collection":[{"href":"https:\/\/turisme.dival.es\/ca\/wp-json\/wp\/v2\/destino"}],"about":[{"href":"https:\/\/turisme.dival.es\/ca\/wp-json\/wp\/v2\/types\/destino"}],"acf:post":[{"embeddable":true,"href":"https:\/\/turisme.dival.es\/ca\/wp-json\/wp\/v2\/turist_info\/74767"}],"acf:attachment":[{"embeddable":true,"href":"https:\/\/turisme.dival.es\/ca\/wp-json\/wp\/v2\/media\/8665"},{"embeddable":true,"href":"https:\/\/turisme.dival.es\/ca\/wp-json\/wp\/v2\/media\/8663"},{"embeddable":true,"href":"https:\/\/turisme.dival.es\/ca\/wp-json\/wp\/v2\/media\/8661"},{"embeddable":true,"href":"https:\/\/turisme.dival.es\/ca\/wp-json\/wp\/v2\/media\/8659"},{"embeddable":true,"href":"https:\/\/turisme.dival.es\/ca\/wp-json\/wp\/v2\/media\/8657"},{"embeddable":true,"href":"https:\/\/turisme.dival.es\/ca\/wp-json\/wp\/v2\/media\/8655"},{"embeddable":true,"href":"https:\/\/turisme.dival.es\/ca\/wp-json\/wp\/v2\/media\/8653"},{"embeddable":true,"href":"https:\/\/turisme.dival.es\/ca\/wp-json\/wp\/v2\/media\/8651"},{"embeddable":true,"href":"https:\/\/turisme.dival.es\/ca\/wp-json\/wp\/v2\/media\/8649"},{"embeddable":true,"href":"https:\/\/turisme.dival.es\/ca\/wp-json\/wp\/v2\/media\/8647"},{"embeddable":true,"href":"https:\/\/turisme.dival.es\/ca\/wp-json\/wp\/v2\/media\/8645"},{"embeddable":true,"href":"https:\/\/turisme.dival.es\/ca\/wp-json\/wp\/v2\/media\/8643"},{"embeddable":true,"href":"https:\/\/turisme.dival.es\/ca\/wp-json\/wp\/v2\/media\/8641"},{"embeddable":true,"href":"https:\/\/turisme.dival.es\/ca\/wp-json\/wp\/v2\/media\/8639"},{"embeddable":true,"href":"https:\/\/turisme.dival.es\/ca\/wp-json\/wp\/v2\/media\/8637"},{"embeddable":true,"href":"https:\/\/turisme.dival.es\/ca\/wp-json\/wp\/v2\/media\/8635"},{"embeddable":true,"href":"https:\/\/turisme.dival.es\/ca\/wp-json\/wp\/v2\/media\/8633"},{"embeddable":true,"href":"https:\/\/turisme.dival.es\/ca\/wp-json\/wp\/v2\/media\/8631"},{"embeddable":true,"href":"https:\/\/turisme.dival.es\/ca\/wp-json\/wp\/v2\/media\/8629"}],"wp:featuredmedia":[{"embeddable":true,"href":"https:\/\/turisme.dival.es\/ca\/wp-json\/wp\/v2\/media\/78360"}],"wp:attachment":[{"href":"https:\/\/turisme.dival.es\/ca\/wp-json\/wp\/v2\/media?parent=26458"}],"wp:term":[{"taxonomy":"situacion","embeddable":true,"href":"https:\/\/turisme.dival.es\/ca\/wp-json\/wp\/v2\/situacion?post=26458"}],"curies":[{"name":"wp","href":"https:\/\/api.w.org\/{rel}","templated":true}]}}