{"id":26401,"date":"2021-09-17T10:37:56","date_gmt":"2021-09-17T10:37:56","guid":{"rendered":"https:\/\/turisme.dival.es\/destino\/burjassot\/"},"modified":"2022-01-11T12:14:50","modified_gmt":"2022-01-11T12:14:50","slug":"burjassot","status":"publish","type":"destino","link":"https:\/\/turisme.dival.es\/ca\/destino\/burjassot\/","title":{"rendered":"Burjassot"},"featured_media":34621,"template":"","situacion":[1493,1442],"class_list":["post-26401","destino","type-destino","status-publish","has-post-thumbnail","hentry","situacion-burjassot-ca","situacion-lhorta-ca"],"acf":{"titulo":"Burjassot","subtitulo":"","situacion":"Interior","banner":[{"imagen_banner":34621,"video_del_banner":null}],"descripcion":"Situat en el l\u00edmit occidental de l\u2019Horta Nord, en l\u2019\u00e0rea metropolitana de Val\u00e8ncia. El seu terme municipal est\u00e0 format per dues \u00e0rees: la de llevant, formada per hortes, s\u00e9quies i cultius; i l\u2019occidental, m\u00e9s elevada, formada per llomes de roca calc\u00e0ria.","galeria-poblacion":[34657,34694,34721,34786,34926,34991,35023,35062,35093,35297,35291,35284,35274,35268,35231,35167],"descripcion_2":"<h3>Gastronomia:<\/h3>\r\nL\u2019arr\u00f2s amb fesols i naps i la paella s\u00f3n els dos plats m\u00e9s destacats de la gastronomia local. A m\u00e9s, t\u00e9 gran import\u00e0ncia l\u2019ensalada valenciana aix\u00ed com el cl\u00e0ssic esgarrat (piment\u00f3, all, oli i abadejo). Finalment, cal destacar un dels plats amb base d\u2019arr\u00f2s m\u00e9s importants: l\u2019arr\u00f2s negre.\r\n<h3>Inter\u00e9s tur\u00edstic:<\/h3>\r\nLes Sitges, per a emmagatzemar gra (s. XVI), s\u00f3n sens dubte l\u2019atractiu principal d\u2019aquesta poblaci\u00f3 pr\u00f2xima a la capital del T\u00faria. La seua finalitat era conservar el cereal en bon estat durant molt de temps, fins i tot d\u00e8cades. Concretament s\u2019hi emmagatzemava forment, ja que \u00e9s un cereal que resisteix molt de temps sense perdre les seues propietats; per a poder perdurar tant de temps, les sitges han de mantindre\u2019s herm\u00e8ticament tancades.\r\nEl Palau de Sant Juan de Ribera (s. XVIII), t\u00e9 l\u2019origen en l\u2019\u00e8poca medieval; despr\u00e9s, aquest personatge el va constituir en domicili de descans i el va condicionar com a palau residencial. Aquest Juan de Ribera el va cedir al Reial Col\u2022legi del Corpus i, a la fi del segle XIX, amb la desamortitzaci\u00f3, fou subhastat. L\u2019Esgl\u00e9sia de Sant Miquel (s. XVIII), la Casa de Cultura i l\u2019Ajuntament (1915), conformen els atractius tur\u00edstics de Burjassot. S\u2019ubica, en el terme de Burjassot, el Campus de Ci\u00e8ncies de la Universitat de Val\u00e8ncia i les instal\u2022lacions de la Radiotelevisi\u00f3 Valenciana.\r\nBurjassot \u00e9s la ciutat natal de l\u2019insigne poeta valenci\u00e0 Vicent Andr\u00e9s Estell\u00e9s. Una de les rutes destacades del municipi \u00e9s la Ruta d\u2019Estell\u00e9s, que recorre alguns dels principals carrers de Burjassot. Inclou plafons cer\u00e0mics amb algunes de les poesies d\u2019Estell\u00e9s.\r\n<h3>Festes:<\/h3>\r\nLes festes majors se celebren del 15 al 16 d\u2019agost en honor de l\u2019Assumpci\u00f3 de la Mare de D\u00e9u i de sant Roc, amb solta de vaquetes, bou embolat, concursos gastron\u00f2mics, etc. Una altra de les seues festes destacades \u00e9s el Nou d\u2019Octubre, en qu\u00e8 s\u2019elabora en gran quantitat el plat t\u00edpic d\u2019arr\u00f2s amb fesols i naps. El 30 de setembre se celebren les festes en honor de la Virgen de la Cabeza. A m\u00e9s, del 14 al 19 de mar\u00e7 tenen lloc les tradicionals i representatives Falles, que s\u00f3n molt viscudes per la poblaci\u00f3 ja que, a pesar de no trobar-se dins del nucli urb\u00e0 de la ciutat de Val\u00e8ncia, s\u00ed que hi \u00e9s molt pr\u00f2xima.","color":"#9b861b","fiestas":null,"gastronomia":null,"mas_informacion":null,"turist-info":[{"nombre_oficina":"Tourist Info Burjassot","datos_oficina":"Telf.:963160500 (Ajuntament)"}],"turist-info_rel":null,"descargables":null,"localizacion_mapa":"<iframe src=\"https:\/\/www.google.com\/maps\/embed?pb=!1m18!1m12!1m3!1d25713.653114756016!2d-0.4256948739898751!3d39.51334173536627!2m3!1f0!2f0!3f0!3m2!1i1024!2i768!4f13.1!3m3!1m2!1s0xd6045a2e3657d2b%3A0x74163e892530f5c6!2sBurjasot%2C%20Valencia!5e0!3m2!1ses!2ses!4v1632233006828!5m2!1ses!2ses\" width=\"100%\" height=\"450\" style=\"border:0;\" allowfullscreen=\"\" loading=\"lazy\"><\/iframe>","destacados":null,"lugares_interes":null},"yoast_head":"<!-- This site is optimized with the Yoast SEO plugin v23.0 - https:\/\/yoast.com\/wordpress\/plugins\/seo\/ -->\n<title>Burjassot | Val\u00e8ncia Turisme<\/title>\n<meta name=\"description\" content=\"El terme municipal de Burjassot est\u00e0 format per dues \u00e0rees: la de llevant, formada per hortes, s\u00e9quies i cultius; i l\u2019occidental, m\u00e9s elevada, formada per llomes de roca calc\u00e0ria.\" \/>\n<meta name=\"robots\" content=\"index, follow, max-snippet:-1, max-image-preview:large, max-video-preview:-1\" \/>\n<link rel=\"canonical\" href=\"https:\/\/turisme.dival.es\/ca\/destino\/burjassot\/\" \/>\n<meta property=\"og:locale\" content=\"en_US\" \/>\n<meta property=\"og:type\" content=\"article\" \/>\n<meta property=\"og:title\" content=\"Burjassot | Val\u00e8ncia Turisme\" \/>\n<meta property=\"og:description\" content=\"El terme municipal de Burjassot est\u00e0 format per dues \u00e0rees: la de llevant, formada per hortes, s\u00e9quies i cultius; i l\u2019occidental, m\u00e9s elevada, formada per llomes de roca calc\u00e0ria.\" \/>\n<meta property=\"og:url\" content=\"https:\/\/turisme.dival.es\/ca\/destino\/burjassot\/\" \/>\n<meta property=\"og:site_name\" content=\"Valencia Turismo\" \/>\n<meta property=\"article:modified_time\" content=\"2022-01-11T12:14:50+00:00\" \/>\n<meta property=\"og:image\" content=\"https:\/\/turisme.dival.es\/wp-content\/uploads\/2021\/09\/IMG_3799-scaled.jpg\" \/>\n\t<meta property=\"og:image:width\" content=\"2560\" \/>\n\t<meta property=\"og:image:height\" content=\"1707\" \/>\n\t<meta property=\"og:image:type\" content=\"image\/jpeg\" \/>\n<meta name=\"twitter:card\" content=\"summary_large_image\" \/>\n<script type=\"application\/ld+json\" class=\"yoast-schema-graph\">{\"@context\":\"https:\/\/schema.org\",\"@graph\":[{\"@type\":\"WebPage\",\"@id\":\"https:\/\/turisme.dival.es\/ca\/destino\/burjassot\/\",\"url\":\"https:\/\/turisme.dival.es\/ca\/destino\/burjassot\/\",\"name\":\"Burjassot | Val\u00e8ncia Turisme\",\"isPartOf\":{\"@id\":\"https:\/\/turisme.dival.es\/#website\"},\"primaryImageOfPage\":{\"@id\":\"https:\/\/turisme.dival.es\/ca\/destino\/burjassot\/#primaryimage\"},\"image\":{\"@id\":\"https:\/\/turisme.dival.es\/ca\/destino\/burjassot\/#primaryimage\"},\"thumbnailUrl\":\"https:\/\/turisme.dival.es\/wp-content\/uploads\/2021\/09\/IMG_3799-scaled.jpg\",\"datePublished\":\"2021-09-17T10:37:56+00:00\",\"dateModified\":\"2022-01-11T12:14:50+00:00\",\"description\":\"El terme municipal de Burjassot est\u00e0 format per dues \u00e0rees: la de llevant, formada per hortes, s\u00e9quies i cultius; i l\u2019occidental, m\u00e9s elevada, formada per llomes de roca calc\u00e0ria.\",\"inLanguage\":\"vl\",\"potentialAction\":[{\"@type\":\"ReadAction\",\"target\":[\"https:\/\/turisme.dival.es\/ca\/destino\/burjassot\/\"]}]},{\"@type\":\"ImageObject\",\"inLanguage\":\"vl\",\"@id\":\"https:\/\/turisme.dival.es\/ca\/destino\/burjassot\/#primaryimage\",\"url\":\"https:\/\/turisme.dival.es\/wp-content\/uploads\/2021\/09\/IMG_3799-scaled.jpg\",\"contentUrl\":\"https:\/\/turisme.dival.es\/wp-content\/uploads\/2021\/09\/IMG_3799-scaled.jpg\",\"width\":2560,\"height\":1707},{\"@type\":\"WebSite\",\"@id\":\"https:\/\/turisme.dival.es\/#website\",\"url\":\"https:\/\/turisme.dival.es\/\",\"name\":\"valenciaturismo.com.mialias.net\",\"description\":\"\",\"potentialAction\":[{\"@type\":\"SearchAction\",\"target\":{\"@type\":\"EntryPoint\",\"urlTemplate\":\"https:\/\/turisme.dival.es\/?s={search_term_string}\"},\"query-input\":\"required name=search_term_string\"}],\"inLanguage\":\"vl\"}]}<\/script>\n<!-- \/ Yoast SEO plugin. -->","yoast_head_json":{"title":"Burjassot | Val\u00e8ncia Turisme","description":"El terme municipal de Burjassot est\u00e0 format per dues \u00e0rees: la de llevant, formada per hortes, s\u00e9quies i cultius; i l\u2019occidental, m\u00e9s elevada, formada per llomes de roca calc\u00e0ria.","robots":{"index":"index","follow":"follow","max-snippet":"max-snippet:-1","max-image-preview":"max-image-preview:large","max-video-preview":"max-video-preview:-1"},"canonical":"https:\/\/turisme.dival.es\/ca\/destino\/burjassot\/","og_locale":"en_US","og_type":"article","og_title":"Burjassot | Val\u00e8ncia Turisme","og_description":"El terme municipal de Burjassot est\u00e0 format per dues \u00e0rees: la de llevant, formada per hortes, s\u00e9quies i cultius; i l\u2019occidental, m\u00e9s elevada, formada per llomes de roca calc\u00e0ria.","og_url":"https:\/\/turisme.dival.es\/ca\/destino\/burjassot\/","og_site_name":"Valencia Turismo","article_modified_time":"2022-01-11T12:14:50+00:00","og_image":[{"width":2560,"height":1707,"url":"https:\/\/turisme.dival.es\/wp-content\/uploads\/2021\/09\/IMG_3799-scaled.jpg","type":"image\/jpeg"}],"twitter_card":"summary_large_image","schema":{"@context":"https:\/\/schema.org","@graph":[{"@type":"WebPage","@id":"https:\/\/turisme.dival.es\/ca\/destino\/burjassot\/","url":"https:\/\/turisme.dival.es\/ca\/destino\/burjassot\/","name":"Burjassot | Val\u00e8ncia Turisme","isPartOf":{"@id":"https:\/\/turisme.dival.es\/#website"},"primaryImageOfPage":{"@id":"https:\/\/turisme.dival.es\/ca\/destino\/burjassot\/#primaryimage"},"image":{"@id":"https:\/\/turisme.dival.es\/ca\/destino\/burjassot\/#primaryimage"},"thumbnailUrl":"https:\/\/turisme.dival.es\/wp-content\/uploads\/2021\/09\/IMG_3799-scaled.jpg","datePublished":"2021-09-17T10:37:56+00:00","dateModified":"2022-01-11T12:14:50+00:00","description":"El terme municipal de Burjassot est\u00e0 format per dues \u00e0rees: la de llevant, formada per hortes, s\u00e9quies i cultius; i l\u2019occidental, m\u00e9s elevada, formada per llomes de roca calc\u00e0ria.","inLanguage":"vl","potentialAction":[{"@type":"ReadAction","target":["https:\/\/turisme.dival.es\/ca\/destino\/burjassot\/"]}]},{"@type":"ImageObject","inLanguage":"vl","@id":"https:\/\/turisme.dival.es\/ca\/destino\/burjassot\/#primaryimage","url":"https:\/\/turisme.dival.es\/wp-content\/uploads\/2021\/09\/IMG_3799-scaled.jpg","contentUrl":"https:\/\/turisme.dival.es\/wp-content\/uploads\/2021\/09\/IMG_3799-scaled.jpg","width":2560,"height":1707},{"@type":"WebSite","@id":"https:\/\/turisme.dival.es\/#website","url":"https:\/\/turisme.dival.es\/","name":"valenciaturismo.com.mialias.net","description":"","potentialAction":[{"@type":"SearchAction","target":{"@type":"EntryPoint","urlTemplate":"https:\/\/turisme.dival.es\/?s={search_term_string}"},"query-input":"required name=search_term_string"}],"inLanguage":"vl"}]}},"_links":{"self":[{"href":"https:\/\/turisme.dival.es\/ca\/wp-json\/wp\/v2\/destino\/26401","targetHints":{"allow":["GET"]}}],"collection":[{"href":"https:\/\/turisme.dival.es\/ca\/wp-json\/wp\/v2\/destino"}],"about":[{"href":"https:\/\/turisme.dival.es\/ca\/wp-json\/wp\/v2\/types\/destino"}],"acf:attachment":[{"embeddable":true,"href":"https:\/\/turisme.dival.es\/ca\/wp-json\/wp\/v2\/media\/35167"},{"embeddable":true,"href":"https:\/\/turisme.dival.es\/ca\/wp-json\/wp\/v2\/media\/35231"},{"embeddable":true,"href":"https:\/\/turisme.dival.es\/ca\/wp-json\/wp\/v2\/media\/35268"},{"embeddable":true,"href":"https:\/\/turisme.dival.es\/ca\/wp-json\/wp\/v2\/media\/35274"},{"embeddable":true,"href":"https:\/\/turisme.dival.es\/ca\/wp-json\/wp\/v2\/media\/35284"},{"embeddable":true,"href":"https:\/\/turisme.dival.es\/ca\/wp-json\/wp\/v2\/media\/35291"},{"embeddable":true,"href":"https:\/\/turisme.dival.es\/ca\/wp-json\/wp\/v2\/media\/35297"},{"embeddable":true,"href":"https:\/\/turisme.dival.es\/ca\/wp-json\/wp\/v2\/media\/35093"},{"embeddable":true,"href":"https:\/\/turisme.dival.es\/ca\/wp-json\/wp\/v2\/media\/35062"},{"embeddable":true,"href":"https:\/\/turisme.dival.es\/ca\/wp-json\/wp\/v2\/media\/35023"},{"embeddable":true,"href":"https:\/\/turisme.dival.es\/ca\/wp-json\/wp\/v2\/media\/34991"},{"embeddable":true,"href":"https:\/\/turisme.dival.es\/ca\/wp-json\/wp\/v2\/media\/34926"},{"embeddable":true,"href":"https:\/\/turisme.dival.es\/ca\/wp-json\/wp\/v2\/media\/34786"},{"embeddable":true,"href":"https:\/\/turisme.dival.es\/ca\/wp-json\/wp\/v2\/media\/34721"},{"embeddable":true,"href":"https:\/\/turisme.dival.es\/ca\/wp-json\/wp\/v2\/media\/34694"},{"embeddable":true,"href":"https:\/\/turisme.dival.es\/ca\/wp-json\/wp\/v2\/media\/34657"}],"wp:featuredmedia":[{"embeddable":true,"href":"https:\/\/turisme.dival.es\/ca\/wp-json\/wp\/v2\/media\/34621"}],"wp:attachment":[{"href":"https:\/\/turisme.dival.es\/ca\/wp-json\/wp\/v2\/media?parent=26401"}],"wp:term":[{"taxonomy":"situacion","embeddable":true,"href":"https:\/\/turisme.dival.es\/ca\/wp-json\/wp\/v2\/situacion?post=26401"}],"curies":[{"name":"wp","href":"https:\/\/api.w.org\/{rel}","templated":true}]}}