{"id":25855,"date":"2021-12-13T16:06:46","date_gmt":"2021-12-13T16:06:46","guid":{"rendered":"https:\/\/turisme.dival.es\/?post_type=destino&#038;p=25855"},"modified":"2021-12-13T16:06:46","modified_gmt":"2021-12-13T16:06:46","slug":"mancomunitat-de-les-valls","status":"publish","type":"destino","link":"https:\/\/turisme.dival.es\/ca\/destino\/mancomunitat-de-les-valls\/","title":{"rendered":"Mancomunitat de Les Valls"},"featured_media":23649,"template":"","situacion":[1439,1464],"class_list":["post-25855","destino","type-destino","status-publish","has-post-thumbnail","hentry","situacion-el-camp-de-morvedre-ca","situacion-mancomunidad-les-valls-ca"],"acf":{"titulo":"Mancomunitat de Les Valls","subtitulo":"","situacion":"Interior","banner":[{"imagen_banner":23637,"video_del_banner":null}],"descripcion":"La combinaci\u00f3 dels seus diferents elements paisatg\u00edstics determina decisivament els seus atractius naturals i el seu patrimoni hist\u00f2ric que es presten al seu recorregut i contemplaci\u00f3, en un entorn de tranquil\u00b7litat, podeu descobrir diferents elements que mereixen ser visitats durant el recorregut de l'itinerari urb\u00e0 pels seus municipis i rutes de senderes, en la qual existeix un s\u00edmbol d'uni\u00f3 ancestral entre els diferents municipis de la Comunitat Valenciana i especialment amb el nostre entorn, que forma part de la cultura i de la seua riquesa, el nostre element com\u00fa, l'AIGUA. La Ruta de l'Aigua.","galeria-poblacion":[23639,23641,23643,23645,23647,23649,23651,23653,23655,23657],"descripcion_2":"","color":"#9b861b","fiestas":null,"gastronomia":null,"mas_informacion":null,"turist-info":[{"nombre_oficina":"Tourist Info Mancomunitat de Les Valls","datos_oficina":"Tel\u00e9fono: 962605067"}],"turist-info_rel":null,"descargables":null,"localizacion_mapa":"<iframe src=\"https:\/\/www.google.com\/maps\/embed?pb=!1m18!1m12!1m3!1d12270.734034470532!2d-0.28142376422323223!3d39.74675961957218!2m3!1f0!2f0!3f0!3m2!1i1024!2i768!4f13.1!3m3!1m2!1s0xd60136fb5082d5b%3A0x6ad5db04a90bab93!2s46515%20Mancomunidad%20de%20Les%20Valls%2C%20Valencia!5e0!3m2!1ses!2ses!4v1633339051936!5m2!1ses!2ses\" width=\"100%\" height=\"450\" style=\"border:0;\" allowfullscreen=\"\" loading=\"lazy\"><\/iframe>","destacados":[{"titulo_seccion_destacados":"Torre de Benavites","texto_seccion_destacados":"<span style=\"font-weight: 400;\">Declarada monument hist\u00f2ric art\u00edstic nacional el 1981, \u00e9s per s\u00ed l'edifici m\u00e9s emblem\u00e0tic de Benavites i de la vall de Seg\u00f3. La seua data exacta \u00e9s dif\u00edcil de concretar, perqu\u00e8 el seu origen \u00e9s a hores d'ara incert, igual que el naixement de la vila de Benavites. Segurament com indica el top\u00f2nim, va tenir el seu origen en una alqueria musulmana, per la qual cosa no es pot descartar que la torre fora en els seus or\u00edgens una talaia musulmana (construcci\u00f3 amb car\u00e0cter defensiu i comunicatiu situada a mig cam\u00ed entre les poblacions fortificades d'Almenara al nord i Sagunt al sud).<\/span>","imagen_seccion_destacados":23663},{"titulo_seccion_destacados":"Esgl\u00e9sia de Benicalaf","texto_seccion_destacados":"<span style=\"font-weight: 400;\">El temple de Benicalaf, a la partida que porta el seu nom dins del terme de Benavites i situat al cam\u00ed d\u2019Uix\u00f2 (antiga via iberoromana augusta) a menys d'un quil\u00f2metre a l'est del nucli urb\u00e0, t\u00e9 l\u2019origen en una alqueria rural morisca anomenada Benicalaf que es remunta a temps de la dominaci\u00f3 sarra\u00efna. Aquest antic poblat que el 1856 es va annexionar a Benavites, sent el temple consagrat a l'ap\u00f2stol Santiago l'\u00fanica resta que queda en peus. Benicalaf va ser una de les poblacions m\u00e9s populoses de la vall de Seg\u00f3; el 1325 el cens era de 96 habitants i de 76 el 1830.<\/span><span style=\"font-weight: 400;\">\r\n<\/span>","imagen_seccion_destacados":23665},{"titulo_seccion_destacados":"Casa Palau dels Vives de Canyam\u00e0s","texto_seccion_destacados":"<span style=\"font-weight: 400;\">L'antiga alqueria musulmana de Benifair\u00f3 es va integrar, despr\u00e9s de la Reconquesta, al terme general de Morvedre (Sagunt), tan sols es va separar a partir de la concessi\u00f3 del t\u00edtol de bar\u00f3 de Benifair\u00f3 a la fam\u00edlia Vives de Canyam\u00e0s el 1471.<\/span><span style=\"font-weight: 400;\">\r\n<\/span><span style=\"font-weight: 400;\">La construcci\u00f3 del Palau senyorial data de la primera d\u00e8cada del segle XVII, quan Joan Vives de Canyam\u00e0s, ambaixador de Felip III a la G\u00e8nova renaixentista, va encarregar a l'arquitecte itali\u00e0 Andrea Lurago la seua realitzaci\u00f3.<\/span><span style=\"font-weight: 400;\">\r\n<\/span><span style=\"font-weight: 400;\">El palau de Benifair\u00f3 de les Valls va tenir gran import\u00e0ncia.\u00a0<\/span>\r\n\r\n<span style=\"font-weight: 400;\">\u00a0<\/span>","imagen_seccion_destacados":23667},{"titulo_seccion_destacados":"Esgl\u00e9sia Parroquial de Sant Gil ","texto_seccion_destacados":"<span style=\"font-weight: 400;\">Enfront del palau s'al\u00e7a l'Esgl\u00e9sia, edificada a la fi del segle XVIII en un estil barroc d'influ\u00e8ncia aragonesa. La fa\u00e7ana, bastant singular per al barroc valenci\u00e0, generalment m\u00e9s senzill, combina influ\u00e8ncies tardobarroques i neocl\u00e0ssiques, visibles en la seua composici\u00f3 amb frontons corbats. La construcci\u00f3 del campanar hauria d'esperar fins als primers anys del segle XIX.<\/span><span style=\"font-weight: 400;\">\r\n<\/span><span style=\"font-weight: 400;\">El temple consta de tres naus amb creuer i volta de can\u00f3 amb llunetes en la nau central. Els pilars s\u00f3n d'ordre corinti i esgrafiats que serveixen de decoraci\u00f3. Sobre el creuer s'al\u00e7a la c\u00fapula, sustentada en petxines decorades amb pintures al fresc. La c\u00fapula sense tambor s'il\u00b7lumina amb una esvelta llanterna. Una altra c\u00fapula s'al\u00e7a amb planta ovalada i tambor octogonal, damunt de la capella de la Comuni\u00f3, on es venera la patrona, la Mare de D\u00e9u del Bon Succ\u00e9s. Completen el conjunt la sagristia i el transsepte.<\/span><span style=\"font-weight: 400;\">\r\n<\/span><b>Ermita Bon Succ\u00e9s<\/b><span style=\"font-weight: 400;\"> L'Ermita, dedicada a la Mare de D\u00e9u del Bon Succ\u00e9s, \u00e9s un exemple valenci\u00e0 t\u00edpic de construcci\u00f3 religiosa barroca, \u00e9s d'una sola nau i es va edificar possiblement en els segles XVII-XVIII sobre un xicotet monticle pr\u00f2xim a la poblaci\u00f3.<\/span><span style=\"font-weight: 400;\">\r\n<\/span><span style=\"font-weight: 400;\">A l'ermita s'accedeix despr\u00e9s de pujar 189 escalons.<\/span>","imagen_seccion_destacados":23669}],"lugares_interes":[{"titulo_lugares_interes":"Ermita Bon Succ\u00e9s","texto_lugares_interes":"<span style=\"font-weight: 400;\">\u00a0L'Ermita, dedicada a la Mare de D\u00e9u del Bon Succ\u00e9s, \u00e9s un exemple valenci\u00e0 t\u00edpic de construcci\u00f3 religiosa barroca, \u00e9s d'una sola nau i es va edificar possiblement en els segles XVII-XVIII sobre un xicotet monticle pr\u00f2xim a la poblaci\u00f3.<\/span><span style=\"font-weight: 400;\">\r\n<\/span><span style=\"font-weight: 400;\">A l'ermita s'accedeix despr\u00e9s de pujar 189 escalons.<\/span>","imagen_lugares_interes":23671},{"titulo_lugares_interes":"Esgl\u00e9sia parroquial dels Sants Joans ","texto_lugares_interes":"<span style=\"font-weight: 400;\">La construcci\u00f3 data del segle XVIII; es va reedificar i ampliar l'espai de l'antiga esgl\u00e9sia del segle XVI, de la qual queda nom\u00e9s el campanar, d'aspecte t\u00edpicament barroc, que perdura fins a l'actualitat.<\/span><span style=\"font-weight: 400;\">\r\n<\/span><span style=\"font-weight: 400;\">La planta \u00e9s de creu llatina amb tres naus i sis capelles entre els contraforts laterals. Destaca la gran c\u00fapula que s'al\u00e7a sobre el creuer amb tambor octogonal i llanterna.<\/span><span style=\"font-weight: 400;\">\r\n<\/span><span style=\"font-weight: 400;\">Els vint-i-vuit frescos (segle XVIII) de les c\u00fapules de les capelles i de l'altar major s\u00f3n obra de Joaquim P\u00e9rez i Josep Camar\u00f3n Bonanad.<\/span><span style=\"font-weight: 400;\">\r\n<\/span><span style=\"font-weight: 400;\">La portalada actual, d'estil barroc, es va col\u00b7locar el 1981, procedent del derru\u00eft hospital de Val\u00e8ncia. El retaule major (segle XXI), de marbre, \u00e9s c\u00f2pia del de sant Lloren\u00e7 de l'Escorial.<\/span><span style=\"font-weight: 400;\">\r\n<\/span>","imagen_lugares_interes":23673},{"titulo_lugares_interes":"Casa Comtal de Faura ","texto_lugares_interes":"<span style=\"font-weight: 400;\">En l'origen era una xicoteta fortalesa que defensava l'antiga alqueria isl\u00e0mica, aspecte que va conservar fins que es va convertir en casa residencial en el segle XV. Mant\u00e9 l'estructura g\u00f2tica original, a pesar que posteriorment va adquirir l'estil renaixentista.<\/span><span style=\"font-weight: 400;\">\r\n<\/span><span style=\"font-weight: 400;\">L'entrada \u00e9s per mitj\u00e0 d'una ampla portada amb volta de mig punt amb llargues dovelles de pedra repicada. L'acc\u00e9s porta a un pati posterior, al voltant del qual es repartien les estances, es conserva un conjunt d'elements g\u00f2tics com l'escala, l'arc ogival rebaixat i el brocal de pedra de la cisterna. Aquesta cisterna ha sigut usada tradicionalment pel prove\u00efment del poble. Un altre element g\u00f2tic \u00e9s la galeria d'arcuaci\u00f3 de mig punt a l'andana.<\/span><span style=\"font-weight: 400;\">\r\n<\/span><span style=\"font-weight: 400;\">La fa\u00e7ana llueix un escut nobiliari, el dels Vilarrasa amb les cinc roses, que comporta que l'edifici estiga considerat b\u00e9 d'inter\u00e9s cultural en aplicaci\u00f3 de la Llei de Patrimoni Cultural Valenci\u00e0.<\/span><span style=\"font-weight: 400;\">\r\n<\/span><span style=\"font-weight: 400;\">A l'extrem meridional de la fa\u00e7ana va existir una torre, ara desapareguda, molt semblant a la torre de Benavites.<\/span><span style=\"font-weight: 400;\">\r\n<\/span>","imagen_lugares_interes":23675},{"titulo_lugares_interes":"La  Rodana","texto_lugares_interes":"<span style=\"font-weight: 400;\">Bosc mediterrani situat entre Faura i Benifair\u00f3 de les Valls<\/span>","imagen_lugares_interes":""},{"titulo_lugares_interes":"Ermita Santa B\u00e0rbara","texto_lugares_interes":"<span style=\"font-weight: 400;\">Dedicada al culte a Santa B\u00e0rbara, est\u00e0 catalogada com a b\u00e9 d'inter\u00e9s local.<\/span><span style=\"font-weight: 400;\">\r\n<\/span><span style=\"font-weight: 400;\">Va ser constru\u00efda el 1716 amb una sola nau i quatre capelles laterals entre els contraforts. La frontera no dissimula la disposici\u00f3 de la coberta, a dos vessants, i els contraforts, formant aix\u00ed una composici\u00f3 ascendent, coronada al xicotet campanar d'un sol ull. Fins a molt avan\u00e7ats els anys noranta, els funerals pel ritu cat\u00f2lic dels faurers i faureres del Raval feien la missa de cos present en l'ermita.<\/span><span style=\"font-weight: 400;\">\r\n<\/span><span style=\"font-weight: 400;\">Durant les Festes d'Agost, dissabte, la imatge de santa B\u00e0rbara es trasllada fins a l'esgl\u00e9sia i torna dilluns a l'ermita, aquests s\u00f3n els actes m\u00e9s importants de la vuitena festera: la baix\u00e0 i la puj\u00e0.<\/span><span style=\"font-weight: 400;\">\r\n<\/span>","imagen_lugares_interes":""},{"titulo_lugares_interes":"La Font de Quart","texto_lugares_interes":"<span style=\"font-weight: 400;\">Sens dubte, l'element m\u00e9s representatiu de Quart \u00e9s la Font, situada al nord del municipi, a escassos 200 metres del nucli urb\u00e0.<\/span><span style=\"font-weight: 400;\">\r\n<\/span><span style=\"font-weight: 400;\">Aquest brollador d'aigua dol\u00e7a proveeix tots els camps del nord de la comarca des de temps molt antics.<\/span><span style=\"font-weight: 400;\">\r\n<\/span><span style=\"font-weight: 400;\">\u00c9s un bell paratge natural que cap visitant ha de perdre's. Podr\u00e0 gaudir de la tranquil\u00b7litat del lloc, ideal per a passejar entre pins i palmeres.<\/span><span style=\"font-weight: 400;\">\r\n<\/span>","imagen_lugares_interes":23679},{"titulo_lugares_interes":"Esgl\u00e9sia Parroquial de Santa Anna ","texto_lugares_interes":"<span style=\"font-weight: 400;\">L'esgl\u00e9sia de Quartell data de l'any 1669 i est\u00e0 dedicada a santa Anna, patrona de la localitat.<\/span><span style=\"font-weight: 400;\">\r\n<\/span><span style=\"font-weight: 400;\">D'estil barroc tard\u00e0, el temple t\u00e9 forma de creu llatina i una capella dedicada a la Mare de D\u00e9u dels Desemparats.<\/span><span style=\"font-weight: 400;\">\r\n<\/span><span style=\"font-weight: 400;\">Les pintures murals que decoren les llunetes de la nau central daten de 1952. Entre altres elements de gran valor destaquen les pintures al fresc i un llen\u00e7 de l'escola de Joan de Joanes. A principis de la d\u00e8cada dels 90 es va construir un nou creuer i presbiteri en el lloc de l'anterior, seguint l'estil que presenta la resta de l'Esgl\u00e9sia.<\/span>","imagen_lugares_interes":23685},{"titulo_lugares_interes":"Mol\u00ed Nou","texto_lugares_interes":"<span style=\"font-weight: 400;\">Edificat el 1741, el mol\u00ed Nou, <\/span><i><span style=\"font-weight: 400;\">Doblons<\/span><\/i><span style=\"font-weight: 400;\"> o <\/span><i><span style=\"font-weight: 400;\">mol\u00ed de Diego<\/span><\/i><span style=\"font-weight: 400;\"> (cognom dels \u00faltims moliners) \u00e9s un edifici hist\u00f2ric testimoni de la intensa activitat agr\u00edcola, centrada en el cultiu dels cereals, que es va viure a Quartell en els \u00faltims segles.<\/span><span style=\"font-weight: 400;\">\r\n<\/span><span style=\"font-weight: 400;\">Restaurat l'any 2001, va adoptar el nom de moli Nou i en l'actualitat conserva l'estructura i maquin\u00e0ria original dels dos molins de fusta (un per al blat i un altre per a l'arr\u00f2s), que van estar en funcionament fins als anys 60 del segle passat. El mol\u00ed Nou \u00e9s un punt de connexi\u00f3 amb el passat agr\u00edcola de Quartell i un lloc que permet con\u00e9ixer i endinsar-nos en la nostra hist\u00f2ria.<\/span>","imagen_lugares_interes":23687},{"titulo_lugares_interes":"Palau de Quartell","texto_lugares_interes":"<span style=\"font-weight: 400;\">El Palau dels Comtes d'Orbe i Pinies \u00e9s un Palau Senyorial i alqueria del segle XVIII, i est\u00e0 situat en el barri antic del municipi, concretament en la pla\u00e7a del Palau, lloc que pren el nom d'aquesta edificaci\u00f3.<\/span><span style=\"font-weight: 400;\">\r\n<\/span><span style=\"font-weight: 400;\">Edificat el 1741, la seua organitzaci\u00f3 segueix l'estructura dels palaus del g\u00f2tic valenci\u00e0 amb un pati central interior al voltant del qual s'organitza tota l'edificaci\u00f3. La porta principal \u00e9s de pedra i t\u00e9 les mesures adequades per a deixar entrar els carruatges.\"<\/span>","imagen_lugares_interes":23689}]},"yoast_head":"<!-- This site is optimized with the Yoast SEO plugin v23.0 - https:\/\/yoast.com\/wordpress\/plugins\/seo\/ -->\n<title>Mancomunitat de Les Valls | Val\u00e8ncia Turisme<\/title>\n<meta name=\"description\" content=\"Mancomunitat de Les Valls, la combinaci\u00f3 dels seus diferents elements paisatg\u00edstics determina decisivament els seus atractius naturals i el seu patrimoni hist\u00f2ric que es presten al seu recorregut i contemplaci\u00f3, en un entorn de tranquil\u00b7litat\" \/>\n<meta name=\"robots\" content=\"index, follow, max-snippet:-1, max-image-preview:large, max-video-preview:-1\" \/>\n<link rel=\"canonical\" href=\"https:\/\/turisme.dival.es\/ca\/destino\/mancomunitat-de-les-valls\/\" \/>\n<meta property=\"og:locale\" content=\"en_US\" \/>\n<meta property=\"og:type\" content=\"article\" \/>\n<meta property=\"og:title\" content=\"Mancomunitat de Les Valls | Val\u00e8ncia Turisme\" \/>\n<meta property=\"og:description\" content=\"Mancomunitat de Les Valls, la combinaci\u00f3 dels seus diferents elements paisatg\u00edstics determina decisivament els seus atractius naturals i el seu patrimoni hist\u00f2ric que es presten al seu recorregut i contemplaci\u00f3, en un entorn de tranquil\u00b7litat\" \/>\n<meta property=\"og:url\" content=\"https:\/\/turisme.dival.es\/ca\/destino\/mancomunitat-de-les-valls\/\" \/>\n<meta property=\"og:site_name\" content=\"Valencia Turismo\" \/>\n<meta property=\"og:image\" content=\"https:\/\/turisme.dival.es\/wp-content\/uploads\/2021\/10\/IGLESIA-BENICALAF_-BENAVITES-scaled-1.jpg\" \/>\n\t<meta property=\"og:image:width\" content=\"2560\" \/>\n\t<meta property=\"og:image:height\" content=\"1920\" \/>\n\t<meta property=\"og:image:type\" content=\"image\/jpeg\" \/>\n<meta name=\"twitter:card\" content=\"summary_large_image\" \/>\n<script type=\"application\/ld+json\" class=\"yoast-schema-graph\">{\"@context\":\"https:\/\/schema.org\",\"@graph\":[{\"@type\":\"WebPage\",\"@id\":\"https:\/\/turisme.dival.es\/ca\/destino\/mancomunitat-de-les-valls\/\",\"url\":\"https:\/\/turisme.dival.es\/ca\/destino\/mancomunitat-de-les-valls\/\",\"name\":\"Mancomunitat de Les Valls | Val\u00e8ncia Turisme\",\"isPartOf\":{\"@id\":\"https:\/\/turisme.dival.es\/#website\"},\"primaryImageOfPage\":{\"@id\":\"https:\/\/turisme.dival.es\/ca\/destino\/mancomunitat-de-les-valls\/#primaryimage\"},\"image\":{\"@id\":\"https:\/\/turisme.dival.es\/ca\/destino\/mancomunitat-de-les-valls\/#primaryimage\"},\"thumbnailUrl\":\"https:\/\/turisme.dival.es\/wp-content\/uploads\/2021\/10\/IGLESIA-BENICALAF_-BENAVITES-scaled-1.jpg\",\"datePublished\":\"2021-12-13T16:06:46+00:00\",\"dateModified\":\"2021-12-13T16:06:46+00:00\",\"description\":\"Mancomunitat de Les Valls, la combinaci\u00f3 dels seus diferents elements paisatg\u00edstics determina decisivament els seus atractius naturals i el seu patrimoni hist\u00f2ric que es presten al seu recorregut i contemplaci\u00f3, en un entorn de tranquil\u00b7litat\",\"inLanguage\":\"vl\",\"potentialAction\":[{\"@type\":\"ReadAction\",\"target\":[\"https:\/\/turisme.dival.es\/ca\/destino\/mancomunitat-de-les-valls\/\"]}]},{\"@type\":\"ImageObject\",\"inLanguage\":\"vl\",\"@id\":\"https:\/\/turisme.dival.es\/ca\/destino\/mancomunitat-de-les-valls\/#primaryimage\",\"url\":\"https:\/\/turisme.dival.es\/wp-content\/uploads\/2021\/10\/IGLESIA-BENICALAF_-BENAVITES-scaled-1.jpg\",\"contentUrl\":\"https:\/\/turisme.dival.es\/wp-content\/uploads\/2021\/10\/IGLESIA-BENICALAF_-BENAVITES-scaled-1.jpg\",\"width\":2560,\"height\":1920},{\"@type\":\"WebSite\",\"@id\":\"https:\/\/turisme.dival.es\/#website\",\"url\":\"https:\/\/turisme.dival.es\/\",\"name\":\"valenciaturismo.com.mialias.net\",\"description\":\"\",\"potentialAction\":[{\"@type\":\"SearchAction\",\"target\":{\"@type\":\"EntryPoint\",\"urlTemplate\":\"https:\/\/turisme.dival.es\/?s={search_term_string}\"},\"query-input\":\"required name=search_term_string\"}],\"inLanguage\":\"vl\"}]}<\/script>\n<!-- \/ Yoast SEO plugin. -->","yoast_head_json":{"title":"Mancomunitat de Les Valls | Val\u00e8ncia Turisme","description":"Mancomunitat de Les Valls, la combinaci\u00f3 dels seus diferents elements paisatg\u00edstics determina decisivament els seus atractius naturals i el seu patrimoni hist\u00f2ric que es presten al seu recorregut i contemplaci\u00f3, en un entorn de tranquil\u00b7litat","robots":{"index":"index","follow":"follow","max-snippet":"max-snippet:-1","max-image-preview":"max-image-preview:large","max-video-preview":"max-video-preview:-1"},"canonical":"https:\/\/turisme.dival.es\/ca\/destino\/mancomunitat-de-les-valls\/","og_locale":"en_US","og_type":"article","og_title":"Mancomunitat de Les Valls | Val\u00e8ncia Turisme","og_description":"Mancomunitat de Les Valls, la combinaci\u00f3 dels seus diferents elements paisatg\u00edstics determina decisivament els seus atractius naturals i el seu patrimoni hist\u00f2ric que es presten al seu recorregut i contemplaci\u00f3, en un entorn de tranquil\u00b7litat","og_url":"https:\/\/turisme.dival.es\/ca\/destino\/mancomunitat-de-les-valls\/","og_site_name":"Valencia Turismo","og_image":[{"width":2560,"height":1920,"url":"https:\/\/turisme.dival.es\/wp-content\/uploads\/2021\/10\/IGLESIA-BENICALAF_-BENAVITES-scaled-1.jpg","type":"image\/jpeg"}],"twitter_card":"summary_large_image","schema":{"@context":"https:\/\/schema.org","@graph":[{"@type":"WebPage","@id":"https:\/\/turisme.dival.es\/ca\/destino\/mancomunitat-de-les-valls\/","url":"https:\/\/turisme.dival.es\/ca\/destino\/mancomunitat-de-les-valls\/","name":"Mancomunitat de Les Valls | Val\u00e8ncia Turisme","isPartOf":{"@id":"https:\/\/turisme.dival.es\/#website"},"primaryImageOfPage":{"@id":"https:\/\/turisme.dival.es\/ca\/destino\/mancomunitat-de-les-valls\/#primaryimage"},"image":{"@id":"https:\/\/turisme.dival.es\/ca\/destino\/mancomunitat-de-les-valls\/#primaryimage"},"thumbnailUrl":"https:\/\/turisme.dival.es\/wp-content\/uploads\/2021\/10\/IGLESIA-BENICALAF_-BENAVITES-scaled-1.jpg","datePublished":"2021-12-13T16:06:46+00:00","dateModified":"2021-12-13T16:06:46+00:00","description":"Mancomunitat de Les Valls, la combinaci\u00f3 dels seus diferents elements paisatg\u00edstics determina decisivament els seus atractius naturals i el seu patrimoni hist\u00f2ric que es presten al seu recorregut i contemplaci\u00f3, en un entorn de tranquil\u00b7litat","inLanguage":"vl","potentialAction":[{"@type":"ReadAction","target":["https:\/\/turisme.dival.es\/ca\/destino\/mancomunitat-de-les-valls\/"]}]},{"@type":"ImageObject","inLanguage":"vl","@id":"https:\/\/turisme.dival.es\/ca\/destino\/mancomunitat-de-les-valls\/#primaryimage","url":"https:\/\/turisme.dival.es\/wp-content\/uploads\/2021\/10\/IGLESIA-BENICALAF_-BENAVITES-scaled-1.jpg","contentUrl":"https:\/\/turisme.dival.es\/wp-content\/uploads\/2021\/10\/IGLESIA-BENICALAF_-BENAVITES-scaled-1.jpg","width":2560,"height":1920},{"@type":"WebSite","@id":"https:\/\/turisme.dival.es\/#website","url":"https:\/\/turisme.dival.es\/","name":"valenciaturismo.com.mialias.net","description":"","potentialAction":[{"@type":"SearchAction","target":{"@type":"EntryPoint","urlTemplate":"https:\/\/turisme.dival.es\/?s={search_term_string}"},"query-input":"required name=search_term_string"}],"inLanguage":"vl"}]}},"_links":{"self":[{"href":"https:\/\/turisme.dival.es\/ca\/wp-json\/wp\/v2\/destino\/25855","targetHints":{"allow":["GET"]}}],"collection":[{"href":"https:\/\/turisme.dival.es\/ca\/wp-json\/wp\/v2\/destino"}],"about":[{"href":"https:\/\/turisme.dival.es\/ca\/wp-json\/wp\/v2\/types\/destino"}],"acf:attachment":[{"embeddable":true,"href":"https:\/\/turisme.dival.es\/ca\/wp-json\/wp\/v2\/media\/23657"},{"embeddable":true,"href":"https:\/\/turisme.dival.es\/ca\/wp-json\/wp\/v2\/media\/23655"},{"embeddable":true,"href":"https:\/\/turisme.dival.es\/ca\/wp-json\/wp\/v2\/media\/23653"},{"embeddable":true,"href":"https:\/\/turisme.dival.es\/ca\/wp-json\/wp\/v2\/media\/23651"},{"embeddable":true,"href":"https:\/\/turisme.dival.es\/ca\/wp-json\/wp\/v2\/media\/23649"},{"embeddable":true,"href":"https:\/\/turisme.dival.es\/ca\/wp-json\/wp\/v2\/media\/23647"},{"embeddable":true,"href":"https:\/\/turisme.dival.es\/ca\/wp-json\/wp\/v2\/media\/23645"},{"embeddable":true,"href":"https:\/\/turisme.dival.es\/ca\/wp-json\/wp\/v2\/media\/23643"},{"embeddable":true,"href":"https:\/\/turisme.dival.es\/ca\/wp-json\/wp\/v2\/media\/23641"},{"embeddable":true,"href":"https:\/\/turisme.dival.es\/ca\/wp-json\/wp\/v2\/media\/23639"}],"wp:featuredmedia":[{"embeddable":true,"href":"https:\/\/turisme.dival.es\/ca\/wp-json\/wp\/v2\/media\/23649"}],"wp:attachment":[{"href":"https:\/\/turisme.dival.es\/ca\/wp-json\/wp\/v2\/media?parent=25855"}],"wp:term":[{"taxonomy":"situacion","embeddable":true,"href":"https:\/\/turisme.dival.es\/ca\/wp-json\/wp\/v2\/situacion?post=25855"}],"curies":[{"name":"wp","href":"https:\/\/api.w.org\/{rel}","templated":true}]}}